{"id":35000,"date":"2018-10-23T10:14:32","date_gmt":"2018-10-23T08:14:32","guid":{"rendered":"https:\/\/alzira.es\/proceso-selectivo-2\/"},"modified":"2021-08-30T18:24:26","modified_gmt":"2021-08-30T16:24:26","slug":"proceso-selectivo-policia","status":"publish","type":"page","link":"https:\/\/alzira.es\/es\/servicios-municipales\/policia-local\/acceso\/proceso-selectivo-policia\/","title":{"rendered":"Proceso selectivo"},"content":{"rendered":"<p class=\"Cuerpo\" style=\"text-align: justify;\"><span class=\"Hyperlink0\"><span>El proceso selectivos para las plazas de polic\u00eda local deben seguir lo estipulado en la ORDEN de 1 de junio de 2001, de la Conselleria de Justicia y Administraciones P\u00fablicas, de desarrollo del Decreto 88\/2001, de 24 de abril, del Gobierno Valenciano, por el que se establecen las bases y criterios generales uniformes para la selecci\u00f3n, promoci\u00f3n y movilidad de las Polic\u00edas Locales de la Comunidad Valenciana, escala b\u00e1sica y auxiliares de Polic\u00eda.<\/span><\/span><\/p>\n<p class=\"Cuerpo\" style=\"text-align: justify;\"><span class=\"Hyperlink0\"><span>Contenido m\u00ednimo de los ejercicios y programas de las pruebas selectivas de las convocatorias de oposici\u00f3n libre, promoci\u00f3n interna y turno de movilidad, para la provisi\u00f3n de puestos de trabajo de la escala b\u00e1sica de los cuerpos de Polic\u00eda Local de la Comunidad Valenciana, categor\u00edas oficial, agente, as\u00ed como los auxiliares de Polic\u00eda.<\/span><\/span><span class=\"Hyperlink0\"><span style=\"font-family: 'Arial Unicode MS', sans-serif;\"><\/span><\/span><\/p>\n<p> <span class=\"Hyperlink0\"><span>Pruebas selectivas<\/span><\/span><\/p>\n<p class=\"Cuerpo\" style=\"text-align: justify;\"><span class=\"Hyperlink0\"><span style=\"font-family: 'Arial Unicode MS', sans-serif;\"><br \/>\n<\/span><\/span><span class=\"Hyperlink0\"><span>La fase de oposici\u00f3n para la provisi\u00f3n de plazas vacantes en los Cuerpos de Polic\u00eda Local de la Comunidad Valenciana, categor\u00edas de oficial, agente, as\u00ed como auxiliar de Polic\u00eda constar\u00e1, como m\u00ednimo, de las siguientes pruebas, de conformidad con el art\u00edculo 7 del Decreto 88\/2001, de 24 de abril, del Gobierno Valenciano:<\/span><\/span><span class=\"Hyperlink0\"><span style=\"font-family: 'Arial Unicode MS', sans-serif;\"><\/span><\/span><\/p>\n<p> <span class=\"Hyperlink0\"><span>1. Primer ejercicio.<\/span><\/span><\/p>\n<p class=\"Cuerpo\" style=\"text-align: justify;\"><span class=\"Hyperlink0\"><span>Medici\u00f3n de estatura. \u00danicamente en turno libre.<\/span><\/span><\/p>\n<p class=\"Cuerpo\" style=\"text-align: justify;\"><span class=\"Hyperlink0\"><span style=\"font-family: 'Arial Unicode MS', sans-serif;\"><\/span><\/span><\/p>\n<p> <span class=\"Hyperlink0\"><span>2. Prueba psicot\u00e9cnica.<\/span><\/span><\/p>\n<p class=\"Cuerpo\" style=\"text-align: justify;\"><span class=\"Hyperlink0\"><span>&nbsp;Consistir\u00e1 en superar los ejercicios o pruebas psicot\u00e9cnicas aptitudinales y de personalidad que se determinen reglamentariamente. La superaci\u00f3n de dichas pruebas en los municipios de la Comunidad Valenciana, expresamente homologadas por el Instituto Valenciano de Seguridad P\u00fablica, tendr\u00e1 una validez de un a\u00f1o desde su realizaci\u00f3n, y eximir\u00e1 durante este per\u00edodo al aspirante de volver a realizarlas.<\/span><\/span><span class=\"Hyperlink0\"><span style=\"font-family: 'Arial Unicode MS', sans-serif;\"><\/span><\/span><\/p>\n<p> <span class=\"Hyperlink0\"><span>3. Pruebas de aptitud f\u00edsica.<\/span><\/span><\/p>\n<p class=\"Cuerpo\" style=\"text-align: justify;\"><span class=\"Hyperlink0\"><span>&nbsp;Consistir\u00e1n en superar pruebas de aptitud f\u00edsica que ponga de manifiesto la capacidad para el desempe\u00f1o del puesto de trabajo y cuyo contenido y marcas m\u00ednimas ser\u00e1n se ajustar\u00e1n a lo establecido en esta orden.<\/span><\/span><\/p>\n<p class=\"Cuerpo\" style=\"text-align: justify;\"><span class=\"Hyperlink0\"><span style=\"font-family: 'Arial Unicode MS', sans-serif;\"><br \/>\n<\/span><\/span><span class=\"Hyperlink0\"><span> La superaci\u00f3n de esta prueba tendr\u00e1 una validez de cuatro a\u00f1os desde su realizaci\u00f3n, con independencia de la edad del aspirante, quedando exentos de realizarla aquellos que, en dicho per\u00edodo, la hayan superado.<\/span><\/span><\/p>\n<p class=\"Cuerpo\" style=\"text-align: justify;\"><span class=\"Hyperlink0\"><span style=\"font-family: 'Arial Unicode MS', sans-serif;\"><\/span><\/span><\/p>\n<p> <span class=\"Hyperlink0\"><span>4. Cuestionario.<\/span><\/span><\/p>\n<p class=\"Cuerpo\" style=\"text-align: justify;\"><span class=\"Hyperlink0\"><span>&nbsp;Consistir\u00e1 en contestar correctamente por escrito, un cuestionario de un m\u00ednimo de 50 preguntas y m\u00e1ximo de 75 preguntas, con cuatro respuestas alternativas una de ellas cierta, en un tiempo m\u00e1ximo de 1 hora y 30 minutos, sobre los temas relacionados en los grupos I a IV, ambos inclusive, del temario que se indica para cada categor\u00eda. Para la correcci\u00f3n de esta prueba se tendr\u00e1n en cuenta, en todo caso, las respuestas err\u00f3neas.<\/span><\/span><span class=\"Hyperlink0\"><span style=\"font-family: 'Arial Unicode MS', sans-serif;\"><\/span><\/span><\/p>\n<p> <span class=\"Hyperlink0\"><span>La calificaci\u00f3n de este ejercicio ser\u00e1 de 0 a 10 puntos, debiendo obtenerse una calificaci\u00f3n de 5 puntos para superar el mismo.<\/span><\/span><\/p>\n<p class=\"Cuerpo\" style=\"text-align: justify;\"><span class=\"Hyperlink0\"><span style=\"font-family: 'Arial Unicode MS', sans-serif;\"><\/span><\/span><\/p>\n<p> <span class=\"Hyperlink0\"><span>4.2 Pr\u00e1ctica, (en pruebas selectivas para escala b\u00e1sica, categor\u00eda oficial) consistente en la realizaci\u00f3n de un ejercicio escrito, con una duraci\u00f3n m\u00e1xima de 1 hora, que fijar\u00e1 el Tribunal antes de la realizaci\u00f3n del mismo, que versar\u00e1 sobre el desarrollo de un supuesto policial sobre las actividades, funciones y servicios propios del empleo al que se opta, as\u00ed como, en su caso, sobre la redacci\u00f3n de documentos policiales. Se valorar\u00e1 la claridad y exposici\u00f3n de cuantas actuaciones y medidas deban adoptarse en relaci\u00f3n con el supuesto planteado.<\/span><\/span><\/p>\n<p class=\"Cuerpo\" style=\"text-align: justify;\"><span class=\"Hyperlink0\"><span style=\"font-family: 'Arial Unicode MS', sans-serif;\"><br \/>\n<\/span><\/span><span class=\"Hyperlink0\"><span>Se podr\u00e1n acompa\u00f1ar o fijar sobre plano que aporte el Tribunal las actuaciones policiales.<\/span><\/span><span class=\"Hyperlink0\"><span style=\"font-family: 'Arial Unicode MS', sans-serif;\"><\/span><\/span><\/p>\n<p> <span class=\"Hyperlink0\"><span>La calificaci\u00f3n de este ejercicio ser\u00e1 de 0 a 10 puntos debiendo obtenerse un m\u00ednimo de 5 puntos para superar el mismo.<\/span><\/span><\/p>\n<p class=\"Cuerpo\" style=\"text-align: justify;\"><span class=\"Hyperlink0\"><span style=\"font-family: 'Arial Unicode MS', sans-serif;\"><br \/>\n<\/span><\/span><span class=\"Hyperlink0\"><span>5. Quinto ejercicio. Conocimiento del valenciano<\/span><\/span><\/p>\n<p class=\"Cuerpo\" style=\"text-align: justify;\"><span class=\"Hyperlink0\"><span>Los municipios de predominio ling\u00fc\u00edstico valenciano, seg\u00fan la Ley de la Generalitat Valenciana, 4\/1983, de 23 de noviembre, de Uso y Ense\u00f1anza del Valenciano, incluir\u00e1n un ejercicio consistente en traducir del valenciano al castellano y viceversa, un texto propuesto por el tribunal, en un tiempo a determinar.<\/span><\/span><\/p>\n<p class=\"Cuerpo\" style=\"text-align: justify;\"><span class=\"Hyperlink0\"><span style=\"font-family: 'Arial Unicode MS', sans-serif;\"><br \/>\n<\/span><\/span><span class=\"Hyperlink0\"><span>Este ejercicio se calificar\u00e1 de 0 a 4 puntos y no ser\u00e1 eliminatorio.<\/span><\/span><\/p>\n<p class=\"Cuerpo\" style=\"text-align: justify;\"><span class=\"Hyperlink0\"><span>6. Reconocimiento m\u00e9dico.<\/span><\/span><\/p>\n<p class=\"Cuerpo\" style=\"text-align: justify;\"><span class=\"Hyperlink0\"><span>Consistir\u00e1 en superar un reconocimiento m\u00e9dico, de acuerdo con el cuadro de exclusiones m\u00e9dicas que se determine reglamentariamente. La superaci\u00f3n de esta prueba, homologada expresamente por el IVASP, tendr\u00e1 una validez de un a\u00f1o desde su realizaci\u00f3n, quedando exentos de realizarla aquellos que, en dicho per\u00edodo, la hayan superado, siempre que no se produzcan enfermedades o dolencias que, a juicio del Tribunal m\u00e9dico, justifiquen el volverlas a pasar.<\/span><\/span><\/p>\n<p class=\"Cuerpo\" style=\"text-align: justify;\"><span class=\"Hyperlink0\"><span style=\"font-family: 'Arial Unicode MS', sans-serif;\"><br \/>\n<\/span><\/span><span class=\"Hyperlink0\"><span>7. Desarrollo del temario<\/span><\/span><\/p>\n<p class=\"Cuerpo\" style=\"text-align: justify;\"><span class=\"Hyperlink0\"><span>Consistente en desarrollar por escrito durante un tiempo m\u00e1ximo de una hora y treinta minutos y m\u00ednimo de una hora, dos temas elegidos por el aspirante de cuatro extra\u00eddos por sorteo, de los grupos primero a cuarto, ambos inclusive, que componen el temario. Dichos temas ser\u00e1n le\u00eddos en sesi\u00f3n p\u00fablica ante el Tribunal, que podr\u00e1 formular las preguntas o aclaraciones que sobre los mismos juzgue oportunas. Se valorar\u00e1 la claridad de ideas y el conocimiento sobre los temas expuestos.<\/span><\/span><\/p>\n<p class=\"Cuerpo\" style=\"text-align: justify;\"><span class=\"Hyperlink0\"><span style=\"font-family: 'Arial Unicode MS', sans-serif;\"><br \/>\n<\/span><\/span><span class=\"Hyperlink0\"><span>La calificaci\u00f3n de este ejercicio ser\u00e1 de 0 a 10 puntos, y para superar el ejercicio se deber\u00e1 obtener un m\u00ednimo de 5 puntos.<\/span><\/span><\/p>\n<p class=\"Cuerpo\" style=\"text-align: justify;\"><span class=\"Hyperlink0\"><span style=\"font-family: 'Arial Unicode MS', sans-serif;\"><br \/>\n<\/span><\/span><span class=\"Hyperlink0\"><span>8. Temas locales<\/span><\/span><\/p>\n<p class=\"Cuerpo\" style=\"text-align: justify;\"><span class=\"Hyperlink0\"><span>Consistir\u00e1 en la exposici\u00f3n por escrito de un tema de los que componen el grupo quinto en un tiempo m\u00e1ximo de 1 hora y m\u00ednimo de 45 minutos, valor\u00e1ndose los conocimientos expuestos, la claridad en la exposici\u00f3n, limpieza, redacci\u00f3n y ortograf\u00eda, que, en todo caso, ser\u00e1n le\u00eddos por el aspirante en sesi\u00f3n p\u00fablica ante el Tribunal. La exposici\u00f3n escrita del tema podr\u00e1 sustituirse por la realizaci\u00f3n de una prueba de preguntas con respuestas alternativas.<\/span><\/span><\/p>\n<p class=\"Cuerpo\" style=\"text-align: justify;\"><span class=\"Hyperlink0\"><span style=\"font-family: 'Arial Unicode MS', sans-serif;\"><br \/>\n<\/span><\/span><span class=\"Hyperlink0\"><span>La calificaci\u00f3n de este ejercicio ser\u00e1 de 0 a 5 puntos.<\/span><\/span><\/p>\n<p class=\"Cuerpo\" style=\"text-align: justify;\"><span class=\"Hyperlink0\"><span style=\"font-family: 'Arial Unicode MS', sans-serif;\"><br \/>\n<\/span><\/span><span class=\"Hyperlink0\"><span>9. La valoraci\u00f3n de los ejercicios de desarrollo del temario se efectuar\u00e1 mediante la obtenci\u00f3n de la media aritm\u00e9tica de cada uno de los miembros del Tribunal de selecci\u00f3n, debiendo desecharse a estos efectos todas las puntuaciones m\u00e1ximas y m\u00ednimas cuando entre ellas exista una diferencia de 4 puntos o m\u00e1s, sirviendo, en su caso, como punto de referencia la puntuaci\u00f3n m\u00e1xima obtenida. Dicha diferencia ser\u00e1 de 2 puntos cuando se trate de valorar los temas locales.&nbsp;<\/span><\/span><\/p>\n","protected":false},"excerpt":{"rendered":"<p>El proceso selectivos para las plazas de polic\u00eda local deben seguir lo estipulado en la ORDEN de 1 de junio de 2001, de la Conselleria de Justicia y Administraciones P\u00fablicas, de desarrollo del Decreto 88\/2001, de 24 de abril, del Gobierno Valenciano, por el que se establecen las bases y criterios generales uniformes para la &hellip; <\/p>\n<p class=\"link-more\"><a href=\"https:\/\/alzira.es\/es\/servicios-municipales\/policia-local\/acceso\/proceso-selectivo-policia\/\" class=\"more-link\">Continuar leyendo<span class=\"screen-reader-text\"> \u00abProceso selectivo\u00bb<\/span><\/a><\/p>\n","protected":false},"author":29,"featured_media":0,"parent":34991,"menu_order":9,"comment_status":"closed","ping_status":"closed","template":"","meta":{"_acf_changed":false,"footnotes":""},"class_list":["post-35000","page","type-page","status-publish","hentry"],"acf":[],"_links":{"self":[{"href":"https:\/\/alzira.es\/es\/wp-json\/wp\/v2\/pages\/35000","targetHints":{"allow":["GET"]}}],"collection":[{"href":"https:\/\/alzira.es\/es\/wp-json\/wp\/v2\/pages"}],"about":[{"href":"https:\/\/alzira.es\/es\/wp-json\/wp\/v2\/types\/page"}],"author":[{"embeddable":true,"href":"https:\/\/alzira.es\/es\/wp-json\/wp\/v2\/users\/29"}],"replies":[{"embeddable":true,"href":"https:\/\/alzira.es\/es\/wp-json\/wp\/v2\/comments?post=35000"}],"version-history":[{"count":1,"href":"https:\/\/alzira.es\/es\/wp-json\/wp\/v2\/pages\/35000\/revisions"}],"predecessor-version":[{"id":86603,"href":"https:\/\/alzira.es\/es\/wp-json\/wp\/v2\/pages\/35000\/revisions\/86603"}],"up":[{"embeddable":true,"href":"https:\/\/alzira.es\/es\/wp-json\/wp\/v2\/pages\/34991"}],"wp:attachment":[{"href":"https:\/\/alzira.es\/es\/wp-json\/wp\/v2\/media?parent=35000"}],"curies":[{"name":"wp","href":"https:\/\/api.w.org\/{rel}","templated":true}]}}