{"id":33,"date":"2021-04-14T19:13:32","date_gmt":"2021-04-14T17:13:32","guid":{"rendered":"https:\/\/alzira.es\/?page_id=33"},"modified":"2026-02-27T12:31:50","modified_gmt":"2026-02-27T11:31:50","slug":"inicio-2","status":"publish","type":"page","link":"https:\/\/alzira.es\/es\/","title":{"rendered":"Inicio"},"content":{"rendered":"\t\t<div data-elementor-type=\"wp-page\" data-elementor-id=\"33\" class=\"elementor elementor-33 elementor-6\">\n\t\t\t\t\t\t<section class=\"elementor-section elementor-top-section elementor-element elementor-element-6fef793 elementor-section-full_width elementor-section-height-default elementor-section-height-default\" data-id=\"6fef793\" data-element_type=\"section\">\n\t\t\t\t\t\t<div class=\"elementor-container elementor-column-gap-default\">\n\t\t\t\t\t<div class=\"elementor-column elementor-col-100 elementor-top-column elementor-element elementor-element-377dfd6\" data-id=\"377dfd6\" data-element_type=\"column\">\n\t\t\t<div class=\"elementor-widget-wrap elementor-element-populated\">\n\t\t\t\t\t\t<div class=\"elementor-element elementor-element-66345ec elementor-widget elementor-widget-shortcode\" data-id=\"66345ec\" data-element_type=\"widget\" data-widget_type=\"shortcode.default\">\n\t\t\t\t<div class=\"elementor-widget-container\">\n\t\t\t\t\t\t\t<div class=\"elementor-shortcode\"><div id=\"metaslider-id-60245\" style=\"width: 100%;\" class=\"ml-slider-3-96-0 metaslider metaslider-flex metaslider-60245 ml-slider ms-theme-default\" role=\"region\" aria-roledescription=\"Slideshow\" aria-label=\"Portada VAL\">\n    <div id=\"metaslider_container_60245\">\n        <div id=\"metaslider_60245\">\n            <ul class='slides'>\n                <li style=\"display: block; width: 100%;\" class=\"slide-171501 ms-image \" aria-roledescription=\"slide\" aria-label=\"slide-171501\" data-date=\"2026-04-28 13:15:49\"><a href=\"https:\/\/alzira.es\/wp-content\/uploads\/2026\/04\/biosfira.pdf\" target=\"_self\" class=\"metaslider_image_link\"><img decoding=\"async\" data-src=\"https:\/\/alzira.es\/wp-content\/uploads\/2026\/04\/BIOSFIRA_BANNER-scaled-1430x200.jpg\" height=\"200\" width=\"1430\" alt=\"\" class=\"slider-60245 slide-171501 lazyload\" title=\"BIOSFIRA_BANNER\" src=\"data:image\/svg+xml;base64,PHN2ZyB3aWR0aD0iMSIgaGVpZ2h0PSIxIiB4bWxucz0iaHR0cDovL3d3dy53My5vcmcvMjAwMC9zdmciPjwvc3ZnPg==\" style=\"--smush-placeholder-width: 1430px; --smush-placeholder-aspect-ratio: 1430\/200;\" \/><\/a><\/li>\n                <li style=\"display: none; width: 100%;\" class=\"slide-171504 ms-image \" aria-roledescription=\"slide\" aria-label=\"slide-171504\" data-date=\"2026-04-28 13:17:43\"><a href=\"https:\/\/alzira.es\/wp-content\/uploads\/2026\/04\/jornades.pdf\" target=\"_self\" class=\"metaslider_image_link\"><img decoding=\"async\" data-src=\"https:\/\/alzira.es\/wp-content\/uploads\/2026\/04\/JORNADES_BANNER-scaled-1430x200.jpg\" height=\"200\" width=\"1430\" alt=\"\" class=\"slider-60245 slide-171504 lazyload\" title=\"JORNADES_BANNER\" src=\"data:image\/svg+xml;base64,PHN2ZyB3aWR0aD0iMSIgaGVpZ2h0PSIxIiB4bWxucz0iaHR0cDovL3d3dy53My5vcmcvMjAwMC9zdmciPjwvc3ZnPg==\" style=\"--smush-placeholder-width: 1430px; --smush-placeholder-aspect-ratio: 1430\/200;\" \/><\/a><\/li>\n                <li style=\"display: none; width: 100%;\" class=\"slide-171260 ms-image \" aria-roledescription=\"slide\" aria-label=\"slide-171260\" data-date=\"2026-04-17 12:18:35\"><a href=\"https:\/\/alzira.es\/wp-content\/uploads\/2026\/04\/llistat-comercos_2026.pdf\" target=\"_blank\" class=\"metaslider_image_link\"><img decoding=\"async\" data-src=\"https:\/\/alzira.es\/wp-content\/uploads\/2026\/04\/banner_comercos-scaled-1430x200.jpg\" height=\"200\" width=\"1430\" alt=\"\" class=\"slider-60245 slide-171260 lazyload\" title=\"banner_comer\u00e7os\" src=\"data:image\/svg+xml;base64,PHN2ZyB3aWR0aD0iMSIgaGVpZ2h0PSIxIiB4bWxucz0iaHR0cDovL3d3dy53My5vcmcvMjAwMC9zdmciPjwvc3ZnPg==\" style=\"--smush-placeholder-width: 1430px; --smush-placeholder-aspect-ratio: 1430\/200;\" \/><\/a><\/li>\n                <li style=\"display: none; width: 100%;\" class=\"slide-167872 ms-image \" aria-roledescription=\"slide\" aria-label=\"slide-167872\" data-date=\"2026-02-13 14:25:45\"><a href=\"https:\/\/alzira.es\/wp-content\/uploads\/2026\/02\/fullet_cicle_tz-.pdf\" target=\"_self\" class=\"metaslider_image_link\"><img decoding=\"async\" data-src=\"https:\/\/alzira.es\/wp-content\/uploads\/2026\/02\/cicle_conferencies_banner_ayto-scaled-1430x200.jpg\" height=\"200\" width=\"1430\" alt=\"\" class=\"slider-60245 slide-167872 lazyload\" title=\"cicle_conferencies_banner_ayto\" src=\"data:image\/svg+xml;base64,PHN2ZyB3aWR0aD0iMSIgaGVpZ2h0PSIxIiB4bWxucz0iaHR0cDovL3d3dy53My5vcmcvMjAwMC9zdmciPjwvc3ZnPg==\" style=\"--smush-placeholder-width: 1430px; --smush-placeholder-aspect-ratio: 1430\/200;\" \/><\/a><\/li>\n                <li style=\"display: none; width: 100%;\" class=\"slide-167846 ms-image \" aria-roledescription=\"slide\" aria-label=\"slide-167846\" data-date=\"2026-02-13 09:49:30\"><a href=\"https:\/\/alzira.es\/wp-content\/uploads\/2026\/02\/PAI-RAlzira.pdf\" target=\"_self\" class=\"metaslider_image_link\"><img decoding=\"async\" data-src=\"https:\/\/alzira.es\/wp-content\/uploads\/2026\/02\/PAI_banner_ayto_2-scaled-1430x200.jpg\" height=\"200\" width=\"1430\" alt=\"\" class=\"slider-60245 slide-167846 lazyload\" title=\"PAI_banner_ayto_2\" src=\"data:image\/svg+xml;base64,PHN2ZyB3aWR0aD0iMSIgaGVpZ2h0PSIxIiB4bWxucz0iaHR0cDovL3d3dy53My5vcmcvMjAwMC9zdmciPjwvc3ZnPg==\" style=\"--smush-placeholder-width: 1430px; --smush-placeholder-aspect-ratio: 1430\/200;\" \/><\/a><\/li>\n                <li style=\"display: none; width: 100%;\" class=\"slide-168057 ms-image \" aria-roledescription=\"slide\" aria-label=\"slide-168057\" data-date=\"2026-02-19 12:12:21\"><a href=\"https:\/\/alzira.es\/wp-content\/uploads\/anual\/calendari-de-pagaments.pdf\" target=\"_blank\" class=\"metaslider_image_link\"><img decoding=\"async\" data-src=\"https:\/\/alzira.es\/wp-content\/uploads\/2026\/02\/banner-aju_calendari_pagaments_2026_Mesa-de-trabajo-1-scaled-1430x200.jpg\" height=\"200\" width=\"1430\" alt=\"\" class=\"slider-60245 slide-168057 lazyload\" title=\"banner aju_calendari_pagaments_2026_Mesa de trabajo 1\" src=\"data:image\/svg+xml;base64,PHN2ZyB3aWR0aD0iMSIgaGVpZ2h0PSIxIiB4bWxucz0iaHR0cDovL3d3dy53My5vcmcvMjAwMC9zdmciPjwvc3ZnPg==\" style=\"--smush-placeholder-width: 1430px; --smush-placeholder-aspect-ratio: 1430\/200;\" \/><\/a><\/li>\n                <li style=\"display: none; width: 100%;\" class=\"slide-167876 ms-image \" aria-roledescription=\"slide\" aria-label=\"slide-167876\" data-date=\"2026-02-13 14:48:26\"><a href=\"https:\/\/alzira.es\/wp-content\/uploads\/2026\/02\/AU-R_ALZIRA.pdf\" target=\"_self\" class=\"metaslider_image_link\"><img decoding=\"async\" data-src=\"https:\/\/alzira.es\/wp-content\/uploads\/2026\/02\/AUR_banner_ayto-scaled-1430x200.jpg\" height=\"200\" width=\"1430\" alt=\"\" class=\"slider-60245 slide-167876 lazyload\" title=\"AUR_banner_ayto\" src=\"data:image\/svg+xml;base64,PHN2ZyB3aWR0aD0iMSIgaGVpZ2h0PSIxIiB4bWxucz0iaHR0cDovL3d3dy53My5vcmcvMjAwMC9zdmciPjwvc3ZnPg==\" style=\"--smush-placeholder-width: 1430px; --smush-placeholder-aspect-ratio: 1430\/200;\" \/><\/a><\/li>\n                <li style=\"display: none; width: 100%;\" class=\"slide-164787 ms-image \" aria-roledescription=\"slide\" aria-label=\"slide-164787\" data-date=\"2025-10-14 09:03:00\"><a href=\"https:\/\/inforatge.com\/meteo-alzira\/informes\" target=\"_self\" class=\"metaslider_image_link\"><img decoding=\"async\" data-src=\"https:\/\/alzira.es\/wp-content\/uploads\/2025\/10\/banner_informe-pluja-02.jpg\" height=\"200\" width=\"1430\" alt=\"\" class=\"slider-60245 slide-164787 lazyload\" title=\"banner_informe pluja-02\" src=\"data:image\/svg+xml;base64,PHN2ZyB3aWR0aD0iMSIgaGVpZ2h0PSIxIiB4bWxucz0iaHR0cDovL3d3dy53My5vcmcvMjAwMC9zdmciPjwvc3ZnPg==\" style=\"--smush-placeholder-width: 1430px; --smush-placeholder-aspect-ratio: 1430\/200;\" \/><\/a><\/li>\n                <li style=\"display: none; width: 100%;\" class=\"slide-164394 ms-image \" aria-roledescription=\"slide\" aria-label=\"slide-164394\" data-date=\"2025-10-01 15:10:00\"><a href=\"http:\/\/l.facebook.com\/l.php?u=https%3A%2F%2Fwww.paucostafoundation.org%2Fca%2Fadhesio-a-la-declaracio-sobre-la-gestio-dels-grans-incendis-forestals-a-espanya%2F%3Ffbclid%3DIwZXh0bgNhZW0CMTAAYnJpZBExVTE0N1A4RHNRbGlmcXJZNAEey1fFDpLnkIJhfkodu3_j4qdHsF05lEILs9FUBFaAwSm0zRSwKzkFXl1D5K4_aem_aDz7QVlraLImlxyW2pciXQ&amp;h=AT32ajXZ71zbDfsvJxAi5l9bJM-g5pG107baSgHoe3gyROgojwp_1YjgArqNOH64rguPaU45ZL-4dZIp4XBbpYfDmsg8vYNF5rZGuw8To-83DOQaziEoFO7SNDRELLr-2TPaUtSG5KwTe7r7&amp;__tn__=-UK-R&amp;c%5B0%5D=AT3-sZXNfQg33vk8zrXmnfnmwSiD3mRwfC2_DMMjyjrOZwW9k37llqv4pvo2PNfvlnV3-vQtLcJOQDC7dFORopTN5Dx_Ec3UM5tEERYpk0Ed7cYiRXmZ83Jp2VGL4cMx-7muBxSrtON-OVl4GDM_eS1XJaGZ75OEBv1Wapexv-nk6j9nhp_yT6OSCCnba3F3ywFytzoUSWYmZfIpxCKku15C-g\" target=\"_self\" class=\"metaslider_image_link\"><img decoding=\"async\" data-src=\"https:\/\/alzira.es\/wp-content\/uploads\/2025\/10\/BANNER-scaled-1430x200.jpg\" height=\"200\" width=\"1430\" alt=\"\" class=\"slider-60245 slide-164394 lazyload\" title=\"BANNER\" src=\"data:image\/svg+xml;base64,PHN2ZyB3aWR0aD0iMSIgaGVpZ2h0PSIxIiB4bWxucz0iaHR0cDovL3d3dy53My5vcmcvMjAwMC9zdmciPjwvc3ZnPg==\" style=\"--smush-placeholder-width: 1430px; --smush-placeholder-aspect-ratio: 1430\/200;\" \/><\/a><\/li>\n                <li style=\"display: none; width: 100%;\" class=\"slide-162327 ms-image \" aria-roledescription=\"slide\" aria-label=\"slide-162327\" data-date=\"2025-07-02 09:35:27\"><a href=\"https:\/\/alzira.es\/wp-content\/uploads\/2025\/07\/Taxa-recollida-i-transport-de-residus-urbans.pdf\" target=\"_self\" class=\"metaslider_image_link\"><img decoding=\"async\" data-src=\"https:\/\/alzira.es\/wp-content\/uploads\/2025\/07\/BANNER_taxa__Mesa-de-trabajo-1-scaled-1430x200.jpg\" height=\"200\" width=\"1430\" alt=\"\" class=\"slider-60245 slide-162327 lazyload\" title=\"BANNER_taxa__Mesa de trabajo 1\" src=\"data:image\/svg+xml;base64,PHN2ZyB3aWR0aD0iMSIgaGVpZ2h0PSIxIiB4bWxucz0iaHR0cDovL3d3dy53My5vcmcvMjAwMC9zdmciPjwvc3ZnPg==\" style=\"--smush-placeholder-width: 1430px; --smush-placeholder-aspect-ratio: 1430\/200;\" \/><\/a><\/li>\n                <li style=\"display: none; width: 100%;\" class=\"slide-155831 ms-image \" aria-roledescription=\"slide\" aria-label=\"slide-155831\" data-date=\"2024-11-12 08:43:18\"><a href=\"https:\/\/www.aemet.es\/es\/eltiempo\/prediccion\/avisos?w=hoy&amp;k=val\" target=\"_blank\" class=\"metaslider_image_link\"><img decoding=\"async\" data-src=\"https:\/\/alzira.es\/wp-content\/uploads\/2024\/11\/aemet.jpeg\" height=\"200\" width=\"1430\" alt=\"AEMET\" class=\"slider-60245 slide-155831 lazyload\" title=\"aemet\" src=\"data:image\/svg+xml;base64,PHN2ZyB3aWR0aD0iMSIgaGVpZ2h0PSIxIiB4bWxucz0iaHR0cDovL3d3dy53My5vcmcvMjAwMC9zdmciPjwvc3ZnPg==\" style=\"--smush-placeholder-width: 1430px; --smush-placeholder-aspect-ratio: 1430\/200;\" \/><\/a><\/li>\n                <li style=\"display: none; width: 100%;\" class=\"slide-160908 ms-image \" aria-roledescription=\"slide\" aria-label=\"slide-160908\" data-date=\"2025-05-23 06:24:32\"><a href=\"https:\/\/alzira.es\/wp-content\/uploads\/anual\/mapa_partides_web.pdf\" target=\"_blank\" aria-label=\"Mapa de partides i paratges d&#039;Alzira\" class=\"metaslider_image_link\"><img decoding=\"async\" data-src=\"https:\/\/alzira.es\/wp-content\/uploads\/2025\/05\/banner__mapa_partides_web-scaled-1430x200.jpg\" height=\"200\" width=\"1430\" alt=\"Mapa de partides i paratges d&#039;Alzira\" class=\"slider-60245 slide-160908 lazyload\" title=\"banner__mapa_partides_web\" src=\"data:image\/svg+xml;base64,PHN2ZyB3aWR0aD0iMSIgaGVpZ2h0PSIxIiB4bWxucz0iaHR0cDovL3d3dy53My5vcmcvMjAwMC9zdmciPjwvc3ZnPg==\" style=\"--smush-placeholder-width: 1430px; --smush-placeholder-aspect-ratio: 1430\/200;\" \/><\/a><\/li>\n                <li style=\"display: none; width: 100%;\" class=\"slide-148967 ms-image \" aria-roledescription=\"slide\" aria-label=\"slide-148967\" data-date=\"2024-04-16 11:42:27\"><a href=\"https:\/\/www.facebook.com\/reel\/627941620109630?locale=es_ES\" target=\"_self\" class=\"metaslider_image_link\"><img decoding=\"async\" data-src=\"https:\/\/alzira.es\/wp-content\/uploads\/2024\/01\/Banner-aiguaMesa-de-trabajo-2-1421x198.png\" height=\"200\" width=\"1430\" alt=\"\" class=\"slider-60245 slide-148967 lazyload\" title=\"Banner aiguaMesa de trabajo 2\" src=\"data:image\/svg+xml;base64,PHN2ZyB3aWR0aD0iMSIgaGVpZ2h0PSIxIiB4bWxucz0iaHR0cDovL3d3dy53My5vcmcvMjAwMC9zdmciPjwvc3ZnPg==\" style=\"--smush-placeholder-width: 1430px; --smush-placeholder-aspect-ratio: 1430\/200;\" \/><\/a><\/li>\n                <li style=\"display: none; width: 100%;\" class=\"slide-156709 ms-image \" aria-roledescription=\"slide\" aria-label=\"slide-156709\" data-date=\"2024-12-09 13:18:42\"><a href=\"https:\/\/www.easypark.com\/es-es\/descargar-aplicacion?_branch_match_id=1354402344399386624&amp;utm_source=utm_one_web&amp;utm_campaign=utm_es_es_download_app&amp;utm_medium=utm_web&amp;_branch_referrer=H4sIAAAAAAAAA8soKSkottLXz8wryyxJ1UtNLK4sSCzK1stLLdGPCK3w8SnKSzJ0TLKvK0pNSy0qysxLj08qyi8vTi2ydc4oys9NBQBR6gsGQQAAAA%3D%3D\" target=\"_blank\" class=\"metaslider_image_link\"><img decoding=\"async\" data-src=\"https:\/\/alzira.es\/wp-content\/uploads\/2024\/12\/BANNER-AJUNTAMENT_ora_Mesa-de-trabajo-1-scaled-1430x200.jpg\" height=\"200\" width=\"1430\" alt=\"\" class=\"slider-60245 slide-156709 lazyload\" title=\"BANNER AJUNTAMENT_ora_Mesa de trabajo 1\" src=\"data:image\/svg+xml;base64,PHN2ZyB3aWR0aD0iMSIgaGVpZ2h0PSIxIiB4bWxucz0iaHR0cDovL3d3dy53My5vcmcvMjAwMC9zdmciPjwvc3ZnPg==\" style=\"--smush-placeholder-width: 1430px; --smush-placeholder-aspect-ratio: 1430\/200;\" \/><\/a><\/li>\n                <li style=\"display: none; width: 100%;\" class=\"slide-155059 ms-image \" aria-roledescription=\"slide\" aria-label=\"slide-155059\" data-date=\"2024-10-17 08:55:54\"><a href=\"https:\/\/alzira.es\/serveis-municipals\/serveis-socials\/mapa-dactius-dalzira-sobre-envelliment-saludable\/\" target=\"_self\" class=\"metaslider_image_link\"><img decoding=\"async\" data-src=\"https:\/\/alzira.es\/wp-content\/uploads\/2024\/10\/mapa-amb-logos-generalitat.jpg\" height=\"200\" width=\"1430\" alt=\"\" class=\"slider-60245 slide-155059 lazyload\" title=\"mapa amb logos generalitat\" src=\"data:image\/svg+xml;base64,PHN2ZyB3aWR0aD0iMSIgaGVpZ2h0PSIxIiB4bWxucz0iaHR0cDovL3d3dy53My5vcmcvMjAwMC9zdmciPjwvc3ZnPg==\" style=\"--smush-placeholder-width: 1430px; --smush-placeholder-aspect-ratio: 1430\/200;\" \/><\/a><\/li>\n                <li style=\"display: none; width: 100%;\" class=\"slide-152040 ms-image \" aria-roledescription=\"slide\" aria-label=\"slide-152040\" data-date=\"2024-07-18 15:28:40\"><a href=\"https:\/\/alzira.es\/serveis-municipals\/urbanisme-i-infraestructures\/prevencio-dincendis-forestals\/\" target=\"_self\" class=\"metaslider_image_link\"><img decoding=\"async\" data-src=\"https:\/\/alzira.es\/wp-content\/uploads\/2024\/01\/Banner-Ajuntament-prevencio-incendis_2_Mesa-de-trabajo-1-02-scaled-1430x200.jpg\" height=\"200\" width=\"1430\" alt=\"\" class=\"slider-60245 slide-152040 lazyload\" title=\"Banner Ajuntament prevenci\u00f3 incendis_2_Mesa de trabajo 1-02\" src=\"data:image\/svg+xml;base64,PHN2ZyB3aWR0aD0iMSIgaGVpZ2h0PSIxIiB4bWxucz0iaHR0cDovL3d3dy53My5vcmcvMjAwMC9zdmciPjwvc3ZnPg==\" style=\"--smush-placeholder-width: 1430px; --smush-placeholder-aspect-ratio: 1430\/200;\" \/><\/a><\/li>\n                <li style=\"display: none; width: 100%;\" class=\"slide-153352 ms-image \" aria-roledescription=\"slide\" aria-label=\"slide-153352\" data-date=\"2024-08-08 13:07:29\"><a href=\"https:\/\/alzira.es\/serveis-municipals\/urbanisme-i-infraestructures\/nous-tramits-amb-sense-ecuv\/\" target=\"_self\" class=\"metaslider_image_link\"><img decoding=\"async\" data-src=\"https:\/\/alzira.es\/wp-content\/uploads\/2024\/08\/Banner_permis_obra-02-1421x198.jpg\" height=\"200\" width=\"1430\" alt=\"Nous tr\u00e0mits per a permisos d&#039;obra\" class=\"slider-60245 slide-153352 lazyload\" title=\"Banner_permis_obra-02\" src=\"data:image\/svg+xml;base64,PHN2ZyB3aWR0aD0iMSIgaGVpZ2h0PSIxIiB4bWxucz0iaHR0cDovL3d3dy53My5vcmcvMjAwMC9zdmciPjwvc3ZnPg==\" style=\"--smush-placeholder-width: 1430px; --smush-placeholder-aspect-ratio: 1430\/200;\" \/><\/a><\/li>\n                <li style=\"display: none; width: 100%;\" class=\"slide-136582 ms-image \" aria-roledescription=\"slide\" aria-label=\"slide-136582\" data-date=\"2023-04-20 12:24:26\"><a href=\"https:\/\/alzira.es\/el-whatsapp-dalzira-incorpora-la-possibilitat-de-consultar-dubtes-sobre-tramits-administratius\/\" target=\"_blank\" class=\"metaslider_image_link\"><img decoding=\"async\" data-src=\"https:\/\/alzira.es\/wp-content\/uploads\/2023\/04\/banner-WhatsApp-scaled-1430x200.jpg\" height=\"200\" width=\"1430\" alt=\"\" class=\"slider-60245 slide-136582 lazyload\" title=\"banner WhatsApp\" src=\"data:image\/svg+xml;base64,PHN2ZyB3aWR0aD0iMSIgaGVpZ2h0PSIxIiB4bWxucz0iaHR0cDovL3d3dy53My5vcmcvMjAwMC9zdmciPjwvc3ZnPg==\" style=\"--smush-placeholder-width: 1430px; --smush-placeholder-aspect-ratio: 1430\/200;\" \/><\/a><\/li>\n            <\/ul>\n        <\/div>\n        \n    <\/div>\n<\/div><\/div>\n\t\t\t\t\t\t<\/div>\n\t\t\t\t<\/div>\n\t\t\t\t\t<\/div>\n\t\t<\/div>\n\t\t\t\t\t<\/div>\n\t\t<\/section>\n\t\t\t\t<section class=\"elementor-section elementor-top-section elementor-element elementor-element-8fec1c1 elementor-section-boxed elementor-section-height-default elementor-section-height-default\" data-id=\"8fec1c1\" data-element_type=\"section\">\n\t\t\t\t\t\t<div class=\"elementor-container elementor-column-gap-default\">\n\t\t\t\t\t<div class=\"elementor-column elementor-col-100 elementor-top-column elementor-element elementor-element-ff41a47\" data-id=\"ff41a47\" data-element_type=\"column\">\n\t\t\t<div class=\"elementor-widget-wrap elementor-element-populated\">\n\t\t\t\t\t\t<div class=\"elementor-element elementor-element-400ae89 elementor-widget elementor-widget-image\" data-id=\"400ae89\" data-element_type=\"widget\" data-widget_type=\"image.default\">\n\t\t\t\t<div class=\"elementor-widget-container\">\n\t\t\t\t\t\t\t\t\t\t\t\t\t\t\t\t<a href=\"https:\/\/alzira.es\/es\/innovacion-y-tecnologia\/\" target=\"_blank\">\n\t\t\t\t\t\t\t<img decoding=\"async\" width=\"1430\" height=\"50\" data-src=\"https:\/\/alzira.es\/wp-content\/uploads\/2025\/06\/fondos-nextgeneration_1.png\" class=\"attachment-full size-full wp-image-161278 lazyload\" alt=\"NextGenerationEU\" data-srcset=\"https:\/\/alzira.es\/wp-content\/uploads\/2025\/06\/fondos-nextgeneration_1.png 1430w, https:\/\/alzira.es\/wp-content\/uploads\/2025\/06\/fondos-nextgeneration_1-680x24.png 680w, https:\/\/alzira.es\/wp-content\/uploads\/2025\/06\/fondos-nextgeneration_1-768x27.png 768w\" data-sizes=\"100vw\" src=\"data:image\/svg+xml;base64,PHN2ZyB3aWR0aD0iMSIgaGVpZ2h0PSIxIiB4bWxucz0iaHR0cDovL3d3dy53My5vcmcvMjAwMC9zdmciPjwvc3ZnPg==\" style=\"--smush-placeholder-width: 1430px; --smush-placeholder-aspect-ratio: 1430\/50;\" \/>\t\t\t\t\t\t\t\t<\/a>\n\t\t\t\t\t\t\t\t\t\t\t\t\t\t\t<\/div>\n\t\t\t\t<\/div>\n\t\t\t\t\t<\/div>\n\t\t<\/div>\n\t\t\t\t\t<\/div>\n\t\t<\/section>\n\t\t\t\t<section class=\"elementor-section elementor-top-section elementor-element elementor-element-af7377a elementor-section-full_width elementor-section-height-default elementor-section-height-default\" data-id=\"af7377a\" data-element_type=\"section\">\n\t\t\t\t\t\t<div class=\"elementor-container elementor-column-gap-default\">\n\t\t\t\t\t<div class=\"elementor-column elementor-col-20 elementor-top-column elementor-element elementor-element-aa1d92a\" data-id=\"aa1d92a\" data-element_type=\"column\">\n\t\t\t<div class=\"elementor-widget-wrap elementor-element-populated\">\n\t\t\t\t\t\t<div class=\"elementor-element elementor-element-22a80ce elementor-widget elementor-widget-image\" data-id=\"22a80ce\" data-element_type=\"widget\" data-widget_type=\"image.default\">\n\t\t\t\t<div class=\"elementor-widget-container\">\n\t\t\t\t\t\t\t\t\t\t\t\t\t\t\t\t<a href=\"https:\/\/alzira.es\/es\/ayuntamiento\/\">\n\t\t\t\t\t\t\t<img decoding=\"async\" width=\"402\" height=\"152\" data-src=\"https:\/\/alzira.es\/wp-content\/uploads\/2021\/04\/ajuntament_home_es-1.png\" class=\"elementor-animation-grow attachment-medium_large size-medium_large wp-image-57598 lazyload\" alt=\"\" data-sizes=\"100vw\" src=\"data:image\/svg+xml;base64,PHN2ZyB3aWR0aD0iMSIgaGVpZ2h0PSIxIiB4bWxucz0iaHR0cDovL3d3dy53My5vcmcvMjAwMC9zdmciPjwvc3ZnPg==\" style=\"--smush-placeholder-width: 402px; --smush-placeholder-aspect-ratio: 402\/152;\" \/>\t\t\t\t\t\t\t\t<\/a>\n\t\t\t\t\t\t\t\t\t\t\t\t\t\t\t<\/div>\n\t\t\t\t<\/div>\n\t\t\t\t\t<\/div>\n\t\t<\/div>\n\t\t\t\t<div class=\"elementor-column elementor-col-20 elementor-top-column elementor-element elementor-element-65e8d8c\" data-id=\"65e8d8c\" data-element_type=\"column\">\n\t\t\t<div class=\"elementor-widget-wrap elementor-element-populated\">\n\t\t\t\t\t\t<div class=\"elementor-element elementor-element-6497ac0 elementor-widget elementor-widget-image\" data-id=\"6497ac0\" data-element_type=\"widget\" data-widget_type=\"image.default\">\n\t\t\t\t<div class=\"elementor-widget-container\">\n\t\t\t\t\t\t\t\t\t\t\t\t\t\t\t\t<a href=\"https:\/\/alzira.es\/es\/la-ciudad\/\">\n\t\t\t\t\t\t\t<img decoding=\"async\" width=\"401\" height=\"151\" data-src=\"https:\/\/alzira.es\/wp-content\/uploads\/2021\/04\/ciutat_home_es-1.png\" class=\"elementor-animation-grow attachment-medium_large size-medium_large wp-image-57600 lazyload\" alt=\"\" data-sizes=\"100vw\" src=\"data:image\/svg+xml;base64,PHN2ZyB3aWR0aD0iMSIgaGVpZ2h0PSIxIiB4bWxucz0iaHR0cDovL3d3dy53My5vcmcvMjAwMC9zdmciPjwvc3ZnPg==\" style=\"--smush-placeholder-width: 401px; --smush-placeholder-aspect-ratio: 401\/151;\" \/>\t\t\t\t\t\t\t\t<\/a>\n\t\t\t\t\t\t\t\t\t\t\t\t\t\t\t<\/div>\n\t\t\t\t<\/div>\n\t\t\t\t\t<\/div>\n\t\t<\/div>\n\t\t\t\t<div class=\"elementor-column elementor-col-20 elementor-top-column elementor-element elementor-element-d967062\" data-id=\"d967062\" data-element_type=\"column\">\n\t\t\t<div class=\"elementor-widget-wrap elementor-element-populated\">\n\t\t\t\t\t\t<div class=\"elementor-element elementor-element-84b78a4 elementor-widget elementor-widget-image\" data-id=\"84b78a4\" data-element_type=\"widget\" data-widget_type=\"image.default\">\n\t\t\t\t<div class=\"elementor-widget-container\">\n\t\t\t\t\t\t\t\t\t\t\t\t\t\t\t\t<a href=\"https:\/\/alzira.es\/es\/servicios-municipales\/\">\n\t\t\t\t\t\t\t<img decoding=\"async\" width=\"401\" height=\"151\" data-src=\"https:\/\/alzira.es\/wp-content\/uploads\/2021\/04\/serveis_home_es-1.png\" class=\"elementor-animation-grow attachment-medium_large size-medium_large wp-image-57602 lazyload\" alt=\"\" data-sizes=\"100vw\" src=\"data:image\/svg+xml;base64,PHN2ZyB3aWR0aD0iMSIgaGVpZ2h0PSIxIiB4bWxucz0iaHR0cDovL3d3dy53My5vcmcvMjAwMC9zdmciPjwvc3ZnPg==\" style=\"--smush-placeholder-width: 401px; --smush-placeholder-aspect-ratio: 401\/151;\" \/>\t\t\t\t\t\t\t\t<\/a>\n\t\t\t\t\t\t\t\t\t\t\t\t\t\t\t<\/div>\n\t\t\t\t<\/div>\n\t\t\t\t\t<\/div>\n\t\t<\/div>\n\t\t\t\t<div class=\"elementor-column elementor-col-20 elementor-top-column elementor-element elementor-element-5d4013c\" data-id=\"5d4013c\" data-element_type=\"column\">\n\t\t\t<div class=\"elementor-widget-wrap elementor-element-populated\">\n\t\t\t\t\t\t<div class=\"elementor-element elementor-element-9b80120 elementor-widget elementor-widget-image\" data-id=\"9b80120\" data-element_type=\"widget\" data-widget_type=\"image.default\">\n\t\t\t\t<div class=\"elementor-widget-container\">\n\t\t\t\t\t\t\t\t\t\t\t\t\t\t\t\t<a href=\"https:\/\/alzira.es\/es\/sede-electronica\/\">\n\t\t\t\t\t\t\t<img decoding=\"async\" width=\"525\" height=\"197\" data-src=\"https:\/\/alzira.es\/wp-content\/uploads\/2021\/12\/La-Clau-electronica-768x288.jpeg\" class=\"elementor-animation-grow attachment-medium_large size-medium_large wp-image-106839 lazyload\" alt=\"\" data-srcset=\"https:\/\/alzira.es\/wp-content\/uploads\/2021\/12\/La-Clau-electronica-768x288.jpeg 768w, https:\/\/alzira.es\/wp-content\/uploads\/2021\/12\/La-Clau-electronica-680x255.jpeg 680w, https:\/\/alzira.es\/wp-content\/uploads\/2021\/12\/La-Clau-electronica-1430x536.jpeg 1430w, https:\/\/alzira.es\/wp-content\/uploads\/2021\/12\/La-Clau-electronica-1536x576.jpeg 1536w, https:\/\/alzira.es\/wp-content\/uploads\/2021\/12\/La-Clau-electronica.jpeg 1600w\" data-sizes=\"100vw\" src=\"data:image\/svg+xml;base64,PHN2ZyB3aWR0aD0iMSIgaGVpZ2h0PSIxIiB4bWxucz0iaHR0cDovL3d3dy53My5vcmcvMjAwMC9zdmciPjwvc3ZnPg==\" style=\"--smush-placeholder-width: 525px; --smush-placeholder-aspect-ratio: 525\/197;\" \/>\t\t\t\t\t\t\t\t<\/a>\n\t\t\t\t\t\t\t\t\t\t\t\t\t\t\t<\/div>\n\t\t\t\t<\/div>\n\t\t\t\t\t<\/div>\n\t\t<\/div>\n\t\t\t\t<div class=\"elementor-column elementor-col-20 elementor-top-column elementor-element elementor-element-797257f\" data-id=\"797257f\" data-element_type=\"column\">\n\t\t\t<div class=\"elementor-widget-wrap elementor-element-populated\">\n\t\t\t\t\t\t<div class=\"elementor-element elementor-element-4c9f2d3 elementor-widget elementor-widget-image\" data-id=\"4c9f2d3\" data-element_type=\"widget\" data-widget_type=\"image.default\">\n\t\t\t\t<div class=\"elementor-widget-container\">\n\t\t\t\t\t\t\t\t\t\t\t\t\t\t\t\t<a href=\"https:\/\/transparencia.alzira.es\/inici\" target=\"_blank\">\n\t\t\t\t\t\t\t<img decoding=\"async\" width=\"401\" height=\"151\" data-src=\"https:\/\/alzira.es\/wp-content\/uploads\/2021\/04\/transparencia_home_es-1.png\" class=\"elementor-animation-grow attachment-medium_large size-medium_large wp-image-57604 lazyload\" alt=\"\" data-sizes=\"100vw\" src=\"data:image\/svg+xml;base64,PHN2ZyB3aWR0aD0iMSIgaGVpZ2h0PSIxIiB4bWxucz0iaHR0cDovL3d3dy53My5vcmcvMjAwMC9zdmciPjwvc3ZnPg==\" style=\"--smush-placeholder-width: 401px; --smush-placeholder-aspect-ratio: 401\/151;\" \/>\t\t\t\t\t\t\t\t<\/a>\n\t\t\t\t\t\t\t\t\t\t\t\t\t\t\t<\/div>\n\t\t\t\t<\/div>\n\t\t\t\t\t<\/div>\n\t\t<\/div>\n\t\t\t\t\t<\/div>\n\t\t<\/section>\n\t\t\t\t<section class=\"elementor-section elementor-top-section elementor-element elementor-element-b99b1a6 elementor-section-stretched elementor-section-boxed elementor-section-height-default elementor-section-height-default\" data-id=\"b99b1a6\" data-element_type=\"section\" data-settings=\"{&quot;stretch_section&quot;:&quot;section-stretched&quot;}\">\n\t\t\t\t\t\t<div class=\"elementor-container elementor-column-gap-wide\">\n\t\t\t\t\t<div class=\"elementor-column elementor-col-50 elementor-top-column elementor-element elementor-element-6ef0ce5\" data-id=\"6ef0ce5\" data-element_type=\"column\">\n\t\t\t<div class=\"elementor-widget-wrap elementor-element-populated\">\n\t\t\t\t\t\t<div class=\"elementor-element elementor-element-841f85e tituloflechahome elementor-widget elementor-widget-heading\" data-id=\"841f85e\" data-element_type=\"widget\" data-widget_type=\"heading.default\">\n\t\t\t\t<div class=\"elementor-widget-container\">\n\t\t\t\t\t<h3 class=\"elementor-heading-title elementor-size-default\"><a href=\"https:\/\/alzira.es\/es\/noticias-alzira\/\">+ noticias<\/a><\/h3>\t\t\t\t<\/div>\n\t\t\t\t<\/div>\n\t\t\t\t<div class=\"elementor-element elementor-element-530a812 elementor-widget elementor-widget-shortcode\" data-id=\"530a812\" data-element_type=\"widget\" data-widget_type=\"shortcode.default\">\n\t\t\t\t<div class=\"elementor-widget-container\">\n\t\t\t\t\t\t\t<div class=\"elementor-shortcode\"><input type=\"hidden\" id=\"numelementoscarusel\" value=\"2\"><div id=\"wrapnoticiashome\"><div id=\"articulos-recientes\"><div class=\"item-reciente\" data-position=\"1\"><h3><a href=\"https:\/\/alzira.es\/es\/finalitza-amb-exit-el-simulacre-dincendi-forestal-i-evacuacio-al-paratge-de-la-murta-dalzira\/\">Finalitza amb \u00e8xit el simulacre d\u2019incendi forestal i evacuaci\u00f3 al paratge de la Murta d\u2019Alzira<\/a><\/h3><span class=\"date\">29 de abril de 2026<\/span><p class=\"excerpt\">L\u2019Ajuntament d\u2019Alzira ha dut a terme hui un simulacre d\u2019incendi i evacuaci\u00f3 al Paratge Natural Municipal de la Murta que ha finalitzat amb un resultat altament satisfactori. L\u2019exercici, coordinat des del lloc de comandament pel&hellip;<a href=\"https:\/\/alzira.es\/es\/finalitza-amb-exit-el-simulacre-dincendi-forestal-i-evacuacio-al-paratge-de-la-murta-dalzira\/\"> &hellip; <p class=\"link-more\"><a href=\"https:\/\/alzira.es\/es\/finalitza-amb-exit-el-simulacre-dincendi-forestal-i-evacuacio-al-paratge-de-la-murta-dalzira\/\" class=\"more-link\">Continuar leyendo<span class=\"screen-reader-text\"> \"Finalitza amb \u00e8xit el simulacre d\u2019incendi forestal i evacuaci\u00f3 al paratge de la Murta d\u2019Alzira\"<\/span><\/a><\/p><\/a><\/p><a class=\"imagen-post-reciente\" href=\"https:\/\/alzira.es\/es\/finalitza-amb-exit-el-simulacre-dincendi-forestal-i-evacuacio-al-paratge-de-la-murta-dalzira\/\"><img decoding=\"async\" width=\"680\" height=\"510\" data-src=\"https:\/\/alzira.es\/wp-content\/uploads\/2026\/04\/IMG_6923.JPG-680x510.jpeg\" class=\"attachment-medium size-medium wp-post-image lazyload\" alt=\"\" data-srcset=\"https:\/\/alzira.es\/wp-content\/uploads\/2026\/04\/IMG_6923.JPG-680x510.jpeg 680w, https:\/\/alzira.es\/wp-content\/uploads\/2026\/04\/IMG_6923.JPG-1430x1072.jpeg 1430w, https:\/\/alzira.es\/wp-content\/uploads\/2026\/04\/IMG_6923.JPG-768x576.jpeg 768w, https:\/\/alzira.es\/wp-content\/uploads\/2026\/04\/IMG_6923.JPG-1536x1152.jpeg 1536w, https:\/\/alzira.es\/wp-content\/uploads\/2026\/04\/IMG_6923.JPG-2048x1536.jpeg 2048w\" data-sizes=\"100vw\" src=\"data:image\/svg+xml;base64,PHN2ZyB3aWR0aD0iMSIgaGVpZ2h0PSIxIiB4bWxucz0iaHR0cDovL3d3dy53My5vcmcvMjAwMC9zdmciPjwvc3ZnPg==\" style=\"--smush-placeholder-width: 680px; --smush-placeholder-aspect-ratio: 680\/510;\" \/><\/a> <div class=\"categ\">Medi ambient<\/div><\/div><div class=\"item-reciente\" data-position=\"2\"><a class=\"imagen-post-reciente\" href=\"https:\/\/alzira.es\/es\/la-junta-associada-provincial-de-laecc-atorga-a-la-junta-local-dalzira-dos-mencions-especials-3\/\"><img decoding=\"async\" width=\"408\" height=\"510\" data-src=\"https:\/\/alzira.es\/wp-content\/uploads\/2026\/04\/Assemblea-AECC_Campanya-2025-408x510.jpeg\" class=\"attachment-medium size-medium wp-post-image lazyload\" alt=\"\" data-srcset=\"https:\/\/alzira.es\/wp-content\/uploads\/2026\/04\/Assemblea-AECC_Campanya-2025-408x510.jpeg 408w, https:\/\/alzira.es\/wp-content\/uploads\/2026\/04\/Assemblea-AECC_Campanya-2025-857x1072.jpeg 857w, https:\/\/alzira.es\/wp-content\/uploads\/2026\/04\/Assemblea-AECC_Campanya-2025-768x960.jpeg 768w, https:\/\/alzira.es\/wp-content\/uploads\/2026\/04\/Assemblea-AECC_Campanya-2025-1229x1536.jpeg 1229w, https:\/\/alzira.es\/wp-content\/uploads\/2026\/04\/Assemblea-AECC_Campanya-2025.jpeg 1638w\" data-sizes=\"100vw\" src=\"data:image\/svg+xml;base64,PHN2ZyB3aWR0aD0iMSIgaGVpZ2h0PSIxIiB4bWxucz0iaHR0cDovL3d3dy53My5vcmcvMjAwMC9zdmciPjwvc3ZnPg==\" style=\"--smush-placeholder-width: 408px; --smush-placeholder-aspect-ratio: 408\/510;\" \/><\/a> <div class=\"categ\">Ajuntament d'Alzira<\/div><h3><a href=\"https:\/\/alzira.es\/es\/la-junta-associada-provincial-de-laecc-atorga-a-la-junta-local-dalzira-dos-mencions-especials-3\/\">La Junta Associada Provincial de l\u2019AECC atorga a la Junta Local d\u2019Alzira dos mencions especials<\/a><\/h3><span class=\"date\">27 de abril de 2026<\/span><p class=\"excerpt\">La Junta Local contra el C\u00e0ncer d\u2019Alzira ha sigut reconeguda amb dos mencions especials en la 64a Assemblea General Ordin\u00e0ria de la Junta Associada Provincial de Val\u00e8ncia, celebrada el passat dissabte 25 d\u2019abril. La primera&hellip;<a href=\"https:\/\/alzira.es\/es\/la-junta-associada-provincial-de-laecc-atorga-a-la-junta-local-dalzira-dos-mencions-especials-3\/\"> &hellip; <p class=\"link-more\"><a href=\"https:\/\/alzira.es\/es\/la-junta-associada-provincial-de-laecc-atorga-a-la-junta-local-dalzira-dos-mencions-especials-3\/\" class=\"more-link\">Continuar leyendo<span class=\"screen-reader-text\"> \"La Junta Associada Provincial de l\u2019AECC atorga a la Junta Local d\u2019Alzira dos mencions especials\"<\/span><\/a><\/p><\/a><\/p><\/div><\/div><\/div><\/div>\n\t\t\t\t\t\t<\/div>\n\t\t\t\t<\/div>\n\t\t\t\t\t<\/div>\n\t\t<\/div>\n\t\t\t\t<div class=\"elementor-column elementor-col-50 elementor-top-column elementor-element elementor-element-ac5338f\" data-id=\"ac5338f\" data-element_type=\"column\">\n\t\t\t<div class=\"elementor-widget-wrap elementor-element-populated\">\n\t\t\t\t\t\t<div class=\"elementor-element elementor-element-f8e7cb0 tituloflechahome elementor-widget elementor-widget-heading\" data-id=\"f8e7cb0\" data-element_type=\"widget\" data-widget_type=\"heading.default\">\n\t\t\t\t<div class=\"elementor-widget-container\">\n\t\t\t\t\t<h3 class=\"elementor-heading-title elementor-size-default\"><a href=\"https:\/\/alzira.es\/es\/agenda-alzira\/\">+ agenda<\/a><\/h3>\t\t\t\t<\/div>\n\t\t\t\t<\/div>\n\t\t\t\t<div class=\"elementor-element elementor-element-ed86c25 elementor-widget elementor-widget-image\" data-id=\"ed86c25\" data-element_type=\"widget\" data-widget_type=\"image.default\">\n\t\t\t\t<div class=\"elementor-widget-container\">\n\t\t\t\t\t\t\t\t\t\t\t\t\t\t\t\t<a href=\"https:\/\/alzira.es\/wp-content\/uploads\/anual\/programacio_cultural.pdf\" target=\"_blank\">\n\t\t\t\t\t\t\t<img decoding=\"async\" data-src=\"https:\/\/alzira.es\/wp-content\/uploads\/anual\/programacio_cultural.png\" title=\"\" alt=\"Programaci\u00f3 Cultural\" src=\"data:image\/svg+xml;base64,PHN2ZyB3aWR0aD0iMSIgaGVpZ2h0PSIxIiB4bWxucz0iaHR0cDovL3d3dy53My5vcmcvMjAwMC9zdmciPjwvc3ZnPg==\" class=\"lazyload\" style=\"--smush-placeholder-width: 891px; --smush-placeholder-aspect-ratio: 891\/162;\" \/>\t\t\t\t\t\t\t\t<\/a>\n\t\t\t\t\t\t\t\t\t\t\t\t\t\t\t<\/div>\n\t\t\t\t<\/div>\n\t\t\t\t<div class=\"elementor-element elementor-element-8996113 elementor-widget elementor-widget-image\" data-id=\"8996113\" data-element_type=\"widget\" data-widget_type=\"image.default\">\n\t\t\t\t<div class=\"elementor-widget-container\">\n\t\t\t\t\t\t\t\t\t\t\t\t\t\t\t\t<a href=\"https:\/\/esportsmunicipalsalzira.com\/programacio-esportiva-cap-de-setmana\/\" target=\"_blank\">\n\t\t\t\t\t\t\t<img decoding=\"async\" data-src=\"https:\/\/alzira.es\/wp-content\/uploads\/anual\/banner-programacio-esportiva-val.jpg\" title=\"\" alt=\"Activitat Esportiva\" src=\"data:image\/svg+xml;base64,PHN2ZyB3aWR0aD0iMSIgaGVpZ2h0PSIxIiB4bWxucz0iaHR0cDovL3d3dy53My5vcmcvMjAwMC9zdmciPjwvc3ZnPg==\" class=\"lazyload\" style=\"--smush-placeholder-width: 1067px; --smush-placeholder-aspect-ratio: 1067\/230;\" \/>\t\t\t\t\t\t\t\t<\/a>\n\t\t\t\t\t\t\t\t\t\t\t\t\t\t\t<\/div>\n\t\t\t\t<\/div>\n\t\t\t\t<div class=\"elementor-element elementor-element-ae0bd10 elementor-widget elementor-widget-shortcode\" data-id=\"ae0bd10\" data-element_type=\"widget\" data-widget_type=\"shortcode.default\">\n\t\t\t\t<div class=\"elementor-widget-container\">\n\t\t\t\t\t\t\t<div class=\"elementor-shortcode\"><div class=\"mec-wrap mec-skin-list-container  \" id=\"mec_skin_61217\">\r\n    \r\n    \r\n            <div class=\"mec-skin-list-events-container\" id=\"mec_skin_events_61217\">\r\n        <div class=\"mec-wrap \">\r\n\t<div class=\"mec-event-list-classic\">\r\n\t\t\r\n            \r\n                    <script type=\"application\/ld+json\">\r\n        {\r\n            \"@context\": \"http:\/\/schema.org\",\r\n            \"@type\": \"Event\",\r\n            \"eventStatus\": \"https:\/\/schema.org\/EventScheduled\",\r\n            \"startDate\": \"2026-04-30\",\r\n            \"endDate\": \"2026-04-30\",\r\n            \"eventAttendanceMode\": \"https:\/\/schema.org\/OfflineEventAttendanceMode\",\r\n            \"location\":\r\n            {\r\n                \"@type\": \"Place\",\r\n                                \"name\": \"\",\r\n                \"image\": \"\",\r\n                \"address\": \"\"\r\n                            },\r\n            \"organizer\":\r\n            {\r\n                \"@type\": \"Person\",\r\n                \"name\": \"\",\r\n                \"url\": \"\"\r\n            },\r\n            \"offers\":\r\n            {\r\n                \"url\": \"https:\/\/alzira.es\/es\/agenda-alzira\/alzira-camina\/\",\r\n                \"price\": \"\",\r\n                \"priceCurrency\": \"EUR\",\r\n                \"availability\": \"https:\/\/schema.org\/InStock\",\r\n                \"validFrom\": \"2026-04-30T00:00\"\r\n            },\r\n            \"performer\": \"\",\r\n            \"description\": \"&lt;p&gt;\ud83d\udc49 Passejos saludables.&lt;br \/&gt; \ud83d\udccd Punt de trobada: Pla\u00e7a Major 9:30h o eixida desde els centres salut 9:15h&lt;br \/&gt; \ud83d\udcc5 Des del dimarts 14 d&#8217;octubre&lt;br \/&gt; \u23f0 9:30 \u2013 10:30 h dimarts i dijous&lt;\/p&gt; &lt;div class=&quot;figure&quot;&gt;&lt;a href=&quot;https:\/\/alzira.es\/wp-content\/uploads\/2023\/09\/alzira-camina-inscripcio.pdf&quot; target=&quot;_blank&quot; rel=&quot;noopener&quot;&gt;&lt;img fetchpriority=&quot;high&quot; decoding=&quot;async&quot; class=&quot;aligncenter wp-image-164484 size-full&quot; src=&quot;https:\/\/alzira.es\/wp-content\/uploads\/2023\/09\/alzira-camina.jpg&quot; alt=&quot;Alzira Camina&quot; width=&quot;1655&quot; height=&quot;2340&quot; srcset=&quot;https:\/\/alzira.es\/wp-content\/uploads\/2023\/09\/alzira-camina.jpg 1655w, https:\/\/alzira.es\/wp-content\/uploads\/2023\/09\/alzira-camina-361x510.jpg 361w, https:\/\/alzira.es\/wp-content\/uploads\/2023\/09\/alzira-camina-758x1072.jpg 758w, https:\/\/alzira.es\/wp-content\/uploads\/2023\/09\/alzira-camina-768x1086.jpg 768w, https:\/\/alzira.es\/wp-content\/uploads\/2023\/09\/alzira-camina-1086x1536.jpg 1086w, https:\/\/alzira.es\/wp-content\/uploads\/2023\/09\/alzira-camina-1448x2048.jpg 1448w&quot; sizes=&quot;(max-width: 706px) 89vw, (max-width: 767px) 82vw, 740px&quot; \/&gt;&lt;\/a&gt;&lt;\/div&gt; \",\r\n            \"image\": \"https:\/\/alzira.es\/wp-content\/uploads\/2023\/09\/alzira-camina.jpg\",\r\n            \"name\": \"Alzira Camina\",\r\n            \"url\": \"https:\/\/alzira.es\/es\/agenda-alzira\/alzira-camina\/\"\r\n        }\r\n        <\/script>\r\n                    <article class=\"mec-past-event mec-event-article  mec-clear  mec-divider-toggle mec-toggle-202604-61217\" itemscope>\r\n                                    <div class=\"mec-event-image\"><a class=\"mec-color-hover\"  data-event-id=\"142170\" href=\"https:\/\/alzira.es\/es\/agenda-alzira\/alzira-camina\/\" target=\"_self\" rel=\"noopener\"><img decoding=\"async\" width=\"350\" height=\"350\" data-src=\"https:\/\/alzira.es\/wp-content\/uploads\/2023\/09\/alzira-camina-350x350.jpg\" class=\"attachment-thumbnail size-thumbnail wp-post-image lazyload\" alt=\"Alzira Camina\" data-mec-postid=\"142170\" data-srcset=\"https:\/\/alzira.es\/wp-content\/uploads\/2023\/09\/alzira-camina-350x350.jpg 350w, https:\/\/alzira.es\/wp-content\/uploads\/2023\/09\/alzira-camina-300x300.jpg 300w, https:\/\/alzira.es\/wp-content\/uploads\/2023\/09\/alzira-camina-100x100.jpg 100w\" data-sizes=\"100vw\" src=\"data:image\/svg+xml;base64,PHN2ZyB3aWR0aD0iMSIgaGVpZ2h0PSIxIiB4bWxucz0iaHR0cDovL3d3dy53My5vcmcvMjAwMC9zdmciPjwvc3ZnPg==\" style=\"--smush-placeholder-width: 350px; --smush-placeholder-aspect-ratio: 350\/350;\" \/><\/a><\/div>\r\n                                            <div class=\"mec-event-date mec-color\"><i class=\"mec-sl-calendar\"><\/i> <span class=\"mec-start-date-label\" itemprop=\"startDate\">30 Abr 2026<\/span><\/div>\r\n                        <div class=\"mec-event-time mec-color\"><i class=\"mec-sl-clock\"><\/i><div class=\"mec-time-details\"><span class=\"mec-start-time\">Todo el d\u00eda<\/span><\/div><\/div>\r\n                                                                                <h4 class=\"mec-event-title\"><a class=\"mec-color-hover\"  data-event-id=\"142170\" href=\"https:\/\/alzira.es\/es\/agenda-alzira\/alzira-camina\/\" target=\"_self\" rel=\"noopener\">Alzira Camina<\/a><span class=\"mec-repeating-label\">Evento repetitivo<\/span><span class=\"event-color\" style=\"background: #00a0d2\"><\/span><\/h4>\r\n                                                                                                                                <\/article>\r\n                    <script type=\"application\/ld+json\">\r\n        {\r\n            \"@context\": \"http:\/\/schema.org\",\r\n            \"@type\": \"Event\",\r\n            \"eventStatus\": \"https:\/\/schema.org\/EventScheduled\",\r\n            \"startDate\": \"2026-04-30\",\r\n            \"endDate\": \"2026-04-30\",\r\n            \"eventAttendanceMode\": \"https:\/\/schema.org\/OfflineEventAttendanceMode\",\r\n            \"location\":\r\n            {\r\n                \"@type\": \"Place\",\r\n                                \"name\": \"\",\r\n                \"image\": \"\",\r\n                \"address\": \"\"\r\n                            },\r\n            \"organizer\":\r\n            {\r\n                \"@type\": \"Person\",\r\n                \"name\": \"\",\r\n                \"url\": \"\"\r\n            },\r\n            \"offers\":\r\n            {\r\n                \"url\": \"https:\/\/alzira.es\/es\/agenda-alzira\/inscripcions-obertes-per-als-cursos-despa-i-i-ii\/\",\r\n                \"price\": \"\",\r\n                \"priceCurrency\": \"EUR\",\r\n                \"availability\": \"https:\/\/schema.org\/InStock\",\r\n                \"validFrom\": \"2026-04-30T00:00\"\r\n            },\r\n            \"performer\": \"\",\r\n            \"description\": \"&lt;p&gt;\ud83d\udcda\u2728 Inscripcions Obertes per als Cursos d&#8217;ESPA I i II! \u2728\ud83d\udcda&lt;\/p&gt; &lt;p&gt;T\u2019atreveixes a obtenir el Graduat en ESO? Amb el nou decret, els nostres cursos es cursen per m\u00f2duls quadrimestrals!&lt;\/p&gt; &lt;p&gt;\ud83d\uddd3\ufe0f El segon quadrimestre comen\u00e7ar\u00e0 el 26 de gener i acabar\u00e0 el 12 de juny.&lt;\/p&gt; &lt;p&gt;\ud83d\udcc5 Termini de matr\u00edcula: del 7 de gener al 30 d&#8217;abril.&lt;\/p&gt; &lt;p&gt;Documents necessaris per formalitzar la matr\u00edcula:&lt;\/p&gt; &lt;p&gt;Full de matr\u00edcula correctament emplenat&lt;br \/&gt; Fotoc\u00f2pia del DNI, NIE o passaport&lt;br \/&gt; 2 fotos&lt;br \/&gt; Butlletins de qualificacions dels \u00faltims cursos (ESO, EGB, PQPI, FP B\u00e0sica, BUP&#8230;)&lt;br \/&gt; Si no disposes de qualificacions, haur\u00e0s de fer una prova VIA (Valoraci\u00f3 Inicial de l&#8217;Alumnat) per determinar el teu nivell.&lt;\/p&gt; &lt;p&gt;\ud83d\udd17 No perdes l&#8217;oportunitat! Matricula&#8217;t i comen\u00e7a el teu cam\u00ed cap al Graduat en ESO.&lt;\/p&gt; &lt;p&gt;#Educaci\u00f3 #ESPA #GraduatESO #Formaci\u00f3ElsM\u00e9sGrans&lt;\/p&gt; &lt;div class=&quot;figure&quot;&gt;&lt;a href=&quot;https:\/\/alzira.es\/wp-content\/uploads\/2026\/01\/titol-de-graduat-en-eso.jpeg&quot; target=&quot;_blank&quot; rel=&quot;noopener&quot;&gt;&lt;img decoding=&quot;async&quot; class=&quot;aligncenter wp-image-166932 size-full&quot; src=&quot;https:\/\/alzira.es\/wp-content\/uploads\/2026\/01\/titol-de-graduat-en-eso.jpeg&quot; alt=&quot; Inscripcions Obertes per als Cursos d&#039;ESPA I i II! &quot; width=&quot;940&quot; height=&quot;788&quot; srcset=&quot;https:\/\/alzira.es\/wp-content\/uploads\/2026\/01\/titol-de-graduat-en-eso.jpeg 940w, https:\/\/alzira.es\/wp-content\/uploads\/2026\/01\/titol-de-graduat-en-eso-608x510.jpeg 608w, https:\/\/alzira.es\/wp-content\/uploads\/2026\/01\/titol-de-graduat-en-eso-768x644.jpeg 768w&quot; sizes=&quot;(max-width: 706px) 89vw, (max-width: 767px) 82vw, 740px&quot; \/&gt;&lt;\/a&gt;&lt;\/div&gt; \",\r\n            \"image\": \"https:\/\/alzira.es\/wp-content\/uploads\/2026\/01\/titol-de-graduat-en-eso.jpeg\",\r\n            \"name\": \"Inscripcions Obertes per als Cursos d&#8217;ESPA I i II!\",\r\n            \"url\": \"https:\/\/alzira.es\/es\/agenda-alzira\/inscripcions-obertes-per-als-cursos-despa-i-i-ii\/\"\r\n        }\r\n        <\/script>\r\n                    <article class=\"mec-event-article  mec-clear  mec-divider-toggle mec-toggle-202604-61217\" itemscope>\r\n                                    <div class=\"mec-event-image\"><a class=\"mec-color-hover\"  data-event-id=\"166931\" href=\"https:\/\/alzira.es\/es\/agenda-alzira\/inscripcions-obertes-per-als-cursos-despa-i-i-ii\/\" target=\"_self\" rel=\"noopener\"><img decoding=\"async\" width=\"350\" height=\"350\" data-src=\"https:\/\/alzira.es\/wp-content\/uploads\/2026\/01\/titol-de-graduat-en-eso-350x350.jpeg\" class=\"attachment-thumbnail size-thumbnail wp-post-image lazyload\" alt=\"Inscripcions Obertes per als Cursos d&#039;ESPA I i II!\" data-mec-postid=\"166931\" data-srcset=\"https:\/\/alzira.es\/wp-content\/uploads\/2026\/01\/titol-de-graduat-en-eso-350x350.jpeg 350w, https:\/\/alzira.es\/wp-content\/uploads\/2026\/01\/titol-de-graduat-en-eso-300x300.jpeg 300w, https:\/\/alzira.es\/wp-content\/uploads\/2026\/01\/titol-de-graduat-en-eso-100x100.jpeg 100w\" data-sizes=\"100vw\" src=\"data:image\/svg+xml;base64,PHN2ZyB3aWR0aD0iMSIgaGVpZ2h0PSIxIiB4bWxucz0iaHR0cDovL3d3dy53My5vcmcvMjAwMC9zdmciPjwvc3ZnPg==\" style=\"--smush-placeholder-width: 350px; --smush-placeholder-aspect-ratio: 350\/350;\" \/><\/a><\/div>\r\n                                            <div class=\"mec-event-date mec-color\"><i class=\"mec-sl-calendar\"><\/i> <span class=\"mec-start-date-label\" itemprop=\"startDate\">30 Abr 2026<\/span><\/div>\r\n                        <div class=\"mec-event-time mec-color\"><i class=\"mec-sl-clock\"><\/i><div class=\"mec-time-details\"><span class=\"mec-start-time\">Todo el d\u00eda<\/span><\/div><\/div>\r\n                                                                                <h4 class=\"mec-event-title\"><a class=\"mec-color-hover\"  data-event-id=\"166931\" href=\"https:\/\/alzira.es\/es\/agenda-alzira\/inscripcions-obertes-per-als-cursos-despa-i-i-ii\/\" target=\"_self\" rel=\"noopener\">Inscripcions Obertes per als Cursos d&#8217;ESPA I i II!<\/a><span class=\"event-color\" style=\"background: #00a0d2\"><\/span><\/h4>\r\n                                                                                                                                <\/article>\r\n                    <script type=\"application\/ld+json\">\r\n        {\r\n            \"@context\": \"http:\/\/schema.org\",\r\n            \"@type\": \"Event\",\r\n            \"eventStatus\": \"https:\/\/schema.org\/EventScheduled\",\r\n            \"startDate\": \"2026-04-30\",\r\n            \"endDate\": \"2026-04-30\",\r\n            \"eventAttendanceMode\": \"https:\/\/schema.org\/OfflineEventAttendanceMode\",\r\n            \"location\":\r\n            {\r\n                \"@type\": \"Place\",\r\n                                \"name\": \"\",\r\n                \"image\": \"\",\r\n                \"address\": \"\"\r\n                            },\r\n            \"organizer\":\r\n            {\r\n                \"@type\": \"Person\",\r\n                \"name\": \"\",\r\n                \"url\": \"\"\r\n            },\r\n            \"offers\":\r\n            {\r\n                \"url\": \"https:\/\/alzira.es\/es\/agenda-alzira\/club-de-lectura-ulleres-lila-2\/\",\r\n                \"price\": \"\",\r\n                \"priceCurrency\": \"EUR\",\r\n                \"availability\": \"https:\/\/schema.org\/InStock\",\r\n                \"validFrom\": \"2026-04-30T00:00\"\r\n            },\r\n            \"performer\": \"\",\r\n            \"description\": \"&lt;p&gt;\ud83d\udcda Club de Lectura Ulleres Lila \ud83d\udcda&lt;br \/&gt; \ud83d\uddd3 Dijous, 30 d&#8217;abril&lt;br \/&gt; \ud83d\udd55 18:00&lt;br \/&gt; \ud83d\udccd Biblioteca Municipal d&#8217;Alzira&lt;br \/&gt; \ud83d\udcd6 Llibre: \u201cDESPR\u00c9S DEL SALT\u00bb, de Nat\u00e0lia Gibert Abad&lt;\/p&gt; &lt;p&gt;\u2728 Sinopsi: Quan Sofia Pastor, una jove i prometedora psic\u00f2loga, es precipita des de la imponent cascada del Salt d\u2019Alcoi, la vida de la seua fam\u00edlia cau tamb\u00e9 en l\u2019abisme. Tot i que les proves forenses inicials apunten cap a un su\u00efcidi, una fotografia enigm\u00e0tica desvela la possible pres\u00e8ncia d\u2019una altra persona en el lloc dels fets. Negant-se a acceptar la versi\u00f3 oficial, J\u00falia Pastor, la germana de Sofia, s\u2019enfronta a una realitat trencadora. Conven\u00e7uda que la germana no hauria optat mai per acabar amb la seua vida, J\u00falia s\u2019endinsa en una investigaci\u00f3 personal plena de riscos. Amb cada nova pista, s\u2019obrin m\u00e9s interrogants sobre les circumst\u00e0ncies que envolten la mort de Sofia. Qui estava amb ella a la cascada? Quins secrets amagava Sofia?&lt;\/p&gt; &lt;p&gt;\ud83d\udc49 Dinamitza: Nat\u00e0lia Gibert Abad i la Unitat d&#8217;Igualtat de Serveis Socials.&lt;\/p&gt; &lt;div class=&quot;figure&quot;&gt;&lt;a href=&quot;https:\/\/alzira.es\/wp-content\/uploads\/2026\/04\/despres-del-salt.jpg&quot; target=&quot;_blank&quot; rel=&quot;noopener&quot;&gt;&lt;img decoding=&quot;async&quot; class=&quot;aligncenter wp-image-171467 size-full&quot; src=&quot;https:\/\/alzira.es\/wp-content\/uploads\/2026\/04\/despres-del-salt.jpg&quot; alt=&quot;Club de Lectura Ulleres Lila&quot; width=&quot;1600&quot; height=&quot;1130&quot; srcset=&quot;https:\/\/alzira.es\/wp-content\/uploads\/2026\/04\/despres-del-salt.jpg 1600w, https:\/\/alzira.es\/wp-content\/uploads\/2026\/04\/despres-del-salt-680x480.jpg 680w, https:\/\/alzira.es\/wp-content\/uploads\/2026\/04\/despres-del-salt-1430x1010.jpg 1430w, https:\/\/alzira.es\/wp-content\/uploads\/2026\/04\/despres-del-salt-768x542.jpg 768w, https:\/\/alzira.es\/wp-content\/uploads\/2026\/04\/despres-del-salt-1536x1085.jpg 1536w&quot; sizes=&quot;(max-width: 706px) 89vw, (max-width: 767px) 82vw, 740px&quot; \/&gt;&lt;\/a&gt;&lt;\/div&gt; \",\r\n            \"image\": \"https:\/\/alzira.es\/wp-content\/uploads\/2026\/04\/despres-del-salt.jpg\",\r\n            \"name\": \"Club de Lectura Ulleres Lila\",\r\n            \"url\": \"https:\/\/alzira.es\/es\/agenda-alzira\/club-de-lectura-ulleres-lila-2\/\"\r\n        }\r\n        <\/script>\r\n                    <article class=\"mec-event-article  mec-clear  mec-divider-toggle mec-toggle-202604-61217\" itemscope>\r\n                                    <div class=\"mec-event-image\"><a class=\"mec-color-hover\"  data-event-id=\"171466\" href=\"https:\/\/alzira.es\/es\/agenda-alzira\/club-de-lectura-ulleres-lila-2\/\" target=\"_self\" rel=\"noopener\"><img decoding=\"async\" width=\"350\" height=\"350\" data-src=\"https:\/\/alzira.es\/wp-content\/uploads\/2026\/04\/despres-del-salt-350x350.jpg\" class=\"attachment-thumbnail size-thumbnail wp-post-image lazyload\" alt=\"Club de Lectura Ulleres Lila\" data-mec-postid=\"171466\" data-srcset=\"https:\/\/alzira.es\/wp-content\/uploads\/2026\/04\/despres-del-salt-350x350.jpg 350w, https:\/\/alzira.es\/wp-content\/uploads\/2026\/04\/despres-del-salt-300x300.jpg 300w, https:\/\/alzira.es\/wp-content\/uploads\/2026\/04\/despres-del-salt-100x100.jpg 100w\" data-sizes=\"100vw\" src=\"data:image\/svg+xml;base64,PHN2ZyB3aWR0aD0iMSIgaGVpZ2h0PSIxIiB4bWxucz0iaHR0cDovL3d3dy53My5vcmcvMjAwMC9zdmciPjwvc3ZnPg==\" style=\"--smush-placeholder-width: 350px; --smush-placeholder-aspect-ratio: 350\/350;\" \/><\/a><\/div>\r\n                                            <div class=\"mec-event-date mec-color\"><i class=\"mec-sl-calendar\"><\/i> <span class=\"mec-start-date-label\" itemprop=\"startDate\">30 Abr 2026<\/span><\/div>\r\n                        <div class=\"mec-event-time mec-color\"><i class=\"mec-sl-clock\"><\/i><div class=\"mec-time-details\"><span class=\"mec-start-time\">18:00<\/span><\/div><\/div>\r\n                                                                                <h4 class=\"mec-event-title\"><a class=\"mec-color-hover\"  data-event-id=\"171466\" href=\"https:\/\/alzira.es\/es\/agenda-alzira\/club-de-lectura-ulleres-lila-2\/\" target=\"_self\" rel=\"noopener\">Club de Lectura Ulleres Lila<\/a><span class=\"event-color\" style=\"background: #8224e3\"><\/span><\/h4>\r\n                                                                                                                                <\/article>\r\n            \t\t\t<\/div>\r\n<\/div>\r\n\r\n    <\/div>\r\n    <div class=\"mec-skin-list-no-events-container mec-util-hidden\" id=\"mec_skin_no_events_61217\">\r\n        \u00a1No hay eventos!    <\/div>\r\n        \r\n        \r\n<\/div><\/div>\n\t\t\t\t\t\t<\/div>\n\t\t\t\t<\/div>\n\t\t\t\t\t<\/div>\n\t\t<\/div>\n\t\t\t\t\t<\/div>\n\t\t<\/section>\n\t\t\t\t<section class=\"elementor-section elementor-top-section elementor-element elementor-element-25af9bd elementor-section-full_width elementor-section-height-default elementor-section-height-default\" data-id=\"25af9bd\" data-element_type=\"section\">\n\t\t\t\t\t\t<div class=\"elementor-container elementor-column-gap-default\">\n\t\t\t\t\t<div class=\"elementor-column elementor-col-100 elementor-top-column elementor-element elementor-element-011d26e\" data-id=\"011d26e\" data-element_type=\"column\">\n\t\t\t<div class=\"elementor-widget-wrap elementor-element-populated\">\n\t\t\t\t\t\t<div class=\"elementor-element elementor-element-56d1885 elementor-widget elementor-widget-heading\" data-id=\"56d1885\" data-element_type=\"widget\" id=\"titulohome\" data-widget_type=\"heading.default\">\n\t\t\t\t<div class=\"elementor-widget-container\">\n\t\t\t\t\t<h2 class=\"elementor-heading-title elementor-size-default\">A UN CLIC<\/h2>\t\t\t\t<\/div>\n\t\t\t\t<\/div>\n\t\t\t\t<section class=\"elementor-section elementor-inner-section elementor-element elementor-element-c8b634c elementor-section-boxed elementor-section-height-default elementor-section-height-default\" data-id=\"c8b634c\" data-element_type=\"section\">\n\t\t\t\t\t\t<div class=\"elementor-container elementor-column-gap-default\">\n\t\t\t\t\t<div class=\"elementor-column elementor-col-33 elementor-inner-column elementor-element elementor-element-2638f20\" data-id=\"2638f20\" data-element_type=\"column\">\n\t\t\t<div class=\"elementor-widget-wrap elementor-element-populated\">\n\t\t\t\t\t\t<div class=\"elementor-element elementor-element-155a8ee customPrevBtn elementor-widget elementor-widget-image\" data-id=\"155a8ee\" data-element_type=\"widget\" data-widget_type=\"image.default\">\n\t\t\t\t<div class=\"elementor-widget-container\">\n\t\t\t\t\t\t\t\t\t\t\t\t\t\t\t<img decoding=\"async\" width=\"109\" height=\"110\" data-src=\"https:\/\/alzira.es\/wp-content\/uploads\/2021\/05\/left_arrow_b.png\" class=\"attachment-medium size-medium wp-image-61250 lazyload\" alt=\"\" data-srcset=\"https:\/\/alzira.es\/wp-content\/uploads\/2021\/05\/left_arrow_b.png 109w, https:\/\/alzira.es\/wp-content\/uploads\/2021\/05\/left_arrow_b-100x100.png 100w\" data-sizes=\"100vw\" src=\"data:image\/svg+xml;base64,PHN2ZyB3aWR0aD0iMSIgaGVpZ2h0PSIxIiB4bWxucz0iaHR0cDovL3d3dy53My5vcmcvMjAwMC9zdmciPjwvc3ZnPg==\" style=\"--smush-placeholder-width: 109px; --smush-placeholder-aspect-ratio: 109\/110;\" \/>\t\t\t\t\t\t\t\t\t\t\t\t\t\t\t<\/div>\n\t\t\t\t<\/div>\n\t\t\t\t\t<\/div>\n\t\t<\/div>\n\t\t\t\t<div class=\"elementor-column elementor-col-33 elementor-inner-column elementor-element elementor-element-2542705\" data-id=\"2542705\" data-element_type=\"column\">\n\t\t\t<div class=\"elementor-widget-wrap elementor-element-populated\">\n\t\t\t\t\t\t<div class=\"elementor-element elementor-element-5269de4 elementor-widget elementor-widget-shortcode\" data-id=\"5269de4\" data-element_type=\"widget\" data-widget_type=\"shortcode.default\">\n\t\t\t\t<div class=\"elementor-widget-container\">\n\t\t\t\t\t\t\t<div class=\"elementor-shortcode\">    \t<script>\r\n\t\/*\r\n *  Initialize the slider\r\n *\/\r\n\r\n\t\tjQuery(document).ready(function($){ \r\n\t\t\tjQuery(\"#wpaft-logo-slider-a-un-clic\").owlCarousel({\r\n\t\t\t\titems: \t\t\t\tNumber(wpaft.items),\r\n\t\t\t\tslideSpeed: \t\tNumber(wpaft.slide_speed),\r\n\t\t\t\tpaginationSpeed: \tNumber(wpaft.pagination_speed),\r\n\t\t\t\trewindSpeed: \t\tNumber(wpaft.rewind_speed),\r\n\t\t\t\tsingleItem: \t\tBoolean('1' == wpaft.single_item),\r\n\t\t\t\tautoPlay: \t\t\tBoolean('1' == wpaft.auto_play),\r\n\t\t\t\tstopOnHover: \t\tBoolean('1' == wpaft.stop_on_hover),\r\n\t\t\t\tnavigation: \t\tBoolean('1' == wpaft.navigation),\r\n\t\t\t\tpagination: \t\tBoolean('1' == wpaft.pagination),\r\n\t\t\t\tresponsive: \t\tBoolean('1' == wpaft.responsive)\r\n\t\t\t});\r\n\t\t});\r\n\t<\/script>\r\n\t<div id=\"wpaft-logo-slider-a-un-clic\" class=\"owl-carousel\">\r\n\t\t\r\n\t<div class=\"logo-container\">\r\n\t\t <a target=\"_blank\" href=\"https:\/\/www.antifraucv.es\/buzon-de-denuncias-2\/\"><img decoding=\"async\" width=\"181\" height=\"141\" data-src=\"https:\/\/alzira.es\/wp-content\/uploads\/2023\/02\/Icona_Bustia_AVAF_5.jpg\" class=\"attachment-full size-full wp-post-image lazyload\" alt=\"B\u00fastia de Den\u00fancies de l\u2019Ag\u00e8ncia Antifrau\" data-sizes=\"100vw\" src=\"data:image\/svg+xml;base64,PHN2ZyB3aWR0aD0iMSIgaGVpZ2h0PSIxIiB4bWxucz0iaHR0cDovL3d3dy53My5vcmcvMjAwMC9zdmciPjwvc3ZnPg==\" style=\"--smush-placeholder-width: 181px; --smush-placeholder-aspect-ratio: 181\/141;\" \/><\/a>\r\n    \t\t\t\t\r\n\t<\/div>\r\n\t\t\r\n\t<div class=\"logo-container\">\r\n\t\t <a target=\"_blank\" href=\"https:\/\/alzira.es\/ayuntamiento\/buzon-de-la-ciudadania\/\"><img decoding=\"async\" width=\"181\" height=\"141\" data-src=\"https:\/\/alzira.es\/wp-content\/uploads\/2021\/04\/BUZON_CIUDADANO.png\" class=\"attachment-full size-full wp-post-image lazyload\" alt=\"\" data-sizes=\"100vw\" src=\"data:image\/svg+xml;base64,PHN2ZyB3aWR0aD0iMSIgaGVpZ2h0PSIxIiB4bWxucz0iaHR0cDovL3d3dy53My5vcmcvMjAwMC9zdmciPjwvc3ZnPg==\" style=\"--smush-placeholder-width: 181px; --smush-placeholder-aspect-ratio: 181\/141;\" \/><\/a>\r\n    \t\t\t\t\r\n\t<\/div>\r\n\t\t\r\n\t<div class=\"logo-container\">\r\n\t\t <a target=\"_blank\" href=\"https:\/\/alzira.es\/es\/la-ciudad\/plazas-de-aparcamiento-para-discapacitados\/\"><img decoding=\"async\" width=\"181\" height=\"141\" data-src=\"https:\/\/alzira.es\/wp-content\/uploads\/2021\/04\/iconos_a_un_clic-34.png\" class=\"attachment-full size-full wp-post-image lazyload\" alt=\"\" data-sizes=\"100vw\" src=\"data:image\/svg+xml;base64,PHN2ZyB3aWR0aD0iMSIgaGVpZ2h0PSIxIiB4bWxucz0iaHR0cDovL3d3dy53My5vcmcvMjAwMC9zdmciPjwvc3ZnPg==\" style=\"--smush-placeholder-width: 181px; --smush-placeholder-aspect-ratio: 181\/141;\" \/><\/a>\r\n    \t\t\t\t\r\n\t<\/div>\r\n\t\t\r\n\t<div class=\"logo-container\">\r\n\t\t <a target=\"_blank\" href=\"https:\/\/alzira.es\/es\/servicios-municipales\/cita-previa\/\"><img decoding=\"async\" width=\"181\" height=\"140\" data-src=\"https:\/\/alzira.es\/wp-content\/uploads\/2021\/04\/cita_previa_c.png\" class=\"attachment-full size-full wp-post-image lazyload\" alt=\"\" data-sizes=\"100vw\" src=\"data:image\/svg+xml;base64,PHN2ZyB3aWR0aD0iMSIgaGVpZ2h0PSIxIiB4bWxucz0iaHR0cDovL3d3dy53My5vcmcvMjAwMC9zdmciPjwvc3ZnPg==\" style=\"--smush-placeholder-width: 181px; --smush-placeholder-aspect-ratio: 181\/140;\" \/><\/a>\r\n    \t\t\t\t\r\n\t<\/div>\r\n\t\t\r\n\t<div class=\"logo-container\">\r\n\t\t\t<img decoding=\"async\" width=\"181\" height=\"140\" data-src=\"https:\/\/alzira.es\/wp-content\/uploads\/2021\/04\/video_acta_c.png\" class=\"attachment-full size-full wp-post-image lazyload\" alt=\"\" data-sizes=\"100vw\" src=\"data:image\/svg+xml;base64,PHN2ZyB3aWR0aD0iMSIgaGVpZ2h0PSIxIiB4bWxucz0iaHR0cDovL3d3dy53My5vcmcvMjAwMC9zdmciPjwvc3ZnPg==\" style=\"--smush-placeholder-width: 181px; --smush-placeholder-aspect-ratio: 181\/140;\" \/>\t\t\t\t\t\r\n\t<\/div>\r\n\t\t\r\n\t<div class=\"logo-container\">\r\n\t\t <a target=\"_blank\" href=\"https:\/\/www.idea-alzira.com\/\"><img decoding=\"async\" width=\"181\" height=\"140\" data-src=\"https:\/\/alzira.es\/wp-content\/uploads\/2021\/04\/idea_c.png\" class=\"attachment-full size-full wp-post-image lazyload\" alt=\"\" data-sizes=\"100vw\" src=\"data:image\/svg+xml;base64,PHN2ZyB3aWR0aD0iMSIgaGVpZ2h0PSIxIiB4bWxucz0iaHR0cDovL3d3dy53My5vcmcvMjAwMC9zdmciPjwvc3ZnPg==\" style=\"--smush-placeholder-width: 181px; --smush-placeholder-aspect-ratio: 181\/140;\" \/><\/a>\r\n    \t\t\t\t\r\n\t<\/div>\r\n\t\t\r\n\t<div class=\"logo-container\">\r\n\t\t <a target=\"_blank\" href=\"https:\/\/alzira.es\/es\/servicios-municipales\/recursos-humanos\/\"><img decoding=\"async\" width=\"181\" height=\"140\" data-src=\"https:\/\/alzira.es\/wp-content\/uploads\/2021\/04\/empleo_publico_c.png\" class=\"attachment-full size-full wp-post-image lazyload\" alt=\"\" data-sizes=\"100vw\" src=\"data:image\/svg+xml;base64,PHN2ZyB3aWR0aD0iMSIgaGVpZ2h0PSIxIiB4bWxucz0iaHR0cDovL3d3dy53My5vcmcvMjAwMC9zdmciPjwvc3ZnPg==\" style=\"--smush-placeholder-width: 181px; --smush-placeholder-aspect-ratio: 181\/140;\" \/><\/a>\r\n    \t\t\t\t\r\n\t<\/div>\r\n\t\t\r\n\t<div class=\"logo-container\">\r\n\t\t <a target=\"_blank\" href=\"https:\/\/alzira.es\/ciutat\/farmacies\/\"><img decoding=\"async\" width=\"181\" height=\"140\" data-src=\"https:\/\/alzira.es\/wp-content\/uploads\/2021\/04\/farmacia_guardia_c.png\" class=\"attachment-full size-full wp-post-image lazyload\" alt=\"\" data-sizes=\"100vw\" src=\"data:image\/svg+xml;base64,PHN2ZyB3aWR0aD0iMSIgaGVpZ2h0PSIxIiB4bWxucz0iaHR0cDovL3d3dy53My5vcmcvMjAwMC9zdmciPjwvc3ZnPg==\" style=\"--smush-placeholder-width: 181px; --smush-placeholder-aspect-ratio: 181\/140;\" \/><\/a>\r\n    \t\t\t\t\r\n\t<\/div>\r\n\t\t\r\n\t<div class=\"logo-container\">\r\n\t\t <a target=\"_blank\" href=\"https:\/\/alzira.es\/es\/servicios-municipales\/la-clau\/\"><img decoding=\"async\" width=\"181\" height=\"140\" data-src=\"https:\/\/alzira.es\/wp-content\/uploads\/2021\/04\/la_clau_c.png\" class=\"attachment-full size-full wp-post-image lazyload\" alt=\"\" data-sizes=\"100vw\" src=\"data:image\/svg+xml;base64,PHN2ZyB3aWR0aD0iMSIgaGVpZ2h0PSIxIiB4bWxucz0iaHR0cDovL3d3dy53My5vcmcvMjAwMC9zdmciPjwvc3ZnPg==\" style=\"--smush-placeholder-width: 181px; --smush-placeholder-aspect-ratio: 181\/140;\" \/><\/a>\r\n    \t\t\t\t\r\n\t<\/div>\r\n\t\t\r\n\t<div class=\"logo-container\">\r\n\t\t <a target=\"_blank\" href=\"https:\/\/alzira.es\/es\/servicios-municipales\/participacion-ciudadana\/tutoriales-ciudadania\/\"><img decoding=\"async\" width=\"181\" height=\"140\" data-src=\"https:\/\/alzira.es\/wp-content\/uploads\/2021\/04\/tutoriales_c.png\" class=\"attachment-full size-full wp-post-image lazyload\" alt=\"\" data-sizes=\"100vw\" src=\"data:image\/svg+xml;base64,PHN2ZyB3aWR0aD0iMSIgaGVpZ2h0PSIxIiB4bWxucz0iaHR0cDovL3d3dy53My5vcmcvMjAwMC9zdmciPjwvc3ZnPg==\" style=\"--smush-placeholder-width: 181px; --smush-placeholder-aspect-ratio: 181\/140;\" \/><\/a>\r\n    \t\t\t\t\r\n\t<\/div>\r\n\t\t\r\n\t<div class=\"logo-container\">\r\n\t\t <a target=\"_blank\" href=\"https:\/\/inforatge.com\/meteo-alzira\"><img decoding=\"async\" width=\"181\" height=\"140\" data-src=\"https:\/\/alzira.es\/wp-content\/uploads\/2021\/04\/eltiempo_c.png\" class=\"attachment-full size-full wp-post-image lazyload\" alt=\"\" data-sizes=\"100vw\" src=\"data:image\/svg+xml;base64,PHN2ZyB3aWR0aD0iMSIgaGVpZ2h0PSIxIiB4bWxucz0iaHR0cDovL3d3dy53My5vcmcvMjAwMC9zdmciPjwvc3ZnPg==\" style=\"--smush-placeholder-width: 181px; --smush-placeholder-aspect-ratio: 181\/140;\" \/><\/a>\r\n    \t\t\t\t\r\n\t<\/div>\r\n\t\t\r\n\t<div class=\"logo-container\">\r\n\t\t <a target=\"_blank\" href=\"https:\/\/alzira.es\/es\/administracion-24h\/perfil-contratante\/\"><img decoding=\"async\" width=\"181\" height=\"140\" data-src=\"https:\/\/alzira.es\/wp-content\/uploads\/2021\/04\/perfil_contratante_c.png\" class=\"attachment-full size-full wp-post-image lazyload\" alt=\"\" data-sizes=\"100vw\" src=\"data:image\/svg+xml;base64,PHN2ZyB3aWR0aD0iMSIgaGVpZ2h0PSIxIiB4bWxucz0iaHR0cDovL3d3dy53My5vcmcvMjAwMC9zdmciPjwvc3ZnPg==\" style=\"--smush-placeholder-width: 181px; --smush-placeholder-aspect-ratio: 181\/140;\" \/><\/a>\r\n    \t\t\t\t\r\n\t<\/div>\r\n\t\t\r\n\t<div class=\"logo-container\">\r\n\t\t <a target=\"_blank\" href=\"https:\/\/alzira.es\/wp-content\/uploads\/2017\/03\/wifi_publica_cas.pdf\"><img decoding=\"async\" width=\"181\" height=\"140\" data-src=\"https:\/\/alzira.es\/wp-content\/uploads\/2021\/04\/wiffi_c.png\" class=\"attachment-full size-full wp-post-image lazyload\" alt=\"\" data-sizes=\"100vw\" src=\"data:image\/svg+xml;base64,PHN2ZyB3aWR0aD0iMSIgaGVpZ2h0PSIxIiB4bWxucz0iaHR0cDovL3d3dy53My5vcmcvMjAwMC9zdmciPjwvc3ZnPg==\" style=\"--smush-placeholder-width: 181px; --smush-placeholder-aspect-ratio: 181\/140;\" \/><\/a>\r\n    \t\t\t\t\r\n\t<\/div>\r\n\t\t\r\n\t<div class=\"logo-container\">\r\n\t\t <a target=\"_blank\" href=\"https:\/\/alzira.es\/es\/administracion-24h\/modelos-y-solicitudes\/\"><img decoding=\"async\" width=\"181\" height=\"141\" data-src=\"https:\/\/alzira.es\/wp-content\/uploads\/2021\/04\/iconos_a_un_clic-12-21.png\" class=\"attachment-full size-full wp-post-image lazyload\" alt=\"\" data-sizes=\"100vw\" src=\"data:image\/svg+xml;base64,PHN2ZyB3aWR0aD0iMSIgaGVpZ2h0PSIxIiB4bWxucz0iaHR0cDovL3d3dy53My5vcmcvMjAwMC9zdmciPjwvc3ZnPg==\" style=\"--smush-placeholder-width: 181px; --smush-placeholder-aspect-ratio: 181\/141;\" \/><\/a>\r\n    \t\t\t\t\r\n\t<\/div>\r\n\t\t\r\n\t<div class=\"logo-container\">\r\n\t\t <a target=\"_blank\" href=\"https:\/\/sedeelectronica.alzira.es\/PortalCiudadano\/tramites\/tramite.do?formAction=btShow&t=3317\"><img decoding=\"async\" width=\"181\" height=\"141\" data-src=\"https:\/\/alzira.es\/wp-content\/uploads\/2021\/04\/PERMIS_CREMES_CAST.png\" class=\"attachment-full size-full wp-post-image lazyload\" alt=\"\" data-sizes=\"100vw\" src=\"data:image\/svg+xml;base64,PHN2ZyB3aWR0aD0iMSIgaGVpZ2h0PSIxIiB4bWxucz0iaHR0cDovL3d3dy53My5vcmcvMjAwMC9zdmciPjwvc3ZnPg==\" style=\"--smush-placeholder-width: 181px; --smush-placeholder-aspect-ratio: 181\/141;\" \/><\/a>\r\n    \t\t\t\t\r\n\t<\/div>\r\n\t\t\r\n\t<div class=\"logo-container\">\r\n\t\t <a target=\"_blank\" href=\"https:\/\/www1.caixabank.es\/apl\/pagos\/index_es.html?EMISORA=460175\"><img decoding=\"async\" width=\"181\" height=\"140\" data-src=\"https:\/\/alzira.es\/wp-content\/uploads\/2021\/04\/ssdfsfsdf-e1657800602282.png\" class=\"attachment-full size-full wp-post-image lazyload\" alt=\"\" data-sizes=\"100vw\" src=\"data:image\/svg+xml;base64,PHN2ZyB3aWR0aD0iMSIgaGVpZ2h0PSIxIiB4bWxucz0iaHR0cDovL3d3dy53My5vcmcvMjAwMC9zdmciPjwvc3ZnPg==\" style=\"--smush-placeholder-width: 181px; --smush-placeholder-aspect-ratio: 181\/140;\" \/><\/a>\r\n    \t\t\t\t\r\n\t<\/div>\r\n\t\t  <\/div>\r\n\t<\/div>\n\t\t\t\t\t\t<\/div>\n\t\t\t\t<\/div>\n\t\t\t\t<div class=\"elementor-element elementor-element-a7e04dd elementor-widget elementor-widget-html\" data-id=\"a7e04dd\" data-element_type=\"widget\" data-widget_type=\"html.default\">\n\t\t\t\t<div class=\"elementor-widget-container\">\n\t\t\t\t\t<script>\r\njQuery( document ).ready( function($) {\r\n\r\n    var owl = $('.owl-carousel');\r\nowl.owlCarousel();\r\n\/\/ Go to the next item\r\n$('.customNextBtn').click(function() {\r\n    owl.trigger('owl.prev');\r\n})\r\n\/\/ Go to the previous item\r\n$('.customPrevBtn').click(function() {\r\n    owl.trigger('owl.next');\r\n});\r\n});\r\n<\/script>\t\t\t\t<\/div>\n\t\t\t\t<\/div>\n\t\t\t\t\t<\/div>\n\t\t<\/div>\n\t\t\t\t<div class=\"elementor-column elementor-col-33 elementor-inner-column elementor-element elementor-element-4b5bd94\" data-id=\"4b5bd94\" data-element_type=\"column\">\n\t\t\t<div class=\"elementor-widget-wrap elementor-element-populated\">\n\t\t\t\t\t\t<div class=\"elementor-element elementor-element-9c217c6 customNextBtn elementor-widget elementor-widget-image\" data-id=\"9c217c6\" data-element_type=\"widget\" data-widget_type=\"image.default\">\n\t\t\t\t<div class=\"elementor-widget-container\">\n\t\t\t\t\t\t\t\t\t\t\t\t\t\t\t<img decoding=\"async\" width=\"109\" height=\"110\" data-src=\"https:\/\/alzira.es\/wp-content\/uploads\/2021\/05\/right_arrow_b.png\" class=\"attachment-medium size-medium wp-image-61248 lazyload\" alt=\"\" data-srcset=\"https:\/\/alzira.es\/wp-content\/uploads\/2021\/05\/right_arrow_b.png 109w, https:\/\/alzira.es\/wp-content\/uploads\/2021\/05\/right_arrow_b-100x100.png 100w\" data-sizes=\"100vw\" src=\"data:image\/svg+xml;base64,PHN2ZyB3aWR0aD0iMSIgaGVpZ2h0PSIxIiB4bWxucz0iaHR0cDovL3d3dy53My5vcmcvMjAwMC9zdmciPjwvc3ZnPg==\" style=\"--smush-placeholder-width: 109px; --smush-placeholder-aspect-ratio: 109\/110;\" \/>\t\t\t\t\t\t\t\t\t\t\t\t\t\t\t<\/div>\n\t\t\t\t<\/div>\n\t\t\t\t\t<\/div>\n\t\t<\/div>\n\t\t\t\t\t<\/div>\n\t\t<\/section>\n\t\t\t\t\t<\/div>\n\t\t<\/div>\n\t\t\t\t\t<\/div>\n\t\t<\/section>\n\t\t\t\t<section class=\"elementor-section elementor-top-section elementor-element elementor-element-8016edc elementor-section-boxed elementor-section-height-default elementor-section-height-default\" data-id=\"8016edc\" data-element_type=\"section\" id=\"canalvideohome\">\n\t\t\t\t\t\t<div class=\"elementor-container elementor-column-gap-default\">\n\t\t\t\t\t<div class=\"elementor-column elementor-col-100 elementor-top-column elementor-element elementor-element-f78c2e8\" data-id=\"f78c2e8\" data-element_type=\"column\">\n\t\t\t<div class=\"elementor-widget-wrap elementor-element-populated\">\n\t\t\t\t\t\t<div class=\"elementor-element elementor-element-4ba91c7 elementor-widget elementor-widget-heading\" data-id=\"4ba91c7\" data-element_type=\"widget\" id=\"titulohome\" data-widget_type=\"heading.default\">\n\t\t\t\t<div class=\"elementor-widget-container\">\n\t\t\t\t\t<h2 class=\"elementor-heading-title elementor-size-default\">CANAL DE VIDEO<\/h2>\t\t\t\t<\/div>\n\t\t\t\t<\/div>\n\t\t\t\t<div class=\"elementor-element elementor-element-61d47bb elementor-widget elementor-widget-shortcode\" data-id=\"61d47bb\" data-element_type=\"widget\" data-widget_type=\"shortcode.default\">\n\t\t\t\t<div class=\"elementor-widget-container\">\n\t\t\t\t\t\t\t<div class=\"elementor-shortcode\">\t\t\t<div \n\t\t\tclass=\"yotu-playlist yotuwp yotu-limit-min   yotu-thumb-169  yotu-template-list\" \n\t\t\tdata-page=\"1\"\n\t\t\tid=\"yotuwp-69f25affd46d4\"\n\t\t\tdata-yotu=\"69f25affd4c5d\"\n\t\t\tdata-total=\"7\"\n\t\t\tdata-settings=\"eyJ0eXBlIjoicGxheWxpc3QiLCJpZCI6IlBMM1ktZHRFUl9Bb1JUYlg5ZmN5WS15OENwdlZ1cmN2UmgiLCJwYWdpbmF0aW9uIjoib24iLCJwYWdpdHlwZSI6InBhZ2VyIiwiY29sdW1uIjoiMSIsInBlcl9wYWdlIjoiMTIiLCJ0ZW1wbGF0ZSI6Imxpc3QiLCJ0aXRsZSI6Im9uIiwiZGVzY3JpcHRpb24iOiJvbiIsInRodW1icmF0aW8iOiIxNjkiLCJtZXRhIjoib2ZmIiwibWV0YV9kYXRhIjoib2ZmIiwibWV0YV9wb3NpdGlvbiI6Im9mZiIsImRhdGVfZm9ybWF0Ijoib2ZmIiwibWV0YV9hbGlnbiI6Im9mZiIsInN1YnNjcmliZSI6Im9mZiIsImR1cmF0aW9uIjoib2ZmIiwibWV0YV9pY29uIjoib2ZmIiwibmV4dHRleHQiOiIiLCJwcmV2dGV4dCI6IiIsImxvYWRtb3JldGV4dCI6IiIsInBsYXllciI6eyJtb2RlIjoibGFyZ2UiLCJ3aWR0aCI6Ijc4MCIsInNjcm9sbGluZyI6IjEwMCIsImF1dG9wbGF5IjowLCJjb250cm9scyI6MSwibW9kZXN0YnJhbmRpbmciOjEsImxvb3AiOjAsImF1dG9uZXh0IjowLCJzaG93aW5mbyI6MCwicmVsIjowLCJwbGF5aW5nIjowLCJwbGF5aW5nX2Rlc2NyaXB0aW9uIjowLCJ0aHVtYm5haWxzIjowLCJjY19sb2FkX3BvbGljeSI6IjEiLCJjY19sYW5nX3ByZWYiOiIxIiwiaGwiOiIiLCJpdl9sb2FkX3BvbGljeSI6IjMifSwibGFzdF90YWIiOiJjYWNoZSIsInVzZV9hc19tb2RhbCI6Im9mZiIsIm1vZGFsX2lkIjoib2ZmIiwibGFzdF91cGRhdGUiOiIxNzc1MTE1NzAzIiwic3R5bGluZyI6eyJwYWdlcl9sYXlvdXQiOiJkZWZhdWx0IiwiYnV0dG9uIjoiMSIsImJ1dHRvbl9jb2xvciI6IiIsImJ1dHRvbl9iZ19jb2xvciI6IiIsImJ1dHRvbl9jb2xvcl9ob3ZlciI6IiIsImJ1dHRvbl9iZ19jb2xvcl9ob3ZlciI6IiIsInZpZGVvX3N0eWxlIjoiIiwicGxheWljb25fY29sb3IiOiIiLCJob3Zlcl9pY29uIjoiIiwiZ2FsbGVyeV9iZyI6IiJ9LCJlZmZlY3RzIjp7InZpZGVvX2JveCI6IiIsImZsaXBfZWZmZWN0IjoiIn0sImdhbGxlcnlfaWQiOiI2OWYyNWFmZmQ0NmQ0IiwibmV4dCI6IkVBQWFIbEJVT2tOQmQybEZSRnBHVFRCSk5GRjZSa1ZSYW1SRVVsVk5lVTVVV1EiLCJwcmV2IjoiIn0=\"\n\t\t\tdata-player=\"large\"\n\t\t\tdata-showdesc=\"on\" >\n\t\t\t\t<div>\n\t\t\t\t\t\t\t\t\t\t<div class=\"yotu-wrapper-player\" style=\"width:780px\">\n\t\t\t\t\t\t\t\t\t\t\t\t<div class=\"yotu-player\">\n\t\t\t\t\t\t\t<div class=\"yotu-video-placeholder\" id=\"yotu-player-69f25affd4c5d\"><\/div>\n\t\t\t\t\t\t<\/div>\n\t\t\t\t\t\t<div class=\"yotu-playing-status\"><\/div>\n\t\t\t\t\t\t\t\t\t\t\t<\/div>\n\n\t\t\t\t\t<div class=\"yotu-pagination yotu-pager_layout-default yotu-pagination-top\">\n<a href=\"#\" class=\"yotu-pagination-prev yotu-button-prs yotu-button-prs-1\" data-page=\"prev\">Anterior<\/a>\n<span class=\"yotu-pagination-current\">1<\/span> <span>de<\/span> <span class=\"yotu-pagination-total\">7<\/span>\n<a href=\"#\" class=\"yotu-pagination-next yotu-button-prs yotu-button-prs-1\" data-page=\"next\">Siguiente<\/a>\n<\/div>\n<div class=\"yotu-videos yotu-mode-list yotu-column-1 yotu-player-mode-large\">\n\t<ul>\n\t\t\t\t\t<li class=\" yotu-first\">\n\t\t\t\t\t\t\t\t<a href=\"#4p34Xuj5bUU\" class=\"yotu-video\" data-videoid=\"4p34Xuj5bUU\" data-title=\"REACCIONA 2023 Rehabilitaci\u00f3n y reforma del sender PR-CV--304 \\&quot;SENDER DEL PIC DE LA RATLLA\\&quot;\">\n\t\t\t\t\t<div class=\"yotu-video-thumb-wrp\">\n\t\t\t\t\t\t<div>\n\t\t\t\t\t\t\t\t\t\t\t\t\t\t<img decoding=\"async\" class=\"yotu-video-thumb lazyload\" data-src=\"https:\/\/i.ytimg.com\/vi\/4p34Xuj5bUU\/sddefault.jpg\" alt=\"REACCIONA 2023 Rehabilitaci\u00f3n y reforma del sender PR-CV--304 &quot;SENDER DEL PIC DE LA RATLLA&quot;\" src=\"data:image\/svg+xml;base64,PHN2ZyB3aWR0aD0iMSIgaGVpZ2h0PSIxIiB4bWxucz0iaHR0cDovL3d3dy53My5vcmcvMjAwMC9zdmciPjwvc3ZnPg==\" \/>\n\t\t\t\t\t\t\t\t\t\t\t\t\t<\/div>\n\t\t\t\t\t<\/div>\n\t\t\t\t\t\t\t\t\t\t\t<h3 class=\"yotu-video-title\">REACCIONA 2023 Rehabilitaci\u00f3n y reforma del sender PR-CV--304 &quot;SENDER DEL PIC DE LA RATLLA&quot;<\/h3>\n\t\t\t\t\t\t\t\t\t\t\t\t\t\t\t\t\t\t\t\t\t<div class=\"yotu-video-description\"><\/div>\n\t\t\t\t\t\t\t\t\t<\/a>\n\t\t\t\t\t\t\t<\/li>\n\t\t\t\t\n\t\t\t\t\t\t<li class=\"\">\n\t\t\t\t\t\t\t\t<a href=\"#AlMApjMkckE\" class=\"yotu-video\" data-videoid=\"AlMApjMkckE\" data-title=\"REACCIONA 2023 - Acondicionamiento del patio del Centro de Informaci\u00f3n de la Casella\">\n\t\t\t\t\t<div class=\"yotu-video-thumb-wrp\">\n\t\t\t\t\t\t<div>\n\t\t\t\t\t\t\t\t\t\t\t\t\t\t<img decoding=\"async\" class=\"yotu-video-thumb lazyload\" data-src=\"https:\/\/i.ytimg.com\/vi\/AlMApjMkckE\/sddefault.jpg\" alt=\"REACCIONA 2023 - Acondicionamiento del patio del Centro de Informaci\u00f3n de la Casella\" src=\"data:image\/svg+xml;base64,PHN2ZyB3aWR0aD0iMSIgaGVpZ2h0PSIxIiB4bWxucz0iaHR0cDovL3d3dy53My5vcmcvMjAwMC9zdmciPjwvc3ZnPg==\" \/>\n\t\t\t\t\t\t\t\t\t\t\t\t\t<\/div>\n\t\t\t\t\t<\/div>\n\t\t\t\t\t\t\t\t\t\t\t<h3 class=\"yotu-video-title\">REACCIONA 2023 - Acondicionamiento del patio del Centro de Informaci\u00f3n de la Casella<\/h3>\n\t\t\t\t\t\t\t\t\t\t\t\t\t\t\t\t\t\t\t\t\t<div class=\"yotu-video-description\"><\/div>\n\t\t\t\t\t\t\t\t\t<\/a>\n\t\t\t\t\t\t\t<\/li>\n\t\t\t\t\n\t\t\t\t\t\t<li class=\"\">\n\t\t\t\t\t\t\t\t<a href=\"#WAH0DK5JKwk\" class=\"yotu-video\" data-videoid=\"WAH0DK5JKwk\" data-title=\"GESTI\u00d3 DE GRANS INCENDIS FORESTALS A ESPANYA\">\n\t\t\t\t\t<div class=\"yotu-video-thumb-wrp\">\n\t\t\t\t\t\t<div>\n\t\t\t\t\t\t\t\t\t\t\t\t\t\t<img decoding=\"async\" class=\"yotu-video-thumb lazyload\" data-src=\"https:\/\/i.ytimg.com\/vi\/WAH0DK5JKwk\/hqdefault.jpg\" alt=\"GESTI\u00d3 DE GRANS INCENDIS FORESTALS A ESPANYA\" src=\"data:image\/svg+xml;base64,PHN2ZyB3aWR0aD0iMSIgaGVpZ2h0PSIxIiB4bWxucz0iaHR0cDovL3d3dy53My5vcmcvMjAwMC9zdmciPjwvc3ZnPg==\" \/>\n\t\t\t\t\t\t\t\t\t\t\t\t\t<\/div>\n\t\t\t\t\t<\/div>\n\t\t\t\t\t\t\t\t\t\t\t<h3 class=\"yotu-video-title\">GESTI\u00d3 DE GRANS INCENDIS FORESTALS A ESPANYA<\/h3>\n\t\t\t\t\t\t\t\t\t\t\t\t\t\t\t\t\t\t\t\t\t<div class=\"yotu-video-description\"><\/div>\n\t\t\t\t\t\t\t\t\t<\/a>\n\t\t\t\t\t\t\t<\/li>\n\t\t\t\t\n\t\t\t\t\t\t<li class=\"\">\n\t\t\t\t\t\t\t\t<a href=\"#uOempN3vUW8\" class=\"yotu-video\" data-videoid=\"uOempN3vUW8\" data-title=\"Mejora del entorno escolar CEIP AUSI\u00c0S MARCH\">\n\t\t\t\t\t<div class=\"yotu-video-thumb-wrp\">\n\t\t\t\t\t\t<div>\n\t\t\t\t\t\t\t\t\t\t\t\t\t\t<img decoding=\"async\" class=\"yotu-video-thumb lazyload\" data-src=\"https:\/\/i.ytimg.com\/vi\/uOempN3vUW8\/sddefault.jpg\" alt=\"Mejora del entorno escolar CEIP AUSI\u00c0S MARCH\" src=\"data:image\/svg+xml;base64,PHN2ZyB3aWR0aD0iMSIgaGVpZ2h0PSIxIiB4bWxucz0iaHR0cDovL3d3dy53My5vcmcvMjAwMC9zdmciPjwvc3ZnPg==\" \/>\n\t\t\t\t\t\t\t\t\t\t\t\t\t<\/div>\n\t\t\t\t\t<\/div>\n\t\t\t\t\t\t\t\t\t\t\t<h3 class=\"yotu-video-title\">Mejora del entorno escolar CEIP AUSI\u00c0S MARCH<\/h3>\n\t\t\t\t\t\t\t\t\t\t\t\t\t\t\t\t\t\t\t\t\t<div class=\"yotu-video-description\"><\/div>\n\t\t\t\t\t\t\t\t\t<\/a>\n\t\t\t\t\t\t\t<\/li>\n\t\t\t\t\n\t\t\t\t\t\t<li class=\"\">\n\t\t\t\t\t\t\t\t<a href=\"#Zdpv1eXhQbg\" class=\"yotu-video\" data-videoid=\"Zdpv1eXhQbg\" data-title=\"REACCIONA 2023. Gesti\u00f3 Forestal i Prevenci\u00f3 Incendis.\">\n\t\t\t\t\t<div class=\"yotu-video-thumb-wrp\">\n\t\t\t\t\t\t<div>\n\t\t\t\t\t\t\t\t\t\t\t\t\t\t<img decoding=\"async\" class=\"yotu-video-thumb lazyload\" data-src=\"https:\/\/i.ytimg.com\/vi\/Zdpv1eXhQbg\/hqdefault.jpg\" alt=\"REACCIONA 2023. Gesti\u00f3 Forestal i Prevenci\u00f3 Incendis.\" src=\"data:image\/svg+xml;base64,PHN2ZyB3aWR0aD0iMSIgaGVpZ2h0PSIxIiB4bWxucz0iaHR0cDovL3d3dy53My5vcmcvMjAwMC9zdmciPjwvc3ZnPg==\" \/>\n\t\t\t\t\t\t\t\t\t\t\t\t\t<\/div>\n\t\t\t\t\t<\/div>\n\t\t\t\t\t\t\t\t\t\t\t<h3 class=\"yotu-video-title\">REACCIONA 2023. Gesti\u00f3 Forestal i Prevenci\u00f3 Incendis.<\/h3>\n\t\t\t\t\t\t\t\t\t\t\t\t\t\t\t\t\t\t\t\t\t<div class=\"yotu-video-description\"><\/div>\n\t\t\t\t\t\t\t\t\t<\/a>\n\t\t\t\t\t\t\t<\/li>\n\t\t\t\t\n\t\t\t\t\t\t<li class=\"\">\n\t\t\t\t\t\t\t\t<a href=\"#4mqhA3VL0qQ\" class=\"yotu-video\" data-videoid=\"4mqhA3VL0qQ\" data-title=\"REACCIONA 2023. Gesti\u00f3 Forestal i Prevenci\u00f3 Incendis.\">\n\t\t\t\t\t<div class=\"yotu-video-thumb-wrp\">\n\t\t\t\t\t\t<div>\n\t\t\t\t\t\t\t\t\t\t\t\t\t\t<img decoding=\"async\" class=\"yotu-video-thumb lazyload\" data-src=\"https:\/\/i.ytimg.com\/vi\/4mqhA3VL0qQ\/hqdefault.jpg\" alt=\"REACCIONA 2023. Gesti\u00f3 Forestal i Prevenci\u00f3 Incendis.\" src=\"data:image\/svg+xml;base64,PHN2ZyB3aWR0aD0iMSIgaGVpZ2h0PSIxIiB4bWxucz0iaHR0cDovL3d3dy53My5vcmcvMjAwMC9zdmciPjwvc3ZnPg==\" \/>\n\t\t\t\t\t\t\t\t\t\t\t\t\t<\/div>\n\t\t\t\t\t<\/div>\n\t\t\t\t\t\t\t\t\t\t\t<h3 class=\"yotu-video-title\">REACCIONA 2023. Gesti\u00f3 Forestal i Prevenci\u00f3 Incendis.<\/h3>\n\t\t\t\t\t\t\t\t\t\t\t\t\t\t\t\t\t\t\t\t\t<div class=\"yotu-video-description\"><\/div>\n\t\t\t\t\t\t\t\t\t<\/a>\n\t\t\t\t\t\t\t<\/li>\n\t\t\t\t\n\t\t\t\t\t\t<li class=\"\">\n\t\t\t\t\t\t\t\t<a href=\"#oSnp7cS1j0g\" class=\"yotu-video\" data-videoid=\"oSnp7cS1j0g\" data-title=\"\u2705 5 propostes per a reduir els danys per risc clim\u00e0tic, perqu\u00e8 \u00e9s millor previndre que curar\">\n\t\t\t\t\t<div class=\"yotu-video-thumb-wrp\">\n\t\t\t\t\t\t<div>\n\t\t\t\t\t\t\t\t\t\t\t\t\t\t<img decoding=\"async\" class=\"yotu-video-thumb lazyload\" data-src=\"https:\/\/i.ytimg.com\/vi\/oSnp7cS1j0g\/sddefault.jpg\" alt=\"\u2705 5 propostes per a reduir els danys per risc clim\u00e0tic, perqu\u00e8 \u00e9s millor previndre que curar\" src=\"data:image\/svg+xml;base64,PHN2ZyB3aWR0aD0iMSIgaGVpZ2h0PSIxIiB4bWxucz0iaHR0cDovL3d3dy53My5vcmcvMjAwMC9zdmciPjwvc3ZnPg==\" \/>\n\t\t\t\t\t\t\t\t\t\t\t\t\t<\/div>\n\t\t\t\t\t<\/div>\n\t\t\t\t\t\t\t\t\t\t\t<h3 class=\"yotu-video-title\">\u2705 5 propostes per a reduir els danys per risc clim\u00e0tic, perqu\u00e8 \u00e9s millor previndre que curar<\/h3>\n\t\t\t\t\t\t\t\t\t\t\t\t\t\t\t\t\t\t\t\t\t<div class=\"yotu-video-description\"><\/div>\n\t\t\t\t\t\t\t\t\t<\/a>\n\t\t\t\t\t\t\t<\/li>\n\t\t\t\t\n\t\t\t\t\t\t<li class=\"\">\n\t\t\t\t\t\t\t\t<a href=\"#ou4i_2mTAL8\" class=\"yotu-video\" data-videoid=\"ou4i_2mTAL8\" data-title=\"INSTAL\u00b7LACI\u00d3 FOTOVOLTAICA CEIP VICENTE BLASCO IB\u00c1\u00d1EZ\">\n\t\t\t\t\t<div class=\"yotu-video-thumb-wrp\">\n\t\t\t\t\t\t<div>\n\t\t\t\t\t\t\t\t\t\t\t\t\t\t<img decoding=\"async\" class=\"yotu-video-thumb lazyload\" data-src=\"https:\/\/i.ytimg.com\/vi\/ou4i_2mTAL8\/sddefault.jpg\" alt=\"INSTAL\u00b7LACI\u00d3 FOTOVOLTAICA CEIP VICENTE BLASCO IB\u00c1\u00d1EZ\" src=\"data:image\/svg+xml;base64,PHN2ZyB3aWR0aD0iMSIgaGVpZ2h0PSIxIiB4bWxucz0iaHR0cDovL3d3dy53My5vcmcvMjAwMC9zdmciPjwvc3ZnPg==\" \/>\n\t\t\t\t\t\t\t\t\t\t\t\t\t<\/div>\n\t\t\t\t\t<\/div>\n\t\t\t\t\t\t\t\t\t\t\t<h3 class=\"yotu-video-title\">INSTAL\u00b7LACI\u00d3 FOTOVOLTAICA CEIP VICENTE BLASCO IB\u00c1\u00d1EZ<\/h3>\n\t\t\t\t\t\t\t\t\t\t\t\t\t\t\t\t\t\t\t\t\t<div class=\"yotu-video-description\"><\/div>\n\t\t\t\t\t\t\t\t\t<\/a>\n\t\t\t\t\t\t\t<\/li>\n\t\t\t\t\n\t\t\t\t\t\t<li class=\"\">\n\t\t\t\t\t\t\t\t<a href=\"#wqcAuXFJReI\" class=\"yotu-video\" data-videoid=\"wqcAuXFJReI\" data-title=\"Murta i Casella\">\n\t\t\t\t\t<div class=\"yotu-video-thumb-wrp\">\n\t\t\t\t\t\t<div>\n\t\t\t\t\t\t\t\t\t\t\t\t\t\t<img decoding=\"async\" class=\"yotu-video-thumb lazyload\" data-src=\"https:\/\/i.ytimg.com\/vi\/wqcAuXFJReI\/sddefault.jpg\" alt=\"Murta i Casella\" src=\"data:image\/svg+xml;base64,PHN2ZyB3aWR0aD0iMSIgaGVpZ2h0PSIxIiB4bWxucz0iaHR0cDovL3d3dy53My5vcmcvMjAwMC9zdmciPjwvc3ZnPg==\" \/>\n\t\t\t\t\t\t\t\t\t\t\t\t\t<\/div>\n\t\t\t\t\t<\/div>\n\t\t\t\t\t\t\t\t\t\t\t<h3 class=\"yotu-video-title\">Murta i Casella<\/h3>\n\t\t\t\t\t\t\t\t\t\t\t\t\t\t\t\t\t\t\t\t\t<div class=\"yotu-video-description\"><\/div>\n\t\t\t\t\t\t\t\t\t<\/a>\n\t\t\t\t\t\t\t<\/li>\n\t\t\t\t\n\t\t\t\t\t\t<li class=\"\">\n\t\t\t\t\t\t\t\t<a href=\"#CpjuuOC5EtE\" class=\"yotu-video\" data-videoid=\"CpjuuOC5EtE\" data-title=\"STOPBULOS: Eliminaci\u00f3 de les canyes de riu.\">\n\t\t\t\t\t<div class=\"yotu-video-thumb-wrp\">\n\t\t\t\t\t\t<div>\n\t\t\t\t\t\t\t\t\t\t\t\t\t\t<img decoding=\"async\" class=\"yotu-video-thumb lazyload\" data-src=\"https:\/\/i.ytimg.com\/vi\/CpjuuOC5EtE\/sddefault.jpg\" alt=\"STOPBULOS: Eliminaci\u00f3 de les canyes de riu.\" src=\"data:image\/svg+xml;base64,PHN2ZyB3aWR0aD0iMSIgaGVpZ2h0PSIxIiB4bWxucz0iaHR0cDovL3d3dy53My5vcmcvMjAwMC9zdmciPjwvc3ZnPg==\" \/>\n\t\t\t\t\t\t\t\t\t\t\t\t\t<\/div>\n\t\t\t\t\t<\/div>\n\t\t\t\t\t\t\t\t\t\t\t<h3 class=\"yotu-video-title\">STOPBULOS: Eliminaci\u00f3 de les canyes de riu.<\/h3>\n\t\t\t\t\t\t\t\t\t\t\t\t\t\t\t\t\t\t\t\t\t<div class=\"yotu-video-description\"><\/div>\n\t\t\t\t\t\t\t\t\t<\/a>\n\t\t\t\t\t\t\t<\/li>\n\t\t\t\t\n\t\t\t\t\t\t<li class=\"\">\n\t\t\t\t\t\t\t\t<a href=\"#W8If_W47fZQ\" class=\"yotu-video\" data-videoid=\"W8If_W47fZQ\" data-title=\"Premis Literaris Ciutat Alzira\">\n\t\t\t\t\t<div class=\"yotu-video-thumb-wrp\">\n\t\t\t\t\t\t<div>\n\t\t\t\t\t\t\t\t\t\t\t\t\t\t<img decoding=\"async\" class=\"yotu-video-thumb lazyload\" data-src=\"https:\/\/i.ytimg.com\/vi\/W8If_W47fZQ\/sddefault.jpg\" alt=\"Premis Literaris Ciutat Alzira\" src=\"data:image\/svg+xml;base64,PHN2ZyB3aWR0aD0iMSIgaGVpZ2h0PSIxIiB4bWxucz0iaHR0cDovL3d3dy53My5vcmcvMjAwMC9zdmciPjwvc3ZnPg==\" \/>\n\t\t\t\t\t\t\t\t\t\t\t\t\t<\/div>\n\t\t\t\t\t<\/div>\n\t\t\t\t\t\t\t\t\t\t\t<h3 class=\"yotu-video-title\">Premis Literaris Ciutat Alzira<\/h3>\n\t\t\t\t\t\t\t\t\t\t\t\t\t\t\t\t\t\t\t\t\t<div class=\"yotu-video-description\"><\/div>\n\t\t\t\t\t\t\t\t\t<\/a>\n\t\t\t\t\t\t\t<\/li>\n\t\t\t\t\n\t\t\t\t\t\t<li class=\"\">\n\t\t\t\t\t\t\t\t<a href=\"#R-Plhq8CT0Y\" class=\"yotu-video\" data-videoid=\"R-Plhq8CT0Y\" data-title=\"V\u00eddeo per a commemorar el 20\u00e9 aniversari de la declaraci\u00f3 de la Murta i la Casella\">\n\t\t\t\t\t<div class=\"yotu-video-thumb-wrp\">\n\t\t\t\t\t\t<div>\n\t\t\t\t\t\t\t\t\t\t\t\t\t\t<img decoding=\"async\" class=\"yotu-video-thumb lazyload\" data-src=\"https:\/\/i.ytimg.com\/vi\/R-Plhq8CT0Y\/sddefault.jpg\" alt=\"V\u00eddeo per a commemorar el 20\u00e9 aniversari de la declaraci\u00f3 de la Murta i la Casella\" src=\"data:image\/svg+xml;base64,PHN2ZyB3aWR0aD0iMSIgaGVpZ2h0PSIxIiB4bWxucz0iaHR0cDovL3d3dy53My5vcmcvMjAwMC9zdmciPjwvc3ZnPg==\" \/>\n\t\t\t\t\t\t\t\t\t\t\t\t\t<\/div>\n\t\t\t\t\t<\/div>\n\t\t\t\t\t\t\t\t\t\t\t<h3 class=\"yotu-video-title\">V\u00eddeo per a commemorar el 20\u00e9 aniversari de la declaraci\u00f3 de la Murta i la Casella<\/h3>\n\t\t\t\t\t\t\t\t\t\t\t\t\t\t\t\t\t\t\t\t\t<div class=\"yotu-video-description\"><\/div>\n\t\t\t\t\t\t\t\t\t<\/a>\n\t\t\t\t\t\t\t<\/li>\n\t\t\t\t\n\t\t\t\t<\/ul>\n<\/div><div class=\"yotu-pagination yotu-pager_layout-default yotu-pagination-bottom\">\n<a href=\"#\" class=\"yotu-pagination-prev yotu-button-prs yotu-button-prs-1\" data-page=\"prev\">Anterior<\/a>\n<span class=\"yotu-pagination-current\">1<\/span> <span>de<\/span> <span class=\"yotu-pagination-total\">7<\/span>\n<a href=\"#\" class=\"yotu-pagination-next yotu-button-prs yotu-button-prs-1\" data-page=\"next\">Siguiente<\/a>\n<\/div>\n\t\t\t\t<\/div>\n\t\t\t<\/div>\n\t\t\t<\/div>\n\t\t\t\t\t\t<\/div>\n\t\t\t\t<\/div>\n\t\t\t\t\t<\/div>\n\t\t<\/div>\n\t\t\t\t\t<\/div>\n\t\t<\/section>\n\t\t\t\t<\/div>\n\t\t","protected":false},"excerpt":{"rendered":"<p>+ noticias + agenda A UN CLIC CANAL DE VIDEO<\/p>\n","protected":false},"author":29,"featured_media":0,"parent":0,"menu_order":0,"comment_status":"closed","ping_status":"closed","template":"","meta":{"_acf_changed":false,"footnotes":""},"class_list":["post-33","page","type-page","status-publish","hentry"],"acf":[],"_links":{"self":[{"href":"https:\/\/alzira.es\/es\/wp-json\/wp\/v2\/pages\/33","targetHints":{"allow":["GET"]}}],"collection":[{"href":"https:\/\/alzira.es\/es\/wp-json\/wp\/v2\/pages"}],"about":[{"href":"https:\/\/alzira.es\/es\/wp-json\/wp\/v2\/types\/page"}],"author":[{"embeddable":true,"href":"https:\/\/alzira.es\/es\/wp-json\/wp\/v2\/users\/29"}],"replies":[{"embeddable":true,"href":"https:\/\/alzira.es\/es\/wp-json\/wp\/v2\/comments?post=33"}],"version-history":[{"count":2,"href":"https:\/\/alzira.es\/es\/wp-json\/wp\/v2\/pages\/33\/revisions"}],"predecessor-version":[{"id":168384,"href":"https:\/\/alzira.es\/es\/wp-json\/wp\/v2\/pages\/33\/revisions\/168384"}],"wp:attachment":[{"href":"https:\/\/alzira.es\/es\/wp-json\/wp\/v2\/media?parent=33"}],"curies":[{"name":"wp","href":"https:\/\/api.w.org\/{rel}","templated":true}]}}