{"id":2475,"date":"2009-05-18T16:05:15","date_gmt":"2009-05-18T14:05:15","guid":{"rendered":"https:\/\/alzira.es\/c-xuquer\/"},"modified":"2021-08-29T17:06:31","modified_gmt":"2021-08-29T15:06:31","slug":"c-xuquer","status":"publish","type":"page","link":"https:\/\/alzira.es\/es\/servicios-municipales\/educacion-e-infancia\/centros-educativos-de-alzira\/c-xuquer\/","title":{"rendered":"X\u00faquer Centre Educatiu"},"content":{"rendered":"<p style=\"text-align: center;\">M\u00e1s informaci\u00f3n en:<\/p>\n<p style=\"text-align: center;\"><a href=\"http:\/\/www.axuquer.es\/\" target=\"_blank\" rel=\"noopener\">http:\/\/www.axuquer.es<\/a><\/p>\n<p style=\"text-align: center;\">\n<p style=\"text-align: center;\">\u00a0<img decoding=\"async\" class=\"size-full wp-image-2473 lazyload\" data-src=\"https:\/\/alzira.es\/wp-content\/uploads\/2009\/05\/C.-Xuquer.jpg\" alt=\"\" width=\"250\" height=\"98\" src=\"data:image\/svg+xml;base64,PHN2ZyB3aWR0aD0iMSIgaGVpZ2h0PSIxIiB4bWxucz0iaHR0cDovL3d3dy53My5vcmcvMjAwMC9zdmciPjwvc3ZnPg==\" style=\"--smush-placeholder-width: 250px; --smush-placeholder-aspect-ratio: 250\/98;\" \/><\/p>\n<p style=\"text-align: center;\">\n<p style=\"text-align: center;\"><span style=\"color: #0000ff;\"><strong>INFORMACI\u00d3N DEL CENTRO<\/strong><\/span><\/p>\n<table style=\"width: 719px; height: 119px; margin-left: auto; margin-right: auto;\" border=\"4\" cellspacing=\"1\" cellpadding=\"1\">\n<tbody>\n<tr>\n<td>\n<p style=\"text-align: center;\"><strong>Direcci\u00f3n<\/strong><\/p>\n<\/td>\n<td>\n<p style=\"text-align: center;\">C\/ Profesor Bernat Montagud, 3<\/p>\n<\/td>\n<\/tr>\n<tr>\n<td>\n<p style=\"text-align: center;\"><strong>Tel\u00e9fono<\/strong><\/p>\n<\/td>\n<td>\n<p style=\"text-align: center;\">96 241 21 85<\/p>\n<\/td>\n<\/tr>\n<tr>\n<td>\n<p style=\"text-align: center;\"><strong>E-correo<\/strong><\/p>\n<\/td>\n<td>\n<p style=\"text-align: center;\"><a href=\"mailto:info@xuquer.es\">info.xuquer@axuquer.es<\/a><\/p>\n<\/td>\n<\/tr>\n<tr>\n<td>\n<p style=\"text-align: center;\"><strong>Localidad<\/strong><\/p>\n<\/td>\n<td>\n<p style=\"text-align: center;\">46600 &#8211; ALZIRA<\/p>\n<\/td>\n<\/tr>\n<tr>\n<td>\n<p style=\"text-align: center;\"><strong>Titular<\/strong><\/p>\n<\/td>\n<td style=\"text-align: center;\">ACADEMIA J\u00daCAR SOC. COOP. VALENCIANA<\/td>\n<\/tr>\n<\/tbody>\n<\/table>\n<p style=\"text-align: center;\">\n<div align=\"center\"><\/div>\n<div align=\"center\"><span style=\"color: #0000ff;\"><strong>NIVELES AUTORIZADOS<\/strong><\/span><\/div>\n<div align=\"center\"><\/div>\n<div align=\"center\"><\/div>\n<table style=\"width: 722px; height: 75px; margin-left: auto; margin-right: auto;\" border=\"4\" cellspacing=\"1\" cellpadding=\"1\">\n<tbody>\n<tr>\n<td style=\"text-align: center;\"><strong>Nivel<\/strong><\/td>\n<td style=\"text-align: center;\"><strong>Educaci\u00f3n Infantil (2)<\/strong><\/td>\n<td style=\"text-align: center;\"><strong>Educaci\u00f3n Primaria<\/strong><\/td>\n<td style=\"text-align: center;\"><strong>E.S.O. (1\/2)<\/strong><\/td>\n<\/tr>\n<tr>\n<td style=\"text-align: center;\"><strong>Unidades<\/strong><\/td>\n<td style=\"text-align: center;\">3<\/td>\n<td style=\"text-align: center;\">6<\/td>\n<td style=\"text-align: center;\">4<\/td>\n<\/tr>\n<tr>\n<td style=\"text-align: center;\"><strong>Plazas<\/strong><\/td>\n<td style=\"text-align: center;\">67<\/td>\n<td style=\"text-align: center;\">131<\/td>\n<td style=\"text-align: center;\">108<\/td>\n<\/tr>\n<\/tbody>\n<\/table>\n<div align=\"center\"><\/div>\n<div align=\"center\"><\/div>\n<p style=\"text-align: center;\">M\u00c1S INFORMACI\u00d3N EN:<\/p>\n<p style=\"text-align: center;\"><a href=\"http:\/\/aplicaciones.edu.gva.es\/abc\/i_guiadecentros\/val\/centro.asp?codi=46000638\" target=\"_blank\" rel=\"noopener\">Gu\u00eda de centros de la Conselleria<\/a><\/p>\n<p style=\"text-align: center;\">\n<p style=\"text-align: center;\">\n<p style=\"text-align: center;\">\n<p style=\"text-align: center;\">\n","protected":false},"excerpt":{"rendered":"<p>M\u00e1s informaci\u00f3n en: http:\/\/www.axuquer.es \u00a0 INFORMACI\u00d3N DEL CENTRO Direcci\u00f3n C\/ Profesor Bernat Montagud, 3 Tel\u00e9fono 96 241 21 85 E-correo info.xuquer@axuquer.es Localidad 46600 &#8211; ALZIRA Titular ACADEMIA J\u00daCAR SOC. COOP. VALENCIANA NIVELES AUTORIZADOS Nivel Educaci\u00f3n Infantil (2) Educaci\u00f3n Primaria E.S.O. (1\/2) Unidades 3 6 4 Plazas 67 131 108 M\u00c1S INFORMACI\u00d3N EN: Gu\u00eda de centros &hellip; <\/p>\n<p class=\"link-more\"><a href=\"https:\/\/alzira.es\/es\/servicios-municipales\/educacion-e-infancia\/centros-educativos-de-alzira\/c-xuquer\/\" class=\"more-link\">Continuar leyendo<span class=\"screen-reader-text\"> \u00abX\u00faquer Centre Educatiu\u00bb<\/span><\/a><\/p>\n","protected":false},"author":20,"featured_media":0,"parent":2389,"menu_order":0,"comment_status":"closed","ping_status":"closed","template":"","meta":{"_acf_changed":false,"footnotes":""},"class_list":["post-2475","page","type-page","status-publish","hentry"],"acf":[],"_links":{"self":[{"href":"https:\/\/alzira.es\/es\/wp-json\/wp\/v2\/pages\/2475","targetHints":{"allow":["GET"]}}],"collection":[{"href":"https:\/\/alzira.es\/es\/wp-json\/wp\/v2\/pages"}],"about":[{"href":"https:\/\/alzira.es\/es\/wp-json\/wp\/v2\/types\/page"}],"author":[{"embeddable":true,"href":"https:\/\/alzira.es\/es\/wp-json\/wp\/v2\/users\/20"}],"replies":[{"embeddable":true,"href":"https:\/\/alzira.es\/es\/wp-json\/wp\/v2\/comments?post=2475"}],"version-history":[{"count":1,"href":"https:\/\/alzira.es\/es\/wp-json\/wp\/v2\/pages\/2475\/revisions"}],"predecessor-version":[{"id":85383,"href":"https:\/\/alzira.es\/es\/wp-json\/wp\/v2\/pages\/2475\/revisions\/85383"}],"up":[{"embeddable":true,"href":"https:\/\/alzira.es\/es\/wp-json\/wp\/v2\/pages\/2389"}],"wp:attachment":[{"href":"https:\/\/alzira.es\/es\/wp-json\/wp\/v2\/media?parent=2475"}],"curies":[{"name":"wp","href":"https:\/\/api.w.org\/{rel}","templated":true}]}}