{"id":171374,"date":"2026-04-21T12:01:28","date_gmt":"2026-04-21T10:01:28","guid":{"rendered":"https:\/\/alzira.es\/?page_id=171374"},"modified":"2026-04-21T12:07:17","modified_gmt":"2026-04-21T10:07:17","slug":"convocatoria-02-2026-seleccion-en-propiedad-por-el-sistema-de-concurso-oposicion-libre-una-plaza-de-tecnico-a-de-promocion-linguistica-subgrupo-a2","status":"publish","type":"page","link":"https:\/\/alzira.es\/es\/servicios-municipales\/recursos-humanos\/empleo-permanente\/convocatoria-02-2026-seleccion-en-propiedad-por-el-sistema-de-concurso-oposicion-libre-una-plaza-de-tecnico-a-de-promocion-linguistica-subgrupo-a2\/","title":{"rendered":"CONVOCATORIA 02\/2026.- Selecci\u00f3n en propiedad por el sistema de concurso-oposici\u00f3n libre: UNA plaza de T\u00c9CNICO\/A DE PROMOCI\u00d3N LING\u00dc\u00cdSTICA, subgrupo A2."},"content":{"rendered":"<p><span style=\"color: #000000;\"><strong>NOVEDAD: PENDIENTE DE PUBLICACI\u00d3N EN EL BOE.<\/strong><\/span><\/p>\n<\/p>\n<p><strong>DOCUMENTOS DEL EXPEDIENTE:<\/strong><\/p>\n\n\n<figure class=\"wp-block-table is-style-stripes\"><table><tbody><tr><td><strong>Nombre Fichero<\/strong><\/td><td class=\"has-text-align-center\" data-align=\"center\"><strong>Fecha Publicaci\u00f3n<\/strong><\/td><\/tr><tr><td><a href=\"https:\/\/alzira.es\/wp-content\/uploads\/2026\/04\/03-BOPV-21042026_04287_VA-Bases-Tecnic-a-Promocio-Linguistica.pdf\">Anuncio BOPV bases que han de regir la convocatoria para la selecci\u00f3n de una plaza de T\u00e9cnico\/a Promoci\u00f3n Ling\u00fc\u00edstica, por el sistema de concurso-oposici\u00f3n libre<\/a><\/td><td class=\"has-text-align-center\" data-align=\"center\">21\/04\/2026<\/td><\/tr><tr><td>Hoja de autobaremaci\u00f3n T\u00e9cnico\/a Promoci\u00f3n Ling\u00fc\u00edstica, subgrupo A2<\/td><td class=\"has-text-align-center\" data-align=\"center\"><\/td><\/tr><tr><td>Anuncio DOGV convocatoria 02\/2026<\/td><td class=\"has-text-align-center\" data-align=\"center\"><\/td><\/tr><tr><td>Anuncio BOE convocatoria 02\/2026<\/td><td class=\"has-text-align-center\" data-align=\"center\"><\/td><\/tr><tr><td><\/td><td class=\"has-text-align-center\" data-align=\"center\"><\/td><\/tr><tr><td><\/td><td class=\"has-text-align-center\" data-align=\"center\"><\/td><\/tr><tr><td><\/td><td class=\"has-text-align-center\" data-align=\"center\"><\/td><\/tr><\/tbody><\/table><\/figure>\n\n\n\n<p><\/p>\n","protected":false},"excerpt":{"rendered":"<p>NOVEDAD: PENDIENTE DE PUBLICACI\u00d3N EN EL BOE. DOCUMENTOS DEL EXPEDIENTE: Nombre Fichero Fecha Publicaci\u00f3n Anuncio BOPV bases que han de regir la convocatoria para la selecci\u00f3n de una plaza de T\u00e9cnico\/a Promoci\u00f3n Ling\u00fc\u00edstica, por el sistema de concurso-oposici\u00f3n libre 21\/04\/2026 Hoja de autobaremaci\u00f3n T\u00e9cnico\/a Promoci\u00f3n Ling\u00fc\u00edstica, subgrupo A2 Anuncio DOGV convocatoria 02\/2026 Anuncio BOE convocatoria &hellip; <\/p>\n<p class=\"link-more\"><a href=\"https:\/\/alzira.es\/es\/servicios-municipales\/recursos-humanos\/empleo-permanente\/convocatoria-02-2026-seleccion-en-propiedad-por-el-sistema-de-concurso-oposicion-libre-una-plaza-de-tecnico-a-de-promocion-linguistica-subgrupo-a2\/\" class=\"more-link\">Continuar leyendo<span class=\"screen-reader-text\"> \u00abCONVOCATORIA 02\/2026.- Selecci\u00f3n en propiedad por el sistema de concurso-oposici\u00f3n libre: UNA plaza de T\u00c9CNICO\/A DE PROMOCI\u00d3N LING\u00dc\u00cdSTICA, subgrupo A2.\u00bb<\/span><\/a><\/p>\n","protected":false},"author":156,"featured_media":0,"parent":105851,"menu_order":0,"comment_status":"closed","ping_status":"closed","template":"","meta":{"_acf_changed":false,"footnotes":""},"class_list":["post-171374","page","type-page","status-publish","hentry"],"acf":[],"_links":{"self":[{"href":"https:\/\/alzira.es\/es\/wp-json\/wp\/v2\/pages\/171374","targetHints":{"allow":["GET"]}}],"collection":[{"href":"https:\/\/alzira.es\/es\/wp-json\/wp\/v2\/pages"}],"about":[{"href":"https:\/\/alzira.es\/es\/wp-json\/wp\/v2\/types\/page"}],"author":[{"embeddable":true,"href":"https:\/\/alzira.es\/es\/wp-json\/wp\/v2\/users\/156"}],"replies":[{"embeddable":true,"href":"https:\/\/alzira.es\/es\/wp-json\/wp\/v2\/comments?post=171374"}],"version-history":[{"count":2,"href":"https:\/\/alzira.es\/es\/wp-json\/wp\/v2\/pages\/171374\/revisions"}],"predecessor-version":[{"id":171379,"href":"https:\/\/alzira.es\/es\/wp-json\/wp\/v2\/pages\/171374\/revisions\/171379"}],"up":[{"embeddable":true,"href":"https:\/\/alzira.es\/es\/wp-json\/wp\/v2\/pages\/105851"}],"wp:attachment":[{"href":"https:\/\/alzira.es\/es\/wp-json\/wp\/v2\/media?parent=171374"}],"curies":[{"name":"wp","href":"https:\/\/api.w.org\/{rel}","templated":true}]}}