{"id":131943,"date":"2022-12-15T10:42:08","date_gmt":"2022-12-15T09:42:08","guid":{"rendered":"https:\/\/alzira.es\/?page_id=131943"},"modified":"2023-01-12T07:48:18","modified_gmt":"2023-01-12T06:48:18","slug":"pressupost-2023","status":"publish","type":"page","link":"https:\/\/alzira.es\/es\/serveis-municipals\/economia-i-recaptacio\/intervencio\/pressupostos-generals\/pressupost-2023\/","title":{"rendered":"Pressupost 2023"},"content":{"rendered":"\t\t<div data-elementor-type=\"wp-page\" data-elementor-id=\"131943\" class=\"elementor elementor-131943\">\n\t\t\t\t\t\t<section class=\"elementor-section elementor-top-section elementor-element elementor-element-5ea9ec6 elementor-section-boxed elementor-section-height-default elementor-section-height-default\" data-id=\"5ea9ec6\" data-element_type=\"section\">\n\t\t\t\t\t\t<div class=\"elementor-container elementor-column-gap-default\">\n\t\t\t\t\t<div class=\"elementor-column elementor-col-100 elementor-top-column elementor-element elementor-element-91629d3\" data-id=\"91629d3\" data-element_type=\"column\">\n\t\t\t<div class=\"elementor-widget-wrap elementor-element-populated\">\n\t\t\t\t\t\t<div class=\"elementor-element elementor-element-89f8ae8 elementor-widget elementor-widget-text-editor\" data-id=\"89f8ae8\" data-element_type=\"widget\" data-widget_type=\"text-editor.default\">\n\t\t\t\t<div class=\"elementor-widget-container\">\n\t\t\t\t\t\t\t\t\t<p style=\"text-align: justify;\"><span style=\"color: #000000;\">El pressupost \u00e9s l&#8217;expressi\u00f3 xifrada, conjunta i sistem\u00e0tica de les obligaciones que, com a m\u00e0xim, pot recon\u00e9ixer l&#8217;entitat local, i els seus organismes aut\u00f2noms i els drets que preveja liquidar, aix\u00ed com les previsions d&#8217;ingressos i gastos de les societats mercantils que pertanyen \u00edntegrament a l&#8217;entitat local, i els seus organismes aut\u00f2noms.<\/span><\/p><table style=\"width: 500px; border-collapse: collapse;\" role=\"row\" border=\"1\" cellspacing=\"0\" cellpadding=\"0\"><tbody><tr><td style=\"width: 28.4pt; border: 1pt solid windowtext; padding: 0cm 3.5pt;\" width=\"38\"><p style=\"text-align: left;\" align=\"left\"><strong><span style=\"color: black;\">1.<\/span><\/strong><\/p><\/td><td style=\"width: 346.6pt; border-width: 1pt 1pt 1pt medium; border-style: solid solid solid none; border-color: windowtext windowtext windowtext -moz-use-text-color; padding: 0cm 3.5pt;\" colspan=\"2\" width=\"462\"><p style=\"text-align: left;\" align=\"left\"><strong><span style=\"color: black;\">PRESSUPOST GENERAL 2023<\/span><\/strong><\/p><\/td><\/tr><tr><td style=\"width: 375pt; border-right: 1pt solid windowtext; border-width: medium 1pt 1pt; border-style: none solid solid; padding: 0cm 3.5pt; border-color: -moz-use-text-color windowtext windowtext;\" colspan=\"3\" width=\"500\"><p style=\"text-align: left;\" align=\"left\"><span style=\"color: black;\">\u00a0\u00a0\u00a0<\/span><\/p><\/td><\/tr><tr><td style=\"width: 28.4pt; border-right: 1pt solid windowtext; border-width: medium 1pt 1pt; border-style: none solid solid; padding: 0cm 3.5pt; border-color: -moz-use-text-color windowtext windowtext;\" rowspan=\"3\" width=\"38\"><p style=\"text-align: left;\" align=\"left\"><span style=\"color: black;\">\u00a0\u00a0\u00a0\u00a0<\/span><\/p><\/td><td style=\"width: 28.2pt; border-width: medium 1pt 1pt medium; border-style: none solid solid none; border-color: -moz-use-text-color windowtext windowtext -moz-use-text-color; padding: 0cm 3.5pt;\" width=\"38\"><p style=\"text-align: left;\" align=\"left\"><strong><span style=\"color: black;\">A)<\/span><\/strong><\/p><\/td><td style=\"width: 318.4pt; border-width: medium 1pt 1pt medium; border-style: none solid solid none; border-color: -moz-use-text-color windowtext windowtext -moz-use-text-color; padding: 0cm 3.5pt;\" width=\"425\"><p style=\"text-align: left;\" align=\"left\"><strong><span style=\"color: black;\">Mem\u00f2ries<\/span><\/strong><\/p><\/td><\/tr><tr><td style=\"width: 28.2pt; border-width: medium 1pt 1pt medium; border-style: none solid solid none; border-color: -moz-use-text-color windowtext windowtext -moz-use-text-color; padding: 0cm 3.5pt;\" width=\"38\"><p style=\"text-align: left;\" align=\"left\"><span style=\"color: black;\">\u00a0\u00a0\u00a0<\/span><\/p><\/td><td style=\"width: 318.4pt; border-width: medium 1pt 1pt medium; border-style: none solid solid none; border-color: -moz-use-text-color windowtext windowtext -moz-use-text-color; padding: 0cm 3.5pt;\" width=\"425\"><p style=\"text-align: left;\" align=\"left\"><a href=\"https:\/\/alzira.es\/wp-content\/uploads\/2022\/10\/1_memoria_alcaldia.pdf\" target=\"_blank\" rel=\"noopener\"><span style=\"color: black; text-decoration: none;\">Mem\u00f2ria d&#8217;alcaldia<\/span><\/a> &#8211; Ajuntament d&#8217;Alzira<\/p><\/td><\/tr><tr><td style=\"width: 28.2pt; border-width: medium 1pt 1pt medium; border-style: none solid solid none; border-color: -moz-use-text-color windowtext windowtext -moz-use-text-color; padding: 0cm 3.5pt;\" width=\"38\">\u00a0<\/td><td style=\"width: 318.4pt; border-width: medium 1pt 1pt medium; border-style: none solid solid none; border-color: -moz-use-text-color windowtext windowtext -moz-use-text-color; padding: 0cm 3.5pt;\" width=\"425\"><p style=\"text-align: left;\" align=\"left\"><a href=\"https:\/\/alzira.es\/wp-content\/uploads\/2022\/10\/1A_CUVRA_Memoria.pdf\"><span style=\"color: black; text-decoration: none;\">Mem\u00f2ria presid\u00e8ncia<\/span><\/a>\u00a0<span style=\"color: black; text-decoration: none;\">&#8211; Comunitat Usuaris de Vertits Ribera Alta I<\/span><\/p><\/td><\/tr><tr><td style=\"width: 375pt; border-right: 1pt solid windowtext; border-width: medium 1pt 1pt; border-style: none solid solid; border-color: -moz-use-text-color windowtext windowtext; padding: 0cm 3.5pt;\" colspan=\"3\" width=\"500\"><p style=\"text-align: left;\" align=\"left\"><span style=\"color: black;\">\u00a0\u00a0\u00a0<\/span><\/p><\/td><\/tr><tr><td style=\"width: 28.4pt; border-right: 1pt solid windowtext; border-width: medium 1pt 1pt; border-style: none solid solid; padding: 0cm 3.5pt; border-color: -moz-use-text-color windowtext windowtext;\" rowspan=\"8\" width=\"38\"><p style=\"text-align: left;\" align=\"left\"><span style=\"color: black;\">\u00a0\u00a0\u00a0\u00a0\u00a0\u00a0\u00a0<\/span><\/p><\/td><td style=\"width: 28.2pt; border-width: medium 1pt 1pt medium; border-style: none solid solid none; border-color: -moz-use-text-color windowtext windowtext -moz-use-text-color; padding: 0cm 3.5pt;\" width=\"38\"><p style=\"text-align: left;\" align=\"left\"><strong><span style=\"color: black;\">B)<\/span><\/strong><\/p><\/td><td style=\"width: 318.4pt; border-width: medium 1pt 1pt medium; border-style: none solid solid none; border-color: -moz-use-text-color windowtext windowtext -moz-use-text-color; padding: 0cm 3.5pt;\" width=\"425\"><p style=\"text-align: left;\" align=\"left\"><strong><span style=\"color: black;\">Pressupostos i estats de previsi\u00f3<\/span><\/strong><\/p><\/td><\/tr><tr><td style=\"width: 28.2pt; border-width: medium 1pt 1pt medium; border-style: none solid solid none; border-color: -moz-use-text-color windowtext windowtext -moz-use-text-color; padding: 0cm 3.5pt;\" rowspan=\"7\" width=\"38\"><p style=\"text-align: left;\" align=\"left\"><span style=\"color: black;\">\u00a0\u00a0\u00a0\u00a0\u00a0\u00a0<\/span><\/p><\/td><td style=\"width: 318.4pt; border-width: medium 1pt 1pt medium; border-style: none solid solid none; border-color: -moz-use-text-color windowtext windowtext -moz-use-text-color; padding: 0cm 3.5pt;\" width=\"425\"><p style=\"text-align: left;\" align=\"left\"><span style=\"color: black; text-decoration: none;\"><a href=\"https:\/\/alzira.es\/wp-content\/uploads\/2022\/10\/1B_resum_ingressos_gastos.pdf\" target=\"_blank\" rel=\"noopener\">Resum estats d&#8217;ingressos i gastos<\/a>\u00a0 &#8211; Ajuntament d&#8217;Alzira<br \/><\/span><\/p><\/td><\/tr><tr><td style=\"width: 318.4pt; border-width: medium 1pt 1pt medium; border-style: none solid solid none; border-color: -moz-use-text-color windowtext windowtext -moz-use-text-color; padding: 0cm 3.5pt;\" width=\"425\"><p style=\"text-align: left;\" align=\"left\"><span style=\"color: black; text-decoration: none;\"><a href=\"https:\/\/alzira.es\/wp-content\/uploads\/2022\/10\/1B_ingressos_resum.pdf\" target=\"_blank\" rel=\"noopener\">Resum<\/a> i <a href=\"https:\/\/alzira.es\/wp-content\/uploads\/2022\/10\/1B_ingressos_detall.pdf\" target=\"_blank\" rel=\"noopener\">detall<\/a> pressupost d&#8217;ingressos\u00a0 &#8211; Ajuntament d&#8217;Alzira<br \/><\/span><\/p><\/td><\/tr><tr><td style=\"width: 318.4pt; border-width: medium 1pt 1pt medium; border-style: none solid solid none; border-color: -moz-use-text-color windowtext windowtext -moz-use-text-color; padding: 0cm 3.5pt;\" width=\"425\"><p style=\"text-align: left;\" align=\"left\"><span style=\"color: black;\"><a href=\"https:\/\/alzira.es\/wp-content\/uploads\/2022\/10\/1B_gastos_programes_resum.pdf\" target=\"_blank\" rel=\"noopener\"><span style=\"color: black; text-decoration: none;\">Resum<\/span><\/a> i\u00a0<\/span><a href=\"https:\/\/alzira.es\/wp-content\/uploads\/2022\/10\/1B_gastos_programes_detall-2.pdf\" target=\"_blank\" rel=\"noopener\">detall<\/a><span style=\"color: black;\">\u00a0pressupost de gastos (programes) &#8211; Ajuntament d&#8217;Alzira<br \/><\/span><\/p><\/td><\/tr><tr><td style=\"width: 318.4pt; border-width: medium 1pt 1pt medium; border-style: none solid solid none; border-color: -moz-use-text-color windowtext windowtext -moz-use-text-color; padding: 0cm 3.5pt;\" width=\"425\"><p style=\"text-align: left;\" align=\"left\"><span style=\"color: black;\"><span style=\"color: black; text-decoration: none;\"><a href=\"https:\/\/alzira.es\/wp-content\/uploads\/2022\/10\/1B_gastos_economica_resum.pdf\" target=\"_blank\" rel=\"noopener\">Resum<\/a> i <a href=\"https:\/\/alzira.es\/wp-content\/uploads\/2022\/10\/1B_gastos_economica_detall-1.pdf\" target=\"_blank\" rel=\"noopener\">detall<\/a> pressupost de gastos (econ\u00f2mica) &#8211; Ajuntament d&#8217;Alzira<\/span><\/span><\/p><\/td><\/tr><tr><td style=\"width: 318.4pt; border-width: medium 1pt 1pt medium; border-style: none solid solid none; border-color: -moz-use-text-color windowtext windowtext -moz-use-text-color; padding: 0cm 3.5pt;\" width=\"425\"><p style=\"text-align: left;\" align=\"left\"><span style=\"color: black;\"><span style=\"color: black; text-decoration: none;\"><a href=\"https:\/\/alzira.es\/wp-content\/uploads\/2022\/10\/1B_CUVRA_resum_gastos_ingressos.pdf\" target=\"_blank\" rel=\"noopener\">Estat de previsi\u00f3 ingressos<\/a> &#8211; Comunitat Usuaris de Vertits Ribera Alta I<\/span><br \/><\/span><\/p><\/td><\/tr><tr><td style=\"width: 318.4pt; border-width: medium 1pt 1pt medium; border-style: none solid solid none; border-color: -moz-use-text-color windowtext windowtext -moz-use-text-color; padding: 0cm 3.5pt;\" width=\"425\"><p style=\"text-align: left;\" align=\"left\"><span style=\"color: black;\"><a href=\"https:\/\/alzira.es\/wp-content\/uploads\/2022\/10\/1B_CUVRA_previsio_ingressos_gastos.pdf\" target=\"_blank\" rel=\"noopener\"><span style=\"color: black; text-decoration: none;\">Estat de previsi\u00f3 gastos<\/span><br \/><\/a> <span style=\"color: black; text-decoration: none;\">&#8211; Comunitat Usuaris de Vertits Ribera Alta I<\/span><\/span><\/p><\/td><\/tr><tr><td style=\"width: 318.4pt; border-width: medium 1pt 1pt medium; border-style: none solid solid none; border-color: -moz-use-text-color windowtext windowtext -moz-use-text-color; padding: 0cm 3.5pt;\" width=\"425\"><p style=\"text-align: left;\" align=\"left\"><span style=\"color: black;\"><a href=\"https:\/\/alzira.es\/wp-content\/uploads\/2022\/10\/1B_Pressupost_consolidat_2023.pdf\" target=\"_blank\" rel=\"noopener\"><span style=\"color: black; text-decoration: none;\">Pressupost consolidat<\/span><br \/><\/a> <span style=\"color: black; text-decoration: none;\">&#8211; Ajuntament d&#8217;Alzira<\/span><\/span><\/p><\/td><\/tr><tr><td style=\"width: 375pt; border-right: 1pt solid windowtext; border-width: medium 1pt 1pt; border-style: none solid solid; border-color: -moz-use-text-color windowtext windowtext; padding: 0cm 3.5pt;\" colspan=\"3\" width=\"500\"><p style=\"text-align: left;\" align=\"left\"><span style=\"color: black;\">\u00a0\u00a0\u00a0<\/span><\/p><\/td><\/tr><tr><td style=\"width: 28.4pt; border-right: 1pt solid windowtext; border-width: medium 1pt 1pt; border-style: none solid solid; padding: 0cm 3.5pt; border-color: -moz-use-text-color windowtext windowtext;\" rowspan=\"4\" width=\"38\">\u00a0\u00a0<\/td><td style=\"width: 28.2pt; border-width: medium 1pt 1pt medium; border-style: none solid solid none; border-color: -moz-use-text-color windowtext windowtext -moz-use-text-color; padding: 0cm 3.5pt;\" width=\"38\"><span style=\"color: #000000;\"><strong>C)<\/strong><\/span><\/td><td style=\"width: 318.4pt; border-width: medium 1pt 1pt medium; border-style: none solid solid none; border-color: -moz-use-text-color windowtext windowtext -moz-use-text-color; padding: 0cm 3.5pt;\" width=\"425\"><span style=\"color: #000000;\"><strong>Pressupostos comparatius 2022-2023<\/strong><\/span><\/td><\/tr><tr><td style=\"width: 28.2pt; border-width: medium 1pt 1pt medium; border-style: none solid solid none; border-color: -moz-use-text-color windowtext windowtext -moz-use-text-color; padding: 0cm 3.5pt;\" rowspan=\"3\" width=\"38\">\u00a0<\/td><td style=\"width: 318.4pt; border-width: medium 1pt 1pt medium; border-style: none solid solid none; border-color: -moz-use-text-color windowtext windowtext -moz-use-text-color; padding: 0cm 3.5pt;\" width=\"425\">Comparatiu pressupost d&#8217;ingressos (<a href=\"https:\/\/alzira.es\/wp-content\/uploads\/2022\/10\/1C_comparatiu_ingressos_resum.pdf\" target=\"_blank\" rel=\"noopener\">resum<\/a> i <a href=\"https:\/\/alzira.es\/wp-content\/uploads\/2022\/10\/1C_comparatiu_ingressos_detall.pdf\" target=\"_blank\" rel=\"noopener\">detall<\/a>) &#8211; Ajuntament d&#8217;Alzira<\/td><\/tr><tr><td style=\"width: 318.4pt; border-width: medium 1pt 1pt medium; border-style: none solid solid none; border-color: -moz-use-text-color windowtext windowtext -moz-use-text-color; padding: 0cm 3.5pt;\" width=\"425\">Comparatiu pressupost de gastos (<a href=\"https:\/\/alzira.es\/wp-content\/uploads\/2022\/10\/1C_comparatiu_gastos_programes_resum.pdf\" target=\"_blank\" rel=\"noopener\">resum<\/a> i <a href=\"https:\/\/alzira.es\/wp-content\/uploads\/2022\/10\/1C_comparatiu_gastos_programes_detall.pdf\" target=\"_blank\" rel=\"noopener\">detall<\/a> programes)<\/td><\/tr><tr><td style=\"width: 318.4pt; border-width: medium 1pt 1pt medium; border-style: none solid solid none; border-color: -moz-use-text-color windowtext windowtext -moz-use-text-color; padding: 0cm 3.5pt;\" width=\"425\">Comparatiu pressupost de gastos (<a href=\"https:\/\/alzira.es\/wp-content\/uploads\/2022\/10\/1C_comparatiu_gastos_economica_resum.pdf\" target=\"_blank\" rel=\"noopener\">resum<\/a> i <a href=\"https:\/\/alzira.es\/wp-content\/uploads\/2022\/10\/1C_comparatiu_gastos_economica_detall.pdf\" target=\"_blank\" rel=\"noopener\">detall<\/a> econ\u00f2mica) &#8211; Ajuntament d&#8217;Alzira<\/td><\/tr><tr><td style=\"width: 28.4pt; border-right: 1pt solid windowtext; border-width: medium 1pt 1pt; border-style: none solid solid; padding: 0cm 3.5pt; border-color: -moz-use-text-color windowtext windowtext;\" colspan=\"3\" width=\"38\">\u00a0<\/td><\/tr><tr><td style=\"width: 28.4pt; border-right: 1pt solid windowtext; border-width: medium 1pt 1pt; border-style: none solid solid; padding: 0cm 3.5pt; border-color: -moz-use-text-color windowtext windowtext;\" rowspan=\"5\" width=\"38\"><p style=\"text-align: left;\" align=\"left\"><span style=\"color: black;\">\u00a0\u00a0\u00a0\u00a0\u00a0<\/span><\/p><\/td><td style=\"width: 28.2pt; border-width: medium 1pt 1pt medium; border-style: none solid solid none; border-color: -moz-use-text-color windowtext windowtext -moz-use-text-color; padding: 0cm 3.5pt;\" width=\"38\"><p style=\"text-align: left;\" align=\"left\"><strong><span style=\"color: black;\">D)<\/span><\/strong><\/p><\/td><td style=\"width: 318.4pt; border-width: medium 1pt 1pt medium; border-style: none solid solid none; border-color: -moz-use-text-color windowtext windowtext -moz-use-text-color; padding: 0cm 3.5pt;\" width=\"425\"><p style=\"text-align: left;\" align=\"left\"><strong><span style=\"color: black;\">Estats de tramitaci\u00f3 del pressupost &#8211; novembre de 2022<\/span><\/strong><\/p><\/td><\/tr><tr><td style=\"width: 28.2pt; border-width: medium 1pt 1pt medium; border-style: none solid solid none; border-color: -moz-use-text-color windowtext windowtext -moz-use-text-color; padding: 0cm 3.5pt;\" rowspan=\"4\" width=\"38\"><p style=\"text-align: left;\" align=\"left\"><span style=\"color: black;\">\u00a0\u00a0\u00a0\u00a0<\/span><\/p><\/td><td style=\"width: 318.4pt; border-width: medium 1pt 1pt medium; border-style: none solid solid none; border-color: -moz-use-text-color windowtext windowtext -moz-use-text-color; padding: 0cm 3.5pt;\" width=\"425\"><p style=\"text-align: left;\" align=\"left\"><a href=\"https:\/\/alzira.es\/wp-content\/uploads\/2022\/10\/1D_estat_tramitacio_ingressos.pdf\" target=\"_blank\" rel=\"noopener\"><span style=\"color: black; text-decoration: none;\">Estat de tramitaci\u00f3 d&#8217;ingressos<\/span><\/a><a href=\"contenidos\/Area_Economica\/Presupuesto%202016\/1d_estat_execucio_ingressos.pdf\" target=\"_blank\" rel=\"noopener\"><span style=\"color: black; text-decoration: none;\"> &#8211; <\/span><\/a><span style=\"color: black; text-decoration: none;\">Ajuntament d&#8217;Alzira<\/span><\/p><\/td><\/tr><tr><td style=\"width: 318.4pt; border-width: medium 1pt 1pt medium; border-style: none solid solid none; border-color: -moz-use-text-color windowtext windowtext -moz-use-text-color; padding: 0cm 3.5pt;\" width=\"425\"><p style=\"text-align: left;\" align=\"left\"><span style=\"color: black;\">Estat de tramitaci\u00f3 de gastos (<a href=\"https:\/\/alzira.es\/wp-content\/uploads\/2022\/10\/1D_estat_tramitacio_gastos_programes.pdf\" target=\"_blank\" rel=\"noopener\">programes<\/a> i <a href=\"https:\/\/alzira.es\/wp-content\/uploads\/2022\/10\/1D_estat_tramitacio_gastos_economica.pdf\" target=\"_blank\" rel=\"noopener\">econ\u00f2mica<\/a>) &#8211; Ajuntament d&#8217;Alzira<br \/><\/span><\/p><\/td><\/tr><tr><td style=\"width: 318.4pt; border-width: medium 1pt 1pt medium; border-style: none solid solid none; padding: 0cm 3.5pt; text-align: justify;\" width=\"425\"><p style=\"text-align: left;\" align=\"left\"><span style=\"color: black;\"><a href=\"https:\/\/alzira.es\/wp-content\/uploads\/2022\/10\/1D_CUVRA_estat_execucio_ingressos_detall.pdf\" target=\"_blank\" rel=\"noopener\">Estat de tramitaci\u00f3 ingressos<\/a> &#8211; Comunitat d&#8217;Usuaris de Vertits Ribera Alta I<\/span><\/p><\/td><\/tr><tr><td style=\"width: 318.4pt; border-width: medium 1pt 1pt medium; border-style: none solid solid none; padding: 0cm 3.5pt; text-align: justify;\" width=\"425\"><p style=\"text-align: left;\" align=\"left\"><span style=\"color: black;\"><a href=\"https:\/\/alzira.es\/wp-content\/uploads\/2022\/10\/1D_CUVRA_estat_execucio_gastos_programes_detall.pdf\">Estat de tramitaci\u00f3 gastos<\/a> &#8211; Comunitat d&#8217;Usuaris de Vertits Ribera Alta I<br \/><\/span><\/p><\/td><\/tr><tr><td style=\"width: 375pt; border-right: 1pt solid windowtext; border-width: medium 1pt 1pt; border-style: none solid solid; border-color: -moz-use-text-color windowtext windowtext; padding: 0cm 3.5pt;\" colspan=\"3\" width=\"500\"><p style=\"text-align: left;\" align=\"left\"><span style=\"color: black;\">\u00a0\u00a0\u00a0<\/span><\/p><\/td><\/tr><tr><td style=\"width: 28.4pt; border-right: 1pt solid windowtext; border-width: medium 1pt 1pt; border-style: none solid solid; padding: 0cm 3.5pt; border-color: -moz-use-text-color windowtext windowtext;\" rowspan=\"5\" width=\"38\"><p style=\"text-align: left;\" align=\"left\"><span style=\"color: black;\">\u00a0\u00a0\u00a0\u00a0\u00a0\u00a0\u00a0<\/span><\/p><\/td><td style=\"width: 28.2pt; border-width: medium 1pt 1pt medium; border-style: none solid solid none; border-color: -moz-use-text-color windowtext windowtext -moz-use-text-color; padding: 0cm 3.5pt;\" width=\"38\"><p style=\"text-align: left;\" align=\"left\"><strong><span style=\"color: black;\">E)<\/span><\/strong><\/p><\/td><td style=\"width: 318.4pt; border-width: medium 1pt 1pt medium; border-style: none solid solid none; border-color: -moz-use-text-color windowtext windowtext -moz-use-text-color; padding: 0cm 3.5pt;\" width=\"425\"><p style=\"text-align: left;\" align=\"left\"><strong><span style=\"color: black;\">Estats i comptes exercici 2021<\/span><\/strong><\/p><\/td><\/tr><tr><td style=\"width: 28.2pt; border-width: medium 1pt 1pt medium; border-style: none solid solid none; border-color: -moz-use-text-color windowtext windowtext -moz-use-text-color; padding: 0cm 3.5pt;\" width=\"38\"><p style=\"text-align: left;\" align=\"left\"><strong><span style=\"color: black;\">E.1)<\/span><\/strong><\/p><\/td><td style=\"width: 318.4pt; border-width: medium 1pt 1pt medium; border-style: none solid solid none; border-color: -moz-use-text-color windowtext windowtext -moz-use-text-color; padding: 0cm 3.5pt;\" width=\"425\"><p style=\"text-align: left;\" align=\"left\"><strong><span style=\"color: black;\">Ajuntament d&#8217;Alzira. <\/span><\/strong><span style=\"color: black;\">Liquidaci\u00f3 del pressupost de 2021<\/span><\/p><\/td><\/tr><tr><td style=\"width: 28.2pt; border-width: medium 1pt 1pt medium; border-style: none solid solid none; border-color: -moz-use-text-color windowtext windowtext -moz-use-text-color; padding: 0cm 3.5pt;\" rowspan=\"3\" width=\"38\"><p style=\"text-align: left;\" align=\"left\"><span style=\"color: black;\">\u00a0\u00a0\u00a0<\/span><\/p><\/td><td style=\"width: 318.4pt; border-width: medium 1pt 1pt medium; border-style: none solid solid none; border-color: -moz-use-text-color windowtext windowtext -moz-use-text-color; padding: 0cm 3.5pt;\" width=\"425\"><p style=\"text-align: left;\" align=\"left\"><a href=\"https:\/\/alzira.es\/wp-content\/uploads\/2022\/10\/1E_decret_liquidacio.pdf\" target=\"_blank\" rel=\"noopener\"><span style=\"color: black;\"><span style=\"color: black; text-decoration: none;\">Decret d&#8217;aprovaci\u00f3 de la liquidaci\u00f3 del pressupost de 202<\/span><\/span><\/a>1<\/p><\/td><\/tr><tr><td style=\"width: 318.4pt; border-width: medium 1pt 1pt medium; border-style: none solid solid none; border-color: -moz-use-text-color windowtext windowtext -moz-use-text-color; padding: 0cm 3.5pt;\" width=\"425\"><p style=\"text-align: left;\" align=\"left\"><span style=\"color: black; text-decoration: none;\"><a href=\"https:\/\/alzira.es\/wp-content\/uploads\/2022\/10\/1E_liquidacio_ingressos_resum.pdf\" target=\"_blank\" rel=\"noopener\">Resum<\/a> i <a href=\"https:\/\/alzira.es\/wp-content\/uploads\/2022\/10\/1E_liquidacio_ingressos_detall.pdf\" target=\"_blank\" rel=\"noopener\">detall<\/a> d&#8217;ingressos<br \/><\/span><\/p><\/td><\/tr><tr><td style=\"width: 318.4pt; border-width: medium 1pt 1pt medium; border-style: none solid solid none; border-color: -moz-use-text-color windowtext windowtext -moz-use-text-color; padding: 0cm 3.5pt;\" width=\"425\"><p style=\"text-align: justify;\" align=\"left\"><span style=\"color: black; text-decoration: none;\">Resum (<a href=\"https:\/\/alzira.es\/wp-content\/uploads\/2022\/10\/1E_liquidacio_gastos_programes_resum.pdf\" target=\"_blank\" rel=\"noopener\">programes<\/a> i <a href=\"https:\/\/alzira.es\/wp-content\/uploads\/2022\/10\/1E_liquidacio_gastos_economica_resum.pdf\" target=\"_blank\" rel=\"noopener\">econ\u00f2mica<\/a>) i detall (<a href=\"https:\/\/alzira.es\/wp-content\/uploads\/2022\/10\/1E_liquidacio_gastos_programes_detall.pdf\" target=\"_blank\" rel=\"noopener\">programes<\/a> i <a href=\"https:\/\/alzira.es\/wp-content\/uploads\/2022\/10\/1E_liquidacio_gastos_economica_detall.pdf\" target=\"_blank\" rel=\"noopener\">econ\u00f2mica<\/a>) de gastos<br \/><\/span><\/p><\/td><\/tr><tr><td style=\"width: 375pt; border-right: 1pt solid windowtext; border-width: medium 1pt 1pt; border-style: none solid solid; border-color: -moz-use-text-color windowtext windowtext; padding: 0cm 3.5pt;\" colspan=\"3\" width=\"500\">\u00a0<\/td><\/tr><tr><td style=\"width: 28.4pt; border-right: 1pt solid windowtext; border-width: medium 1pt 1pt; border-style: none solid solid; padding: 0cm 3.5pt; border-color: -moz-use-text-color windowtext windowtext;\" width=\"38\"><p style=\"text-align: left;\" align=\"left\"><strong><span style=\"color: black;\">2.<\/span><\/strong><\/p><\/td><td style=\"width: 346.6pt; border-width: medium 1pt 1pt medium; border-style: none solid solid none; border-color: -moz-use-text-color windowtext windowtext -moz-use-text-color; padding: 0cm 3.5pt;\" colspan=\"2\" width=\"462\"><p style=\"text-align: left;\" align=\"left\"><a href=\"https:\/\/alzira.es\/wp-content\/uploads\/2022\/10\/2_Bases_execucio_2023.pdf\" target=\"_blank\" rel=\"noopener\"><strong><span style=\"color: black; text-decoration: none;\">BASES D&#8217;EXECUCI\u00d3<\/span><\/strong><\/a><\/p><\/td><\/tr><tr><td style=\"width: 375pt; border-right: 1pt solid windowtext; border-width: medium 1pt 1pt; border-style: none solid solid; padding: 0cm 3.5pt; border-color: -moz-use-text-color windowtext windowtext;\" colspan=\"3\" width=\"500\"><p style=\"text-align: left;\" align=\"left\"><span style=\"color: black;\">\u00a0\u00a0<\/span><\/p><\/td><\/tr><tr><td style=\"width: 28.4pt; border-right: 1pt solid windowtext; border-width: medium 1pt 1pt; border-style: none solid solid; padding: 0cm 3.5pt; border-color: -moz-use-text-color windowtext windowtext;\" width=\"38\"><p style=\"text-align: left;\" align=\"left\"><strong><span style=\"color: black;\">3.<\/span><\/strong><\/p><\/td><td style=\"width: 346.6pt; border-width: medium 1pt 1pt medium; border-style: none solid solid none; border-color: -moz-use-text-color windowtext windowtext -moz-use-text-color; padding: 0cm 3.5pt;\" colspan=\"2\" width=\"462\"><p style=\"text-align: left;\" align=\"left\"><a href=\"https:\/\/alzira.es\/wp-content\/uploads\/2022\/10\/3_plantilla_personal.pdf\" target=\"_blank\" rel=\"noopener\"><strong><span style=\"color: black; text-decoration: none;\">PLANTILLA DE PERSONAL<\/span><\/strong><\/a><\/p><\/td><\/tr><tr><td style=\"width: 28.4pt; border-right: 1pt solid windowtext; border-width: medium 1pt 1pt; border-style: none solid solid; padding: 0cm 3.5pt; border-color: -moz-use-text-color windowtext windowtext;\" width=\"38\">\u00a0<\/td><td style=\"width: 346.6pt; border-width: medium 1pt 1pt medium; border-style: none solid solid none; border-color: -moz-use-text-color windowtext windowtext -moz-use-text-color; padding: 0cm 3.5pt;\" colspan=\"2\" width=\"462\"><p style=\"text-align: left;\" align=\"left\"><a href=\"https:\/\/alzira.es\/wp-content\/uploads\/2022\/10\/3_relacio_llocs_treball.pdf\" target=\"_blank\" rel=\"noopener\"><strong><strong><span style=\"color: black; text-decoration: none;\">RELACI\u00d3 DE LLOCS DE TREBALL<\/span><\/strong><\/strong><\/a><\/p><\/td><\/tr><tr><td style=\"width: 375pt; border-right: 1pt solid windowtext; border-width: medium 1pt 1pt; border-style: none solid solid; padding: 0cm 3.5pt; border-color: -moz-use-text-color windowtext windowtext;\" colspan=\"3\" width=\"500\"><p style=\"text-align: left;\" align=\"left\"><span style=\"color: black;\">\u00a0\u00a0<\/span><\/p><\/td><\/tr><tr><td style=\"width: 28.4pt; border-right: 1pt solid windowtext; border-width: medium 1pt 1pt; border-style: none solid solid; padding: 0cm 3.5pt; border-color: -moz-use-text-color windowtext windowtext;\" width=\"38\"><p style=\"text-align: left;\" align=\"left\"><strong><span style=\"color: black;\">4.<\/span><\/strong><\/p><\/td><td style=\"width: 346.6pt; border-width: medium 1pt 1pt medium; border-style: none solid solid none; border-color: -moz-use-text-color windowtext windowtext -moz-use-text-color; padding: 0cm 3.5pt;\" colspan=\"2\" width=\"462\"><p style=\"text-align: left;\" align=\"left\"><strong><span style=\"color: black;\">ANNEXOS<\/span><\/strong><\/p><\/td><\/tr><tr><td style=\"width: 28.4pt; border-right: 1pt solid windowtext; border-width: medium 1pt 1pt; border-style: none solid solid; padding: 0cm 3.5pt; border-color: -moz-use-text-color windowtext windowtext;\" rowspan=\"4\" width=\"38\"><p style=\"text-align: left;\" align=\"left\"><span style=\"color: black;\">\u00a0\u00a0\u00a0\u00a0\u00a0<\/span><\/p><\/td><td style=\"width: 346.6pt; border-width: medium 1pt 1pt medium; border-style: none solid solid none; border-color: -moz-use-text-color windowtext windowtext -moz-use-text-color; padding: 0cm 3.5pt;\" colspan=\"2\" width=\"462\"><p style=\"text-align: left;\" align=\"left\"><a href=\"https:\/\/alzira.es\/wp-content\/uploads\/2022\/10\/4A_Annex_inversions.pdf\" target=\"_blank\" rel=\"noopener\"><span style=\"color: black;\">Annex d&#8217;<span style=\"color: black; text-decoration: none;\">inversions<\/span><\/span><\/a><\/p><\/td><\/tr><tr><td style=\"width: 346.6pt; border-width: medium 1pt 1pt medium; border-style: none solid solid none; border-color: -moz-use-text-color windowtext windowtext -moz-use-text-color; padding: 0cm 3.5pt;\" colspan=\"2\" width=\"462\"><p style=\"text-align: left;\" align=\"left\"><span style=\"color: black;\"><a href=\"https:\/\/alzira.es\/wp-content\/uploads\/2022\/10\/4B_Informe_aportacio_barraca.pdf\" target=\"_blank\" rel=\"noopener\">Aportaci\u00f3 la Barraca d&#8217;Aig\u00fces Vives<\/a><br \/><\/span><\/p><\/td><\/tr><tr><td style=\"width: 346.6pt; border-width: medium 1pt 1pt medium; border-style: none solid solid none; border-color: -moz-use-text-color windowtext windowtext -moz-use-text-color; padding: 0cm 3.5pt;\" colspan=\"2\" width=\"462\"><p style=\"text-align: left;\" align=\"left\"><a href=\"https:\/\/alzira.es\/wp-content\/uploads\/2022\/10\/4C_Annex_convenis_gastos_social.pdf\" target=\"_blank\" rel=\"noopener\"><span style=\"color: black;\">Annex informaci\u00f3 convenis gasto social<\/span><\/a><\/p><\/td><\/tr><tr><td style=\"width: 346.6pt; border-width: medium 1pt 1pt medium; border-style: none solid solid none; border-color: -moz-use-text-color windowtext windowtext -moz-use-text-color; padding: 0cm 3.5pt;\" colspan=\"2\" width=\"462\"><p style=\"text-align: left;\" align=\"left\"><a href=\"https:\/\/alzira.es\/wp-content\/uploads\/2022\/10\/4D_Annex_beneficis_fiscals.pdf\" target=\"_blank\" rel=\"noopener\"><span style=\"color: black;\">Annex beneficis fiscals<\/span><\/a><\/p><\/td><\/tr><tr><td style=\"width: 375pt; border-right: 1pt solid windowtext; border-width: medium 1pt 1pt; border-style: none solid solid; padding: 0cm 3.5pt; border-color: -moz-use-text-color windowtext windowtext;\" colspan=\"3\" width=\"500\"><p style=\"text-align: left;\" align=\"left\"><span style=\"color: black;\">\u00a0\u00a0<\/span><\/p><\/td><\/tr><tr><td style=\"width: 28.4pt; border-right: 1pt solid windowtext; border-width: medium 1pt 1pt; border-style: none solid solid; padding: 0cm 3.5pt; border-color: -moz-use-text-color windowtext windowtext;\" width=\"38\"><p style=\"text-align: left;\" align=\"left\"><strong><span style=\"color: black;\">5.<\/span><\/strong><\/p><\/td><td style=\"width: 346.6pt; border-width: medium 1pt 1pt medium; border-style: none solid solid none; border-color: -moz-use-text-color windowtext windowtext -moz-use-text-color; padding: 0cm 3.5pt;\" colspan=\"2\" width=\"462\"><p style=\"text-align: left;\" align=\"left\"><strong><span style=\"color: black;\">INFORMES D&#8217;INTERVENCI\u00d3<\/span><\/strong><\/p><\/td><\/tr><tr><td style=\"width: 28.4pt; border-right: 1pt solid windowtext; border-width: medium 1pt 1pt; border-style: none solid solid; padding: 0cm 3.5pt; border-color: -moz-use-text-color windowtext windowtext;\" rowspan=\"4\" width=\"38\"><p style=\"text-align: left;\" align=\"left\"><span style=\"color: black;\">\u00a0\u00a0\u00a0\u00a0\u00a0<\/span><\/p><\/td><td style=\"width: 346.6pt; border-width: medium 1pt 1pt medium; border-style: none solid solid none; border-color: -moz-use-text-color windowtext windowtext -moz-use-text-color; padding: 0cm 3.5pt;\" colspan=\"2\" width=\"462\"><p style=\"text-align: left;\" align=\"left\"><span style=\"color: black;\"><a href=\"https:\/\/alzira.es\/wp-content\/uploads\/2022\/10\/5_Informe_economic_financer_2023.pdf\" target=\"_blank\" rel=\"noopener\">Informe econ\u00f2mic justificatiu de la previsi\u00f3 d&#8217;ingressos<\/a><br \/><\/span><\/p><\/td><\/tr><tr><td style=\"width: 346.6pt; border-width: medium 1pt 1pt medium; border-style: none solid solid none; border-color: -moz-use-text-color windowtext windowtext -moz-use-text-color; padding: 0cm 3.5pt;\" colspan=\"2\" width=\"462\"><p style=\"text-align: left;\" align=\"left\"><span style=\"color: black;\"><span style=\"text-decoration: none;\"><a href=\"https:\/\/alzira.es\/wp-content\/uploads\/2022\/10\/5_Informe_sostenibilitat_financera_2023.pdf\" target=\"_blank\" rel=\"noopener\">Informe sobre sostenibilitat<\/a><br \/><\/span><\/span><\/p><\/td><\/tr><tr><td style=\"width: 346.6pt; border-width: medium 1pt 1pt medium; border-style: none solid solid none; border-color: -moz-use-text-color windowtext windowtext -moz-use-text-color; padding: 0cm 3.5pt;\" colspan=\"2\" width=\"462\"><p style=\"text-align: left;\" align=\"left\"><a href=\"https:\/\/alzira.es\/wp-content\/uploads\/2022\/10\/5_Informe_estabilitat_pressupostaria_2023.pdf\" target=\"_blank\" rel=\"noopener\"><span style=\"color: black; text-decoration: none;\">Informe estabilitat pressupost\u00e0ria<\/span><\/a><\/p><\/td><\/tr><tr><td style=\"width: 346.6pt; border-width: medium 1pt 1pt medium; border-style: none solid solid none; border-color: -moz-use-text-color windowtext windowtext -moz-use-text-color; padding: 0cm 3.5pt;\" colspan=\"2\" width=\"462\"><p style=\"text-align: left;\" align=\"left\"><a href=\"https:\/\/alzira.es\/wp-content\/uploads\/2022\/10\/5_informe_legalitat_2023.pdf\" target=\"_blank\" rel=\"noopener\"><span style=\"color: black; text-decoration: none;\">Informe de legalitat<\/span><\/a><\/p><\/td><\/tr><tr><td style=\"width: 375pt; border-right: 1pt solid windowtext; border-width: medium 1pt 1pt; border-style: none solid solid; padding: 0cm 3.5pt; border-color: -moz-use-text-color windowtext windowtext;\" colspan=\"3\" width=\"500\"><p style=\"text-align: left;\" align=\"left\"><span style=\"color: black;\">\u00a0\u00a0<\/span><\/p><\/td><\/tr><tr><td style=\"width: 28.4pt; border-right: 1pt solid windowtext; border-width: medium 1pt 1pt; border-style: none solid solid; padding: 0cm 3.5pt; border-color: -moz-use-text-color windowtext windowtext;\" width=\"38\"><p style=\"text-align: left;\" align=\"left\"><strong><span style=\"color: black;\">6.<\/span><\/strong><\/p><\/td><td style=\"width: 346.6pt; border-width: medium 1pt 1pt medium; border-style: none solid solid none; border-color: -moz-use-text-color windowtext windowtext -moz-use-text-color; padding: 0cm 3.5pt;\" colspan=\"2\" width=\"462\"><p style=\"text-align: left;\" align=\"left\"><strong><span style=\"color: black;\">TRAMITACI\u00d3<\/span><\/strong><\/p><\/td><\/tr><tr><td style=\"width: 28.4pt; border-right: 1pt solid windowtext; border-width: medium 1pt 1pt; border-style: none solid solid; padding: 0cm 3.5pt; border-color: -moz-use-text-color windowtext windowtext;\" rowspan=\"12\" width=\"38\"><p style=\"text-align: left;\" align=\"left\"><span style=\"color: black;\">\u00a0\u00a0\u00a0\u00a0\u00a0\u00a0\u00a0<\/span><\/p><\/td><td style=\"width: 346.6pt; border-width: medium 1pt 1pt medium; border-style: none solid solid none; border-color: -moz-use-text-color windowtext windowtext -moz-use-text-color; padding: 0cm 3.5pt;\" colspan=\"2\" width=\"462\"><p style=\"text-align: left;\" align=\"left\"><a href=\"https:\/\/alzira.es\/wp-content\/uploads\/2022\/01\/6_Proposta_aprovacio.pdf\" target=\"_blank\" rel=\"noopener\">Proposta acord<\/a><\/p><\/td><\/tr><tr><td style=\"width: 346.6pt; border-width: medium 1pt 1pt medium; border-style: none solid solid none; border-color: -moz-use-text-color windowtext windowtext -moz-use-text-color; padding: 0cm 3.5pt;\" colspan=\"2\" width=\"462\"><p style=\"text-align: left;\" align=\"left\"><a href=\"https:\/\/alzira.es\/wp-content\/uploads\/2022\/10\/6_esmena_PP.pdf\" target=\"_blank\" rel=\"noopener\"><span style=\"color: black;\"><span style=\"text-decoration: none;\">Esmena PP <\/span><\/span><\/a><\/p><\/td><\/tr><tr><td style=\"width: 346.6pt; border-width: medium 1pt 1pt medium; border-style: none solid solid none; border-color: -moz-use-text-color windowtext windowtext -moz-use-text-color; padding: 0cm 3.5pt;\" colspan=\"2\" width=\"462\"><p style=\"text-align: left;\" align=\"left\"><a href=\"https:\/\/alzira.es\/wp-content\/uploads\/2022\/10\/6_esmena_ciudadanos.pdf\" target=\"_blank\" rel=\"noopener\"><span style=\"color: black;\"><span style=\"text-decoration: none;\">Esmena Ciudadanos<\/span><\/span><\/a><\/p><\/td><\/tr><tr><td style=\"width: 346.6pt; border-width: medium 1pt 1pt medium; border-style: none solid solid none; border-color: -moz-use-text-color windowtext windowtext -moz-use-text-color; padding: 0cm 3.5pt;\" colspan=\"2\" width=\"462\"><p style=\"text-align: left;\" align=\"left\"><a href=\"https:\/\/alzira.es\/wp-content\/uploads\/2022\/10\/6_esmena_VOX.pdf\">Esmena VOX<\/a><\/p><\/td><\/tr><tr><td style=\"width: 346.6pt; border-width: medium 1pt 1pt medium; border-style: none solid solid none; border-color: -moz-use-text-color windowtext windowtext -moz-use-text-color; padding: 0cm 3.5pt;\" colspan=\"2\" width=\"462\"><p style=\"text-align: left;\" align=\"left\"><a href=\"https:\/\/alzira.es\/wp-content\/uploads\/2022\/10\/6_acord_aprovacio_inicial.pdf\" target=\"_blank\" rel=\"noopener\"><span style=\"color: black;\"><span style=\"text-decoration: none;\">Acord Ple<\/span><\/span><\/a><\/p><\/td><\/tr><tr><td style=\"width: 346.6pt; border-width: medium 1pt 1pt medium; border-style: none solid solid none; border-color: -moz-use-text-color windowtext windowtext -moz-use-text-color; padding: 0cm 3.5pt;\" colspan=\"2\" width=\"462\"><p style=\"text-align: left;\" align=\"left\"><a href=\"https:\/\/alzira.es\/wp-content\/uploads\/2022\/01\/6_edicte_aprovacio_inicial_pressupost.pdf\" target=\"_blank\" rel=\"noopener\"><span style=\"color: black;\"><span style=\"text-decoration: none;\">Edicte aprovaci\u00f3 inicial<\/span><\/span><\/a><\/p><\/td><\/tr><tr><td style=\"width: 346.6pt; border-width: medium 1pt 1pt medium; border-style: none solid solid none; border-color: -moz-use-text-color windowtext windowtext -moz-use-text-color; padding: 0cm 3.5pt;\" colspan=\"2\" width=\"462\"><p style=\"text-align: left;\" align=\"left\"><span style=\"color: black; text-decoration: none;\"><a href=\"https:\/\/alzira.es\/wp-content\/uploads\/2022\/01\/6_publicacio_BOP_exposicio_publica.pdf\" target=\"_blank\" rel=\"noopener\">Publicaci\u00f3 BOP aprovaci\u00f3 inicial<\/a><br \/><\/span><\/p><\/td><\/tr><tr><td style=\"width: 346.6pt; border-width: medium 1pt 1pt medium; border-style: none solid solid none; border-color: -moz-use-text-color windowtext windowtext -moz-use-text-color; padding: 0cm 3.5pt;\" colspan=\"2\" width=\"462\"><p style=\"text-align: left;\" align=\"left\"><span style=\"color: black; text-decoration: none;\"><a href=\"https:\/\/alzira.es\/wp-content\/uploads\/2022\/10\/6_faig_costar_reclamacions.pdf\" target=\"_blank\" rel=\"noopener\">Faig constar reclamacions<\/a><br \/><\/span><\/p><\/td><\/tr><tr><td style=\"width: 346.6pt; border-width: medium 1pt 1pt medium; border-style: none solid solid none; border-color: -moz-use-text-color windowtext windowtext -moz-use-text-color; padding: 0cm 3.5pt;\" colspan=\"2\" width=\"462\"><p style=\"text-align: left;\" align=\"left\"><span style=\"color: black; text-decoration: none;\"><a href=\"https:\/\/alzira.es\/wp-content\/uploads\/2022\/10\/6_Edicte_aprovacio_definitiva_pressupost_2023.pdf\" target=\"_blank\" rel=\"noopener\">Edicte aprovaci\u00f3 definitiva<\/a><br \/><\/span><\/p><\/td><\/tr><tr><td style=\"width: 346.6pt; border-width: medium 1pt 1pt medium; border-style: none solid solid none; border-color: -moz-use-text-color windowtext windowtext -moz-use-text-color; padding: 0cm 3.5pt;\" colspan=\"2\" width=\"462\"><p style=\"text-align: left;\" align=\"left\"><a href=\"https:\/\/alzira.es\/wp-content\/uploads\/2022\/10\/6_Publicacio_BOP_aprovacio_definitiva.pdf\" target=\"_blank\" rel=\"noopener\">Publicaci\u00f3 BOP aprovaci\u00f3 definitiva<\/a><\/p><\/td><\/tr><tr><td style=\"width: 346.6pt; border-width: medium 1pt 1pt medium; border-style: none solid solid none; border-color: -moz-use-text-color windowtext windowtext -moz-use-text-color; padding: 0cm 3.5pt;\" colspan=\"2\" width=\"462\"><p style=\"text-align: left;\" align=\"left\"><span style=\"color: black; text-decoration: none;\">Remissi\u00f3 Conselleria d&#8217;Hisenda<\/span><\/p><\/td><\/tr><tr><td style=\"width: 346.6pt; border-width: medium 1pt 1pt medium; border-style: none solid solid none; border-color: -moz-use-text-color windowtext windowtext -moz-use-text-color; padding: 0cm 3.5pt;\" colspan=\"2\" width=\"462\"><p style=\"text-align: left;\" align=\"left\"><span style=\"color: black; text-decoration: none;\">Remissi\u00f3 Delegaci\u00f3 d&#8217;Economia i Hisenda<\/span><\/p><\/td><\/tr><tr><td style=\"width: 375pt; border-right: 1pt solid windowtext; border-width: medium 1pt 1pt; border-style: none solid solid; padding: 0cm 3.5pt; border-color: -moz-use-text-color windowtext windowtext;\" colspan=\"3\" width=\"500\"><p style=\"text-align: left;\" align=\"left\">\u00a0<\/p><\/td><\/tr><\/tbody><\/table><p>3<\/p>\t\t\t\t\t\t\t\t<\/div>\n\t\t\t\t<\/div>\n\t\t\t\t\t<\/div>\n\t\t<\/div>\n\t\t\t\t\t<\/div>\n\t\t<\/section>\n\t\t\t\t<\/div>\n\t\t","protected":false},"excerpt":{"rendered":"<p>El pressupost \u00e9s l&#8217;expressi\u00f3 xifrada, conjunta i sistem\u00e0tica de les obligaciones que, com a m\u00e0xim, pot recon\u00e9ixer l&#8217;entitat local, i els seus organismes aut\u00f2noms i els drets que preveja liquidar, aix\u00ed com les previsions d&#8217;ingressos i gastos de les societats mercantils que pertanyen \u00edntegrament a l&#8217;entitat local, i els seus organismes aut\u00f2noms. 1. PRESSUPOST GENERAL &hellip; <\/p>\n<p class=\"link-more\"><a href=\"https:\/\/alzira.es\/es\/serveis-municipals\/economia-i-recaptacio\/intervencio\/pressupostos-generals\/pressupost-2023\/\" class=\"more-link\">Continuar leyendo<span class=\"screen-reader-text\"> \u00abPressupost 2023\u00bb<\/span><\/a><\/p>\n","protected":false},"author":37,"featured_media":0,"parent":110018,"menu_order":1,"comment_status":"closed","ping_status":"closed","template":"","meta":{"_acf_changed":false,"footnotes":""},"class_list":["post-131943","page","type-page","status-publish","hentry"],"acf":[],"_links":{"self":[{"href":"https:\/\/alzira.es\/es\/wp-json\/wp\/v2\/pages\/131943","targetHints":{"allow":["GET"]}}],"collection":[{"href":"https:\/\/alzira.es\/es\/wp-json\/wp\/v2\/pages"}],"about":[{"href":"https:\/\/alzira.es\/es\/wp-json\/wp\/v2\/types\/page"}],"author":[{"embeddable":true,"href":"https:\/\/alzira.es\/es\/wp-json\/wp\/v2\/users\/37"}],"replies":[{"embeddable":true,"href":"https:\/\/alzira.es\/es\/wp-json\/wp\/v2\/comments?post=131943"}],"version-history":[{"count":2,"href":"https:\/\/alzira.es\/es\/wp-json\/wp\/v2\/pages\/131943\/revisions"}],"predecessor-version":[{"id":132850,"href":"https:\/\/alzira.es\/es\/wp-json\/wp\/v2\/pages\/131943\/revisions\/132850"}],"up":[{"embeddable":true,"href":"https:\/\/alzira.es\/es\/wp-json\/wp\/v2\/pages\/110018"}],"wp:attachment":[{"href":"https:\/\/alzira.es\/es\/wp-json\/wp\/v2\/media?parent=131943"}],"curies":[{"name":"wp","href":"https:\/\/api.w.org\/{rel}","templated":true}]}}