{"id":107102,"date":"2021-12-13T19:32:51","date_gmt":"2021-12-13T18:32:51","guid":{"rendered":"https:\/\/alzira.es\/actividades\/"},"modified":"2022-01-13T10:02:46","modified_gmt":"2022-01-13T09:02:46","slug":"actividades","status":"publish","type":"page","link":"https:\/\/alzira.es\/es\/servicios-municipales\/cooperacion-y-solidaridad\/actividades\/","title":{"rendered":"Actividades"},"content":{"rendered":"\t\t<div data-elementor-type=\"wp-page\" data-elementor-id=\"107102\" class=\"elementor elementor-107102 elementor-107086\">\n\t\t\t\t\t\t<section class=\"elementor-section elementor-top-section elementor-element elementor-element-a881909 elementor-section-boxed elementor-section-height-default elementor-section-height-default\" data-id=\"a881909\" data-element_type=\"section\">\n\t\t\t\t\t\t<div class=\"elementor-container elementor-column-gap-default\">\n\t\t\t\t\t<div class=\"elementor-column elementor-col-100 elementor-top-column elementor-element elementor-element-1e7c72b\" data-id=\"1e7c72b\" data-element_type=\"column\">\n\t\t\t<div class=\"elementor-widget-wrap elementor-element-populated\">\n\t\t\t\t\t\t<div class=\"elementor-element elementor-element-c385ba4 elementor-widget elementor-widget-MEC\" data-id=\"c385ba4\" data-element_type=\"widget\" data-widget_type=\"MEC.default\">\n\t\t\t\t<div class=\"elementor-widget-container\">\n\t\t\t\t\t<div id=\"mec_skin_61216\" class=\"mec-wrap   \">\r\n    \r\n    <div id=\"mec_search_form_61216\" class=\"mec-search-form mec-totalcal-box\"><div class=\"mec-dropdown-wrap\" ><div class=\"mec-dropdown-search\"><i class=\"mec-sl-folder\"><\/i><select  name=' ' id='mec_sf_category_61216' class='postform'>\n\t<option value='' selected='selected'>Categor\u00eda<\/option>\n\t<option class=\"level-0\" value=\"5175\">Alzira R\u00e0dio<\/option>\n\t<option class=\"level-0\" value=\"5124\">Cinema<\/option>\n\t<option class=\"level-0\" value=\"5190\">Comer\u00e7<\/option>\n\t<option class=\"level-0\" value=\"5094\">Concert<\/option>\n\t<option class=\"level-0\" value=\"5162\">Concurs<\/option>\n\t<option class=\"level-0\" value=\"5167\">Confer\u00e8ncia<\/option>\n\t<option class=\"level-0\" value=\"5164\">Contacontes<\/option>\n\t<option class=\"level-0\" value=\"5095\">Cooperaci\u00f3 i solidaritat<\/option>\n\t<option class=\"level-0\" value=\"5180\">Cultura<\/option>\n\t<option class=\"level-0\" value=\"5184\">Curs<\/option>\n\t<option class=\"level-0\" value=\"5093\">Dansa<\/option>\n\t<option class=\"level-0\" value=\"5016\">Esport<\/option>\n\t<option class=\"level-0\" value=\"5018\">Exposici\u00f3ns<\/option>\n\t<option class=\"level-0\" value=\"5146\">Falles<\/option>\n\t<option class=\"level-0\" value=\"5185\">Festes<\/option>\n\t<option class=\"level-0\" value=\"5172\">Festival Pirot\u00e8cnic<\/option>\n\t<option class=\"level-0\" value=\"5178\">Homenatge<\/option>\n\t<option class=\"level-0\" value=\"5173\">Igualtat<\/option>\n\t<option class=\"level-0\" value=\"5179\">Inf\u00e0ncia<\/option>\n\t<option class=\"level-0\" value=\"5191\">Joventut<\/option>\n\t<option class=\"level-0\" value=\"5166\">Medi Ambient<\/option>\n\t<option class=\"level-0\" value=\"5089\">Mercat<\/option>\n\t<option class=\"level-0\" value=\"5183\">M\u00fasica<\/option>\n\t<option class=\"level-0\" value=\"5091\">Musical<\/option>\n\t<option class=\"level-0\" value=\"5171\">Nadal<\/option>\n\t<option class=\"level-0\" value=\"4974\">Ocupaci\u00f3<\/option>\n\t<option class=\"level-0\" value=\"5165\">Presentaci\u00f3<\/option>\n\t<option class=\"level-0\" value=\"5088\">Salut<\/option>\n\t<option class=\"level-0\" value=\"5112\">Serveis Urbans<\/option>\n\t<option class=\"level-0\" value=\"5182\">Setmana Santa<\/option>\n\t<option class=\"level-0\" value=\"5090\">Teatre<\/option>\n\t<option class=\"level-0\" value=\"5092\">Teatre Musical<\/option>\n<\/select>\n<\/div><\/div><div class=\"mec-text-input-search\"><i class=\"mec-sl-magnifier\"><\/i>\r\n                    <input type=\"search\" value=\"\" id=\"mec_sf_s_61216\" placeholder=\"\" \/>\r\n                <\/div><\/div>    \r\n    <div class=\"mec-calendar mec-box-calendar mec-event-calendar-classic mec-event-container-classic\">\r\n                <div class=\"mec-calendar-side mec-clear\">\r\n                        <div class=\"mec-skin-monthly-view-month-navigator-container\">\r\n                <div class=\"mec-month-navigator\" id=\"mec_month_navigator_61216_202604\"><div class=\"mec-previous-month mec-load-month mec-previous-month\" data-mec-year=\"2026\" data-mec-month=\"03\"><a href=\"#\" class=\"mec-load-month-link\"><i class=\"mec-sl-angle-left\"><\/i> marzo<\/a><\/div><div class=\"mec-calendar-header\"><h2>abril 2026<\/h2><\/div><div class=\"mec-next-month mec-load-month mec-next-month\" data-mec-year=\"2026\" data-mec-month=\"05\"><a href=\"#\" class=\"mec-load-month-link\">mayo <i class=\"mec-sl-angle-right\"><\/i><\/a><\/div><\/div>\r\n            <\/div>\r\n            \r\n            <div class=\"mec-calendar-table\" id=\"mec_skin_events_61216\">\r\n                <div class=\"mec-month-container mec-month-container-selected\" id=\"mec_monthly_view_month_61216_202604\" data-month-id=\"202604\"><dl class=\"mec-calendar-table-head\"><dt class=\"mec-calendar-day-head\">LU<\/dt><dt class=\"mec-calendar-day-head\">MA<\/dt><dt class=\"mec-calendar-day-head\">MI<\/dt><dt class=\"mec-calendar-day-head\">JU<\/dt><dt class=\"mec-calendar-day-head\">VI<\/dt><dt class=\"mec-calendar-day-head\">SA<\/dt><dt class=\"mec-calendar-day-head\">DO<\/dt><\/dl><dl class=\"mec-calendar-row\">\r\n    <dt class=\"mec-table-nullday\">30<\/dt><dt class=\"mec-calendar-day mec-has-event\" data-mec-cell=\"20260331\" data-day=\"31\" data-month=\"202604\"><a href=\"#\" class=\"mec-has-event-a\">31<\/a><\/dt><dt class=\"mec-calendar-day mec-has-event\" data-mec-cell=\"20260401\" data-day=\"1\" data-month=\"202604\"><a href=\"#\" class=\"mec-has-event-a\">1<\/a><\/dt><dt class=\"mec-calendar-day mec-has-event\" data-mec-cell=\"20260402\" data-day=\"2\" data-month=\"202604\"><a href=\"#\" class=\"mec-has-event-a\">2<\/a><\/dt><dt class=\"mec-calendar-day\" data-mec-cell=\"20260403\" data-day=\"3\" data-month=\"202604\">3<\/dt><dt class=\"mec-calendar-day\" data-mec-cell=\"20260404\" data-day=\"4\" data-month=\"202604\">4<\/dt><dt class=\"mec-calendar-day\" data-mec-cell=\"20260405\" data-day=\"5\" data-month=\"202604\">5<\/dt><\/dl><div class=\"mec-clear\"><div class=\"mec-calendar-events-sec\" data-mec-cell=\"20260331\" ><h6 class=\"mec-table-side-title\">Eventos para <span class=\"mec-color mec-table-side-day\"> 31st<\/span> marzo<\/h6>        <script type=\"application\/ld+json\">\r\n        {\r\n            \"@context\": \"http:\/\/schema.org\",\r\n            \"@type\": \"Event\",\r\n            \"eventStatus\": \"https:\/\/schema.org\/EventScheduled\",\r\n            \"startDate\": \"2026-03-31\",\r\n            \"endDate\": \"2026-03-31\",\r\n            \"eventAttendanceMode\": \"https:\/\/schema.org\/OfflineEventAttendanceMode\",\r\n            \"location\":\r\n            {\r\n                \"@type\": \"Place\",\r\n                                \"name\": \"\",\r\n                \"image\": \"\",\r\n                \"address\": \"\"\r\n                            },\r\n            \"organizer\":\r\n            {\r\n                \"@type\": \"Person\",\r\n                \"name\": \"\",\r\n                \"url\": \"\"\r\n            },\r\n            \"offers\":\r\n            {\r\n                \"url\": \"https:\/\/alzira.es\/es\/agenda-alzira\/alzira-camina\/\",\r\n                \"price\": \"\",\r\n                \"priceCurrency\": \"EUR\",\r\n                \"availability\": \"https:\/\/schema.org\/InStock\",\r\n                \"validFrom\": \"2026-03-31T00:00\"\r\n            },\r\n            \"performer\": \"\",\r\n            \"description\": \"&lt;p&gt;\ud83d\udc49 Passejos saludables.&lt;br \/&gt; \ud83d\udccd Punt de trobada: Pla\u00e7a Major 9:30h o eixida desde els centres salut 9:15h&lt;br \/&gt; \ud83d\udcc5 Des del dimarts 14 d&#8217;octubre&lt;br \/&gt; \u23f0 9:30 \u2013 10:30 h dimarts i dijous&lt;\/p&gt; &lt;div class=&quot;figure&quot;&gt;&lt;a href=&quot;https:\/\/alzira.es\/wp-content\/uploads\/2023\/09\/alzira-camina-inscripcio.pdf&quot; target=&quot;_blank&quot; rel=&quot;noopener&quot;&gt;&lt;img fetchpriority=&quot;high&quot; decoding=&quot;async&quot; class=&quot;aligncenter wp-image-164484 size-full&quot; src=&quot;https:\/\/alzira.es\/wp-content\/uploads\/2023\/09\/alzira-camina.jpg&quot; alt=&quot;Alzira Camina&quot; width=&quot;1655&quot; height=&quot;2340&quot; srcset=&quot;https:\/\/alzira.es\/wp-content\/uploads\/2023\/09\/alzira-camina.jpg 1655w, https:\/\/alzira.es\/wp-content\/uploads\/2023\/09\/alzira-camina-361x510.jpg 361w, https:\/\/alzira.es\/wp-content\/uploads\/2023\/09\/alzira-camina-758x1072.jpg 758w, https:\/\/alzira.es\/wp-content\/uploads\/2023\/09\/alzira-camina-768x1086.jpg 768w, https:\/\/alzira.es\/wp-content\/uploads\/2023\/09\/alzira-camina-1086x1536.jpg 1086w, https:\/\/alzira.es\/wp-content\/uploads\/2023\/09\/alzira-camina-1448x2048.jpg 1448w&quot; sizes=&quot;(max-width: 706px) 89vw, (max-width: 767px) 82vw, 740px&quot; \/&gt;&lt;\/a&gt;&lt;\/div&gt; \",\r\n            \"image\": \"https:\/\/alzira.es\/wp-content\/uploads\/2023\/09\/alzira-camina.jpg\",\r\n            \"name\": \"Alzira Camina\",\r\n            \"url\": \"https:\/\/alzira.es\/es\/agenda-alzira\/alzira-camina\/\"\r\n        }\r\n        <\/script>\r\n        <article class=\"mec-past-event ended-relative mec-event-article \"><div class=\"mec-event-image\"><img decoding=\"async\" width=\"350\" height=\"350\" data-src=\"https:\/\/alzira.es\/wp-content\/uploads\/2023\/09\/alzira-camina-350x350.jpg\" class=\"attachment-thumbnail size-thumbnail wp-post-image lazyload\" alt=\"Alzira Camina\" data-mec-postid=\"142170\" data-srcset=\"https:\/\/alzira.es\/wp-content\/uploads\/2023\/09\/alzira-camina-350x350.jpg 350w, https:\/\/alzira.es\/wp-content\/uploads\/2023\/09\/alzira-camina-300x300.jpg 300w, https:\/\/alzira.es\/wp-content\/uploads\/2023\/09\/alzira-camina-100x100.jpg 100w\" data-sizes=\"100vw\" src=\"data:image\/svg+xml;base64,PHN2ZyB3aWR0aD0iMSIgaGVpZ2h0PSIxIiB4bWxucz0iaHR0cDovL3d3dy53My5vcmcvMjAwMC9zdmciPjwvc3ZnPg==\" style=\"--smush-placeholder-width: 350px; --smush-placeholder-aspect-ratio: 350\/350;\" \/><\/div><div class=\"mec-event-time mec-color\"><i class=\"mec-sl-clock-o\"><\/i> Todo el d\u00eda<\/div><h4 class=\"mec-event-title\"><a class=\"mec-color-hover\"  data-event-id=\"142170\" href=\"https:\/\/alzira.es\/es\/agenda-alzira\/alzira-camina\/\" target=\"_self\" rel=\"noopener\">Alzira Camina<\/a><span class=\"mec-repeating-label\">Evento repetitivo<\/span><span class=\"event-color\" style=\"background: #00a0d2\"><\/span><\/h4><div class=\"mec-event-detail\"><div class=\"mec-event-loc-place\"><\/div><\/div><\/article>        <script type=\"application\/ld+json\">\r\n        {\r\n            \"@context\": \"http:\/\/schema.org\",\r\n            \"@type\": \"Event\",\r\n            \"eventStatus\": \"https:\/\/schema.org\/EventScheduled\",\r\n            \"startDate\": \"2026-03-31\",\r\n            \"endDate\": \"2026-03-31\",\r\n            \"eventAttendanceMode\": \"https:\/\/schema.org\/OfflineEventAttendanceMode\",\r\n            \"location\":\r\n            {\r\n                \"@type\": \"Place\",\r\n                                \"name\": \"\",\r\n                \"image\": \"\",\r\n                \"address\": \"\"\r\n                            },\r\n            \"organizer\":\r\n            {\r\n                \"@type\": \"Person\",\r\n                \"name\": \"\",\r\n                \"url\": \"\"\r\n            },\r\n            \"offers\":\r\n            {\r\n                \"url\": \"https:\/\/alzira.es\/es\/agenda-alzira\/exposicio-la-passio-feta-dibuix-de-javi-baldovi\/\",\r\n                \"price\": \"\",\r\n                \"priceCurrency\": \"EUR\",\r\n                \"availability\": \"https:\/\/schema.org\/InStock\",\r\n                \"validFrom\": \"2026-03-31T00:00\"\r\n            },\r\n            \"performer\": \"\",\r\n            \"description\": \"&lt;p&gt;\ud83d\udcc5 Del 31 de mar\u00e7 al 12 d&#8217;abril de 2026&lt;br \/&gt; \ud83d\udccd Casa de la Cultura &#8211; Sala II&lt;br \/&gt; \ud83d\udc49 Inauguraci\u00f3: 31 de mar\u00e7 de 2026 a les 19.30 h.&lt;\/p&gt; &lt;p&gt;&nbsp;&lt;\/p&gt; &lt;div class=&quot;figure&quot;&gt;&lt;a href=&quot;https:\/\/alzira.es\/wp-content\/uploads\/2026\/03\/javi-baldovi.jpeg&quot; target=&quot;_blank&quot; rel=&quot;noopener&quot;&gt;&lt;img decoding=&quot;async&quot; class=&quot;aligncenter wp-image-169440 size-full&quot; src=&quot;https:\/\/alzira.es\/wp-content\/uploads\/2026\/03\/javi-baldovi.jpeg&quot; alt=&quot;Exposici\u00f3 &quot;La passi\u00f3 feta dibuix&quot; de Javi Baldov\u00ed&quot; width=&quot;1131&quot; height=&quot;1600&quot; srcset=&quot;https:\/\/alzira.es\/wp-content\/uploads\/2026\/03\/javi-baldovi.jpeg 1131w, https:\/\/alzira.es\/wp-content\/uploads\/2026\/03\/javi-baldovi-361x510.jpeg 361w, https:\/\/alzira.es\/wp-content\/uploads\/2026\/03\/javi-baldovi-758x1072.jpeg 758w, https:\/\/alzira.es\/wp-content\/uploads\/2026\/03\/javi-baldovi-768x1086.jpeg 768w, https:\/\/alzira.es\/wp-content\/uploads\/2026\/03\/javi-baldovi-1086x1536.jpeg 1086w&quot; sizes=&quot;(max-width: 706px) 89vw, (max-width: 767px) 82vw, 740px&quot; \/&gt;&lt;\/a&gt;&lt;\/div&gt; \",\r\n            \"image\": \"https:\/\/alzira.es\/wp-content\/uploads\/2026\/03\/javi-baldovi.jpeg\",\r\n            \"name\": \"Exposici\u00f3 \u00abLa passi\u00f3 feta dibuix\u00bb de Javi Baldov\u00ed\",\r\n            \"url\": \"https:\/\/alzira.es\/es\/agenda-alzira\/exposicio-la-passio-feta-dibuix-de-javi-baldovi\/\"\r\n        }\r\n        <\/script>\r\n        <article class=\"mec-past-event ended-relative mec-event-article \"><div class=\"mec-event-image\"><img decoding=\"async\" width=\"350\" height=\"350\" data-src=\"https:\/\/alzira.es\/wp-content\/uploads\/2026\/03\/javi-baldovi-350x350.jpeg\" class=\"attachment-thumbnail size-thumbnail wp-post-image lazyload\" alt=\"Exposici\u00f3 &quot;La passi\u00f3 feta dibuix&quot; de Javi Baldov\u00ed\" data-mec-postid=\"169439\" data-srcset=\"https:\/\/alzira.es\/wp-content\/uploads\/2026\/03\/javi-baldovi-350x350.jpeg 350w, https:\/\/alzira.es\/wp-content\/uploads\/2026\/03\/javi-baldovi-300x300.jpeg 300w, https:\/\/alzira.es\/wp-content\/uploads\/2026\/03\/javi-baldovi-100x100.jpeg 100w\" data-sizes=\"100vw\" src=\"data:image\/svg+xml;base64,PHN2ZyB3aWR0aD0iMSIgaGVpZ2h0PSIxIiB4bWxucz0iaHR0cDovL3d3dy53My5vcmcvMjAwMC9zdmciPjwvc3ZnPg==\" style=\"--smush-placeholder-width: 350px; --smush-placeholder-aspect-ratio: 350\/350;\" \/><\/div><div class=\"mec-event-time mec-color\"><i class=\"mec-sl-clock-o\"><\/i> 19:30<\/div><h4 class=\"mec-event-title\"><a class=\"mec-color-hover\"  data-event-id=\"169439\" href=\"https:\/\/alzira.es\/es\/agenda-alzira\/exposicio-la-passio-feta-dibuix-de-javi-baldovi\/\" target=\"_self\" rel=\"noopener\">Exposici\u00f3 \u00abLa passi\u00f3 feta dibuix\u00bb de Javi Baldov\u00ed<\/a><span class=\"event-color\" style=\"background: #84180e\"><\/span><\/h4><div class=\"mec-event-detail\"><div class=\"mec-event-loc-place\"><\/div><\/div><\/article>        <script type=\"application\/ld+json\">\r\n        {\r\n            \"@context\": \"http:\/\/schema.org\",\r\n            \"@type\": \"Event\",\r\n            \"eventStatus\": \"https:\/\/schema.org\/EventScheduled\",\r\n            \"startDate\": \"2026-03-31\",\r\n            \"endDate\": \"2026-03-31\",\r\n            \"eventAttendanceMode\": \"https:\/\/schema.org\/OfflineEventAttendanceMode\",\r\n            \"location\":\r\n            {\r\n                \"@type\": \"Place\",\r\n                                \"name\": \"\",\r\n                \"image\": \"\",\r\n                \"address\": \"\"\r\n                            },\r\n            \"organizer\":\r\n            {\r\n                \"@type\": \"Person\",\r\n                \"name\": \"\",\r\n                \"url\": \"\"\r\n            },\r\n            \"offers\":\r\n            {\r\n                \"url\": \"https:\/\/alzira.es\/es\/agenda-alzira\/concert-sacre\/\",\r\n                \"price\": \"\",\r\n                \"priceCurrency\": \"EUR\",\r\n                \"availability\": \"https:\/\/schema.org\/InStock\",\r\n                \"validFrom\": \"2026-03-31T00:00\"\r\n            },\r\n            \"performer\": \"\",\r\n            \"description\": \"&lt;p&gt;La Coral Polif\u00f2nica Ciutat d\u2019Alzira vos convida a compartir amb nosaltres un concert molt especial.&lt;\/p&gt; &lt;p&gt;El pr\u00f2xim dimarts 31 de mar\u00e7, a les 20:30 h, a la Parr\u00f2quia de la Verge del Lluch d\u2019Alzira, oferirem el nostre Concert Sacre, dedicat amb molt d\u2019afecte a la mem\u00f2ria del nostre company, amic i gran persona Ismael Orts.&lt;\/p&gt; &lt;p&gt;Hem preparat este repertori amb molta il\u00b7lusi\u00f3 per a estes dates tan significatives.&lt;br \/&gt; Ens encantaria comptar amb la vostra pres\u00e8ncia. \ud83c\udfb6&lt;\/p&gt; &lt;div class=&quot;figure&quot;&gt;&lt;a href=&quot;https:\/\/alzira.es\/wp-content\/uploads\/2026\/03\/concert-sacre.jpeg&quot; target=&quot;_blank&quot; rel=&quot;noopener&quot;&gt;&lt;img decoding=&quot;async&quot; class=&quot;aligncenter wp-image-169359 size-full&quot; src=&quot;https:\/\/alzira.es\/wp-content\/uploads\/2026\/03\/concert-sacre.jpeg&quot; alt=&quot;Concert Sacre&quot; width=&quot;1131&quot; height=&quot;1600&quot; srcset=&quot;https:\/\/alzira.es\/wp-content\/uploads\/2026\/03\/concert-sacre.jpeg 1131w, https:\/\/alzira.es\/wp-content\/uploads\/2026\/03\/concert-sacre-361x510.jpeg 361w, https:\/\/alzira.es\/wp-content\/uploads\/2026\/03\/concert-sacre-758x1072.jpeg 758w, https:\/\/alzira.es\/wp-content\/uploads\/2026\/03\/concert-sacre-768x1086.jpeg 768w, https:\/\/alzira.es\/wp-content\/uploads\/2026\/03\/concert-sacre-1086x1536.jpeg 1086w&quot; sizes=&quot;(max-width: 706px) 89vw, (max-width: 767px) 82vw, 740px&quot; \/&gt;&lt;\/a&gt;&lt;\/div&gt; \",\r\n            \"image\": \"https:\/\/alzira.es\/wp-content\/uploads\/2026\/03\/concert-sacre.jpeg\",\r\n            \"name\": \"Concert Sacre\",\r\n            \"url\": \"https:\/\/alzira.es\/es\/agenda-alzira\/concert-sacre\/\"\r\n        }\r\n        <\/script>\r\n        <article class=\"mec-past-event ended-relative mec-event-article \"><div class=\"mec-event-image\"><img decoding=\"async\" width=\"350\" height=\"350\" data-src=\"https:\/\/alzira.es\/wp-content\/uploads\/2026\/03\/concert-sacre-350x350.jpeg\" class=\"attachment-thumbnail size-thumbnail wp-post-image lazyload\" alt=\"Concert Sacre\" data-mec-postid=\"169358\" data-srcset=\"https:\/\/alzira.es\/wp-content\/uploads\/2026\/03\/concert-sacre-350x350.jpeg 350w, https:\/\/alzira.es\/wp-content\/uploads\/2026\/03\/concert-sacre-300x300.jpeg 300w, https:\/\/alzira.es\/wp-content\/uploads\/2026\/03\/concert-sacre-100x100.jpeg 100w\" data-sizes=\"100vw\" src=\"data:image\/svg+xml;base64,PHN2ZyB3aWR0aD0iMSIgaGVpZ2h0PSIxIiB4bWxucz0iaHR0cDovL3d3dy53My5vcmcvMjAwMC9zdmciPjwvc3ZnPg==\" style=\"--smush-placeholder-width: 350px; --smush-placeholder-aspect-ratio: 350\/350;\" \/><\/div><div class=\"mec-event-time mec-color\"><i class=\"mec-sl-clock-o\"><\/i> 20:30<\/div><h4 class=\"mec-event-title\"><a class=\"mec-color-hover\"  data-event-id=\"169358\" href=\"https:\/\/alzira.es\/es\/agenda-alzira\/concert-sacre\/\" target=\"_self\" rel=\"noopener\">Concert Sacre<\/a><span class=\"event-color\" style=\"background: #8224e3\"><\/span><\/h4><div class=\"mec-event-detail\"><div class=\"mec-event-loc-place\"><\/div><\/div><\/article><\/div><div class=\"mec-calendar-events-sec\" data-mec-cell=\"20260401\" ><h6 class=\"mec-table-side-title\">Eventos para <span class=\"mec-color mec-table-side-day\"> 1st<\/span> abril<\/h6>        <script type=\"application\/ld+json\">\r\n        {\r\n            \"@context\": \"http:\/\/schema.org\",\r\n            \"@type\": \"Event\",\r\n            \"eventStatus\": \"https:\/\/schema.org\/EventScheduled\",\r\n            \"startDate\": \"2026-04-01\",\r\n            \"endDate\": \"2026-04-07\",\r\n            \"eventAttendanceMode\": \"https:\/\/schema.org\/OfflineEventAttendanceMode\",\r\n            \"location\":\r\n            {\r\n                \"@type\": \"Place\",\r\n                                \"name\": \"\",\r\n                \"image\": \"\",\r\n                \"address\": \"\"\r\n                            },\r\n            \"organizer\":\r\n            {\r\n                \"@type\": \"Person\",\r\n                \"name\": \"\",\r\n                \"url\": \"\"\r\n            },\r\n            \"offers\":\r\n            {\r\n                \"url\": \"https:\/\/alzira.es\/es\/agenda-alzira\/convocatoria-seleccio-docent-talent-jove-2025\/\",\r\n                \"price\": \"\",\r\n                \"priceCurrency\": \"EUR\",\r\n                \"availability\": \"https:\/\/schema.org\/InStock\",\r\n                \"validFrom\": \"2026-04-01T00:00\"\r\n            },\r\n            \"performer\": \"\",\r\n            \"description\": \"&lt;p&gt;Convocat\u00f2ria de selecci\u00f3 de &lt;strong&gt;Docent del M\u00f2dul de Seguretat i Higiene&lt;\/strong&gt; en la hostaleria (MF0711_2) del projecte Talent Jove 2025.&lt;\/p&gt; &lt;div class=&quot;x_elementToProof&quot;&gt;&lt;strong&gt;Termini presentaci\u00f3 sol\u00b7licituds&lt;\/strong&gt;: 01-04-2026 al 07-04-2026&lt;\/div&gt; &lt;div&gt;&lt;\/div&gt; &lt;div&gt;&lt;a href=&quot;https:\/\/www.idea-alzira.com\/talentojoven&quot; target=&quot;_blank&quot; rel=&quot;noopener&quot;&gt;https:\/\/www.idea-alzira.com\/talentojoven&lt;\/a&gt;&lt;\/div&gt; &lt;div&gt;&lt;\/div&gt; &lt;div&gt;&lt;\/div&gt; &lt;div&gt;&lt;a href=&quot;https:\/\/www.idea-alzira.com\/talentojoven&quot; target=&quot;_blank&quot; rel=&quot;noopener&quot;&gt;&lt;img loading=&quot;lazy&quot; decoding=&quot;async&quot; class=&quot;aligncenter wp-image-170733 size-full&quot; src=&quot;https:\/\/alzira.es\/wp-content\/uploads\/2026\/03\/talento-joven.png&quot; alt=&quot;Talento joven&quot; width=&quot;677&quot; height=&quot;677&quot; srcset=&quot;https:\/\/alzira.es\/wp-content\/uploads\/2026\/03\/talento-joven.png 677w, https:\/\/alzira.es\/wp-content\/uploads\/2026\/03\/talento-joven-510x510.png 510w, https:\/\/alzira.es\/wp-content\/uploads\/2026\/03\/talento-joven-350x350.png 350w, https:\/\/alzira.es\/wp-content\/uploads\/2026\/03\/talento-joven-300x300.png 300w, https:\/\/alzira.es\/wp-content\/uploads\/2026\/03\/talento-joven-100x100.png 100w&quot; sizes=&quot;(max-width: 677px) 100vw, 677px&quot; \/&gt;&lt;\/a&gt;&lt;\/div&gt; &lt;div class=&quot;x_elementToProof&quot;&gt;&lt;\/div&gt; \",\r\n            \"image\": \"https:\/\/alzira.es\/wp-content\/uploads\/2026\/03\/talento-joven.png\",\r\n            \"name\": \"Convocat\u00f2ria selecci\u00f3 DOCENT Talent Jove 2025\",\r\n            \"url\": \"https:\/\/alzira.es\/es\/agenda-alzira\/convocatoria-seleccio-docent-talent-jove-2025\/\"\r\n        }\r\n        <\/script>\r\n        <article class=\"mec-past-event ended-relative mec-event-article \"><div class=\"mec-event-image\"><img decoding=\"async\" width=\"350\" height=\"350\" data-src=\"https:\/\/alzira.es\/wp-content\/uploads\/2026\/03\/talento-joven-350x350.png\" class=\"attachment-thumbnail size-thumbnail wp-post-image lazyload\" alt=\"Talento joven\" data-mec-postid=\"170726\" data-srcset=\"https:\/\/alzira.es\/wp-content\/uploads\/2026\/03\/talento-joven-350x350.png 350w, https:\/\/alzira.es\/wp-content\/uploads\/2026\/03\/talento-joven-510x510.png 510w, https:\/\/alzira.es\/wp-content\/uploads\/2026\/03\/talento-joven-300x300.png 300w, https:\/\/alzira.es\/wp-content\/uploads\/2026\/03\/talento-joven-100x100.png 100w, https:\/\/alzira.es\/wp-content\/uploads\/2026\/03\/talento-joven.png 677w\" data-sizes=\"100vw\" src=\"data:image\/svg+xml;base64,PHN2ZyB3aWR0aD0iMSIgaGVpZ2h0PSIxIiB4bWxucz0iaHR0cDovL3d3dy53My5vcmcvMjAwMC9zdmciPjwvc3ZnPg==\" style=\"--smush-placeholder-width: 350px; --smush-placeholder-aspect-ratio: 350\/350;\" \/><\/div><div class=\"mec-event-time mec-color\"><i class=\"mec-sl-clock-o\"><\/i> Todo el d\u00eda<\/div><h4 class=\"mec-event-title\"><a class=\"mec-color-hover\"  data-event-id=\"170726\" href=\"https:\/\/alzira.es\/es\/agenda-alzira\/convocatoria-seleccio-docent-talent-jove-2025\/\" target=\"_self\" rel=\"noopener\">Convocat\u00f2ria selecci\u00f3 DOCENT Talent Jove 2025<\/a><span class=\"event-color\" style=\"background: #dd823b\"><\/span><\/h4><div class=\"mec-event-detail\"><div class=\"mec-event-loc-place\"><\/div><\/div><\/article>        <script type=\"application\/ld+json\">\r\n        {\r\n            \"@context\": \"http:\/\/schema.org\",\r\n            \"@type\": \"Event\",\r\n            \"eventStatus\": \"https:\/\/schema.org\/EventScheduled\",\r\n            \"startDate\": \"2026-04-01\",\r\n            \"endDate\": \"2026-04-01\",\r\n            \"eventAttendanceMode\": \"https:\/\/schema.org\/OfflineEventAttendanceMode\",\r\n            \"location\":\r\n            {\r\n                \"@type\": \"Place\",\r\n                                \"name\": \"\",\r\n                \"image\": \"\",\r\n                \"address\": \"\"\r\n                            },\r\n            \"organizer\":\r\n            {\r\n                \"@type\": \"Person\",\r\n                \"name\": \"\",\r\n                \"url\": \"\"\r\n            },\r\n            \"offers\":\r\n            {\r\n                \"url\": \"https:\/\/alzira.es\/es\/agenda-alzira\/exposicio\/\",\r\n                \"price\": \"\",\r\n                \"priceCurrency\": \"EUR\",\r\n                \"availability\": \"https:\/\/schema.org\/InStock\",\r\n                \"validFrom\": \"2026-04-01T00:00\"\r\n            },\r\n            \"performer\": \"\",\r\n            \"description\": \"&lt;p&gt;\ud83d\udcc5 Del 1 al 19 d&#8217;abril de 2026&lt;br \/&gt; \ud83d\udccd Sala d&#8217;exposicions, Casa de la Cultura d&#8217;Alzira&lt;br \/&gt; \ud83d\udc49 Inauguraci\u00f3: 1 d&#8217;abril a les 19.00 h.&lt;\/p&gt; &lt;div class=&quot;figure&quot;&gt;&lt;a href=&quot;https:\/\/alzira.es\/wp-content\/uploads\/2026\/03\/a-debat-l-art.jpeg&quot; target=&quot;_blank&quot; rel=&quot;noopener&quot;&gt;&lt;img loading=&quot;lazy&quot; decoding=&quot;async&quot; class=&quot;aligncenter wp-image-169443 size-full&quot; src=&quot;https:\/\/alzira.es\/wp-content\/uploads\/2026\/03\/a-debat-l-art.jpeg&quot; alt=&quot;a debat l&#039;art&quot; width=&quot;1141&quot; height=&quot;1600&quot; srcset=&quot;https:\/\/alzira.es\/wp-content\/uploads\/2026\/03\/a-debat-l-art.jpeg 1141w, https:\/\/alzira.es\/wp-content\/uploads\/2026\/03\/a-debat-l-art-364x510.jpeg 364w, https:\/\/alzira.es\/wp-content\/uploads\/2026\/03\/a-debat-l-art-764x1072.jpeg 764w, https:\/\/alzira.es\/wp-content\/uploads\/2026\/03\/a-debat-l-art-768x1077.jpeg 768w, https:\/\/alzira.es\/wp-content\/uploads\/2026\/03\/a-debat-l-art-1095x1536.jpeg 1095w&quot; sizes=&quot;(max-width: 706px) 89vw, (max-width: 767px) 82vw, 740px&quot; \/&gt;&lt;\/a&gt;&lt;\/div&gt; \",\r\n            \"image\": \"https:\/\/alzira.es\/wp-content\/uploads\/2026\/03\/a-debat-l-art.jpeg\",\r\n            \"name\": \"Exposici\u00f3 \u00aba deBat l&#8217;Art\u00bb\",\r\n            \"url\": \"https:\/\/alzira.es\/es\/agenda-alzira\/exposicio\/\"\r\n        }\r\n        <\/script>\r\n        <article class=\"mec-past-event ended-relative mec-event-article \"><div class=\"mec-event-image\"><img decoding=\"async\" width=\"350\" height=\"350\" data-src=\"https:\/\/alzira.es\/wp-content\/uploads\/2026\/03\/a-debat-l-art-350x350.jpeg\" class=\"attachment-thumbnail size-thumbnail wp-post-image lazyload\" alt=\"a debat l&#039;art\" data-mec-postid=\"169442\" data-srcset=\"https:\/\/alzira.es\/wp-content\/uploads\/2026\/03\/a-debat-l-art-350x350.jpeg 350w, https:\/\/alzira.es\/wp-content\/uploads\/2026\/03\/a-debat-l-art-300x300.jpeg 300w, https:\/\/alzira.es\/wp-content\/uploads\/2026\/03\/a-debat-l-art-100x100.jpeg 100w\" data-sizes=\"100vw\" src=\"data:image\/svg+xml;base64,PHN2ZyB3aWR0aD0iMSIgaGVpZ2h0PSIxIiB4bWxucz0iaHR0cDovL3d3dy53My5vcmcvMjAwMC9zdmciPjwvc3ZnPg==\" style=\"--smush-placeholder-width: 350px; --smush-placeholder-aspect-ratio: 350\/350;\" \/><\/div><div class=\"mec-event-time mec-color\"><i class=\"mec-sl-clock-o\"><\/i> 19:00<\/div><h4 class=\"mec-event-title\"><a class=\"mec-color-hover\"  data-event-id=\"169442\" href=\"https:\/\/alzira.es\/es\/agenda-alzira\/exposicio\/\" target=\"_self\" rel=\"noopener\">Exposici\u00f3 \u00aba deBat l&#8217;Art\u00bb<\/a><span class=\"event-color\" style=\"background: #6185c3\"><\/span><\/h4><div class=\"mec-event-detail\"><div class=\"mec-event-loc-place\"><\/div><\/div><\/article><\/div><div class=\"mec-calendar-events-sec\" data-mec-cell=\"20260402\" ><h6 class=\"mec-table-side-title\">Eventos para <span class=\"mec-color mec-table-side-day\"> 2nd<\/span> abril<\/h6>        <script type=\"application\/ld+json\">\r\n        {\r\n            \"@context\": \"http:\/\/schema.org\",\r\n            \"@type\": \"Event\",\r\n            \"eventStatus\": \"https:\/\/schema.org\/EventScheduled\",\r\n            \"startDate\": \"2026-04-02\",\r\n            \"endDate\": \"2026-04-02\",\r\n            \"eventAttendanceMode\": \"https:\/\/schema.org\/OfflineEventAttendanceMode\",\r\n            \"location\":\r\n            {\r\n                \"@type\": \"Place\",\r\n                                \"name\": \"\",\r\n                \"image\": \"\",\r\n                \"address\": \"\"\r\n                            },\r\n            \"organizer\":\r\n            {\r\n                \"@type\": \"Person\",\r\n                \"name\": \"\",\r\n                \"url\": \"\"\r\n            },\r\n            \"offers\":\r\n            {\r\n                \"url\": \"https:\/\/alzira.es\/es\/agenda-alzira\/concert-de-marxes-processionals\/\",\r\n                \"price\": \"\",\r\n                \"priceCurrency\": \"EUR\",\r\n                \"availability\": \"https:\/\/schema.org\/InStock\",\r\n                \"validFrom\": \"2026-04-02T00:00\"\r\n            },\r\n            \"performer\": \"\",\r\n            \"description\": \"&lt;p&gt;L&#8217;Agrupaci\u00f3 Ibn Jafadja, baix la direcci\u00f3 de Vicent Carbonell Monerri, oferir\u00e0 un concert de marxes processionals el proper dijous 2 d&#8217;abril, a les 19:30 hores al Gran Teatre d&#8217;Alzira.&lt;\/p&gt; &lt;div class=&quot;figure&quot;&gt;&lt;a href=&quot;https:\/\/alzira.es\/wp-content\/uploads\/2026\/04\/marxes-processionals.jpeg&quot; target=&quot;_blank&quot; rel=&quot;noopener&quot;&gt;&lt;img loading=&quot;lazy&quot; decoding=&quot;async&quot; class=&quot;aligncenter wp-image-170793 size-full&quot; src=&quot;https:\/\/alzira.es\/wp-content\/uploads\/2026\/04\/marxes-processionals.jpeg&quot; alt=&quot;Concert de marxes processionals&quot; width=&quot;1131&quot; height=&quot;1600&quot; srcset=&quot;https:\/\/alzira.es\/wp-content\/uploads\/2026\/04\/marxes-processionals.jpeg 1131w, https:\/\/alzira.es\/wp-content\/uploads\/2026\/04\/marxes-processionals-361x510.jpeg 361w, https:\/\/alzira.es\/wp-content\/uploads\/2026\/04\/marxes-processionals-758x1072.jpeg 758w, https:\/\/alzira.es\/wp-content\/uploads\/2026\/04\/marxes-processionals-768x1086.jpeg 768w, https:\/\/alzira.es\/wp-content\/uploads\/2026\/04\/marxes-processionals-1086x1536.jpeg 1086w&quot; sizes=&quot;(max-width: 706px) 89vw, (max-width: 767px) 82vw, 740px&quot; \/&gt;&lt;\/a&gt;&lt;\/div&gt; \",\r\n            \"image\": \"https:\/\/alzira.es\/wp-content\/uploads\/2026\/04\/marxes-processionals.jpeg\",\r\n            \"name\": \"Concert de marxes processionals\",\r\n            \"url\": \"https:\/\/alzira.es\/es\/agenda-alzira\/concert-de-marxes-processionals\/\"\r\n        }\r\n        <\/script>\r\n        <article class=\"mec-past-event ended-relative mec-event-article \"><div class=\"mec-event-image\"><img decoding=\"async\" width=\"350\" height=\"350\" data-src=\"https:\/\/alzira.es\/wp-content\/uploads\/2026\/04\/marxes-processionals-350x350.jpeg\" class=\"attachment-thumbnail size-thumbnail wp-post-image lazyload\" alt=\"Concert de marxes processionals\" data-mec-postid=\"170792\" data-srcset=\"https:\/\/alzira.es\/wp-content\/uploads\/2026\/04\/marxes-processionals-350x350.jpeg 350w, https:\/\/alzira.es\/wp-content\/uploads\/2026\/04\/marxes-processionals-300x300.jpeg 300w, https:\/\/alzira.es\/wp-content\/uploads\/2026\/04\/marxes-processionals-100x100.jpeg 100w\" data-sizes=\"100vw\" src=\"data:image\/svg+xml;base64,PHN2ZyB3aWR0aD0iMSIgaGVpZ2h0PSIxIiB4bWxucz0iaHR0cDovL3d3dy53My5vcmcvMjAwMC9zdmciPjwvc3ZnPg==\" style=\"--smush-placeholder-width: 350px; --smush-placeholder-aspect-ratio: 350\/350;\" \/><\/div><div class=\"mec-event-time mec-color\"><i class=\"mec-sl-clock-o\"><\/i> 19:30<\/div><h4 class=\"mec-event-title\"><a class=\"mec-color-hover\"  data-event-id=\"170792\" href=\"https:\/\/alzira.es\/es\/agenda-alzira\/concert-de-marxes-processionals\/\" target=\"_self\" rel=\"noopener\">Concert de marxes processionals<\/a><span class=\"event-color\" style=\"background: #ddd3ba\"><\/span><\/h4><div class=\"mec-event-detail\"><div class=\"mec-event-loc-place\"><\/div><\/div><\/article><\/div><div  class=\"mec-calendar-events-sec\" data-mec-cell=\"20260403\"><h6 class=\"mec-table-side-title\">Eventos para <span class=\"mec-color mec-table-side-day\"> 3rd<\/span> abril<\/h6><article class=\"mec-event-article\"><div class=\"mec-event-detail\">Sin eventos<\/div><\/article><\/div><div  class=\"mec-calendar-events-sec\" data-mec-cell=\"20260404\"><h6 class=\"mec-table-side-title\">Eventos para <span class=\"mec-color mec-table-side-day\"> 4th<\/span> abril<\/h6><article class=\"mec-event-article\"><div class=\"mec-event-detail\">Sin eventos<\/div><\/article><\/div><div  class=\"mec-calendar-events-sec\" data-mec-cell=\"20260405\"><h6 class=\"mec-table-side-title\">Eventos para <span class=\"mec-color mec-table-side-day\"> 5th<\/span> abril<\/h6><article class=\"mec-event-article\"><div class=\"mec-event-detail\">Sin eventos<\/div><\/article><\/div><\/div><dl class=\"mec-calendar-row\"><dt class=\"mec-calendar-day\" data-mec-cell=\"20260406\" data-day=\"6\" data-month=\"202604\">6<\/dt><dt class=\"mec-calendar-day mec-has-event\" data-mec-cell=\"20260407\" data-day=\"7\" data-month=\"202604\"><a href=\"#\" class=\"mec-has-event-a\">7<\/a><\/dt><dt class=\"mec-calendar-day mec-has-event\" data-mec-cell=\"20260408\" data-day=\"8\" data-month=\"202604\"><a href=\"#\" class=\"mec-has-event-a\">8<\/a><\/dt><dt class=\"mec-calendar-day\" data-mec-cell=\"20260409\" data-day=\"9\" data-month=\"202604\">9<\/dt><dt class=\"mec-calendar-day mec-has-event\" data-mec-cell=\"20260410\" data-day=\"10\" data-month=\"202604\"><a href=\"#\" class=\"mec-has-event-a\">10<\/a><\/dt><dt class=\"mec-calendar-day mec-has-event\" data-mec-cell=\"20260411\" data-day=\"11\" data-month=\"202604\"><a href=\"#\" class=\"mec-has-event-a\">11<\/a><\/dt><dt class=\"mec-calendar-day\" data-mec-cell=\"20260412\" data-day=\"12\" data-month=\"202604\">12<\/dt><\/dl><div class=\"mec-clear\"><div  class=\"mec-calendar-events-sec\" data-mec-cell=\"20260406\"><h6 class=\"mec-table-side-title\">Eventos para <span class=\"mec-color mec-table-side-day\"> 6th<\/span> abril<\/h6><article class=\"mec-event-article\"><div class=\"mec-event-detail\">Sin eventos<\/div><\/article><\/div><div class=\"mec-calendar-events-sec\" data-mec-cell=\"20260407\" ><h6 class=\"mec-table-side-title\">Eventos para <span class=\"mec-color mec-table-side-day\"> 7th<\/span> abril<\/h6>        <script type=\"application\/ld+json\">\r\n        {\r\n            \"@context\": \"http:\/\/schema.org\",\r\n            \"@type\": \"Event\",\r\n            \"eventStatus\": \"https:\/\/schema.org\/EventScheduled\",\r\n            \"startDate\": \"2026-04-07\",\r\n            \"endDate\": \"2026-04-07\",\r\n            \"eventAttendanceMode\": \"https:\/\/schema.org\/OfflineEventAttendanceMode\",\r\n            \"location\":\r\n            {\r\n                \"@type\": \"Place\",\r\n                                \"name\": \"\",\r\n                \"image\": \"\",\r\n                \"address\": \"\"\r\n                            },\r\n            \"organizer\":\r\n            {\r\n                \"@type\": \"Person\",\r\n                \"name\": \"\",\r\n                \"url\": \"\"\r\n            },\r\n            \"offers\":\r\n            {\r\n                \"url\": \"https:\/\/alzira.es\/es\/agenda-alzira\/127970\/\",\r\n                \"price\": \"\",\r\n                \"priceCurrency\": \"EUR\",\r\n                \"availability\": \"https:\/\/schema.org\/InStock\",\r\n                \"validFrom\": \"2026-04-07T00:00\"\r\n            },\r\n            \"performer\": \"\",\r\n            \"description\": \"&lt;p&gt;\ud83e\ude78\ud83e\ude78 \ud835\udc03\ud835\udc28\ud835\udc27\ud835\udc1a\ud835\udc1c\ud835\udc22\ud835\udc28\u0301 \ud835\udc1d\ud835\udc1e \ud835\udc12\ud835\udc1a\ud835\udc27\ud835\udc20 &#8211; Alzira&lt;\/p&gt; &lt;p&gt;\ud83d\udcc5 \ud835\udc03\ud835\udc22\ud835\udc1a &#8211; Dimarts, 7 d&#8217;abril&lt;br \/&gt; \ud83d\udd57 \ud835\udc07\ud835\udc28\ud835\udc2b\ud835\udc1a &#8211; De 17.00 h a 20.30 h&lt;br \/&gt; \ud83d\udccd \ud835\udc0b\ud835\udc25\ud835\udc28\ud835\udc1c  &#8211; CENTRE SANITARI INTEGRAL &#8211; C\/ Hort dels frares, 60&lt;\/p&gt; &lt;p&gt;Cada donaci\u00f3 compta. \ud83e\udd32&lt;\/p&gt; &lt;div class=&quot;figure&quot;&gt;&lt;img loading=&quot;lazy&quot; decoding=&quot;async&quot; class=&quot;alignnone&quot; src=&quot;https:\/\/alzira.es\/wp-content\/uploads\/anual\/donacio_de_sang.jpg&quot; alt=&quot;Donaci\u00f3 de sang&quot; width=&quot;3508&quot; height=&quot;4961&quot; \/&gt;&lt;\/div&gt; \",\r\n            \"image\": \"https:\/\/alzira.es\/wp-content\/uploads\/2022\/09\/donacio_de_sang.png\",\r\n            \"name\": \"DONACI\u00d3 DE SANG\",\r\n            \"url\": \"https:\/\/alzira.es\/es\/agenda-alzira\/127970\/\"\r\n        }\r\n        <\/script>\r\n        <article class=\"mec-past-event ended-relative mec-event-article \"><div class=\"mec-event-image\"><img decoding=\"async\" width=\"350\" height=\"350\" data-src=\"https:\/\/alzira.es\/wp-content\/uploads\/2022\/09\/donacio_de_sang-350x350.png\" class=\"attachment-thumbnail size-thumbnail wp-post-image lazyload\" alt=\"Donaci\u00f3 de sang\" data-mec-postid=\"127970\" data-srcset=\"https:\/\/alzira.es\/wp-content\/uploads\/2022\/09\/donacio_de_sang-350x350.png 350w, https:\/\/alzira.es\/wp-content\/uploads\/2022\/09\/donacio_de_sang-510x510.png 510w, https:\/\/alzira.es\/wp-content\/uploads\/2022\/09\/donacio_de_sang-768x768.png 768w, https:\/\/alzira.es\/wp-content\/uploads\/2022\/09\/donacio_de_sang-300x300.png 300w, https:\/\/alzira.es\/wp-content\/uploads\/2022\/09\/donacio_de_sang-100x100.png 100w, https:\/\/alzira.es\/wp-content\/uploads\/2022\/09\/donacio_de_sang.png 905w\" data-sizes=\"100vw\" src=\"data:image\/svg+xml;base64,PHN2ZyB3aWR0aD0iMSIgaGVpZ2h0PSIxIiB4bWxucz0iaHR0cDovL3d3dy53My5vcmcvMjAwMC9zdmciPjwvc3ZnPg==\" style=\"--smush-placeholder-width: 350px; --smush-placeholder-aspect-ratio: 350\/350;\" \/><\/div><div class=\"mec-event-time mec-color\"><i class=\"mec-sl-clock-o\"><\/i> 17:00 - 20:30<\/div><h4 class=\"mec-event-title\"><a class=\"mec-color-hover\"  data-event-id=\"127970\" href=\"https:\/\/alzira.es\/es\/agenda-alzira\/127970\/\" target=\"_self\" rel=\"noopener\">DONACI\u00d3 DE SANG<\/a><span class=\"event-color\" style=\"background: #e14d43\"><\/span><\/h4><div class=\"mec-event-detail\"><div class=\"mec-event-loc-place\"><\/div><\/div><\/article><\/div><div class=\"mec-calendar-events-sec\" data-mec-cell=\"20260408\" ><h6 class=\"mec-table-side-title\">Eventos para <span class=\"mec-color mec-table-side-day\"> 8th<\/span> abril<\/h6>        <script type=\"application\/ld+json\">\r\n        {\r\n            \"@context\": \"http:\/\/schema.org\",\r\n            \"@type\": \"Event\",\r\n            \"eventStatus\": \"https:\/\/schema.org\/EventScheduled\",\r\n            \"startDate\": \"2026-04-08\",\r\n            \"endDate\": \"2026-04-08\",\r\n            \"eventAttendanceMode\": \"https:\/\/schema.org\/OfflineEventAttendanceMode\",\r\n            \"location\":\r\n            {\r\n                \"@type\": \"Place\",\r\n                                \"name\": \"\",\r\n                \"image\": \"\",\r\n                \"address\": \"\"\r\n                            },\r\n            \"organizer\":\r\n            {\r\n                \"@type\": \"Person\",\r\n                \"name\": \"\",\r\n                \"url\": \"\"\r\n            },\r\n            \"offers\":\r\n            {\r\n                \"url\": \"https:\/\/alzira.es\/es\/agenda-alzira\/dia-del-poble-gitano\/\",\r\n                \"price\": \"\",\r\n                \"priceCurrency\": \"EUR\",\r\n                \"availability\": \"https:\/\/schema.org\/InStock\",\r\n                \"validFrom\": \"2026-04-08T00:00\"\r\n            },\r\n            \"performer\": \"\",\r\n            \"description\": \"&lt;div class=&quot;figure&quot;&gt;&lt;img loading=&quot;lazy&quot; decoding=&quot;async&quot; src=&quot;https:\/\/static.xx.fbcdn.net\/images\/emoji.php\/v9\/t7e\/1\/16\/1f4c5.png&quot; alt=&quot;\ud83d\udcc5&quot; width=&quot;16&quot; height=&quot;16&quot; data-imagetype=&quot;External&quot; data-olk-copy-source=&quot;MessageBody&quot; \/&gt; 8 d\u2019abril \u2014 Dia del Poble Gitano&lt;br \/&gt; &lt;img loading=&quot;lazy&quot; decoding=&quot;async&quot; src=&quot;https:\/\/static.xx.fbcdn.net\/images\/emoji.php\/v9\/t2d\/1\/16\/1f4cd.png&quot; alt=&quot;\ud83d\udccd&quot; width=&quot;16&quot; height=&quot;16&quot; data-imagetype=&quot;External&quot; \/&gt; Parc Trafalgar (Barri L\u2019Alquerieta)&lt;br \/&gt; &lt;img loading=&quot;lazy&quot; decoding=&quot;async&quot; src=&quot;https:\/\/static.xx.fbcdn.net\/images\/emoji.php\/v9\/t8b\/1\/16\/1f465.png&quot; alt=&quot;\ud83d\udc65&quot; width=&quot;16&quot; height=&quot;16&quot; data-imagetype=&quot;External&quot; \/&gt; Organitza: Mesa Comunit\u00e0ria Barri L\u2019Alquerieta&lt;\/p&gt; &lt;p&gt;Programa:&lt;br \/&gt; \u2022 &lt;img loading=&quot;lazy&quot; decoding=&quot;async&quot; src=&quot;https:\/\/static.xx.fbcdn.net\/images\/emoji.php\/v9\/tfb\/1\/16\/1f5e3.png&quot; alt=&quot;\ud83d\udde3\ufe0f&quot; width=&quot;16&quot; height=&quot;16&quot; data-imagetype=&quot;External&quot; \/&gt; Presentaci\u00f3 i exposici\u00f3 oral a c\u00e0rrec d\u2019un grup de dones gitanes: explicaran per qu\u00e8 commemorem este dia i faran la lectura del manifest.&lt;br \/&gt; \u2022 &lt;img loading=&quot;lazy&quot; decoding=&quot;async&quot; src=&quot;https:\/\/static.xx.fbcdn.net\/images\/emoji.php\/v9\/t82\/1\/16\/1f3a8.png&quot; alt=&quot;\ud83c\udfa8&quot; width=&quot;16&quot; height=&quot;16&quot; data-imagetype=&quot;External&quot; \/&gt; Mural participatiu: recollirem propostes d\u2019accions comunit\u00e0ries per treballar amb el col\u00b7lectiu gitano.&lt;br \/&gt; \u2022 &lt;img loading=&quot;lazy&quot; decoding=&quot;async&quot; src=&quot;https:\/\/static.xx.fbcdn.net\/images\/emoji.php\/v9\/tab\/1\/16\/1f476.png&quot; alt=&quot;\ud83d\udc76&quot; width=&quot;16&quot; height=&quot;16&quot; data-imagetype=&quot;External&quot; \/&gt; Per als m\u00e9s menuts: taller creatiu per fer xapes + inflables.&lt;br \/&gt; \u2022 &lt;img loading=&quot;lazy&quot; decoding=&quot;async&quot; src=&quot;https:\/\/static.xx.fbcdn.net\/images\/emoji.php\/v9\/tf7\/1\/16\/1f36b.png&quot; alt=&quot;\ud83c\udf6b&quot; width=&quot;16&quot; height=&quot;16&quot; data-imagetype=&quot;External&quot; \/&gt; Berenar: xocolate i fartons&lt;\/p&gt; &lt;p&gt;&lt;a href=&quot;https:\/\/alzira.es\/wp-content\/uploads\/2026\/04\/dia-del-poble-gitano-scaled.jpg&quot; target=&quot;_blank&quot; rel=&quot;noopener&quot;&gt;&lt;img loading=&quot;lazy&quot; decoding=&quot;async&quot; class=&quot;aligncenter wp-image-170853 size-full&quot; src=&quot;https:\/\/alzira.es\/wp-content\/uploads\/2026\/04\/dia-del-poble-gitano-scaled.jpg&quot; alt=&quot;Dia del Poble Gitano&quot; width=&quot;1707&quot; height=&quot;2560&quot; srcset=&quot;https:\/\/alzira.es\/wp-content\/uploads\/2026\/04\/dia-del-poble-gitano-scaled.jpg 1707w, https:\/\/alzira.es\/wp-content\/uploads\/2026\/04\/dia-del-poble-gitano-340x510.jpg 340w, https:\/\/alzira.es\/wp-content\/uploads\/2026\/04\/dia-del-poble-gitano-715x1072.jpg 715w, https:\/\/alzira.es\/wp-content\/uploads\/2026\/04\/dia-del-poble-gitano-768x1152.jpg 768w, https:\/\/alzira.es\/wp-content\/uploads\/2026\/04\/dia-del-poble-gitano-1024x1536.jpg 1024w, https:\/\/alzira.es\/wp-content\/uploads\/2026\/04\/dia-del-poble-gitano-1366x2048.jpg 1366w&quot; sizes=&quot;(max-width: 706px) 89vw, (max-width: 767px) 82vw, 740px&quot; \/&gt;&lt;\/a&gt;&lt;\/div&gt; \",\r\n            \"image\": \"https:\/\/alzira.es\/wp-content\/uploads\/2026\/04\/dia-del-poble-gitano-scaled.jpg\",\r\n            \"name\": \"Dia del Poble Gitano\",\r\n            \"url\": \"https:\/\/alzira.es\/es\/agenda-alzira\/dia-del-poble-gitano\/\"\r\n        }\r\n        <\/script>\r\n        <article class=\"mec-past-event ended-relative mec-event-article \"><div class=\"mec-event-image\"><img decoding=\"async\" width=\"350\" height=\"350\" data-src=\"https:\/\/alzira.es\/wp-content\/uploads\/2026\/04\/dia-del-poble-gitano-350x350.jpg\" class=\"attachment-thumbnail size-thumbnail wp-post-image lazyload\" alt=\"Dia del Poble Gitano\" data-mec-postid=\"170852\" data-srcset=\"https:\/\/alzira.es\/wp-content\/uploads\/2026\/04\/dia-del-poble-gitano-350x350.jpg 350w, https:\/\/alzira.es\/wp-content\/uploads\/2026\/04\/dia-del-poble-gitano-300x300.jpg 300w, https:\/\/alzira.es\/wp-content\/uploads\/2026\/04\/dia-del-poble-gitano-100x100.jpg 100w\" data-sizes=\"100vw\" src=\"data:image\/svg+xml;base64,PHN2ZyB3aWR0aD0iMSIgaGVpZ2h0PSIxIiB4bWxucz0iaHR0cDovL3d3dy53My5vcmcvMjAwMC9zdmciPjwvc3ZnPg==\" style=\"--smush-placeholder-width: 350px; --smush-placeholder-aspect-ratio: 350\/350;\" \/><\/div><div class=\"mec-event-time mec-color\"><i class=\"mec-sl-clock-o\"><\/i> 16:30 - 18:30<\/div><h4 class=\"mec-event-title\"><a class=\"mec-color-hover\"  data-event-id=\"170852\" href=\"https:\/\/alzira.es\/es\/agenda-alzira\/dia-del-poble-gitano\/\" target=\"_self\" rel=\"noopener\">Dia del Poble Gitano<\/a><span class=\"event-color\" style=\"background: #a3b745\"><\/span><\/h4><div class=\"mec-event-detail\"><div class=\"mec-event-loc-place\"><\/div><\/div><\/article><\/div><div  class=\"mec-calendar-events-sec\" data-mec-cell=\"20260409\"><h6 class=\"mec-table-side-title\">Eventos para <span class=\"mec-color mec-table-side-day\"> 9th<\/span> abril<\/h6><article class=\"mec-event-article\"><div class=\"mec-event-detail\">Sin eventos<\/div><\/article><\/div><div class=\"mec-calendar-events-sec\" data-mec-cell=\"20260410\" ><h6 class=\"mec-table-side-title\">Eventos para <span class=\"mec-color mec-table-side-day\"> 10th<\/span> abril<\/h6>        <script type=\"application\/ld+json\">\r\n        {\r\n            \"@context\": \"http:\/\/schema.org\",\r\n            \"@type\": \"Event\",\r\n            \"eventStatus\": \"https:\/\/schema.org\/EventScheduled\",\r\n            \"startDate\": \"2026-04-10\",\r\n            \"endDate\": \"2026-04-10\",\r\n            \"eventAttendanceMode\": \"https:\/\/schema.org\/OfflineEventAttendanceMode\",\r\n            \"location\":\r\n            {\r\n                \"@type\": \"Place\",\r\n                                \"name\": \"\",\r\n                \"image\": \"\",\r\n                \"address\": \"\"\r\n                            },\r\n            \"organizer\":\r\n            {\r\n                \"@type\": \"Person\",\r\n                \"name\": \"\",\r\n                \"url\": \"\"\r\n            },\r\n            \"offers\":\r\n            {\r\n                \"url\": \"https:\/\/alzira.es\/es\/agenda-alzira\/club-cinema-alzira-sorda\/\",\r\n                \"price\": \"\",\r\n                \"priceCurrency\": \"EUR\",\r\n                \"availability\": \"https:\/\/schema.org\/InStock\",\r\n                \"validFrom\": \"2026-04-10T00:00\"\r\n            },\r\n            \"performer\": \"\",\r\n            \"description\": \"&lt;p&gt;&lt;strong&gt;CLUB CINEMA ALZIRA&lt;\/strong&gt;&lt;\/p&gt; &lt;p&gt;&lt;u&gt;Divendres 10 d\u2019abril. Casa de la Cultura d\u2019Alzira. Dos passes,  a les 17.45 i a les 20 h&lt;\/u&gt;&lt;u&gt; &lt;\/u&gt;&lt;\/p&gt; &lt;p&gt;&lt;strong&gt;&lt;em&gt;SORDA&lt;\/em&gt;&lt;\/strong&gt;&lt;\/p&gt; &lt;p&gt;Espanya. 2025. 99 min. Drama.&lt;\/p&gt; &lt;p&gt;Direcci\u00f3 i gui\u00f3: Eva Libertad.&lt;\/p&gt; &lt;p&gt;Repartiment: Miriam Garlo, \u00c1lvaro Cervantes, Elena Irureta, Joaqu\u00edn Notario, Agust\u00edn Ot\u00f3n, Oti Manzano.&lt;\/p&gt; &lt;p&gt;\u00c1ngela, una dona sorda, tindr\u00e0 un beb\u00e9 amb H\u00e9ctor, la seua parella o\u00efdora. L&#8217;embar\u00e0s fa aflorar les seues pors front la maternitat i sobre com podr\u00e0 comunicar-se amb la seua filla. L&#8217;arribada de la xiqueta genera una crisi en la parella i porta a \u00c1ngela a afrontar la crian\u00e7a de la seua filla en un m\u00f3n que no est\u00e0 fet per a ella. Llargmetratge basat en el curt de 2021 del mateix nom.&lt;\/p&gt; &lt;p&gt;No recomanada per a menors de dotze anys.&lt;\/p&gt; &lt;p&gt;Entrada: 3 \u20ac (redu\u00efda: 2 \u20ac)&lt;\/p&gt; &lt;div class=&quot;figure&quot;&gt;&lt;a href=&quot;https:\/\/alzira.es\/wp-content\/uploads\/2026\/04\/20260510-sorda.jpeg&quot; target=&quot;_blank&quot; rel=&quot;noopener&quot;&gt;&lt;img loading=&quot;lazy&quot; decoding=&quot;async&quot; class=&quot;aligncenter wp-image-170770 size-full&quot; src=&quot;https:\/\/alzira.es\/wp-content\/uploads\/2026\/04\/20260510-sorda.jpeg&quot; alt=&quot;Club Cinema Alzira &quot;SORDA&quot;&quot; width=&quot;1131&quot; height=&quot;1600&quot; srcset=&quot;https:\/\/alzira.es\/wp-content\/uploads\/2026\/04\/20260510-sorda.jpeg 1131w, https:\/\/alzira.es\/wp-content\/uploads\/2026\/04\/20260510-sorda-361x510.jpeg 361w, https:\/\/alzira.es\/wp-content\/uploads\/2026\/04\/20260510-sorda-758x1072.jpeg 758w, https:\/\/alzira.es\/wp-content\/uploads\/2026\/04\/20260510-sorda-768x1086.jpeg 768w, https:\/\/alzira.es\/wp-content\/uploads\/2026\/04\/20260510-sorda-1086x1536.jpeg 1086w&quot; sizes=&quot;(max-width: 706px) 89vw, (max-width: 767px) 82vw, 740px&quot; \/&gt;&lt;\/a&gt;&lt;\/div&gt; \",\r\n            \"image\": \"https:\/\/alzira.es\/wp-content\/uploads\/2026\/04\/20260510-sorda.jpeg\",\r\n            \"name\": \"Club Cinema Alzira \u00abSORDA\u00bb\",\r\n            \"url\": \"https:\/\/alzira.es\/es\/agenda-alzira\/club-cinema-alzira-sorda\/\"\r\n        }\r\n        <\/script>\r\n        <article class=\"mec-past-event ended-relative mec-event-article \"><div class=\"mec-event-image\"><img decoding=\"async\" width=\"350\" height=\"350\" data-src=\"https:\/\/alzira.es\/wp-content\/uploads\/2026\/04\/20260510-sorda-350x350.jpeg\" class=\"attachment-thumbnail size-thumbnail wp-post-image lazyload\" alt=\"Club Cinema Alzira &quot;SORDA&quot;\" data-mec-postid=\"170769\" data-srcset=\"https:\/\/alzira.es\/wp-content\/uploads\/2026\/04\/20260510-sorda-350x350.jpeg 350w, https:\/\/alzira.es\/wp-content\/uploads\/2026\/04\/20260510-sorda-300x300.jpeg 300w, https:\/\/alzira.es\/wp-content\/uploads\/2026\/04\/20260510-sorda-100x100.jpeg 100w\" data-sizes=\"100vw\" src=\"data:image\/svg+xml;base64,PHN2ZyB3aWR0aD0iMSIgaGVpZ2h0PSIxIiB4bWxucz0iaHR0cDovL3d3dy53My5vcmcvMjAwMC9zdmciPjwvc3ZnPg==\" style=\"--smush-placeholder-width: 350px; --smush-placeholder-aspect-ratio: 350\/350;\" \/><\/div><div class=\"mec-event-time mec-color\"><i class=\"mec-sl-clock-o\"><\/i> 17:45<\/div><h4 class=\"mec-event-title\"><a class=\"mec-color-hover\"  data-event-id=\"170769\" href=\"https:\/\/alzira.es\/es\/agenda-alzira\/club-cinema-alzira-sorda\/\" target=\"_self\" rel=\"noopener\">Club Cinema Alzira \u00abSORDA\u00bb<\/a><span class=\"event-color\" style=\"background: #fdd700\"><\/span><\/h4><div class=\"mec-event-detail\"><div class=\"mec-event-loc-place\"><\/div><\/div><\/article><\/div><div class=\"mec-calendar-events-sec\" data-mec-cell=\"20260411\" ><h6 class=\"mec-table-side-title\">Eventos para <span class=\"mec-color mec-table-side-day\"> 11th<\/span> abril<\/h6>        <script type=\"application\/ld+json\">\r\n        {\r\n            \"@context\": \"http:\/\/schema.org\",\r\n            \"@type\": \"Event\",\r\n            \"eventStatus\": \"https:\/\/schema.org\/EventScheduled\",\r\n            \"startDate\": \"2026-04-11\",\r\n            \"endDate\": \"2026-04-11\",\r\n            \"eventAttendanceMode\": \"https:\/\/schema.org\/OfflineEventAttendanceMode\",\r\n            \"location\":\r\n            {\r\n                \"@type\": \"Place\",\r\n                                \"name\": \"\",\r\n                \"image\": \"\",\r\n                \"address\": \"\"\r\n                            },\r\n            \"organizer\":\r\n            {\r\n                \"@type\": \"Person\",\r\n                \"name\": \"\",\r\n                \"url\": \"\"\r\n            },\r\n            \"offers\":\r\n            {\r\n                \"url\": \"https:\/\/alzira.es\/es\/agenda-alzira\/iv-trofeo-del-club-ritmica-fenix-alzira\/\",\r\n                \"price\": \"\",\r\n                \"priceCurrency\": \"EUR\",\r\n                \"availability\": \"https:\/\/schema.org\/InStock\",\r\n                \"validFrom\": \"2026-04-11T00:00\"\r\n            },\r\n            \"performer\": \"\",\r\n            \"description\": \"&lt;p&gt;El &lt;strong&gt;dissabte 11 d&#8217;abril&lt;\/strong&gt; tindr\u00e0 lloc &lt;strong&gt;en el Palau d&#8217;Esports&lt;\/strong&gt; durant tot el dia, el &lt;strong&gt;IV trofeu del club R\u00edtmica F\u00e8nix Alzira&lt;\/strong&gt;. El trofeu &lt;strong&gt;comen\u00e7ar\u00e0 a les 8.30&lt;\/strong&gt; del mat\u00ed i acabar\u00e0 a les 20.30, on passaran pel tap\u00eds m\u00e9s de 40 clubs i m\u00e9s de 410 gimnastes.&lt;\/p&gt; &lt;div class=&quot;figure&quot;&gt;&lt;a href=&quot;https:\/\/alzira.es\/wp-content\/uploads\/2026\/04\/trofeo-fenix.jpeg&quot; target=&quot;_blank&quot; rel=&quot;noopener&quot;&gt;&lt;img loading=&quot;lazy&quot; decoding=&quot;async&quot; class=&quot;aligncenter wp-image-170958 size-full&quot; src=&quot;https:\/\/alzira.es\/wp-content\/uploads\/2026\/04\/trofeo-fenix.jpeg&quot; alt=&quot;IV trofeo del club R\u00edtmica F\u00e9nix Alzira&quot; width=&quot;1131&quot; height=&quot;1600&quot; srcset=&quot;https:\/\/alzira.es\/wp-content\/uploads\/2026\/04\/trofeo-fenix.jpeg 1131w, https:\/\/alzira.es\/wp-content\/uploads\/2026\/04\/trofeo-fenix-361x510.jpeg 361w, https:\/\/alzira.es\/wp-content\/uploads\/2026\/04\/trofeo-fenix-758x1072.jpeg 758w, https:\/\/alzira.es\/wp-content\/uploads\/2026\/04\/trofeo-fenix-768x1086.jpeg 768w, https:\/\/alzira.es\/wp-content\/uploads\/2026\/04\/trofeo-fenix-1086x1536.jpeg 1086w&quot; sizes=&quot;(max-width: 706px) 89vw, (max-width: 767px) 82vw, 740px&quot; \/&gt;&lt;\/a&gt;&lt;\/div&gt; \",\r\n            \"image\": \"https:\/\/alzira.es\/wp-content\/uploads\/2026\/04\/trofeo-fenix.jpeg\",\r\n            \"name\": \"IV trofeo del club R\u00edtmica F\u00e9nix Alzira\",\r\n            \"url\": \"https:\/\/alzira.es\/es\/agenda-alzira\/iv-trofeo-del-club-ritmica-fenix-alzira\/\"\r\n        }\r\n        <\/script>\r\n        <article class=\"mec-past-event ended-relative mec-event-article \"><div class=\"mec-event-image\"><img decoding=\"async\" width=\"350\" height=\"350\" data-src=\"https:\/\/alzira.es\/wp-content\/uploads\/2026\/04\/trofeo-fenix-350x350.jpeg\" class=\"attachment-thumbnail size-thumbnail wp-post-image lazyload\" alt=\"IV trofeo del club R\u00edtmica F\u00e9nix Alzira\" data-mec-postid=\"170957\" data-srcset=\"https:\/\/alzira.es\/wp-content\/uploads\/2026\/04\/trofeo-fenix-350x350.jpeg 350w, https:\/\/alzira.es\/wp-content\/uploads\/2026\/04\/trofeo-fenix-300x300.jpeg 300w, https:\/\/alzira.es\/wp-content\/uploads\/2026\/04\/trofeo-fenix-100x100.jpeg 100w\" data-sizes=\"100vw\" src=\"data:image\/svg+xml;base64,PHN2ZyB3aWR0aD0iMSIgaGVpZ2h0PSIxIiB4bWxucz0iaHR0cDovL3d3dy53My5vcmcvMjAwMC9zdmciPjwvc3ZnPg==\" style=\"--smush-placeholder-width: 350px; --smush-placeholder-aspect-ratio: 350\/350;\" \/><\/div><div class=\"mec-event-time mec-color\"><i class=\"mec-sl-clock-o\"><\/i> Todo el d\u00eda<\/div><h4 class=\"mec-event-title\"><a class=\"mec-color-hover\"  data-event-id=\"170957\" href=\"https:\/\/alzira.es\/es\/agenda-alzira\/iv-trofeo-del-club-ritmica-fenix-alzira\/\" target=\"_self\" rel=\"noopener\">IV trofeo del club R\u00edtmica F\u00e9nix Alzira<\/a><span class=\"event-color\" style=\"background: #eab720\"><\/span><\/h4><div class=\"mec-event-detail\"><div class=\"mec-event-loc-place\"><\/div><\/div><\/article><\/div><div  class=\"mec-calendar-events-sec\" data-mec-cell=\"20260412\"><h6 class=\"mec-table-side-title\">Eventos para <span class=\"mec-color mec-table-side-day\"> 12th<\/span> abril<\/h6><article class=\"mec-event-article\"><div class=\"mec-event-detail\">Sin eventos<\/div><\/article><\/div><\/div><dl class=\"mec-calendar-row\"><dt class=\"mec-calendar-day\" data-mec-cell=\"20260413\" data-day=\"13\" data-month=\"202604\">13<\/dt><dt class=\"mec-calendar-day mec-has-event\" data-mec-cell=\"20260414\" data-day=\"14\" data-month=\"202604\"><a href=\"#\" class=\"mec-has-event-a\">14<\/a><\/dt><dt class=\"mec-calendar-day mec-has-event\" data-mec-cell=\"20260415\" data-day=\"15\" data-month=\"202604\"><a href=\"#\" class=\"mec-has-event-a\">15<\/a><\/dt><dt class=\"mec-calendar-day mec-has-event\" data-mec-cell=\"20260416\" data-day=\"16\" data-month=\"202604\"><a href=\"#\" class=\"mec-has-event-a\">16<\/a><\/dt><dt class=\"mec-calendar-day mec-has-event\" data-mec-cell=\"20260417\" data-day=\"17\" data-month=\"202604\"><a href=\"#\" class=\"mec-has-event-a\">17<\/a><\/dt><dt class=\"mec-calendar-day mec-has-event\" data-mec-cell=\"20260418\" data-day=\"18\" data-month=\"202604\"><a href=\"#\" class=\"mec-has-event-a\">18<\/a><\/dt><dt class=\"mec-calendar-day mec-has-event\" data-mec-cell=\"20260419\" data-day=\"19\" data-month=\"202604\"><a href=\"#\" class=\"mec-has-event-a\">19<\/a><\/dt><\/dl><div class=\"mec-clear\"><div  class=\"mec-calendar-events-sec\" data-mec-cell=\"20260413\"><h6 class=\"mec-table-side-title\">Eventos para <span class=\"mec-color mec-table-side-day\"> 13th<\/span> abril<\/h6><article class=\"mec-event-article\"><div class=\"mec-event-detail\">Sin eventos<\/div><\/article><\/div><div class=\"mec-calendar-events-sec\" data-mec-cell=\"20260414\" ><h6 class=\"mec-table-side-title\">Eventos para <span class=\"mec-color mec-table-side-day\"> 14th<\/span> abril<\/h6>        <script type=\"application\/ld+json\">\r\n        {\r\n            \"@context\": \"http:\/\/schema.org\",\r\n            \"@type\": \"Event\",\r\n            \"eventStatus\": \"https:\/\/schema.org\/EventScheduled\",\r\n            \"startDate\": \"2026-04-14\",\r\n            \"endDate\": \"2026-04-14\",\r\n            \"eventAttendanceMode\": \"https:\/\/schema.org\/OfflineEventAttendanceMode\",\r\n            \"location\":\r\n            {\r\n                \"@type\": \"Place\",\r\n                                \"name\": \"\",\r\n                \"image\": \"\",\r\n                \"address\": \"\"\r\n                            },\r\n            \"organizer\":\r\n            {\r\n                \"@type\": \"Person\",\r\n                \"name\": \"\",\r\n                \"url\": \"\"\r\n            },\r\n            \"offers\":\r\n            {\r\n                \"url\": \"https:\/\/alzira.es\/es\/agenda-alzira\/45-anys-del-segrest-de-luis-suner\/\",\r\n                \"price\": \"\",\r\n                \"priceCurrency\": \"EUR\",\r\n                \"availability\": \"https:\/\/schema.org\/InStock\",\r\n                \"validFrom\": \"2026-04-14T00:00\"\r\n            },\r\n            \"performer\": \"\",\r\n            \"description\": \"&lt;p&gt;El dia que torn\u00e0 a casa.&lt;\/p&gt; &lt;p&gt;14 d\u2019abril. 19:00h. Casa de la Cultura&lt;\/p&gt; &lt;p&gt;\u00c0rtur Mart\u00ednez, de la F\u00famiga, conversa amb el periodista Sergi Moyano, autor d\u2019Operaci\u00f3 Apolo&lt;\/p&gt; &lt;p&gt;Organitza: Ajuntament d\u2019Alzira&lt;br \/&gt; Col\u00b7labora: RTVE Comunitat Valenciana&lt;\/p&gt; &lt;div class=&quot;figure&quot;&gt;&lt;a href=&quot;https:\/\/alzira.es\/wp-content\/uploads\/2026\/04\/luis-suner.jpeg&quot; target=&quot;_blank&quot; rel=&quot;noopener&quot;&gt;&lt;img loading=&quot;lazy&quot; decoding=&quot;async&quot; class=&quot;aligncenter wp-image-170961 size-full&quot; src=&quot;https:\/\/alzira.es\/wp-content\/uploads\/2026\/04\/luis-suner.jpeg&quot; alt=&quot;45 anys del segrest de Luis Su\u00f1er&quot; width=&quot;1131&quot; height=&quot;1600&quot; srcset=&quot;https:\/\/alzira.es\/wp-content\/uploads\/2026\/04\/luis-suner.jpeg 1131w, https:\/\/alzira.es\/wp-content\/uploads\/2026\/04\/luis-suner-361x510.jpeg 361w, https:\/\/alzira.es\/wp-content\/uploads\/2026\/04\/luis-suner-758x1072.jpeg 758w, https:\/\/alzira.es\/wp-content\/uploads\/2026\/04\/luis-suner-768x1086.jpeg 768w, https:\/\/alzira.es\/wp-content\/uploads\/2026\/04\/luis-suner-1086x1536.jpeg 1086w&quot; sizes=&quot;(max-width: 706px) 89vw, (max-width: 767px) 82vw, 740px&quot; \/&gt;&lt;\/a&gt;&lt;\/div&gt; \",\r\n            \"image\": \"https:\/\/alzira.es\/wp-content\/uploads\/2026\/04\/luis-suner.jpeg\",\r\n            \"name\": \"45 anys del segrest de Luis Su\u00f1er\",\r\n            \"url\": \"https:\/\/alzira.es\/es\/agenda-alzira\/45-anys-del-segrest-de-luis-suner\/\"\r\n        }\r\n        <\/script>\r\n        <article class=\"mec-past-event ended-relative mec-event-article \"><div class=\"mec-event-image\"><img decoding=\"async\" width=\"350\" height=\"350\" data-src=\"https:\/\/alzira.es\/wp-content\/uploads\/2026\/04\/luis-suner-350x350.jpeg\" class=\"attachment-thumbnail size-thumbnail wp-post-image lazyload\" alt=\"45 anys del segrest de Luis Su\u00f1er\" data-mec-postid=\"170960\" data-srcset=\"https:\/\/alzira.es\/wp-content\/uploads\/2026\/04\/luis-suner-350x350.jpeg 350w, https:\/\/alzira.es\/wp-content\/uploads\/2026\/04\/luis-suner-300x300.jpeg 300w, https:\/\/alzira.es\/wp-content\/uploads\/2026\/04\/luis-suner-100x100.jpeg 100w\" data-sizes=\"100vw\" src=\"data:image\/svg+xml;base64,PHN2ZyB3aWR0aD0iMSIgaGVpZ2h0PSIxIiB4bWxucz0iaHR0cDovL3d3dy53My5vcmcvMjAwMC9zdmciPjwvc3ZnPg==\" style=\"--smush-placeholder-width: 350px; --smush-placeholder-aspect-ratio: 350\/350;\" \/><\/div><div class=\"mec-event-time mec-color\"><i class=\"mec-sl-clock-o\"><\/i> 19:00<\/div><h4 class=\"mec-event-title\"><a class=\"mec-color-hover\"  data-event-id=\"170960\" href=\"https:\/\/alzira.es\/es\/agenda-alzira\/45-anys-del-segrest-de-luis-suner\/\" target=\"_self\" rel=\"noopener\">45 anys del segrest de Luis Su\u00f1er<\/a><span class=\"event-color\" style=\"background: #0095ad\"><\/span><\/h4><div class=\"mec-event-detail\"><div class=\"mec-event-loc-place\"><\/div><\/div><\/article><\/div><div class=\"mec-calendar-events-sec\" data-mec-cell=\"20260415\" ><h6 class=\"mec-table-side-title\">Eventos para <span class=\"mec-color mec-table-side-day\"> 15th<\/span> abril<\/h6>        <script type=\"application\/ld+json\">\r\n        {\r\n            \"@context\": \"http:\/\/schema.org\",\r\n            \"@type\": \"Event\",\r\n            \"eventStatus\": \"https:\/\/schema.org\/EventScheduled\",\r\n            \"startDate\": \"2026-04-15\",\r\n            \"endDate\": \"2026-04-15\",\r\n            \"eventAttendanceMode\": \"https:\/\/schema.org\/OfflineEventAttendanceMode\",\r\n            \"location\":\r\n            {\r\n                \"@type\": \"Place\",\r\n                                \"name\": \"\",\r\n                \"image\": \"\",\r\n                \"address\": \"\"\r\n                            },\r\n            \"organizer\":\r\n            {\r\n                \"@type\": \"Person\",\r\n                \"name\": \"\",\r\n                \"url\": \"\"\r\n            },\r\n            \"offers\":\r\n            {\r\n                \"url\": \"https:\/\/alzira.es\/es\/agenda-alzira\/nova-sessio-del-club-de-lectura\/\",\r\n                \"price\": \"\",\r\n                \"priceCurrency\": \"EUR\",\r\n                \"availability\": \"https:\/\/schema.org\/InStock\",\r\n                \"validFrom\": \"2026-04-15T00:00\"\r\n            },\r\n            \"performer\": \"\",\r\n            \"description\": \"&lt;p&gt;&lt;strong&gt;Dimecres 15 d\u00b4abril a les 19:00 hores&lt;\/strong&gt;&lt;\/p&gt; &lt;p&gt;Nova sessi\u00f3 del club de lectura. Aquest mes l\u00b4obra escollida \u00e9s \u201cEl extranjero\u201d de Albert Camus.&lt;\/p&gt; &lt;p&gt;Lloc: 3\u00aa planta de la biblioteca. Per a p\u00fablic adult.&lt;\/p&gt; &lt;p&gt;Coordinador: Jos\u00e9 Luis Monroy Ant\u00f3n&lt;\/p&gt; &lt;p&gt;Sinopsi: Este libro capital para la cultura del siglo XX transcurre en Argelia y narra la anodina vida de Meursault, un joven oficinista que vive en perpetua apat\u00eda. Cuando recibe la noticia del fallecimiento de su madre, la encaja con la mayor impasibilidad. Obligado a abandonar la capital y viajar para asistir al funeral, Meursault desea que la ceremonia sea breve para regresar a su casa. Esa indiferencia existencial marca sus d\u00edas, avanzando sin reaccionar a la muerte de su madre, al afecto de su amada y ni tan siquiera a un crimen que cometer\u00e1 con id\u00e9ntica desidia, incapaz de ver el alcance moral de sus actos.&lt;br \/&gt; Camus retrata magistralmente la indolencia del hombre del siglo XX, un hombre que no encuentra su lugar, extranjero en su propio mundo. Este personaje esc\u00e9ptico y desapasionado que ha abandonado su condici\u00f3n de sujeto aut\u00f3nomo sigue siendo hoy un imprescindible referente literario y existencial.&lt;\/p&gt; &lt;p&gt;Vos esperem!&lt;\/p&gt; &lt;div class=&quot;figure&quot;&gt;&lt;a href=&quot;https:\/\/alzira.es\/wp-content\/uploads\/2025\/10\/club-de-lectura-3.jpeg&quot; target=&quot;_blank&quot; rel=&quot;noopener&quot;&gt;&lt;img loading=&quot;lazy&quot; decoding=&quot;async&quot; class=&quot;aligncenter wp-image-170988 size-full&quot; src=&quot;https:\/\/alzira.es\/wp-content\/uploads\/2025\/10\/club-de-lectura-3.jpeg&quot; alt=&quot;Nova sessi\u00f3 del club de lectura&quot; width=&quot;412&quot; height=&quot;583&quot; srcset=&quot;https:\/\/alzira.es\/wp-content\/uploads\/2025\/10\/club-de-lectura-3.jpeg 412w, https:\/\/alzira.es\/wp-content\/uploads\/2025\/10\/club-de-lectura-3-360x510.jpeg 360w&quot; sizes=&quot;(max-width: 412px) 100vw, 412px&quot; \/&gt;&lt;\/a&gt;&lt;\/div&gt; \",\r\n            \"image\": \"https:\/\/alzira.es\/wp-content\/uploads\/2025\/10\/club-de-lectura-3.jpeg\",\r\n            \"name\": \"Nova sessi\u00f3 del club de lectura\",\r\n            \"url\": \"https:\/\/alzira.es\/es\/agenda-alzira\/nova-sessio-del-club-de-lectura\/\"\r\n        }\r\n        <\/script>\r\n        <article class=\"mec-past-event ended-relative mec-event-article \"><div class=\"mec-event-image\"><img decoding=\"async\" width=\"350\" height=\"350\" data-src=\"https:\/\/alzira.es\/wp-content\/uploads\/2025\/10\/club-de-lectura-3-350x350.jpeg\" class=\"attachment-thumbnail size-thumbnail wp-post-image lazyload\" alt=\"Nova sessi\u00f3 del club de lectura\" data-mec-postid=\"164759\" data-srcset=\"https:\/\/alzira.es\/wp-content\/uploads\/2025\/10\/club-de-lectura-3-350x350.jpeg 350w, https:\/\/alzira.es\/wp-content\/uploads\/2025\/10\/club-de-lectura-3-300x300.jpeg 300w, https:\/\/alzira.es\/wp-content\/uploads\/2025\/10\/club-de-lectura-3-100x100.jpeg 100w\" data-sizes=\"100vw\" src=\"data:image\/svg+xml;base64,PHN2ZyB3aWR0aD0iMSIgaGVpZ2h0PSIxIiB4bWxucz0iaHR0cDovL3d3dy53My5vcmcvMjAwMC9zdmciPjwvc3ZnPg==\" style=\"--smush-placeholder-width: 350px; --smush-placeholder-aspect-ratio: 350\/350;\" \/><\/div><div class=\"mec-event-time mec-color\"><i class=\"mec-sl-clock-o\"><\/i> 19:00<\/div><h4 class=\"mec-event-title\"><a class=\"mec-color-hover\"  data-event-id=\"164759\" href=\"https:\/\/alzira.es\/es\/agenda-alzira\/nova-sessio-del-club-de-lectura\/\" target=\"_self\" rel=\"noopener\">Nova sessi\u00f3 del club de lectura<\/a><span class=\"event-color\" style=\"background: #e6b018\"><\/span><\/h4><div class=\"mec-event-detail\"><div class=\"mec-event-loc-place\"><\/div><\/div><\/article><\/div><div class=\"mec-calendar-events-sec\" data-mec-cell=\"20260416\" ><h6 class=\"mec-table-side-title\">Eventos para <span class=\"mec-color mec-table-side-day\"> 16th<\/span> abril<\/h6>        <script type=\"application\/ld+json\">\r\n        {\r\n            \"@context\": \"http:\/\/schema.org\",\r\n            \"@type\": \"Event\",\r\n            \"eventStatus\": \"https:\/\/schema.org\/EventScheduled\",\r\n            \"startDate\": \"2026-04-16\",\r\n            \"endDate\": \"2026-04-16\",\r\n            \"eventAttendanceMode\": \"https:\/\/schema.org\/OfflineEventAttendanceMode\",\r\n            \"location\":\r\n            {\r\n                \"@type\": \"Place\",\r\n                                \"name\": \"\",\r\n                \"image\": \"\",\r\n                \"address\": \"\"\r\n                            },\r\n            \"organizer\":\r\n            {\r\n                \"@type\": \"Person\",\r\n                \"name\": \"\",\r\n                \"url\": \"\"\r\n            },\r\n            \"offers\":\r\n            {\r\n                \"url\": \"https:\/\/alzira.es\/es\/agenda-alzira\/contacontes-tot-en-caixa-el-pais-de-les-emocions\/\",\r\n                \"price\": \"\",\r\n                \"priceCurrency\": \"EUR\",\r\n                \"availability\": \"https:\/\/schema.org\/InStock\",\r\n                \"validFrom\": \"2026-04-16T00:00\"\r\n            },\r\n            \"performer\": \"\",\r\n            \"description\": \"&lt;div class=&quot;x_x_elementToProof&quot;&gt;&lt;b&gt;&lt;u data-olk-copy-source=&quot;MessageBody&quot;&gt;Dijous 16 d\u00b4abril a les 18:00 hores&lt;\/u&gt;&lt;\/b&gt;&lt;\/div&gt; &lt;div class=&quot;x_x_elementToProof&quot;&gt;&lt;b&gt;&lt;u&gt; &lt;\/u&gt;&lt;\/b&gt;&lt;\/div&gt; &lt;div class=&quot;x_x_elementToProof&quot;&gt;Contacontes \u201cTot en Caixa: el pa\u00eds de les emocions\u201d, a c\u00e0rrec de La Pallassa \u201cXispeta\u201d (Laura Renard). \u00c9s tracta d\u00b4una activitat inserida dins la VI Mostra d\u2019Arts Esc\u00e8niques per a la Primera Inf\u00e0ncia&lt;\/div&gt; &lt;div class=&quot;x_x_elementToProof&quot; aria-hidden=&quot;true&quot;&gt;&lt;\/div&gt; &lt;div class=&quot;x_x_elementToProof&quot;&gt;&lt;u&gt;Edat del p\u00fablic assistent&lt;\/u&gt;: 1 a 4 anys&lt;\/div&gt; &lt;div class=&quot;x_x_elementToProof&quot; aria-hidden=&quot;true&quot;&gt;&lt;\/div&gt; &lt;div class=&quot;x_x_elementToProof&quot;&gt;&lt;u&gt;Tipus d\u00b4activitat&lt;\/u&gt;: Espectacle de narraci\u00f3 oral per a la primera inf\u00e0ncia&lt;\/div&gt; &lt;div class=&quot;x_x_elementToProof&quot;&gt;&lt;b&gt; &lt;\/b&gt;&lt;\/div&gt; &lt;div class=&quot;x_x_elementToProof&quot;&gt;&lt;u&gt;Aforament m\u00e0xim&lt;\/u&gt;: 18 xiquets\/es + 1 pare\/mare per xiquet. Les inscripcions seran b\u00e9 telef\u00f2nicament al 962012981 o presencialment al mostrador de la biblioteca fins a completar aforament.&lt;\/div&gt; &lt;div class=&quot;x_x_elementToProof&quot; aria-hidden=&quot;true&quot;&gt;&lt;\/div&gt; &lt;div class=&quot;x_x_elementToProof&quot;&gt;NOTA: LES INCRIPCIONS COMEN\u00c7ARAN EL DIMARTS 14 D\u00b4ABRIL A LES 09:00 HORES&lt;\/div&gt; &lt;div class=&quot;x_x_elementToProof&quot; aria-hidden=&quot;true&quot;&gt;&lt;\/div&gt; &lt;div class=&quot;x_x_elementToProof&quot;&gt;&lt;u&gt;Lloc&lt;\/u&gt;: sala II de la Casa de la Cultura&lt;\/div&gt; &lt;div class=&quot;x_x_elementToProof&quot; aria-hidden=&quot;true&quot;&gt;&lt;\/div&gt; &lt;div class=&quot;x_x_elementToProof&quot;&gt;&lt;b&gt;Sinopsi: &lt;\/b&gt;Al pa\u00eds de &lt;i&gt;Tot en Caixa&lt;\/i&gt; les emocions tenen la seua pr\u00f2pia casa. A cada casa viu una emoci\u00f3 i una hist\u00f2ria relacionada amb ella.&lt;\/div&gt; &lt;div class=&quot;x_x_elementToProof&quot;&gt;La calma. La por. La R\u00e0bia. La tristesa. La alegria.&lt;\/div&gt; &lt;div class=&quot;x_x_elementToProof&quot;&gt;Amb jocs, m\u00fasica, m\u00e0gia i molta diversi\u00f3 ajudarem als habitants de &lt;i&gt;Tot en Caixa&lt;\/i&gt; a tindre les emocions al seu lloc.&lt;\/div&gt; &lt;div class=&quot;x_x_elementToProof&quot;&gt;&lt;\/div&gt; &lt;div class=&quot;x_x_elementToProof&quot;&gt;Vos esperem&lt;\/div&gt; &lt;div&gt;&lt;\/div&gt; &lt;div&gt;&lt;a href=&quot;https:\/\/alzira.es\/wp-content\/uploads\/2026\/04\/la-pallasa-xispeta.jpeg&quot; target=&quot;_blank&quot; rel=&quot;noopener&quot;&gt;&lt;img loading=&quot;lazy&quot; decoding=&quot;async&quot; class=&quot;aligncenter wp-image-170939 size-full&quot; src=&quot;https:\/\/alzira.es\/wp-content\/uploads\/2026\/04\/la-pallasa-xispeta.jpeg&quot; alt=&quot;Contacontes \u201cTot en Caixa: el pa\u00eds de les emocions\u201d&quot; width=&quot;786&quot; height=&quot;1600&quot; srcset=&quot;https:\/\/alzira.es\/wp-content\/uploads\/2026\/04\/la-pallasa-xispeta.jpeg 786w, https:\/\/alzira.es\/wp-content\/uploads\/2026\/04\/la-pallasa-xispeta-251x510.jpeg 251w, https:\/\/alzira.es\/wp-content\/uploads\/2026\/04\/la-pallasa-xispeta-527x1072.jpeg 527w, https:\/\/alzira.es\/wp-content\/uploads\/2026\/04\/la-pallasa-xispeta-768x1563.jpeg 768w, https:\/\/alzira.es\/wp-content\/uploads\/2026\/04\/la-pallasa-xispeta-755x1536.jpeg 755w&quot; sizes=&quot;(max-width: 706px) 89vw, (max-width: 767px) 82vw, 740px&quot; \/&gt;&lt;\/a&gt;&lt;\/div&gt; \",\r\n            \"image\": \"https:\/\/alzira.es\/wp-content\/uploads\/2026\/04\/la-pallasa-xispeta.jpeg\",\r\n            \"name\": \"Contacontes \u201cTot en Caixa: el pa\u00eds de les emocions\u201d\",\r\n            \"url\": \"https:\/\/alzira.es\/es\/agenda-alzira\/contacontes-tot-en-caixa-el-pais-de-les-emocions\/\"\r\n        }\r\n        <\/script>\r\n        <article class=\"mec-past-event ended-relative mec-event-article \"><div class=\"mec-event-image\"><img decoding=\"async\" width=\"350\" height=\"350\" data-src=\"https:\/\/alzira.es\/wp-content\/uploads\/2026\/04\/la-pallasa-xispeta-350x350.jpeg\" class=\"attachment-thumbnail size-thumbnail wp-post-image lazyload\" alt=\"Contacontes \u201cTot en Caixa: el pa\u00eds de les emocions\u201d\" data-mec-postid=\"170938\" data-srcset=\"https:\/\/alzira.es\/wp-content\/uploads\/2026\/04\/la-pallasa-xispeta-350x350.jpeg 350w, https:\/\/alzira.es\/wp-content\/uploads\/2026\/04\/la-pallasa-xispeta-300x300.jpeg 300w, https:\/\/alzira.es\/wp-content\/uploads\/2026\/04\/la-pallasa-xispeta-100x100.jpeg 100w\" data-sizes=\"100vw\" src=\"data:image\/svg+xml;base64,PHN2ZyB3aWR0aD0iMSIgaGVpZ2h0PSIxIiB4bWxucz0iaHR0cDovL3d3dy53My5vcmcvMjAwMC9zdmciPjwvc3ZnPg==\" style=\"--smush-placeholder-width: 350px; --smush-placeholder-aspect-ratio: 350\/350;\" \/><\/div><div class=\"mec-event-time mec-color\"><i class=\"mec-sl-clock-o\"><\/i> 18:00<\/div><h4 class=\"mec-event-title\"><a class=\"mec-color-hover\"  data-event-id=\"170938\" href=\"https:\/\/alzira.es\/es\/agenda-alzira\/contacontes-tot-en-caixa-el-pais-de-les-emocions\/\" target=\"_self\" rel=\"noopener\">Contacontes \u201cTot en Caixa: el pa\u00eds de les emocions\u201d<\/a><span class=\"event-color\" style=\"background: #eb5696\"><\/span><\/h4><div class=\"mec-event-detail\"><div class=\"mec-event-loc-place\"><\/div><\/div><\/article><\/div><div class=\"mec-calendar-events-sec\" data-mec-cell=\"20260417\" ><h6 class=\"mec-table-side-title\">Eventos para <span class=\"mec-color mec-table-side-day\"> 17th<\/span> abril<\/h6>        <script type=\"application\/ld+json\">\r\n        {\r\n            \"@context\": \"http:\/\/schema.org\",\r\n            \"@type\": \"Event\",\r\n            \"eventStatus\": \"https:\/\/schema.org\/EventScheduled\",\r\n            \"startDate\": \"2026-04-17\",\r\n            \"endDate\": \"2026-04-17\",\r\n            \"eventAttendanceMode\": \"https:\/\/schema.org\/OfflineEventAttendanceMode\",\r\n            \"location\":\r\n            {\r\n                \"@type\": \"Place\",\r\n                                \"name\": \"\",\r\n                \"image\": \"\",\r\n                \"address\": \"\"\r\n                            },\r\n            \"organizer\":\r\n            {\r\n                \"@type\": \"Person\",\r\n                \"name\": \"\",\r\n                \"url\": \"\"\r\n            },\r\n            \"offers\":\r\n            {\r\n                \"url\": \"https:\/\/alzira.es\/es\/agenda-alzira\/conferencia-jaume-i-i-la-conquesta-de-la-ia\/\",\r\n                \"price\": \"\",\r\n                \"priceCurrency\": \"EUR\",\r\n                \"availability\": \"https:\/\/schema.org\/InStock\",\r\n                \"validFrom\": \"2026-04-17T00:00\"\r\n            },\r\n            \"performer\": \"\",\r\n            \"description\": \"&lt;p&gt;\ud83d\udcc5\ud83d\udd55 Divendres 17 d\u2019abril | 18:00 \u2014 al MUMA, Alzira&lt;br \/&gt; \ud83c\udfa4 Confer\u00e8ncia: \u00abJaume I i la conquesta de la IA\u00bb \u2014 amb Rub\u00e9n Guillot Escandell (certificat Microsoft)&lt;br \/&gt; \ud83c\udf9f\ufe0f Entrada lliure&lt;br \/&gt; \ud83d\udd0e Qu\u00e8 tractarem?&lt;br \/&gt; \u2696\ufe0f Seguretat i governan\u00e7a: el nou marc legal (AI Act i AESIA) i com protegeix usuaris i empreses sense frenar la innovaci\u00f3.&lt;br \/&gt; \ud83e\udd16 De l&#8217;automatitzaci\u00f3 al secretariat ag\u00e8ntic: com els agents i avatars entren en el dia a dia laboral.&lt;br \/&gt; \ud83d\udcca Explotaci\u00f3 de dades: convertir informaci\u00f3 en decisions intel\u00b7ligents.&lt;br \/&gt; \u2699\ufe0f Automatitzacions: alliberar talent per a tasques d\u2019alt valor estrat\u00e8gic.&lt;br \/&gt; \ud83c\udf31 Sostenibilitat i futur: impacte laboral i ambiental de la IA, amb una mirada \u00e8tica i 360\u00ba.&lt;br \/&gt; \ud83d\udde3\ufe0f Enlla\u00e7ant passat i futur: la figura de Jaume I com a met\u00e0fora de gesti\u00f3 del canvi \u2014 eines digitals per a navegar el present immediat.&lt;br \/&gt; \ud83d\udcac \u00abLa IA no \u00e9s una eina del futur, \u00e9s el present que requereix una nova mentalitat de conquesta: estrat\u00e8gica, segura i legislada.\u201d \u2014 Rub\u00e9n Guillot Escandell&lt;\/p&gt; &lt;div class=&quot;figure&quot;&gt;&lt;a href=&quot;https:\/\/alzira.es\/wp-content\/uploads\/2026\/04\/jaume-i-la-conquesta-de-la-ia.jpeg&quot; target=&quot;_blank&quot; rel=&quot;noopener&quot;&gt;&lt;img loading=&quot;lazy&quot; decoding=&quot;async&quot; class=&quot;aligncenter wp-image-170946 size-full&quot; src=&quot;https:\/\/alzira.es\/wp-content\/uploads\/2026\/04\/jaume-i-la-conquesta-de-la-ia.jpeg&quot; alt=&quot;Confer\u00e8ncia: &quot;Jaume I i la conquesta de la IA&quot; &quot; width=&quot;1024&quot; height=&quot;1024&quot; srcset=&quot;https:\/\/alzira.es\/wp-content\/uploads\/2026\/04\/jaume-i-la-conquesta-de-la-ia.jpeg 1024w, https:\/\/alzira.es\/wp-content\/uploads\/2026\/04\/jaume-i-la-conquesta-de-la-ia-510x510.jpeg 510w, https:\/\/alzira.es\/wp-content\/uploads\/2026\/04\/jaume-i-la-conquesta-de-la-ia-350x350.jpeg 350w, https:\/\/alzira.es\/wp-content\/uploads\/2026\/04\/jaume-i-la-conquesta-de-la-ia-768x768.jpeg 768w, https:\/\/alzira.es\/wp-content\/uploads\/2026\/04\/jaume-i-la-conquesta-de-la-ia-300x300.jpeg 300w, https:\/\/alzira.es\/wp-content\/uploads\/2026\/04\/jaume-i-la-conquesta-de-la-ia-100x100.jpeg 100w&quot; sizes=&quot;(max-width: 706px) 89vw, (max-width: 767px) 82vw, 740px&quot; \/&gt;&lt;\/a&gt;&lt;\/div&gt; \",\r\n            \"image\": \"https:\/\/alzira.es\/wp-content\/uploads\/2026\/04\/jaume-i-la-conquesta-de-la-ia.jpeg\",\r\n            \"name\": \"Confer\u00e8ncia: \u00abJaume I i la conquesta de la IA\u00bb\",\r\n            \"url\": \"https:\/\/alzira.es\/es\/agenda-alzira\/conferencia-jaume-i-i-la-conquesta-de-la-ia\/\"\r\n        }\r\n        <\/script>\r\n        <article class=\"mec-past-event ended-relative mec-event-article \"><div class=\"mec-event-image\"><img decoding=\"async\" width=\"350\" height=\"350\" data-src=\"https:\/\/alzira.es\/wp-content\/uploads\/2026\/04\/jaume-i-la-conquesta-de-la-ia-350x350.jpeg\" class=\"attachment-thumbnail size-thumbnail wp-post-image lazyload\" alt=\"Confer\u00e8ncia: &quot;Jaume I i la conquesta de la IA&quot;\" data-mec-postid=\"170945\" data-srcset=\"https:\/\/alzira.es\/wp-content\/uploads\/2026\/04\/jaume-i-la-conquesta-de-la-ia-350x350.jpeg 350w, https:\/\/alzira.es\/wp-content\/uploads\/2026\/04\/jaume-i-la-conquesta-de-la-ia-510x510.jpeg 510w, https:\/\/alzira.es\/wp-content\/uploads\/2026\/04\/jaume-i-la-conquesta-de-la-ia-768x768.jpeg 768w, https:\/\/alzira.es\/wp-content\/uploads\/2026\/04\/jaume-i-la-conquesta-de-la-ia-300x300.jpeg 300w, https:\/\/alzira.es\/wp-content\/uploads\/2026\/04\/jaume-i-la-conquesta-de-la-ia-100x100.jpeg 100w, https:\/\/alzira.es\/wp-content\/uploads\/2026\/04\/jaume-i-la-conquesta-de-la-ia.jpeg 1024w\" data-sizes=\"100vw\" src=\"data:image\/svg+xml;base64,PHN2ZyB3aWR0aD0iMSIgaGVpZ2h0PSIxIiB4bWxucz0iaHR0cDovL3d3dy53My5vcmcvMjAwMC9zdmciPjwvc3ZnPg==\" style=\"--smush-placeholder-width: 350px; --smush-placeholder-aspect-ratio: 350\/350;\" \/><\/div><div class=\"mec-event-time mec-color\"><i class=\"mec-sl-clock-o\"><\/i> 18:00<\/div><h4 class=\"mec-event-title\"><a class=\"mec-color-hover\"  data-event-id=\"170945\" href=\"https:\/\/alzira.es\/es\/agenda-alzira\/conferencia-jaume-i-i-la-conquesta-de-la-ia\/\" target=\"_self\" rel=\"noopener\">Confer\u00e8ncia: \u00abJaume I i la conquesta de la IA\u00bb<\/a><span class=\"event-color\" style=\"background: #edb718\"><\/span><\/h4><div class=\"mec-event-detail\"><div class=\"mec-event-loc-place\"><\/div><\/div><\/article>        <script type=\"application\/ld+json\">\r\n        {\r\n            \"@context\": \"http:\/\/schema.org\",\r\n            \"@type\": \"Event\",\r\n            \"eventStatus\": \"https:\/\/schema.org\/EventScheduled\",\r\n            \"startDate\": \"2026-04-17\",\r\n            \"endDate\": \"2026-04-17\",\r\n            \"eventAttendanceMode\": \"https:\/\/schema.org\/OfflineEventAttendanceMode\",\r\n            \"location\":\r\n            {\r\n                \"@type\": \"Place\",\r\n                                \"name\": \"\",\r\n                \"image\": \"\",\r\n                \"address\": \"\"\r\n                            },\r\n            \"organizer\":\r\n            {\r\n                \"@type\": \"Person\",\r\n                \"name\": \"\",\r\n                \"url\": \"\"\r\n            },\r\n            \"offers\":\r\n            {\r\n                \"url\": \"https:\/\/alzira.es\/es\/agenda-alzira\/contrahecho-producciones-presenta-canviarem-bolquers-segons-el-boe\/\",\r\n                \"price\": \"\",\r\n                \"priceCurrency\": \"EUR\",\r\n                \"availability\": \"https:\/\/schema.org\/InStock\",\r\n                \"validFrom\": \"2026-04-17T00:00\"\r\n            },\r\n            \"performer\": \"\",\r\n            \"description\": \"&lt;p&gt;&lt;strong&gt;TEATRE PER A J\u00d3VENS I ADULTS&lt;\/strong&gt;&lt;\/p&gt; &lt;p&gt;&lt;u&gt;Divendres 17 d\u2019abril. Gran Teatre d\u2019Alzira, a les 20.30 h&lt;\/u&gt;&lt;\/p&gt; &lt;p&gt;&lt;strong&gt;Contrahecho Producciones &lt;em&gt; &lt;\/em&gt;&lt;\/strong&gt;presenta &lt;strong&gt;&lt;em&gt;CANVIAREM BOLQUERS SEGONS EL BOE.&lt;\/em&gt;&lt;\/strong&gt;&lt;\/p&gt; &lt;p&gt;Text i direcci\u00f3: Patr\u00edcia Pardo&lt;\/p&gt; &lt;p&gt;Int\u00e8rprets: Claudi Ferrer, Pilu Font\u00e1n, Silvia Valero i Alberto Ba\u00f1o&lt;\/p&gt; &lt;p&gt;Una com\u00e8dia contempor\u00e0nia sobre les cures que navega, per moments, entre el teatre de l\u2019absurd amb reaccions inesperades i di\u00e0legs sense aparent l\u00f2gica i un humor que funciona per reconeixement, on el p\u00fablic es veu reflectit en situacions quotidianes que posen al l\u00edmit la nostra paci\u00e8ncia com a individus, en els espais on cuidem dels nostres, com s\u00f3n l\u2019hospital i la casa. Tot en una posada en escena trepidant que fa de la proposta una obra emocionant, original i amb molt d\u2019ingeni. Una com\u00e8dia tendra i de l\u2019absurd sobre les cures al voltant del repte i del desig que, com a familiars, ve\u00efnes i societat tenim des de l&#8217;inici de la humanitat: cuidar, ser cuidats i no explotar en l\u2019intent.&lt;\/p&gt; &lt;p&gt;Recomanat a partir de catorze anys.&lt;\/p&gt; &lt;p&gt;Durada: 75 minuts. Espectacle en valenci\u00e0&lt;\/p&gt; &lt;p&gt;Entrades: 8 \u20ac (redu\u00efda per a carnet jove i jubilats: 6 \u20ac)&lt;\/p&gt; &lt;div class=&quot;figure&quot;&gt;&lt;a href=&quot;https:\/\/alzira.es\/wp-content\/uploads\/2026\/04\/20260417-canviarem-bolquers-segons-el-boe.jpeg&quot; target=&quot;_blank&quot; rel=&quot;noopener&quot;&gt;&lt;img loading=&quot;lazy&quot; decoding=&quot;async&quot; class=&quot;aligncenter wp-image-170773 size-full&quot; src=&quot;https:\/\/alzira.es\/wp-content\/uploads\/2026\/04\/20260417-canviarem-bolquers-segons-el-boe.jpeg&quot; alt=&quot;Contrahecho Producciones  presenta CANVIAREM BOLQUERS SEGONS EL BOE&quot; width=&quot;1131&quot; height=&quot;1600&quot; srcset=&quot;https:\/\/alzira.es\/wp-content\/uploads\/2026\/04\/20260417-canviarem-bolquers-segons-el-boe.jpeg 1131w, https:\/\/alzira.es\/wp-content\/uploads\/2026\/04\/20260417-canviarem-bolquers-segons-el-boe-361x510.jpeg 361w, https:\/\/alzira.es\/wp-content\/uploads\/2026\/04\/20260417-canviarem-bolquers-segons-el-boe-758x1072.jpeg 758w, https:\/\/alzira.es\/wp-content\/uploads\/2026\/04\/20260417-canviarem-bolquers-segons-el-boe-768x1086.jpeg 768w, https:\/\/alzira.es\/wp-content\/uploads\/2026\/04\/20260417-canviarem-bolquers-segons-el-boe-1086x1536.jpeg 1086w&quot; sizes=&quot;(max-width: 706px) 89vw, (max-width: 767px) 82vw, 740px&quot; \/&gt;&lt;\/a&gt;&lt;\/div&gt; \",\r\n            \"image\": \"https:\/\/alzira.es\/wp-content\/uploads\/2026\/04\/20260417-canviarem-bolquers-segons-el-boe.jpeg\",\r\n            \"name\": \"Contrahecho Producciones  presenta CANVIAREM BOLQUERS SEGONS EL BOE\",\r\n            \"url\": \"https:\/\/alzira.es\/es\/agenda-alzira\/contrahecho-producciones-presenta-canviarem-bolquers-segons-el-boe\/\"\r\n        }\r\n        <\/script>\r\n        <article class=\"mec-past-event ended-relative mec-event-article \"><div class=\"mec-event-image\"><img decoding=\"async\" width=\"350\" height=\"350\" data-src=\"https:\/\/alzira.es\/wp-content\/uploads\/2026\/04\/20260417-canviarem-bolquers-segons-el-boe-350x350.jpeg\" class=\"attachment-thumbnail size-thumbnail wp-post-image lazyload\" alt=\"Contrahecho Producciones presenta CANVIAREM BOLQUERS SEGONS EL BOE\" data-mec-postid=\"170772\" data-srcset=\"https:\/\/alzira.es\/wp-content\/uploads\/2026\/04\/20260417-canviarem-bolquers-segons-el-boe-350x350.jpeg 350w, https:\/\/alzira.es\/wp-content\/uploads\/2026\/04\/20260417-canviarem-bolquers-segons-el-boe-300x300.jpeg 300w, https:\/\/alzira.es\/wp-content\/uploads\/2026\/04\/20260417-canviarem-bolquers-segons-el-boe-100x100.jpeg 100w\" data-sizes=\"100vw\" src=\"data:image\/svg+xml;base64,PHN2ZyB3aWR0aD0iMSIgaGVpZ2h0PSIxIiB4bWxucz0iaHR0cDovL3d3dy53My5vcmcvMjAwMC9zdmciPjwvc3ZnPg==\" style=\"--smush-placeholder-width: 350px; --smush-placeholder-aspect-ratio: 350\/350;\" \/><\/div><div class=\"mec-event-time mec-color\"><i class=\"mec-sl-clock-o\"><\/i> 20:30 - 21:45<\/div><h4 class=\"mec-event-title\"><a class=\"mec-color-hover\"  data-event-id=\"170772\" href=\"https:\/\/alzira.es\/es\/agenda-alzira\/contrahecho-producciones-presenta-canviarem-bolquers-segons-el-boe\/\" target=\"_self\" rel=\"noopener\">Contrahecho Producciones  presenta CANVIAREM BOLQUERS SEGONS EL BOE<\/a><span class=\"event-color\" style=\"background: #7db9ba\"><\/span><\/h4><div class=\"mec-event-detail\"><div class=\"mec-event-loc-place\"><\/div><\/div><\/article><\/div><div class=\"mec-calendar-events-sec\" data-mec-cell=\"20260418\" ><h6 class=\"mec-table-side-title\">Eventos para <span class=\"mec-color mec-table-side-day\"> 18th<\/span> abril<\/h6>        <script type=\"application\/ld+json\">\r\n        {\r\n            \"@context\": \"http:\/\/schema.org\",\r\n            \"@type\": \"Event\",\r\n            \"eventStatus\": \"https:\/\/schema.org\/EventScheduled\",\r\n            \"startDate\": \"2026-04-18\",\r\n            \"endDate\": \"2026-04-18\",\r\n            \"eventAttendanceMode\": \"https:\/\/schema.org\/OfflineEventAttendanceMode\",\r\n            \"location\":\r\n            {\r\n                \"@type\": \"Place\",\r\n                                \"name\": \"\",\r\n                \"image\": \"\",\r\n                \"address\": \"\"\r\n                            },\r\n            \"organizer\":\r\n            {\r\n                \"@type\": \"Person\",\r\n                \"name\": \"\",\r\n                \"url\": \"\"\r\n            },\r\n            \"offers\":\r\n            {\r\n                \"url\": \"https:\/\/alzira.es\/es\/agenda-alzira\/ruta-al-pic-de-la-ratlla-vall-de-la-casella\/\",\r\n                \"price\": \"\",\r\n                \"priceCurrency\": \"EUR\",\r\n                \"availability\": \"https:\/\/schema.org\/InStock\",\r\n                \"validFrom\": \"2026-04-18T00:00\"\r\n            },\r\n            \"performer\": \"\",\r\n            \"description\": \"&lt;p&gt;Vine a descobrir un dels miradors m\u00e9s espectaculars d\u2019Alzira amb una ruta de muntanya plena de natura i panor\u00e0miques incre\u00efbles. \ud83c\udf3f&lt;\/p&gt; &lt;p&gt;\ud83d\udcc5 Dissabte 18 d\u2019abril&lt;br \/&gt; \ud83d\udd58 09.00 h&lt;br \/&gt; \ud83d\udccd P\u00e0rquing del Bar de la Casella&lt;br \/&gt; \ud83c\udf9f Activitat guiada gratu\u00efta&lt;br \/&gt; \ud83d\udc65 Places limitades&lt;\/p&gt; &lt;p&gt;\u26a0 Ruta de dificultat alta, recomanada per a persones amb bona condici\u00f3 f\u00edsica.&lt;\/p&gt; &lt;p&gt;\ud83d\udc49 Inscripci\u00f3 pr\u00e8via al formulari: &lt;em&gt;&lt;strong&gt;&lt;a href=&quot;https:\/\/docs.google.com\/forms\/d\/1v5MtWlOjeBuOXyJ8aNHLa4PvmI3YrATYd6m602_BQKA\/edit&quot; target=&quot;_blank&quot; rel=&quot;noopener&quot;&gt;https:\/\/docs.google.com\/forms\/d\/1v5MtWlOjeBuOXyJ8aNHLa4PvmI3YrATYd6m602_BQKA\/edit&lt;\/a&gt;&lt;\/strong&gt;&lt;\/em&gt;&lt;\/p&gt; &lt;div class=&quot;figure&quot;&gt;&lt;a href=&quot;https:\/\/docs.google.com\/forms\/d\/1v5MtWlOjeBuOXyJ8aNHLa4PvmI3YrATYd6m602_BQKA\/edit&quot; target=&quot;_blank&quot; rel=&quot;noopener&quot;&gt;&lt;img loading=&quot;lazy&quot; decoding=&quot;async&quot; class=&quot;aligncenter wp-image-170967 size-full&quot; src=&quot;https:\/\/alzira.es\/wp-content\/uploads\/2026\/04\/pic-de-la-ratlla.png&quot; alt=&quot;Ruta al Pic de la Ratlla \u2013 Vall de la Casella&quot; width=&quot;647&quot; height=&quot;782&quot; srcset=&quot;https:\/\/alzira.es\/wp-content\/uploads\/2026\/04\/pic-de-la-ratlla.png 647w, https:\/\/alzira.es\/wp-content\/uploads\/2026\/04\/pic-de-la-ratlla-422x510.png 422w&quot; sizes=&quot;(max-width: 647px) 100vw, 647px&quot; \/&gt;&lt;\/a&gt;&lt;\/div&gt; \",\r\n            \"image\": \"https:\/\/alzira.es\/wp-content\/uploads\/2026\/04\/pic-de-la-ratlla.png\",\r\n            \"name\": \"Ruta al Pic de la Ratlla \u2013 Vall de la Casella\",\r\n            \"url\": \"https:\/\/alzira.es\/es\/agenda-alzira\/ruta-al-pic-de-la-ratlla-vall-de-la-casella\/\"\r\n        }\r\n        <\/script>\r\n        <article class=\"mec-past-event ended-relative mec-event-article \"><div class=\"mec-event-image\"><img decoding=\"async\" width=\"350\" height=\"350\" data-src=\"https:\/\/alzira.es\/wp-content\/uploads\/2026\/04\/pic-de-la-ratlla-350x350.png\" class=\"attachment-thumbnail size-thumbnail wp-post-image lazyload\" alt=\"Ruta al Pic de la Ratlla \u2013 Vall de la Casella\" data-mec-postid=\"170966\" data-srcset=\"https:\/\/alzira.es\/wp-content\/uploads\/2026\/04\/pic-de-la-ratlla-350x350.png 350w, https:\/\/alzira.es\/wp-content\/uploads\/2026\/04\/pic-de-la-ratlla-300x300.png 300w, https:\/\/alzira.es\/wp-content\/uploads\/2026\/04\/pic-de-la-ratlla-100x100.png 100w\" data-sizes=\"100vw\" src=\"data:image\/svg+xml;base64,PHN2ZyB3aWR0aD0iMSIgaGVpZ2h0PSIxIiB4bWxucz0iaHR0cDovL3d3dy53My5vcmcvMjAwMC9zdmciPjwvc3ZnPg==\" style=\"--smush-placeholder-width: 350px; --smush-placeholder-aspect-ratio: 350\/350;\" \/><\/div><div class=\"mec-event-time mec-color\"><i class=\"mec-sl-clock-o\"><\/i> 09:00<\/div><h4 class=\"mec-event-title\"><a class=\"mec-color-hover\"  data-event-id=\"170966\" href=\"https:\/\/alzira.es\/es\/agenda-alzira\/ruta-al-pic-de-la-ratlla-vall-de-la-casella\/\" target=\"_self\" rel=\"noopener\">Ruta al Pic de la Ratlla \u2013 Vall de la Casella<\/a><span class=\"event-color\" style=\"background: #7db9ba\"><\/span><\/h4><div class=\"mec-event-detail\"><div class=\"mec-event-loc-place\"><\/div><\/div><\/article>        <script type=\"application\/ld+json\">\r\n        {\r\n            \"@context\": \"http:\/\/schema.org\",\r\n            \"@type\": \"Event\",\r\n            \"eventStatus\": \"https:\/\/schema.org\/EventScheduled\",\r\n            \"startDate\": \"2026-04-18\",\r\n            \"endDate\": \"2026-04-18\",\r\n            \"eventAttendanceMode\": \"https:\/\/schema.org\/OfflineEventAttendanceMode\",\r\n            \"location\":\r\n            {\r\n                \"@type\": \"Place\",\r\n                                \"name\": \"\",\r\n                \"image\": \"\",\r\n                \"address\": \"\"\r\n                            },\r\n            \"organizer\":\r\n            {\r\n                \"@type\": \"Person\",\r\n                \"name\": \"\",\r\n                \"url\": \"\"\r\n            },\r\n            \"offers\":\r\n            {\r\n                \"url\": \"https:\/\/alzira.es\/es\/agenda-alzira\/jornades-dexaltacio-del-tambor-i-el-bombo\/\",\r\n                \"price\": \"\",\r\n                \"priceCurrency\": \"EUR\",\r\n                \"availability\": \"https:\/\/schema.org\/InStock\",\r\n                \"validFrom\": \"2026-04-18T00:00\"\r\n            },\r\n            \"performer\": \"\",\r\n            \"description\": \"&lt;p&gt;\ud83c\udf89\ud83e\udd41 JORNADES D\u2019EXALTACI\u00d3 DEL TAMBOR I EL BOMBO \ud83e\udd41\ud83d\udd25&lt;\/p&gt; &lt;p&gt;\ud83d\udccd Alzira&lt;br \/&gt; \ud83d\udcc5 18 d\u2019abril de 2026&lt;\/p&gt; &lt;p&gt;\u23f0 Programa del dia:&lt;br \/&gt; 10:30h \ud83d\udccc Concentraci\u00f3 al Monument al Tambor&lt;br \/&gt; 11:00h \ud83d\udeb6\u200d\u2642\ufe0f\ud83d\udeb6\u200d\u2640\ufe0f Desfilada des del Monument fins a la Pla\u00e7a del Carb\u00f3&lt;br \/&gt; 14:00h \ud83c\udf7d\ufe0f Dinar&lt;br \/&gt; 18:00h \ud83c\udfba Exhibici\u00f3 de Bandes&lt;br \/&gt; 21:00h \ud83c\udf5d Sopar&lt;br \/&gt; 22:30h \ud83c\udfc6 Concurs Nacional de Bandes&lt;br \/&gt; \ud83c\udf8a Acte de cloenda i rompida de la hora&lt;\/p&gt; &lt;p&gt;\u2728 Vine a fer festa amb nosaltres i a gaudir del ritme!&lt;br \/&gt; #Alzira #TamborIBombo #Festa #CulturaPopular #Jornades&lt;\/p&gt; &lt;div class=&quot;figure&quot;&gt;&lt;a href=&quot;https:\/\/alzira.es\/wp-content\/uploads\/2026\/04\/exaltacio-tambor-bombo.jpeg&quot; target=&quot;_blank&quot; rel=&quot;noopener&quot;&gt;&lt;img loading=&quot;lazy&quot; decoding=&quot;async&quot; class=&quot;aligncenter wp-image-170955 size-full&quot; src=&quot;https:\/\/alzira.es\/wp-content\/uploads\/2026\/04\/exaltacio-tambor-bombo.jpeg&quot; alt=&quot;JORNADES D\u2019EXALTACI\u00d3 DEL TAMBOR I EL BOMBO&quot; width=&quot;1131&quot; height=&quot;1600&quot; srcset=&quot;https:\/\/alzira.es\/wp-content\/uploads\/2026\/04\/exaltacio-tambor-bombo.jpeg 1131w, https:\/\/alzira.es\/wp-content\/uploads\/2026\/04\/exaltacio-tambor-bombo-361x510.jpeg 361w, https:\/\/alzira.es\/wp-content\/uploads\/2026\/04\/exaltacio-tambor-bombo-758x1072.jpeg 758w, https:\/\/alzira.es\/wp-content\/uploads\/2026\/04\/exaltacio-tambor-bombo-768x1086.jpeg 768w, https:\/\/alzira.es\/wp-content\/uploads\/2026\/04\/exaltacio-tambor-bombo-1086x1536.jpeg 1086w&quot; sizes=&quot;(max-width: 706px) 89vw, (max-width: 767px) 82vw, 740px&quot; \/&gt;&lt;\/a&gt;&lt;\/div&gt; \",\r\n            \"image\": \"https:\/\/alzira.es\/wp-content\/uploads\/2026\/04\/exaltacio-tambor-bombo.jpeg\",\r\n            \"name\": \"JORNADES D\u2019EXALTACI\u00d3 DEL TAMBOR I EL BOMBO\",\r\n            \"url\": \"https:\/\/alzira.es\/es\/agenda-alzira\/jornades-dexaltacio-del-tambor-i-el-bombo\/\"\r\n        }\r\n        <\/script>\r\n        <article class=\"mec-past-event ended-relative mec-event-article \"><div class=\"mec-event-image\"><img decoding=\"async\" width=\"350\" height=\"350\" data-src=\"https:\/\/alzira.es\/wp-content\/uploads\/2026\/04\/exaltacio-tambor-bombo-350x350.jpeg\" class=\"attachment-thumbnail size-thumbnail wp-post-image lazyload\" alt=\"JORNADES D\u2019EXALTACI\u00d3 DEL TAMBOR I EL BOMBO\" data-mec-postid=\"170954\" data-srcset=\"https:\/\/alzira.es\/wp-content\/uploads\/2026\/04\/exaltacio-tambor-bombo-350x350.jpeg 350w, https:\/\/alzira.es\/wp-content\/uploads\/2026\/04\/exaltacio-tambor-bombo-300x300.jpeg 300w, https:\/\/alzira.es\/wp-content\/uploads\/2026\/04\/exaltacio-tambor-bombo-100x100.jpeg 100w\" data-sizes=\"100vw\" src=\"data:image\/svg+xml;base64,PHN2ZyB3aWR0aD0iMSIgaGVpZ2h0PSIxIiB4bWxucz0iaHR0cDovL3d3dy53My5vcmcvMjAwMC9zdmciPjwvc3ZnPg==\" style=\"--smush-placeholder-width: 350px; --smush-placeholder-aspect-ratio: 350\/350;\" \/><\/div><div class=\"mec-event-time mec-color\"><i class=\"mec-sl-clock-o\"><\/i> Todo el d\u00eda<\/div><h4 class=\"mec-event-title\"><a class=\"mec-color-hover\"  data-event-id=\"170954\" href=\"https:\/\/alzira.es\/es\/agenda-alzira\/jornades-dexaltacio-del-tambor-i-el-bombo\/\" target=\"_self\" rel=\"noopener\">JORNADES D\u2019EXALTACI\u00d3 DEL TAMBOR I EL BOMBO<\/a><span class=\"event-color\" style=\"background: #7db9ba\"><\/span><\/h4><div class=\"mec-event-detail\"><div class=\"mec-event-loc-place\"><\/div><\/div><\/article><\/div><div class=\"mec-calendar-events-sec\" data-mec-cell=\"20260419\" ><h6 class=\"mec-table-side-title\">Eventos para <span class=\"mec-color mec-table-side-day\"> 19th<\/span> abril<\/h6>        <script type=\"application\/ld+json\">\r\n        {\r\n            \"@context\": \"http:\/\/schema.org\",\r\n            \"@type\": \"Event\",\r\n            \"eventStatus\": \"https:\/\/schema.org\/EventScheduled\",\r\n            \"startDate\": \"2026-04-19\",\r\n            \"endDate\": \"2026-04-19\",\r\n            \"eventAttendanceMode\": \"https:\/\/schema.org\/OfflineEventAttendanceMode\",\r\n            \"location\":\r\n            {\r\n                \"@type\": \"Place\",\r\n                                \"name\": \"\",\r\n                \"image\": \"\",\r\n                \"address\": \"\"\r\n                            },\r\n            \"organizer\":\r\n            {\r\n                \"@type\": \"Person\",\r\n                \"name\": \"\",\r\n                \"url\": \"\"\r\n            },\r\n            \"offers\":\r\n            {\r\n                \"url\": \"https:\/\/alzira.es\/es\/agenda-alzira\/41a-trobada-de-centres-en-valencia-de-la-ribera\/\",\r\n                \"price\": \"\",\r\n                \"priceCurrency\": \"EUR\",\r\n                \"availability\": \"https:\/\/schema.org\/InStock\",\r\n                \"validFrom\": \"2026-04-19T00:00\"\r\n            },\r\n            \"performer\": \"\",\r\n            \"description\": \"&lt;p&gt;\ud83d\udcc5 Diumenge 19 d&#8217;abril de 2026&lt;br \/&gt; \u23f0 A les 9.00 h.&lt;br \/&gt; \ud83d\udc49 Anima&#8217;t a vindre a la 41a Trobada&lt;\/p&gt; &lt;div class=&quot;figure&quot;&gt;&lt;a href=&quot;https:\/\/alzira.es\/wp-content\/uploads\/2026\/04\/trobada-de-centres-en-valencia.jpeg&quot;&gt;&lt;img loading=&quot;lazy&quot; decoding=&quot;async&quot; class=&quot;aligncenter size-full wp-image-171050&quot; src=&quot;https:\/\/alzira.es\/wp-content\/uploads\/2026\/04\/trobada-de-centres-en-valencia.jpeg&quot; alt=&quot;trobada-de-centres-en-valencia&quot; width=&quot;1131&quot; height=&quot;1600&quot; srcset=&quot;https:\/\/alzira.es\/wp-content\/uploads\/2026\/04\/trobada-de-centres-en-valencia.jpeg 1131w, https:\/\/alzira.es\/wp-content\/uploads\/2026\/04\/trobada-de-centres-en-valencia-361x510.jpeg 361w, https:\/\/alzira.es\/wp-content\/uploads\/2026\/04\/trobada-de-centres-en-valencia-758x1072.jpeg 758w, https:\/\/alzira.es\/wp-content\/uploads\/2026\/04\/trobada-de-centres-en-valencia-768x1086.jpeg 768w, https:\/\/alzira.es\/wp-content\/uploads\/2026\/04\/trobada-de-centres-en-valencia-1086x1536.jpeg 1086w&quot; sizes=&quot;(max-width: 706px) 89vw, (max-width: 767px) 82vw, 740px&quot; \/&gt;&lt;\/a&gt;&lt;\/div&gt; &lt;p&gt;&nbsp;&lt;\/p&gt; \",\r\n            \"image\": \"https:\/\/alzira.es\/wp-content\/uploads\/2026\/04\/trobada-de-centres-en-valencia.jpeg\",\r\n            \"name\": \"41a Trobada de Centres en Valenci\u00e0 de la Ribera\",\r\n            \"url\": \"https:\/\/alzira.es\/es\/agenda-alzira\/41a-trobada-de-centres-en-valencia-de-la-ribera\/\"\r\n        }\r\n        <\/script>\r\n        <article class=\"mec-past-event ended-relative mec-event-article \"><div class=\"mec-event-image\"><img decoding=\"async\" width=\"350\" height=\"350\" data-src=\"https:\/\/alzira.es\/wp-content\/uploads\/2026\/04\/trobada-de-centres-en-valencia-350x350.jpeg\" class=\"attachment-thumbnail size-thumbnail wp-post-image lazyload\" alt=\"trobada-de-centres-en-valencia\" data-mec-postid=\"171049\" data-srcset=\"https:\/\/alzira.es\/wp-content\/uploads\/2026\/04\/trobada-de-centres-en-valencia-350x350.jpeg 350w, https:\/\/alzira.es\/wp-content\/uploads\/2026\/04\/trobada-de-centres-en-valencia-300x300.jpeg 300w, https:\/\/alzira.es\/wp-content\/uploads\/2026\/04\/trobada-de-centres-en-valencia-100x100.jpeg 100w\" data-sizes=\"100vw\" src=\"data:image\/svg+xml;base64,PHN2ZyB3aWR0aD0iMSIgaGVpZ2h0PSIxIiB4bWxucz0iaHR0cDovL3d3dy53My5vcmcvMjAwMC9zdmciPjwvc3ZnPg==\" style=\"--smush-placeholder-width: 350px; --smush-placeholder-aspect-ratio: 350\/350;\" \/><\/div><div class=\"mec-event-time mec-color\"><i class=\"mec-sl-clock-o\"><\/i> Todo el d\u00eda<\/div><h4 class=\"mec-event-title\"><a class=\"mec-color-hover\"  data-event-id=\"171049\" href=\"https:\/\/alzira.es\/es\/agenda-alzira\/41a-trobada-de-centres-en-valencia-de-la-ribera\/\" target=\"_self\" rel=\"noopener\">41a Trobada de Centres en Valenci\u00e0 de la Ribera<\/a><span class=\"event-color\" style=\"background: #\"><\/span><\/h4><div class=\"mec-event-detail\"><div class=\"mec-event-loc-place\"><\/div><\/div><\/article>        <script type=\"application\/ld+json\">\r\n        {\r\n            \"@context\": \"http:\/\/schema.org\",\r\n            \"@type\": \"Event\",\r\n            \"eventStatus\": \"https:\/\/schema.org\/EventScheduled\",\r\n            \"startDate\": \"2026-04-19\",\r\n            \"endDate\": \"2026-04-19\",\r\n            \"eventAttendanceMode\": \"https:\/\/schema.org\/OfflineEventAttendanceMode\",\r\n            \"location\":\r\n            {\r\n                \"@type\": \"Place\",\r\n                                \"name\": \"\",\r\n                \"image\": \"\",\r\n                \"address\": \"\"\r\n                            },\r\n            \"organizer\":\r\n            {\r\n                \"@type\": \"Person\",\r\n                \"name\": \"\",\r\n                \"url\": \"\"\r\n            },\r\n            \"offers\":\r\n            {\r\n                \"url\": \"https:\/\/alzira.es\/es\/agenda-alzira\/el-misteri-de-la-mocadora-muma-alzira\/\",\r\n                \"price\": \"\",\r\n                \"priceCurrency\": \"EUR\",\r\n                \"availability\": \"https:\/\/schema.org\/InStock\",\r\n                \"validFrom\": \"2026-04-19T00:00\"\r\n            },\r\n            \"performer\": \"\",\r\n            \"description\": \"&lt;p&gt;Un espectacle que ens transporta al segle XIII de la m\u00e0 d\u2019Amina i la reina Violant, una hist\u00f2ria sobre amistat, conviv\u00e8ncia i diversitat cultural.&lt;\/p&gt; &lt;p&gt;\ud83c\udfb6 M\u00fasica en directe&lt;br \/&gt; \ud83d\udc83 Dansa&lt;br \/&gt; \ud83d\udc65 Interacci\u00f3 amb el p\u00fablic&lt;\/p&gt; &lt;p&gt;\ud83d\udcc5 Diumenge 19 d\u2019abril&lt;br \/&gt; \ud83d\udd5a 11.30 h&lt;br \/&gt; \ud83d\udccd MUMA \u2013 Museu Municipal d\u2019Alzira&lt;\/p&gt; &lt;p&gt;\ud83c\udf9f Activitat gratu\u00efta&lt;br \/&gt; \ud83d\udc65 Aforament limitat&lt;\/p&gt; &lt;p&gt;\ud83d\udc49 Inscripci\u00f3 pr\u00e8via al formulari: &lt;em&gt;&lt;a href=&quot;https:\/\/docs.google.com\/forms\/d\/1zSSXV31C_s_e7Rr6i-y542Bw1kGoyucXCI1IYbZKMkU\/edit&quot; target=&quot;_blank&quot; rel=&quot;noopener&quot;&gt;https:\/\/docs.google.com\/forms\/d\/1zSSXV31C_s_e7Rr6i-y542Bw1kGoyucXCI1IYbZKMkU\/edit&lt;\/a&gt;&lt;\/em&gt;&lt;\/p&gt; &lt;div class=&quot;figure&quot;&gt;&lt;a href=&quot;https:\/\/alzira.es\/wp-content\/uploads\/2026\/04\/mocaora.jpeg&quot; target=&quot;_blank&quot; rel=&quot;noopener&quot;&gt;&lt;img loading=&quot;lazy&quot; decoding=&quot;async&quot; class=&quot;aligncenter wp-image-170964 size-full&quot; src=&quot;https:\/\/alzira.es\/wp-content\/uploads\/2026\/04\/mocaora.jpeg&quot; alt=&quot;El Misteri de la Mocador\u00e0 \u2013 MUMA Alzira&quot; width=&quot;631&quot; height=&quot;790&quot; srcset=&quot;https:\/\/alzira.es\/wp-content\/uploads\/2026\/04\/mocaora.jpeg 631w, https:\/\/alzira.es\/wp-content\/uploads\/2026\/04\/mocaora-407x510.jpeg 407w&quot; sizes=&quot;(max-width: 631px) 100vw, 631px&quot; \/&gt;&lt;\/a&gt;&lt;\/div&gt; \",\r\n            \"image\": \"https:\/\/alzira.es\/wp-content\/uploads\/2026\/04\/mocaora.jpeg\",\r\n            \"name\": \"El Misteri de la Mocador\u00e0 \u2013 MUMA Alzira\",\r\n            \"url\": \"https:\/\/alzira.es\/es\/agenda-alzira\/el-misteri-de-la-mocadora-muma-alzira\/\"\r\n        }\r\n        <\/script>\r\n        <article class=\"mec-past-event ended-relative mec-event-article \"><div class=\"mec-event-image\"><img decoding=\"async\" width=\"350\" height=\"350\" data-src=\"https:\/\/alzira.es\/wp-content\/uploads\/2026\/04\/mocaora-350x350.jpeg\" class=\"attachment-thumbnail size-thumbnail wp-post-image lazyload\" alt=\"El Misteri de la Mocador\u00e0 \u2013 MUMA Alzira\" data-mec-postid=\"170963\" data-srcset=\"https:\/\/alzira.es\/wp-content\/uploads\/2026\/04\/mocaora-350x350.jpeg 350w, https:\/\/alzira.es\/wp-content\/uploads\/2026\/04\/mocaora-300x300.jpeg 300w, https:\/\/alzira.es\/wp-content\/uploads\/2026\/04\/mocaora-100x100.jpeg 100w\" data-sizes=\"100vw\" src=\"data:image\/svg+xml;base64,PHN2ZyB3aWR0aD0iMSIgaGVpZ2h0PSIxIiB4bWxucz0iaHR0cDovL3d3dy53My5vcmcvMjAwMC9zdmciPjwvc3ZnPg==\" style=\"--smush-placeholder-width: 350px; --smush-placeholder-aspect-ratio: 350\/350;\" \/><\/div><div class=\"mec-event-time mec-color\"><i class=\"mec-sl-clock-o\"><\/i> 11:30<\/div><h4 class=\"mec-event-title\"><a class=\"mec-color-hover\"  data-event-id=\"170963\" href=\"https:\/\/alzira.es\/es\/agenda-alzira\/el-misteri-de-la-mocadora-muma-alzira\/\" target=\"_self\" rel=\"noopener\">El Misteri de la Mocador\u00e0 \u2013 MUMA Alzira<\/a><span class=\"event-color\" style=\"background: #aa9266\"><\/span><\/h4><div class=\"mec-event-detail\"><div class=\"mec-event-loc-place\"><\/div><\/div><\/article><\/div><\/div><dl class=\"mec-calendar-row\"><dt class=\"mec-calendar-day\" data-mec-cell=\"20260420\" data-day=\"20\" data-month=\"202604\">20<\/dt><dt class=\"mec-calendar-day mec-has-event\" data-mec-cell=\"20260421\" data-day=\"21\" data-month=\"202604\"><a href=\"#\" class=\"mec-has-event-a\">21<\/a><\/dt><dt class=\"mec-calendar-day mec-has-event\" data-mec-cell=\"20260422\" data-day=\"22\" data-month=\"202604\"><a href=\"#\" class=\"mec-has-event-a\">22<\/a><\/dt><dt class=\"mec-calendar-day mec-has-event\" data-mec-cell=\"20260423\" data-day=\"23\" data-month=\"202604\"><a href=\"#\" class=\"mec-has-event-a\">23<\/a><\/dt><dt class=\"mec-calendar-day mec-has-event\" data-mec-cell=\"20260424\" data-day=\"24\" data-month=\"202604\"><a href=\"#\" class=\"mec-has-event-a\">24<\/a><\/dt><dt class=\"mec-calendar-day mec-has-event\" data-mec-cell=\"20260425\" data-day=\"25\" data-month=\"202604\"><a href=\"#\" class=\"mec-has-event-a\">25<\/a><\/dt><dt class=\"mec-calendar-day mec-has-event\" data-mec-cell=\"20260426\" data-day=\"26\" data-month=\"202604\"><a href=\"#\" class=\"mec-has-event-a\">26<\/a><\/dt><\/dl><div class=\"mec-clear\"><div  class=\"mec-calendar-events-sec\" data-mec-cell=\"20260420\"><h6 class=\"mec-table-side-title\">Eventos para <span class=\"mec-color mec-table-side-day\"> 20th<\/span> abril<\/h6><article class=\"mec-event-article\"><div class=\"mec-event-detail\">Sin eventos<\/div><\/article><\/div><div class=\"mec-calendar-events-sec\" data-mec-cell=\"20260421\" ><h6 class=\"mec-table-side-title\">Eventos para <span class=\"mec-color mec-table-side-day\"> 21st<\/span> abril<\/h6>        <script type=\"application\/ld+json\">\r\n        {\r\n            \"@context\": \"http:\/\/schema.org\",\r\n            \"@type\": \"Event\",\r\n            \"eventStatus\": \"https:\/\/schema.org\/EventScheduled\",\r\n            \"startDate\": \"2026-04-21\",\r\n            \"endDate\": \"2026-04-21\",\r\n            \"eventAttendanceMode\": \"https:\/\/schema.org\/OfflineEventAttendanceMode\",\r\n            \"location\":\r\n            {\r\n                \"@type\": \"Place\",\r\n                                \"name\": \"\",\r\n                \"image\": \"\",\r\n                \"address\": \"\"\r\n                            },\r\n            \"organizer\":\r\n            {\r\n                \"@type\": \"Person\",\r\n                \"name\": \"\",\r\n                \"url\": \"\"\r\n            },\r\n            \"offers\":\r\n            {\r\n                \"url\": \"https:\/\/alzira.es\/es\/agenda-alzira\/conferencia-unisocietat\/\",\r\n                \"price\": \"\",\r\n                \"priceCurrency\": \"EUR\",\r\n                \"availability\": \"https:\/\/schema.org\/InStock\",\r\n                \"validFrom\": \"2026-04-21T00:00\"\r\n            },\r\n            \"performer\": \"\",\r\n            \"description\": \"&lt;p&gt;\ud83d\udcc5Dimarts 21 d&#8217;abril&lt;br \/&gt; \u23f0 19 hores&lt;br \/&gt; \ud83d\udccdCasa de la Cultura &#8211; C\/ Escoles Pies,4&lt;\/p&gt; &lt;div class=&quot;figure&quot;&gt;&lt;a href=&quot;https:\/\/alzira.es\/wp-content\/uploads\/2023\/11\/unisocietat-2-scaled.jpg&quot; target=&quot;_blank&quot; rel=&quot;noopener&quot;&gt;&lt;img loading=&quot;lazy&quot; decoding=&quot;async&quot; class=&quot;aligncenter wp-image-171125 size-full&quot; src=&quot;https:\/\/alzira.es\/wp-content\/uploads\/2023\/11\/unisocietat-2-scaled.jpg&quot; alt=&quot;Confer\u00e8ncia UNISOCIETAT&quot; width=&quot;2048&quot; height=&quot;2560&quot; srcset=&quot;https:\/\/alzira.es\/wp-content\/uploads\/2023\/11\/unisocietat-2-scaled.jpg 2048w, https:\/\/alzira.es\/wp-content\/uploads\/2023\/11\/unisocietat-2-408x510.jpg 408w, https:\/\/alzira.es\/wp-content\/uploads\/2023\/11\/unisocietat-2-858x1072.jpg 858w, https:\/\/alzira.es\/wp-content\/uploads\/2023\/11\/unisocietat-2-768x960.jpg 768w, https:\/\/alzira.es\/wp-content\/uploads\/2023\/11\/unisocietat-2-1229x1536.jpg 1229w, https:\/\/alzira.es\/wp-content\/uploads\/2023\/11\/unisocietat-2-1638x2048.jpg 1638w&quot; sizes=&quot;(max-width: 706px) 89vw, (max-width: 767px) 82vw, 740px&quot; \/&gt;&lt;\/a&gt;&lt;\/div&gt; \",\r\n            \"image\": \"https:\/\/alzira.es\/wp-content\/uploads\/2023\/11\/unisocietat-2-scaled.jpg\",\r\n            \"name\": \"Confer\u00e8ncia UNISOCIETAT \u00abLa censura franquista: la literatura i el cinema tradu\u00efts\u00bb\",\r\n            \"url\": \"https:\/\/alzira.es\/es\/agenda-alzira\/conferencia-unisocietat\/\"\r\n        }\r\n        <\/script>\r\n        <article class=\"mec-past-event ended-relative mec-event-article \"><div class=\"mec-event-image\"><img decoding=\"async\" width=\"350\" height=\"350\" data-src=\"https:\/\/alzira.es\/wp-content\/uploads\/2023\/11\/unisocietat-2-350x350.jpg\" class=\"attachment-thumbnail size-thumbnail wp-post-image lazyload\" alt=\"Confer\u00e8ncia UNISOCIETAT\" data-mec-postid=\"144443\" data-srcset=\"https:\/\/alzira.es\/wp-content\/uploads\/2023\/11\/unisocietat-2-350x350.jpg 350w, https:\/\/alzira.es\/wp-content\/uploads\/2023\/11\/unisocietat-2-300x300.jpg 300w, https:\/\/alzira.es\/wp-content\/uploads\/2023\/11\/unisocietat-2-100x100.jpg 100w\" data-sizes=\"100vw\" src=\"data:image\/svg+xml;base64,PHN2ZyB3aWR0aD0iMSIgaGVpZ2h0PSIxIiB4bWxucz0iaHR0cDovL3d3dy53My5vcmcvMjAwMC9zdmciPjwvc3ZnPg==\" style=\"--smush-placeholder-width: 350px; --smush-placeholder-aspect-ratio: 350\/350;\" \/><\/div><div class=\"mec-event-time mec-color\"><i class=\"mec-sl-clock-o\"><\/i> 19:00<\/div><h4 class=\"mec-event-title\"><a class=\"mec-color-hover\"  data-event-id=\"144443\" href=\"https:\/\/alzira.es\/es\/agenda-alzira\/conferencia-unisocietat\/\" target=\"_self\" rel=\"noopener\">Confer\u00e8ncia UNISOCIETAT \u00abLa censura franquista: la literatura i el cinema tradu\u00efts\u00bb<\/a><span class=\"event-color\" style=\"background: #00af50\"><\/span><\/h4><div class=\"mec-event-detail\"><div class=\"mec-event-loc-place\"><\/div><\/div><\/article>        <script type=\"application\/ld+json\">\r\n        {\r\n            \"@context\": \"http:\/\/schema.org\",\r\n            \"@type\": \"Event\",\r\n            \"eventStatus\": \"https:\/\/schema.org\/EventScheduled\",\r\n            \"startDate\": \"2026-04-21\",\r\n            \"endDate\": \"2026-04-21\",\r\n            \"eventAttendanceMode\": \"https:\/\/schema.org\/OfflineEventAttendanceMode\",\r\n            \"location\":\r\n            {\r\n                \"@type\": \"Place\",\r\n                                \"name\": \"\",\r\n                \"image\": \"\",\r\n                \"address\": \"\"\r\n                            },\r\n            \"organizer\":\r\n            {\r\n                \"@type\": \"Person\",\r\n                \"name\": \"\",\r\n                \"url\": \"\"\r\n            },\r\n            \"offers\":\r\n            {\r\n                \"url\": \"https:\/\/alzira.es\/es\/agenda-alzira\/xarrada-amb-l-autor\/\",\r\n                \"price\": \"\",\r\n                \"priceCurrency\": \"EUR\",\r\n                \"availability\": \"https:\/\/schema.org\/InStock\",\r\n                \"validFrom\": \"2026-04-21T00:00\"\r\n            },\r\n            \"performer\": \"\",\r\n            \"description\": \"&lt;p&gt;\ud83d\udcc5 Dimarts 21 d&#8217;abril  de 2026&lt;\/p&gt; &lt;p&gt;\ud83d\udd56 19:00 hores&lt;\/p&gt; &lt;p&gt;\ud83d\udccd3a planta de la biblioteca&lt;\/p&gt; &lt;div class=&quot;figure&quot;&gt;&lt;a href=&quot;https:\/\/alzira.es\/wp-content\/uploads\/2026\/03\/xarrada-amb-l-autor.jpeg&quot; target=&quot;_blank&quot; rel=&quot;noopener&quot;&gt;&lt;img loading=&quot;lazy&quot; decoding=&quot;async&quot; class=&quot;aligncenter wp-image-171289 size-full&quot; src=&quot;https:\/\/alzira.es\/wp-content\/uploads\/2026\/03\/xarrada-amb-l-autor.jpeg&quot; alt=&quot;Xarrada amb l&#039;autor&quot; width=&quot;1201&quot; height=&quot;1600&quot; srcset=&quot;https:\/\/alzira.es\/wp-content\/uploads\/2026\/03\/xarrada-amb-l-autor.jpeg 1201w, https:\/\/alzira.es\/wp-content\/uploads\/2026\/03\/xarrada-amb-l-autor-383x510.jpeg 383w, https:\/\/alzira.es\/wp-content\/uploads\/2026\/03\/xarrada-amb-l-autor-805x1072.jpeg 805w, https:\/\/alzira.es\/wp-content\/uploads\/2026\/03\/xarrada-amb-l-autor-768x1023.jpeg 768w, https:\/\/alzira.es\/wp-content\/uploads\/2026\/03\/xarrada-amb-l-autor-300x400.jpeg 300w, https:\/\/alzira.es\/wp-content\/uploads\/2026\/03\/xarrada-amb-l-autor-1153x1536.jpeg 1153w&quot; sizes=&quot;(max-width: 706px) 89vw, (max-width: 767px) 82vw, 740px&quot; \/&gt;&lt;\/a&gt;&lt;\/div&gt; \",\r\n            \"image\": \"https:\/\/alzira.es\/wp-content\/uploads\/2026\/03\/xarrada-amb-l-autor.jpeg\",\r\n            \"name\": \"Xarrada amb l&#8217;autor: Josep Antoni Fluix\u00e0\",\r\n            \"url\": \"https:\/\/alzira.es\/es\/agenda-alzira\/xarrada-amb-l-autor\/\"\r\n        }\r\n        <\/script>\r\n        <article class=\"mec-past-event ended-relative mec-event-article \"><div class=\"mec-event-image\"><img decoding=\"async\" width=\"350\" height=\"350\" data-src=\"https:\/\/alzira.es\/wp-content\/uploads\/2026\/03\/xarrada-amb-l-autor-350x350.jpeg\" class=\"attachment-thumbnail size-thumbnail wp-post-image lazyload\" alt=\"Xarrada amb l&#039;autor\" data-mec-postid=\"168771\" data-srcset=\"https:\/\/alzira.es\/wp-content\/uploads\/2026\/03\/xarrada-amb-l-autor-350x350.jpeg 350w, https:\/\/alzira.es\/wp-content\/uploads\/2026\/03\/xarrada-amb-l-autor-300x300.jpeg 300w, https:\/\/alzira.es\/wp-content\/uploads\/2026\/03\/xarrada-amb-l-autor-1201x1200.jpeg 1201w, https:\/\/alzira.es\/wp-content\/uploads\/2026\/03\/xarrada-amb-l-autor-100x100.jpeg 100w\" data-sizes=\"100vw\" src=\"data:image\/svg+xml;base64,PHN2ZyB3aWR0aD0iMSIgaGVpZ2h0PSIxIiB4bWxucz0iaHR0cDovL3d3dy53My5vcmcvMjAwMC9zdmciPjwvc3ZnPg==\" style=\"--smush-placeholder-width: 350px; --smush-placeholder-aspect-ratio: 350\/350;\" \/><\/div><div class=\"mec-event-time mec-color\"><i class=\"mec-sl-clock-o\"><\/i> 19:00<\/div><h4 class=\"mec-event-title\"><a class=\"mec-color-hover\"  data-event-id=\"168771\" href=\"https:\/\/alzira.es\/es\/agenda-alzira\/xarrada-amb-l-autor\/\" target=\"_self\" rel=\"noopener\">Xarrada amb l&#8217;autor: Josep Antoni Fluix\u00e0<\/a><span class=\"event-color\" style=\"background: #dc1915\"><\/span><\/h4><div class=\"mec-event-detail\"><div class=\"mec-event-loc-place\"><\/div><\/div><\/article><\/div><div class=\"mec-calendar-events-sec\" data-mec-cell=\"20260422\" ><h6 class=\"mec-table-side-title\">Eventos para <span class=\"mec-color mec-table-side-day\"> 22nd<\/span> abril<\/h6>        <script type=\"application\/ld+json\">\r\n        {\r\n            \"@context\": \"http:\/\/schema.org\",\r\n            \"@type\": \"Event\",\r\n            \"eventStatus\": \"https:\/\/schema.org\/EventScheduled\",\r\n            \"startDate\": \"2026-04-22\",\r\n            \"endDate\": \"2026-04-24\",\r\n            \"eventAttendanceMode\": \"https:\/\/schema.org\/OfflineEventAttendanceMode\",\r\n            \"location\":\r\n            {\r\n                \"@type\": \"Place\",\r\n                                \"name\": \"\",\r\n                \"image\": \"\",\r\n                \"address\": \"\"\r\n                            },\r\n            \"organizer\":\r\n            {\r\n                \"@type\": \"Person\",\r\n                \"name\": \"\",\r\n                \"url\": \"\"\r\n            },\r\n            \"offers\":\r\n            {\r\n                \"url\": \"https:\/\/alzira.es\/es\/agenda-alzira\/fira-orientat-dalzira\/\",\r\n                \"price\": \"\",\r\n                \"priceCurrency\": \"EUR\",\r\n                \"availability\": \"https:\/\/schema.org\/InStock\",\r\n                \"validFrom\": \"2026-04-22T00:00\"\r\n            },\r\n            \"performer\": \"\",\r\n            \"description\": \"&lt;p&gt;Del 22 al 24 d&#8217;abril tindr\u00e0 lloc la Fira orienta&#8217;t a la Casa de la Cultura, on podr\u00e0s trobar tota la informaci\u00f3 dels estudis, formacions i eixides professionals de la nostra ciutat perqu\u00e8 pugues triar el teu futur, on hi haur\u00e0 un Kahoot educatiu, tallers, xarrades i estands informatius dels nostres centres educatius.&lt;br \/&gt; \ud83d\udcc6 22, 23, i 24 d&#8217;abril&lt;br \/&gt; \u23f0 De 9h a 14h i de 16h a 19h&lt;br \/&gt; \ud83d\udccdCasa de la Cultura&lt;\/p&gt; &lt;p&gt;Vos esperem!&lt;\/p&gt; &lt;div class=&quot;figure&quot;&gt;&lt;a href=&quot;https:\/\/alzira.es\/wp-content\/uploads\/2026\/04\/orienta-t_2026.jpeg&quot; target=&quot;_blank&quot; rel=&quot;noopener&quot;&gt;&lt;img loading=&quot;lazy&quot; decoding=&quot;async&quot; class=&quot;aligncenter wp-image-171154 size-full&quot; src=&quot;https:\/\/alzira.es\/wp-content\/uploads\/2026\/04\/orienta-t_2026.jpeg&quot; alt=&quot;Fira Orienta&#039;t d&#039;Alzira&quot; width=&quot;1131&quot; height=&quot;1600&quot; srcset=&quot;https:\/\/alzira.es\/wp-content\/uploads\/2026\/04\/orienta-t_2026.jpeg 1131w, https:\/\/alzira.es\/wp-content\/uploads\/2026\/04\/orienta-t_2026-361x510.jpeg 361w, https:\/\/alzira.es\/wp-content\/uploads\/2026\/04\/orienta-t_2026-758x1072.jpeg 758w, https:\/\/alzira.es\/wp-content\/uploads\/2026\/04\/orienta-t_2026-768x1086.jpeg 768w, https:\/\/alzira.es\/wp-content\/uploads\/2026\/04\/orienta-t_2026-1086x1536.jpeg 1086w&quot; sizes=&quot;(max-width: 706px) 89vw, (max-width: 767px) 82vw, 740px&quot; \/&gt;&lt;\/a&gt;&lt;\/div&gt; &lt;div class=&quot;figure&quot;&gt;&lt;a href=&quot;https:\/\/alzira.es\/wp-content\/uploads\/2026\/04\/orienta-t_2026-1-2.jpeg&quot; target=&quot;_blank&quot; rel=&quot;noopener&quot;&gt;&lt;img loading=&quot;lazy&quot; decoding=&quot;async&quot; class=&quot;aligncenter wp-image-171160 size-full&quot; src=&quot;https:\/\/alzira.es\/wp-content\/uploads\/2026\/04\/orienta-t_2026-1-2.jpeg&quot; alt=&quot;Fira Orienta&#039;t d&#039;Alzira&quot; width=&quot;1131&quot; height=&quot;1600&quot; srcset=&quot;https:\/\/alzira.es\/wp-content\/uploads\/2026\/04\/orienta-t_2026-1-2.jpeg 1131w, https:\/\/alzira.es\/wp-content\/uploads\/2026\/04\/orienta-t_2026-1-2-361x510.jpeg 361w, https:\/\/alzira.es\/wp-content\/uploads\/2026\/04\/orienta-t_2026-1-2-758x1072.jpeg 758w, https:\/\/alzira.es\/wp-content\/uploads\/2026\/04\/orienta-t_2026-1-2-768x1086.jpeg 768w, https:\/\/alzira.es\/wp-content\/uploads\/2026\/04\/orienta-t_2026-1-2-1086x1536.jpeg 1086w&quot; sizes=&quot;(max-width: 706px) 89vw, (max-width: 767px) 82vw, 740px&quot; \/&gt;&lt;\/a&gt;&lt;\/div&gt; &lt;p&gt;&nbsp;&lt;\/p&gt; \",\r\n            \"image\": \"https:\/\/alzira.es\/wp-content\/uploads\/2026\/04\/orienta-t_2026.jpeg\",\r\n            \"name\": \"Fira Orienta&#8217;t d&#8217;Alzira\",\r\n            \"url\": \"https:\/\/alzira.es\/es\/agenda-alzira\/fira-orientat-dalzira\/\"\r\n        }\r\n        <\/script>\r\n        <article class=\"mec-past-event ended-relative mec-event-article \"><div class=\"mec-event-image\"><img decoding=\"async\" width=\"350\" height=\"350\" data-src=\"https:\/\/alzira.es\/wp-content\/uploads\/2026\/04\/orienta-t_2026-350x350.jpeg\" class=\"attachment-thumbnail size-thumbnail wp-post-image lazyload\" alt=\"Fira Orienta&#039;t d&#039;Alzira\" data-mec-postid=\"171153\" data-srcset=\"https:\/\/alzira.es\/wp-content\/uploads\/2026\/04\/orienta-t_2026-350x350.jpeg 350w, https:\/\/alzira.es\/wp-content\/uploads\/2026\/04\/orienta-t_2026-300x300.jpeg 300w, https:\/\/alzira.es\/wp-content\/uploads\/2026\/04\/orienta-t_2026-100x100.jpeg 100w\" data-sizes=\"100vw\" src=\"data:image\/svg+xml;base64,PHN2ZyB3aWR0aD0iMSIgaGVpZ2h0PSIxIiB4bWxucz0iaHR0cDovL3d3dy53My5vcmcvMjAwMC9zdmciPjwvc3ZnPg==\" style=\"--smush-placeholder-width: 350px; --smush-placeholder-aspect-ratio: 350\/350;\" \/><\/div><div class=\"mec-event-time mec-color\"><i class=\"mec-sl-clock-o\"><\/i> Todo el d\u00eda<\/div><h4 class=\"mec-event-title\"><a class=\"mec-color-hover\"  data-event-id=\"171153\" href=\"https:\/\/alzira.es\/es\/agenda-alzira\/fira-orientat-dalzira\/\" target=\"_self\" rel=\"noopener\">Fira Orienta&#8217;t d&#8217;Alzira<\/a><span class=\"event-color\" style=\"background: #ddd3ba\"><\/span><\/h4><div class=\"mec-event-detail\"><div class=\"mec-event-loc-place\"><\/div><\/div><\/article>        <script type=\"application\/ld+json\">\r\n        {\r\n            \"@context\": \"http:\/\/schema.org\",\r\n            \"@type\": \"Event\",\r\n            \"eventStatus\": \"https:\/\/schema.org\/EventScheduled\",\r\n            \"startDate\": \"2026-04-22\",\r\n            \"endDate\": \"2026-04-22\",\r\n            \"eventAttendanceMode\": \"https:\/\/schema.org\/OfflineEventAttendanceMode\",\r\n            \"location\":\r\n            {\r\n                \"@type\": \"Place\",\r\n                                \"name\": \"\",\r\n                \"image\": \"\",\r\n                \"address\": \"\"\r\n                            },\r\n            \"organizer\":\r\n            {\r\n                \"@type\": \"Person\",\r\n                \"name\": \"\",\r\n                \"url\": \"\"\r\n            },\r\n            \"offers\":\r\n            {\r\n                \"url\": \"https:\/\/alzira.es\/es\/agenda-alzira\/campanya-bon-profit-tallers-explicatius-de-cuina-en-valencia-901\/\",\r\n                \"price\": \"\",\r\n                \"priceCurrency\": \"EUR\",\r\n                \"availability\": \"https:\/\/schema.org\/InStock\",\r\n                \"validFrom\": \"2026-04-22T00:00\"\r\n            },\r\n            \"performer\": \"\",\r\n            \"description\": \"&lt;p&gt;\ud83d\udcc6 Dimecres 22 d&#8217;abril&lt;br \/&gt; \u23f0 18.30 h.&lt;br \/&gt; \ud83d\udccd Falla Les Cantereries &#8211; Carrer del Pintor Ricard Fluix\u00e0, 9&lt;\/p&gt; &lt;div class=&quot;figure&quot;&gt;&lt;a href=&quot;https:\/\/alzira.es\/wp-content\/uploads\/2026\/02\/cultura-als-barris-ESPARDENYA.png&quot; target=&quot;_blank&quot; rel=&quot;noopener&quot;&gt;&lt;img loading=&quot;lazy&quot; decoding=&quot;async&quot; class=&quot;aligncenter wp-image-171347 size-full&quot; src=&quot;https:\/\/alzira.es\/wp-content\/uploads\/2026\/02\/cultura-als-barris-ESPARDENYA.png&quot; alt=&quot;Campanya bon profit - Tallers de cuina en valenci\u00e0&quot; width=&quot;828&quot; height=&quot;830&quot; srcset=&quot;https:\/\/alzira.es\/wp-content\/uploads\/2026\/02\/cultura-als-barris-ESPARDENYA.png 828w, https:\/\/alzira.es\/wp-content\/uploads\/2026\/02\/cultura-als-barris-ESPARDENYA-509x510.png 509w, https:\/\/alzira.es\/wp-content\/uploads\/2026\/02\/cultura-als-barris-ESPARDENYA-350x350.png 350w, https:\/\/alzira.es\/wp-content\/uploads\/2026\/02\/cultura-als-barris-ESPARDENYA-768x770.png 768w, https:\/\/alzira.es\/wp-content\/uploads\/2026\/02\/cultura-als-barris-ESPARDENYA-300x300.png 300w, https:\/\/alzira.es\/wp-content\/uploads\/2026\/02\/cultura-als-barris-ESPARDENYA-100x100.png 100w&quot; sizes=&quot;(max-width: 706px) 89vw, (max-width: 767px) 82vw, 740px&quot; \/&gt;&lt;\/a&gt;&lt;\/div&gt; \",\r\n            \"image\": \"https:\/\/alzira.es\/wp-content\/uploads\/2026\/02\/cultura-als-barris-ESPARDENYA.png\",\r\n            \"name\": \"Campanya bon profit &#8211; Tallers de cuina en valenci\u00e0\",\r\n            \"url\": \"https:\/\/alzira.es\/es\/agenda-alzira\/campanya-bon-profit-tallers-explicatius-de-cuina-en-valencia-901\/\"\r\n        }\r\n        <\/script>\r\n        <article class=\"mec-past-event ended-relative mec-event-article \"><div class=\"mec-event-image\"><img decoding=\"async\" width=\"350\" height=\"350\" data-src=\"https:\/\/alzira.es\/wp-content\/uploads\/2026\/02\/cultura-als-barris-ESPARDENYA-350x350.png\" class=\"attachment-thumbnail size-thumbnail wp-post-image lazyload\" alt=\"Campanya bon profit - Tallers de cuina en valenci\u00e0\" data-mec-postid=\"168268\" data-srcset=\"https:\/\/alzira.es\/wp-content\/uploads\/2026\/02\/cultura-als-barris-ESPARDENYA-350x350.png 350w, https:\/\/alzira.es\/wp-content\/uploads\/2026\/02\/cultura-als-barris-ESPARDENYA-509x510.png 509w, https:\/\/alzira.es\/wp-content\/uploads\/2026\/02\/cultura-als-barris-ESPARDENYA-768x770.png 768w, https:\/\/alzira.es\/wp-content\/uploads\/2026\/02\/cultura-als-barris-ESPARDENYA-300x300.png 300w, https:\/\/alzira.es\/wp-content\/uploads\/2026\/02\/cultura-als-barris-ESPARDENYA-100x100.png 100w, https:\/\/alzira.es\/wp-content\/uploads\/2026\/02\/cultura-als-barris-ESPARDENYA.png 828w\" data-sizes=\"100vw\" src=\"data:image\/svg+xml;base64,PHN2ZyB3aWR0aD0iMSIgaGVpZ2h0PSIxIiB4bWxucz0iaHR0cDovL3d3dy53My5vcmcvMjAwMC9zdmciPjwvc3ZnPg==\" style=\"--smush-placeholder-width: 350px; --smush-placeholder-aspect-ratio: 350\/350;\" \/><\/div><div class=\"mec-event-time mec-color\"><i class=\"mec-sl-clock-o\"><\/i> 18:30<\/div><h4 class=\"mec-event-title\"><a class=\"mec-color-hover\"  data-event-id=\"168268\" href=\"https:\/\/alzira.es\/es\/agenda-alzira\/campanya-bon-profit-tallers-explicatius-de-cuina-en-valencia-901\/\" target=\"_self\" rel=\"noopener\">Campanya bon profit &#8211; Tallers de cuina en valenci\u00e0<\/a><span class=\"event-color\" style=\"background: #f69700\"><\/span><\/h4><div class=\"mec-event-detail\"><div class=\"mec-event-loc-place\"><\/div><\/div><\/article><\/div><div class=\"mec-calendar-events-sec\" data-mec-cell=\"20260423\" ><h6 class=\"mec-table-side-title\">Eventos para <span class=\"mec-color mec-table-side-day\"> 23rd<\/span> abril<\/h6>        <script type=\"application\/ld+json\">\r\n        {\r\n            \"@context\": \"http:\/\/schema.org\",\r\n            \"@type\": \"Event\",\r\n            \"eventStatus\": \"https:\/\/schema.org\/EventScheduled\",\r\n            \"startDate\": \"2026-04-23\",\r\n            \"endDate\": \"2026-04-23\",\r\n            \"eventAttendanceMode\": \"https:\/\/schema.org\/OfflineEventAttendanceMode\",\r\n            \"location\":\r\n            {\r\n                \"@type\": \"Place\",\r\n                                \"name\": \"\",\r\n                \"image\": \"\",\r\n                \"address\": \"\"\r\n                            },\r\n            \"organizer\":\r\n            {\r\n                \"@type\": \"Person\",\r\n                \"name\": \"\",\r\n                \"url\": \"\"\r\n            },\r\n            \"offers\":\r\n            {\r\n                \"url\": \"https:\/\/alzira.es\/es\/agenda-alzira\/repartiment-de-roses-i-llibres\/\",\r\n                \"price\": \"\",\r\n                \"priceCurrency\": \"EUR\",\r\n                \"availability\": \"https:\/\/schema.org\/InStock\",\r\n                \"validFrom\": \"2026-04-23T00:00\"\r\n            },\r\n            \"performer\": \"\",\r\n            \"description\": \"&lt;p&gt;\ud83d\udcc5 Dijous 23 d&#8217;abril de 2026&lt;br \/&gt; \u23f0 A les 11.30 h.&lt;br \/&gt; \ud83d\udccd Pla\u00e7a Alacant&lt;br \/&gt; \ud83d\udc49 dia del llibre, regala cultura&lt;\/p&gt; &lt;div class=&quot;figure&quot;&gt;&lt;a href=&quot;https:\/\/alzira.es\/wp-content\/uploads\/2026\/04\/dia-del-llibre.jpeg&quot; target=&quot;_blank&quot; rel=&quot;noopener&quot;&gt;&lt;img loading=&quot;lazy&quot; decoding=&quot;async&quot; class=&quot;aligncenter wp-image-171413 size-full&quot; src=&quot;https:\/\/alzira.es\/wp-content\/uploads\/2026\/04\/dia-del-llibre.jpeg&quot; alt=&quot;Repartiment de roses i llibres&quot; width=&quot;1066&quot; height=&quot;1503&quot; srcset=&quot;https:\/\/alzira.es\/wp-content\/uploads\/2026\/04\/dia-del-llibre.jpeg 1066w, https:\/\/alzira.es\/wp-content\/uploads\/2026\/04\/dia-del-llibre-362x510.jpeg 362w, https:\/\/alzira.es\/wp-content\/uploads\/2026\/04\/dia-del-llibre-760x1072.jpeg 760w, https:\/\/alzira.es\/wp-content\/uploads\/2026\/04\/dia-del-llibre-768x1083.jpeg 768w&quot; sizes=&quot;(max-width: 706px) 89vw, (max-width: 767px) 82vw, 740px&quot; \/&gt;&lt;\/a&gt;&lt;\/div&gt; \",\r\n            \"image\": \"https:\/\/alzira.es\/wp-content\/uploads\/2026\/04\/dia-del-llibre.jpeg\",\r\n            \"name\": \"Repartiment de roses i llibres\",\r\n            \"url\": \"https:\/\/alzira.es\/es\/agenda-alzira\/repartiment-de-roses-i-llibres\/\"\r\n        }\r\n        <\/script>\r\n        <article class=\"mec-past-event ended-relative mec-event-article \"><div class=\"mec-event-image\"><img decoding=\"async\" width=\"350\" height=\"350\" data-src=\"https:\/\/alzira.es\/wp-content\/uploads\/2026\/04\/dia-del-llibre-350x350.jpeg\" class=\"attachment-thumbnail size-thumbnail wp-post-image lazyload\" alt=\"Repartiment de roses i llibres\" data-mec-postid=\"171412\" data-srcset=\"https:\/\/alzira.es\/wp-content\/uploads\/2026\/04\/dia-del-llibre-350x350.jpeg 350w, https:\/\/alzira.es\/wp-content\/uploads\/2026\/04\/dia-del-llibre-300x300.jpeg 300w, https:\/\/alzira.es\/wp-content\/uploads\/2026\/04\/dia-del-llibre-100x100.jpeg 100w\" data-sizes=\"100vw\" src=\"data:image\/svg+xml;base64,PHN2ZyB3aWR0aD0iMSIgaGVpZ2h0PSIxIiB4bWxucz0iaHR0cDovL3d3dy53My5vcmcvMjAwMC9zdmciPjwvc3ZnPg==\" style=\"--smush-placeholder-width: 350px; --smush-placeholder-aspect-ratio: 350\/350;\" \/><\/div><div class=\"mec-event-time mec-color\"><i class=\"mec-sl-clock-o\"><\/i> 11:30<\/div><h4 class=\"mec-event-title\"><a class=\"mec-color-hover\"  data-event-id=\"171412\" href=\"https:\/\/alzira.es\/es\/agenda-alzira\/repartiment-de-roses-i-llibres\/\" target=\"_self\" rel=\"noopener\">Repartiment de roses i llibres<\/a><span class=\"event-color\" style=\"background: #dc1915\"><\/span><\/h4><div class=\"mec-event-detail\"><div class=\"mec-event-loc-place\"><\/div><\/div><\/article>        <script type=\"application\/ld+json\">\r\n        {\r\n            \"@context\": \"http:\/\/schema.org\",\r\n            \"@type\": \"Event\",\r\n            \"eventStatus\": \"https:\/\/schema.org\/EventScheduled\",\r\n            \"startDate\": \"2026-04-23\",\r\n            \"endDate\": \"2026-04-23\",\r\n            \"eventAttendanceMode\": \"https:\/\/schema.org\/OfflineEventAttendanceMode\",\r\n            \"location\":\r\n            {\r\n                \"@type\": \"Place\",\r\n                                \"name\": \"\",\r\n                \"image\": \"\",\r\n                \"address\": \"\"\r\n                            },\r\n            \"organizer\":\r\n            {\r\n                \"@type\": \"Person\",\r\n                \"name\": \"\",\r\n                \"url\": \"\"\r\n            },\r\n            \"offers\":\r\n            {\r\n                \"url\": \"https:\/\/alzira.es\/es\/agenda-alzira\/cicle-de-conferencies-els-documents-dun-rei\/\",\r\n                \"price\": \"\",\r\n                \"priceCurrency\": \"EUR\",\r\n                \"availability\": \"https:\/\/schema.org\/InStock\",\r\n                \"validFrom\": \"2026-04-23T00:00\"\r\n            },\r\n            \"performer\": \"\",\r\n            \"description\": \"&lt;ul&gt; &lt;li&gt;&lt;strong&gt;23\/04\/2026&lt;\/strong&gt; La principal her\u00e8ncia de Jaume I: la S\u00e8quia Reial d&#8217;Alzira, amb Tom\u00e0s Peris Albentosa. 19.00h.&lt;\/li&gt; &lt;\/ul&gt; &lt;div&gt;&lt;b data-olk-copy-source=&quot;MessageBody&quot;&gt;Amb motiu del Dia del Llibre i coincidint amb la festivitat de Sant Jordi&lt;\/b&gt;, vos convidem a una vesprada especial dedicada a la nostra hist\u00f2ria i patrimoni, amb la celebraci\u00f3 de dos actes:&lt;\/div&gt; &lt;div&gt;&lt;\/div&gt; &lt;div role=&quot;presentation&quot;&gt;&lt;b&gt;Presentaci\u00f3 del llibre&lt;\/b&gt; &lt;b&gt;&lt;i&gt;De S\u00e9quia d&#8217;Alzira a S\u00e9quia Reial del X\u00faquer&lt;\/i&gt;&lt;\/b&gt;, de Tom\u00e0s Peris Albentosa, editat per l&#8217;Arxiu Municipal d&#8217;Alzira. L\u2019obra mostra com aquesta infraestructura hidr\u00e0ulica va transformar el territori valenci\u00e0, convertint l\u2019aigua en motor de vida, riquesa i desenvolupament, alhora que posa en relleu el valor de la gesti\u00f3 col\u00b7lectiva i la seua empremta hist\u00f2rica.&lt;\/div&gt; &lt;div role=&quot;presentation&quot;&gt;&lt;b&gt;Confer\u00e8ncia &lt;\/b&gt;&lt;b&gt;&lt;i&gt;La principal her\u00e8ncia de Jaume I: la S\u00e9quia Reial d&#8217;Alzira&lt;\/i&gt;&lt;\/b&gt;&lt;i&gt;, &lt;\/i&gt;a c\u00e0rrec del mateix autor&lt;b&gt;.&lt;\/b&gt; S\u2019hi analitza el paper clau d\u2019aquesta s\u00e9quia \u2014una de les poques impulsades directament per Jaume I\u2014 en la configuraci\u00f3 d\u2019un dels sistemes agraris m\u00e9s avan\u00e7ats i productius de l\u2019Europa preindustrial, aix\u00ed com el seu impacte en la millora de les condicions de vida.&lt;\/div&gt; &lt;div&gt;&lt;\/div&gt; &lt;div&gt;Ambd\u00f3s actes tindran lloc a la seu de l&#8217;Arxiu Municipal d&#8217;Alzira (carrer de la Salineria, 1) el pr\u00f2xim &lt;b&gt;dijous 23 d&#8217;abril a les 18.30 h.&lt;\/b&gt;&lt;\/div&gt; &lt;div&gt;&lt;\/div&gt; &lt;div&gt;Esperem comptar amb la vostra pres\u00e8ncia,&lt;\/div&gt; &lt;div&gt;&lt;\/div&gt; &lt;div&gt;&lt;a href=&quot;https:\/\/alzira.es\/wp-content\/uploads\/2026\/02\/conferencia-tomas-peris-albentosa-scaled.jpg&quot; target=&quot;_blank&quot; rel=&quot;noopener&quot;&gt;&lt;img loading=&quot;lazy&quot; decoding=&quot;async&quot; class=&quot;aligncenter wp-image-171343 size-full&quot; src=&quot;https:\/\/alzira.es\/wp-content\/uploads\/2026\/02\/conferencia-tomas-peris-albentosa-scaled.jpg&quot; alt=&quot;confer\u00e8ncies Jaume I&quot; width=&quot;1887&quot; height=&quot;2560&quot; srcset=&quot;https:\/\/alzira.es\/wp-content\/uploads\/2026\/02\/conferencia-tomas-peris-albentosa-scaled.jpg 1887w, https:\/\/alzira.es\/wp-content\/uploads\/2026\/02\/conferencia-tomas-peris-albentosa-376x510.jpg 376w, https:\/\/alzira.es\/wp-content\/uploads\/2026\/02\/conferencia-tomas-peris-albentosa-790x1072.jpg 790w, https:\/\/alzira.es\/wp-content\/uploads\/2026\/02\/conferencia-tomas-peris-albentosa-768x1042.jpg 768w, https:\/\/alzira.es\/wp-content\/uploads\/2026\/02\/conferencia-tomas-peris-albentosa-1132x1536.jpg 1132w, https:\/\/alzira.es\/wp-content\/uploads\/2026\/02\/conferencia-tomas-peris-albentosa-1509x2048.jpg 1509w&quot; sizes=&quot;(max-width: 706px) 89vw, (max-width: 767px) 82vw, 740px&quot; \/&gt;&lt;\/a&gt;&lt;a href=&quot;https:\/\/alzira.es\/wp-content\/uploads\/2026\/02\/sequia-d-alzira-scaled.jpg&quot; target=&quot;_blank&quot; rel=&quot;noopener&quot;&gt;&lt;img loading=&quot;lazy&quot; decoding=&quot;async&quot; class=&quot;aligncenter wp-image-171345 size-full&quot; src=&quot;https:\/\/alzira.es\/wp-content\/uploads\/2026\/02\/sequia-d-alzira-scaled.jpg&quot; alt=&quot;confer\u00e8ncies Jaume I&quot; width=&quot;1887&quot; height=&quot;2560&quot; srcset=&quot;https:\/\/alzira.es\/wp-content\/uploads\/2026\/02\/sequia-d-alzira-scaled.jpg 1887w, https:\/\/alzira.es\/wp-content\/uploads\/2026\/02\/sequia-d-alzira-376x510.jpg 376w, https:\/\/alzira.es\/wp-content\/uploads\/2026\/02\/sequia-d-alzira-790x1072.jpg 790w, https:\/\/alzira.es\/wp-content\/uploads\/2026\/02\/sequia-d-alzira-768x1042.jpg 768w, https:\/\/alzira.es\/wp-content\/uploads\/2026\/02\/sequia-d-alzira-1132x1536.jpg 1132w, https:\/\/alzira.es\/wp-content\/uploads\/2026\/02\/sequia-d-alzira-1510x2048.jpg 1510w&quot; sizes=&quot;(max-width: 706px) 89vw, (max-width: 767px) 82vw, 740px&quot; \/&gt;&lt;\/a&gt;&lt;\/div&gt; &lt;div&gt;&lt;\/div&gt; &lt;ul&gt; &lt;li&gt;&lt;strong&gt;25\/05\/2026&lt;\/strong&gt; L&#8217;\u00faltim any en la vida de Jaume I, amb Antoni Furi\u00f3. 19.00h.&lt;\/li&gt; &lt;\/ul&gt; &lt;ul&gt; &lt;li&gt;&lt;strong&gt;18\/06\/2026&lt;\/strong&gt; El llegat pol\u00edtic i jur\u00eddic de Jaume I: els Furs, amb Jos\u00e9 Ram\u00f3n Chirivella. 19.00h.&lt;\/li&gt; &lt;\/ul&gt; &lt;ul&gt; &lt;li&gt;&lt;strong&gt;24\/09\/2026&lt;\/strong&gt; Jaume I, el naixement de la moneda valenciana, amb Antoni Sendra. 19.00h.&lt;\/li&gt; &lt;\/ul&gt; &lt;ul&gt; &lt;li&gt;&lt;strong&gt;22\/10\/2026&lt;\/strong&gt; La Cr\u00f2nica i la hist\u00f2ria, amb Ramon Ferrer. 19.00h.&lt;\/li&gt; &lt;\/ul&gt; &lt;ul&gt; &lt;li&gt;&lt;strong&gt;26\/11\/2026&lt;\/strong&gt; Jaume I, a l\u2019Arxiu Municipal d\u2019Alzira. Del document a la mem\u00f2ria del rei, amb Salvador Vercher. 18.30h.&lt;\/li&gt; &lt;\/ul&gt; &lt;ul&gt; &lt;li&gt;&lt;strong&gt;10\/12\/2026&lt;\/strong&gt; Entre realitat i simbolisme: la representaci\u00f3 de la monarquia en l\u2019&lt;em style=&quot;font-size: 1rem;&quot;&gt;Aureum Opus &lt;\/em&gt;&lt;span style=&quot;font-size: 1rem;&quot;&gt;d\u2019Alzira, amb N\u00faria Ramon &lt;\/span&gt;Marqu\u00e9s. 18.30h.&lt;\/li&gt; &lt;\/ul&gt; &lt;div class=&quot;figure&quot;&gt;&lt;a href=&quot;https:\/\/alzira.es\/wp-content\/uploads\/2026\/02\/cicle-de-conferencies-jaume.pdf&quot; target=&quot;_blank&quot; rel=&quot;noopener&quot;&gt;&lt;img loading=&quot;lazy&quot; decoding=&quot;async&quot; class=&quot;aligncenter wp-image-167929 size-full&quot; src=&quot;https:\/\/alzira.es\/wp-content\/uploads\/2026\/02\/cicle-de-conferencies-jaume_cartell-scaled.jpg&quot; alt=&quot;CICLE DE CONFER\u00c8NCIES: ELS DOCUMENTS D\u2019UN REI&quot; width=&quot;1887&quot; height=&quot;2560&quot; srcset=&quot;https:\/\/alzira.es\/wp-content\/uploads\/2026\/02\/cicle-de-conferencies-jaume_cartell-scaled.jpg 1887w, https:\/\/alzira.es\/wp-content\/uploads\/2026\/02\/cicle-de-conferencies-jaume_cartell-376x510.jpg 376w, https:\/\/alzira.es\/wp-content\/uploads\/2026\/02\/cicle-de-conferencies-jaume_cartell-790x1072.jpg 790w, https:\/\/alzira.es\/wp-content\/uploads\/2026\/02\/cicle-de-conferencies-jaume_cartell-768x1042.jpg 768w, https:\/\/alzira.es\/wp-content\/uploads\/2026\/02\/cicle-de-conferencies-jaume_cartell-1132x1536.jpg 1132w, https:\/\/alzira.es\/wp-content\/uploads\/2026\/02\/cicle-de-conferencies-jaume_cartell-1510x2048.jpg 1510w&quot; sizes=&quot;(max-width: 706px) 89vw, (max-width: 767px) 82vw, 740px&quot; \/&gt;&lt;\/a&gt;&lt;\/div&gt; \",\r\n            \"image\": \"https:\/\/alzira.es\/wp-content\/uploads\/2026\/02\/conferencia-tomas-peris-albentosa-scaled.jpg\",\r\n            \"name\": \"CICLE DE CONFER\u00c8NCIES: ELS DOCUMENTS D\u2019UN REI\",\r\n            \"url\": \"https:\/\/alzira.es\/es\/agenda-alzira\/cicle-de-conferencies-els-documents-dun-rei\/\"\r\n        }\r\n        <\/script>\r\n        <article class=\"mec-past-event ended-relative mec-event-article \"><div class=\"mec-event-image\"><img decoding=\"async\" width=\"350\" height=\"350\" data-src=\"https:\/\/alzira.es\/wp-content\/uploads\/2026\/02\/conferencia-tomas-peris-albentosa-350x350.jpg\" class=\"attachment-thumbnail size-thumbnail wp-post-image lazyload\" alt=\"confer\u00e8ncies Jaume I\" data-mec-postid=\"167928\" data-srcset=\"https:\/\/alzira.es\/wp-content\/uploads\/2026\/02\/conferencia-tomas-peris-albentosa-350x350.jpg 350w, https:\/\/alzira.es\/wp-content\/uploads\/2026\/02\/conferencia-tomas-peris-albentosa-300x300.jpg 300w, https:\/\/alzira.es\/wp-content\/uploads\/2026\/02\/conferencia-tomas-peris-albentosa-100x100.jpg 100w\" data-sizes=\"100vw\" src=\"data:image\/svg+xml;base64,PHN2ZyB3aWR0aD0iMSIgaGVpZ2h0PSIxIiB4bWxucz0iaHR0cDovL3d3dy53My5vcmcvMjAwMC9zdmciPjwvc3ZnPg==\" style=\"--smush-placeholder-width: 350px; --smush-placeholder-aspect-ratio: 350\/350;\" \/><\/div><div class=\"mec-event-time mec-color\"><i class=\"mec-sl-clock-o\"><\/i> 18:30<\/div><h4 class=\"mec-event-title\"><a class=\"mec-color-hover\"  data-event-id=\"167928\" href=\"https:\/\/alzira.es\/es\/agenda-alzira\/cicle-de-conferencies-els-documents-dun-rei\/\" target=\"_self\" rel=\"noopener\">CICLE DE CONFER\u00c8NCIES: ELS DOCUMENTS D\u2019UN REI<\/a><span class=\"event-color\" style=\"background: #d4c6df\"><\/span><\/h4><div class=\"mec-event-detail\"><div class=\"mec-event-loc-place\"><\/div><\/div><\/article><\/div><div class=\"mec-calendar-events-sec\" data-mec-cell=\"20260424\" ><h6 class=\"mec-table-side-title\">Eventos para <span class=\"mec-color mec-table-side-day\"> 24th<\/span> abril<\/h6>        <script type=\"application\/ld+json\">\r\n        {\r\n            \"@context\": \"http:\/\/schema.org\",\r\n            \"@type\": \"Event\",\r\n            \"eventStatus\": \"https:\/\/schema.org\/EventScheduled\",\r\n            \"startDate\": \"2026-04-24\",\r\n            \"endDate\": \"2026-04-24\",\r\n            \"eventAttendanceMode\": \"https:\/\/schema.org\/OfflineEventAttendanceMode\",\r\n            \"location\":\r\n            {\r\n                \"@type\": \"Place\",\r\n                                \"name\": \"\",\r\n                \"image\": \"\",\r\n                \"address\": \"\"\r\n                            },\r\n            \"organizer\":\r\n            {\r\n                \"@type\": \"Person\",\r\n                \"name\": \"\",\r\n                \"url\": \"\"\r\n            },\r\n            \"offers\":\r\n            {\r\n                \"url\": \"https:\/\/alzira.es\/es\/agenda-alzira\/club-cinema-alzira-los-domingos\/\",\r\n                \"price\": \"\",\r\n                \"priceCurrency\": \"EUR\",\r\n                \"availability\": \"https:\/\/schema.org\/InStock\",\r\n                \"validFrom\": \"2026-04-24T00:00\"\r\n            },\r\n            \"performer\": \"\",\r\n            \"description\": \"&lt;p&gt;&lt;strong&gt;CLUB CINEMA ALZIRA&lt;\/strong&gt;&lt;\/p&gt; &lt;p&gt;&lt;u&gt;Divendres 24 d\u2019abril. Casa de la Cultura d\u2019Alzira. Dos passes,  a les 17.45 i a les 20 h&lt;\/u&gt;&lt;\/p&gt; &lt;p&gt;&lt;strong&gt;&lt;em&gt;LOS DOMINGOS&lt;\/em&gt;&lt;\/strong&gt;&lt;\/p&gt; &lt;p&gt;Espanya. 2025. 110 min. Drama.&lt;\/p&gt; &lt;p&gt;Direcci\u00f3 i gui\u00f3: &lt;a href=&quot;https:\/\/www.filmaffinity.com\/es\/name.php?name-id=838890093&quot;&gt;Alauda Ruiz de Az\u00faa&lt;\/a&gt;&lt;\/p&gt; &lt;p&gt;Repartiment: Blanca Soroa, Patricia L\u00f3pez Arnaiz, Miguel Garc\u00e9s, Juan Minuj\u00edn, Nagore Aramburu&#8230;&lt;\/p&gt; &lt;p&gt;Ainara, una jove idealista i brillant de 17 anys, ha de decidir quina carrera universit\u00e0ria estudiar\u00e0. O, almenys, aix\u00f2 espera la seua fam\u00edlia que fa\u00e7a. Tanmateix, la xica manifesta que se sent cada vegada m\u00e9s prop de D\u00e9u i que es planteja abra\u00e7ar la vida de monja de clausura. La not\u00edcia pilla per sorpresa a tota la fam\u00edlia, provocant un abisme i una prova de foc per a tots.&lt;\/p&gt; &lt;p&gt;No recomanada per a menors de setze anys.&lt;\/p&gt; &lt;p&gt;Entrada: 3 \u20ac (redu\u00efda: 2 \u20ac)&lt;\/p&gt; &lt;div class=&quot;figure&quot;&gt;&lt;a href=&quot;https:\/\/alzira.es\/wp-content\/uploads\/2026\/04\/los-domingos.jpeg&quot; target=&quot;_blank&quot; rel=&quot;noopener&quot;&gt;&lt;img loading=&quot;lazy&quot; decoding=&quot;async&quot; class=&quot;aligncenter wp-image-171407 size-full&quot; src=&quot;https:\/\/alzira.es\/wp-content\/uploads\/2026\/04\/los-domingos.jpeg&quot; alt=&quot;LOS DOMINGOS&quot; width=&quot;1131&quot; height=&quot;1600&quot; srcset=&quot;https:\/\/alzira.es\/wp-content\/uploads\/2026\/04\/los-domingos.jpeg 1131w, https:\/\/alzira.es\/wp-content\/uploads\/2026\/04\/los-domingos-361x510.jpeg 361w, https:\/\/alzira.es\/wp-content\/uploads\/2026\/04\/los-domingos-758x1072.jpeg 758w, https:\/\/alzira.es\/wp-content\/uploads\/2026\/04\/los-domingos-768x1086.jpeg 768w, https:\/\/alzira.es\/wp-content\/uploads\/2026\/04\/los-domingos-1086x1536.jpeg 1086w&quot; sizes=&quot;(max-width: 706px) 89vw, (max-width: 767px) 82vw, 740px&quot; \/&gt;&lt;\/a&gt;&lt;\/div&gt; \",\r\n            \"image\": \"https:\/\/alzira.es\/wp-content\/uploads\/2026\/04\/los-domingos.jpeg\",\r\n            \"name\": \"Club Cinema Alzira \u00abLOS DOMINGOS\u00bb\",\r\n            \"url\": \"https:\/\/alzira.es\/es\/agenda-alzira\/club-cinema-alzira-los-domingos\/\"\r\n        }\r\n        <\/script>\r\n        <article class=\"mec-past-event ended-relative mec-event-article \"><div class=\"mec-event-image\"><img decoding=\"async\" width=\"350\" height=\"350\" data-src=\"https:\/\/alzira.es\/wp-content\/uploads\/2026\/04\/los-domingos-350x350.jpeg\" class=\"attachment-thumbnail size-thumbnail wp-post-image lazyload\" alt=\"LOS DOMINGOS\" data-mec-postid=\"171406\" data-srcset=\"https:\/\/alzira.es\/wp-content\/uploads\/2026\/04\/los-domingos-350x350.jpeg 350w, https:\/\/alzira.es\/wp-content\/uploads\/2026\/04\/los-domingos-300x300.jpeg 300w, https:\/\/alzira.es\/wp-content\/uploads\/2026\/04\/los-domingos-100x100.jpeg 100w\" data-sizes=\"100vw\" src=\"data:image\/svg+xml;base64,PHN2ZyB3aWR0aD0iMSIgaGVpZ2h0PSIxIiB4bWxucz0iaHR0cDovL3d3dy53My5vcmcvMjAwMC9zdmciPjwvc3ZnPg==\" style=\"--smush-placeholder-width: 350px; --smush-placeholder-aspect-ratio: 350\/350;\" \/><\/div><div class=\"mec-event-time mec-color\"><i class=\"mec-sl-clock-o\"><\/i> 17:45<\/div><h4 class=\"mec-event-title\"><a class=\"mec-color-hover\"  data-event-id=\"171406\" href=\"https:\/\/alzira.es\/es\/agenda-alzira\/club-cinema-alzira-los-domingos\/\" target=\"_self\" rel=\"noopener\">Club Cinema Alzira \u00abLOS DOMINGOS\u00bb<\/a><span class=\"event-color\" style=\"background: #f9d84d\"><\/span><\/h4><div class=\"mec-event-detail\"><div class=\"mec-event-loc-place\"><\/div><\/div><\/article>        <script type=\"application\/ld+json\">\r\n        {\r\n            \"@context\": \"http:\/\/schema.org\",\r\n            \"@type\": \"Event\",\r\n            \"eventStatus\": \"https:\/\/schema.org\/EventScheduled\",\r\n            \"startDate\": \"2026-04-24\",\r\n            \"endDate\": \"2026-04-24\",\r\n            \"eventAttendanceMode\": \"https:\/\/schema.org\/OfflineEventAttendanceMode\",\r\n            \"location\":\r\n            {\r\n                \"@type\": \"Place\",\r\n                                \"name\": \"\",\r\n                \"image\": \"\",\r\n                \"address\": \"\"\r\n                            },\r\n            \"organizer\":\r\n            {\r\n                \"@type\": \"Person\",\r\n                \"name\": \"\",\r\n                \"url\": \"\"\r\n            },\r\n            \"offers\":\r\n            {\r\n                \"url\": \"https:\/\/alzira.es\/es\/agenda-alzira\/contacontes-contes-de-gallines-a-carrec-dalmudena-frances\/\",\r\n                \"price\": \"\",\r\n                \"priceCurrency\": \"EUR\",\r\n                \"availability\": \"https:\/\/schema.org\/InStock\",\r\n                \"validFrom\": \"2026-04-24T00:00\"\r\n            },\r\n            \"performer\": \"\",\r\n            \"description\": \"&lt;div class=&quot;x_x_elementToProof&quot;&gt;&lt;b&gt;&lt;u data-olk-copy-source=&quot;MessageBody&quot;&gt;Divendres 24 d\u00b4abril de 2026 a les 18:00 hores&lt;\/u&gt;&lt;\/b&gt;&lt;\/div&gt; &lt;div class=&quot;x_x_elementToProof&quot; aria-hidden=&quot;true&quot;&gt;&lt;\/div&gt; &lt;div class=&quot;x_x_elementToProof&quot;&gt;Contacontes \u201cContes de gallines\u201d, a c\u00e0rrec d\u00b4Almudena Franc\u00e9s&lt;\/div&gt; &lt;div class=&quot;x_x_elementToProof&quot; aria-hidden=&quot;true&quot;&gt;&lt;\/div&gt; &lt;div class=&quot;x_x_elementToProof&quot;&gt;&lt;u&gt;Edat del p\u00fablic assistent&lt;\/u&gt;: 5 a 8 anys&lt;\/div&gt; &lt;div class=&quot;x_x_elementToProof&quot; aria-hidden=&quot;true&quot;&gt;&lt;\/div&gt; &lt;div class=&quot;x_x_elementToProof&quot;&gt;&lt;u&gt;Tipus d\u00b4activitat&lt;\/u&gt;: Espectacle de narraci\u00f3 oral recomanat per als \u00faltims cursos d\u00b4infantil i primer cicle de prim\u00e0ria&lt;\/div&gt; &lt;div class=&quot;x_x_elementToProof&quot;&gt;&lt;b&gt; &lt;\/b&gt;&lt;\/div&gt; &lt;div class=&quot;x_x_elementToProof&quot;&gt;&lt;u&gt;Aforament m\u00e0xim&lt;\/u&gt;: 18 xiquets\/es + 1 pare\/mare per xiquet. Les inscripcions seran b\u00e9 telef\u00f2nicament al 962012981 o presencialment al mostrador de la biblioteca fins a completar aforament.&lt;\/div&gt; &lt;div class=&quot;x_x_elementToProof&quot; aria-hidden=&quot;true&quot;&gt;&lt;\/div&gt; &lt;div class=&quot;x_x_elementToProof&quot;&gt;&lt;b&gt;NOTA: LES INCRIPCIONS COMEN\u00c7ARAN EL DILLUNS 20 D\u00b4ABRIL A LES 09:00 HORES&lt;\/b&gt;&lt;\/div&gt; &lt;div class=&quot;x_x_elementToProof&quot; aria-hidden=&quot;true&quot;&gt;&lt;\/div&gt; &lt;div class=&quot;x_x_elementToProof&quot;&gt;&lt;u&gt;Lloc&lt;\/u&gt;: sala II de la Casa de la Cultura&lt;\/div&gt; &lt;div class=&quot;x_x_elementToProof&quot; aria-hidden=&quot;true&quot;&gt;&lt;\/div&gt; &lt;div class=&quot;x_x_elementToProof&quot;&gt;Sinopsi: Aix\u00f2 que ara us contar\u00e9 va passar fa molt i molt de temps quan les gallines tenien dents i les pedres parlaven. Tot va passar un mateix dia des de que cant\u00e0, a trenc d\u2019alba, el primer gall fins que les gallines se\u2019n van anar a dormir amb el crepuscle vespert\u00ed. Aquesta \u00e9s la hist\u00f2ria d\u2019un dia al galliner de la gallina Quica Periquina.&lt;\/div&gt; &lt;div class=&quot;x_x_elementToProof&quot; aria-hidden=&quot;true&quot;&gt;&lt;\/div&gt; &lt;div class=&quot;x_x_elementToProof&quot;&gt;Una selecci\u00f3 de contes tradicionals, llibres \u00e0lbums, can\u00e7ons, dites i objectes, una sessi\u00f3 pensada per a les orelles dels m\u00e9s menuts. Per a passar-ho b\u00e9 escoltant i gaudint de les hist\u00f2ries tant nostres com s\u00f3n els contes de gallines.&lt;\/div&gt; &lt;div&gt;&lt;\/div&gt; &lt;div&gt;&lt;a href=&quot;https:\/\/alzira.es\/wp-content\/uploads\/2026\/04\/a-poc-a-poc.jpeg&quot; target=&quot;_blank&quot; rel=&quot;noopener&quot;&gt;&lt;img loading=&quot;lazy&quot; decoding=&quot;async&quot; class=&quot;aligncenter wp-image-171294 size-full&quot; src=&quot;https:\/\/alzira.es\/wp-content\/uploads\/2026\/04\/a-poc-a-poc.jpeg&quot; alt=&quot;Contacontes \u201cContes de gallines\u201d&quot; width=&quot;1158&quot; height=&quot;1600&quot; srcset=&quot;https:\/\/alzira.es\/wp-content\/uploads\/2026\/04\/a-poc-a-poc.jpeg 1158w, https:\/\/alzira.es\/wp-content\/uploads\/2026\/04\/a-poc-a-poc-369x510.jpeg 369w, https:\/\/alzira.es\/wp-content\/uploads\/2026\/04\/a-poc-a-poc-776x1072.jpeg 776w, https:\/\/alzira.es\/wp-content\/uploads\/2026\/04\/a-poc-a-poc-768x1061.jpeg 768w, https:\/\/alzira.es\/wp-content\/uploads\/2026\/04\/a-poc-a-poc-1112x1536.jpeg 1112w&quot; sizes=&quot;(max-width: 706px) 89vw, (max-width: 767px) 82vw, 740px&quot; \/&gt;&lt;\/a&gt;&lt;\/div&gt; \",\r\n            \"image\": \"https:\/\/alzira.es\/wp-content\/uploads\/2026\/04\/a-poc-a-poc.jpeg\",\r\n            \"name\": \"Contacontes \u201cContes de gallines\u201d, a c\u00e0rrec d\u00b4Almudena Franc\u00e9s\",\r\n            \"url\": \"https:\/\/alzira.es\/es\/agenda-alzira\/contacontes-contes-de-gallines-a-carrec-dalmudena-frances\/\"\r\n        }\r\n        <\/script>\r\n        <article class=\"mec-past-event ended-relative mec-event-article \"><div class=\"mec-event-image\"><img decoding=\"async\" width=\"350\" height=\"350\" data-src=\"https:\/\/alzira.es\/wp-content\/uploads\/2026\/04\/a-poc-a-poc-350x350.jpeg\" class=\"attachment-thumbnail size-thumbnail wp-post-image lazyload\" alt=\"Contacontes \u201cContes de gallines\u201d\" data-mec-postid=\"171293\" data-srcset=\"https:\/\/alzira.es\/wp-content\/uploads\/2026\/04\/a-poc-a-poc-350x350.jpeg 350w, https:\/\/alzira.es\/wp-content\/uploads\/2026\/04\/a-poc-a-poc-300x300.jpeg 300w, https:\/\/alzira.es\/wp-content\/uploads\/2026\/04\/a-poc-a-poc-100x100.jpeg 100w\" data-sizes=\"100vw\" src=\"data:image\/svg+xml;base64,PHN2ZyB3aWR0aD0iMSIgaGVpZ2h0PSIxIiB4bWxucz0iaHR0cDovL3d3dy53My5vcmcvMjAwMC9zdmciPjwvc3ZnPg==\" style=\"--smush-placeholder-width: 350px; --smush-placeholder-aspect-ratio: 350\/350;\" \/><\/div><div class=\"mec-event-time mec-color\"><i class=\"mec-sl-clock-o\"><\/i> 18:00<\/div><h4 class=\"mec-event-title\"><a class=\"mec-color-hover\"  data-event-id=\"171293\" href=\"https:\/\/alzira.es\/es\/agenda-alzira\/contacontes-contes-de-gallines-a-carrec-dalmudena-frances\/\" target=\"_self\" rel=\"noopener\">Contacontes \u201cContes de gallines\u201d, a c\u00e0rrec d\u00b4Almudena Franc\u00e9s<\/a><span class=\"event-color\" style=\"background: #00af50\"><\/span><\/h4><div class=\"mec-event-detail\"><div class=\"mec-event-loc-place\"><\/div><\/div><\/article>        <script type=\"application\/ld+json\">\r\n        {\r\n            \"@context\": \"http:\/\/schema.org\",\r\n            \"@type\": \"Event\",\r\n            \"eventStatus\": \"https:\/\/schema.org\/EventScheduled\",\r\n            \"startDate\": \"2026-04-24\",\r\n            \"endDate\": \"2026-04-24\",\r\n            \"eventAttendanceMode\": \"https:\/\/schema.org\/OfflineEventAttendanceMode\",\r\n            \"location\":\r\n            {\r\n                \"@type\": \"Place\",\r\n                                \"name\": \"\",\r\n                \"image\": \"\",\r\n                \"address\": \"\"\r\n                            },\r\n            \"organizer\":\r\n            {\r\n                \"@type\": \"Person\",\r\n                \"name\": \"\",\r\n                \"url\": \"\"\r\n            },\r\n            \"offers\":\r\n            {\r\n                \"url\": \"https:\/\/alzira.es\/es\/agenda-alzira\/presentacio-del-poemari-el-arte-de-amar-tras-desamar\/\",\r\n                \"price\": \"\",\r\n                \"priceCurrency\": \"EUR\",\r\n                \"availability\": \"https:\/\/schema.org\/InStock\",\r\n                \"validFrom\": \"2026-04-24T00:00\"\r\n            },\r\n            \"performer\": \"\",\r\n            \"description\": \"&lt;div&gt;&lt;b&gt;&lt;u data-olk-copy-source=&quot;MessageBody&quot;&gt;Divendres 24 d\u00b4abril de 2026 a les 18:00 hores&lt;\/u&gt;&lt;\/b&gt;&lt;\/div&gt; &lt;div&gt;&lt;b&gt;&lt;u&gt; &lt;\/u&gt;&lt;\/b&gt;&lt;\/div&gt; &lt;div&gt;Presentaci\u00f3 del poemari \u00abEl arte de amar tras (des)amar\u00bb, a c\u00e0rrec de Yasmina Mayordomo Martinez.&lt;\/div&gt; &lt;div aria-hidden=&quot;true&quot;&gt;&lt;\/div&gt; &lt;div&gt;Lloc: 3\u00aa planta de la biblioteca. Per a p\u00fablic adult.&lt;\/div&gt; &lt;div&gt;&lt;b&gt;&lt;u&gt; &lt;\/u&gt;&lt;\/b&gt;&lt;\/div&gt; &lt;div&gt;Sinopsi: \u00bfAlguna vez te has sentido tan perdida que no has logrado reconocerte en el espejo? \u201cEl arte de amar tras (des)amar\u201d es un viaje visceral por el naufragio del amor. Un recorrido a trav\u00e9s de la experiencia de verlo morir y de la ca\u00edda posterior: esa en la que una termina rota en mil pedazos y consumida por la culpa hasta perder la propia identidad. Culpa por haberse ido, por haberse quedado demasiado tiempo o, incluso, por el miedo a volver a enamorarse.&lt;\/div&gt; &lt;div&gt;A trav\u00e9s de versos crudos y honestos, este poemario nos sumerge en el dolor m\u00e1s profundo, en el lento proceso de reconstrucci\u00f3n y en el valor de atreverse a elegir el amor, con miedo o sin \u00e9l, pero con la certeza de que siempre vale la pena volver a sentir. Porque no importa cu\u00e1n roto est\u00e9, el coraz\u00f3n siempre encuentra la forma de seguir latiendo.&lt;b&gt;&lt;u&gt;&lt;\/u&gt;&lt;\/b&gt;&lt;\/div&gt; &lt;div&gt;&lt;\/div&gt; &lt;div&gt;Vos esperem!&lt;\/div&gt; &lt;div&gt;&lt;\/div&gt; &lt;div class=&quot;figure&quot;&gt;&lt;a href=&quot;https:\/\/alzira.es\/wp-content\/uploads\/2026\/04\/24042026_El_arte_de_amar_tras_des_amar-scaled.jpg&quot;&gt;&lt;img loading=&quot;lazy&quot; decoding=&quot;async&quot; class=&quot;aligncenter size-full wp-image-171359&quot; src=&quot;https:\/\/alzira.es\/wp-content\/uploads\/2026\/04\/24042026_El_arte_de_amar_tras_des_amar-scaled.jpg&quot; alt=&quot;Presentaci\u00f3 del poemari &quot;El arte de amar tras (des)amar&quot;,&quot; width=&quot;1686&quot; height=&quot;2560&quot; srcset=&quot;https:\/\/alzira.es\/wp-content\/uploads\/2026\/04\/24042026_El_arte_de_amar_tras_des_amar-scaled.jpg 1686w, https:\/\/alzira.es\/wp-content\/uploads\/2026\/04\/24042026_El_arte_de_amar_tras_des_amar-336x510.jpg 336w, https:\/\/alzira.es\/wp-content\/uploads\/2026\/04\/24042026_El_arte_de_amar_tras_des_amar-706x1072.jpg 706w, https:\/\/alzira.es\/wp-content\/uploads\/2026\/04\/24042026_El_arte_de_amar_tras_des_amar-768x1166.jpg 768w, https:\/\/alzira.es\/wp-content\/uploads\/2026\/04\/24042026_El_arte_de_amar_tras_des_amar-1012x1536.jpg 1012w, https:\/\/alzira.es\/wp-content\/uploads\/2026\/04\/24042026_El_arte_de_amar_tras_des_amar-1349x2048.jpg 1349w&quot; sizes=&quot;(max-width: 706px) 89vw, (max-width: 767px) 82vw, 740px&quot; \/&gt;&lt;\/a&gt;&lt;\/div&gt; \",\r\n            \"image\": \"https:\/\/alzira.es\/wp-content\/uploads\/2026\/04\/24042026_El_arte_de_amar_tras_des_amar-scaled.jpg\",\r\n            \"name\": \"Presentaci\u00f3 del poemari \u00abEl arte de amar tras (des)amar\u00bb\",\r\n            \"url\": \"https:\/\/alzira.es\/es\/agenda-alzira\/presentacio-del-poemari-el-arte-de-amar-tras-desamar\/\"\r\n        }\r\n        <\/script>\r\n        <article class=\"mec-past-event ended-relative mec-event-article \"><div class=\"mec-event-image\"><img decoding=\"async\" width=\"350\" height=\"350\" data-src=\"https:\/\/alzira.es\/wp-content\/uploads\/2026\/04\/24042026_El_arte_de_amar_tras_des_amar-350x350.jpg\" class=\"attachment-thumbnail size-thumbnail wp-post-image lazyload\" alt=\"Presentaci\u00f3 del poemari &quot;El arte de amar tras (des)amar&quot;,\" data-mec-postid=\"171358\" data-srcset=\"https:\/\/alzira.es\/wp-content\/uploads\/2026\/04\/24042026_El_arte_de_amar_tras_des_amar-350x350.jpg 350w, https:\/\/alzira.es\/wp-content\/uploads\/2026\/04\/24042026_El_arte_de_amar_tras_des_amar-300x300.jpg 300w, https:\/\/alzira.es\/wp-content\/uploads\/2026\/04\/24042026_El_arte_de_amar_tras_des_amar-100x100.jpg 100w\" data-sizes=\"100vw\" src=\"data:image\/svg+xml;base64,PHN2ZyB3aWR0aD0iMSIgaGVpZ2h0PSIxIiB4bWxucz0iaHR0cDovL3d3dy53My5vcmcvMjAwMC9zdmciPjwvc3ZnPg==\" style=\"--smush-placeholder-width: 350px; --smush-placeholder-aspect-ratio: 350\/350;\" \/><\/div><div class=\"mec-event-time mec-color\"><i class=\"mec-sl-clock-o\"><\/i> 18:00<\/div><h4 class=\"mec-event-title\"><a class=\"mec-color-hover\"  data-event-id=\"171358\" href=\"https:\/\/alzira.es\/es\/agenda-alzira\/presentacio-del-poemari-el-arte-de-amar-tras-desamar\/\" target=\"_self\" rel=\"noopener\">Presentaci\u00f3 del poemari \u00abEl arte de amar tras (des)amar\u00bb<\/a><span class=\"event-color\" style=\"background: #232138\"><\/span><\/h4><div class=\"mec-event-detail\"><div class=\"mec-event-loc-place\"><\/div><\/div><\/article>        <script type=\"application\/ld+json\">\r\n        {\r\n            \"@context\": \"http:\/\/schema.org\",\r\n            \"@type\": \"Event\",\r\n            \"eventStatus\": \"https:\/\/schema.org\/EventScheduled\",\r\n            \"startDate\": \"2026-04-24\",\r\n            \"endDate\": \"2026-04-24\",\r\n            \"eventAttendanceMode\": \"https:\/\/schema.org\/OfflineEventAttendanceMode\",\r\n            \"location\":\r\n            {\r\n                \"@type\": \"Place\",\r\n                                \"name\": \"\",\r\n                \"image\": \"\",\r\n                \"address\": \"\"\r\n                            },\r\n            \"organizer\":\r\n            {\r\n                \"@type\": \"Person\",\r\n                \"name\": \"\",\r\n                \"url\": \"\"\r\n            },\r\n            \"offers\":\r\n            {\r\n                \"url\": \"https:\/\/alzira.es\/es\/agenda-alzira\/festa-de-les-lletres-falleres\/\",\r\n                \"price\": \"\",\r\n                \"priceCurrency\": \"EUR\",\r\n                \"availability\": \"https:\/\/schema.org\/InStock\",\r\n                \"validFrom\": \"2026-04-24T00:00\"\r\n            },\r\n            \"performer\": \"\",\r\n            \"description\": \"&lt;p&gt;\ud83d\udcc5 Divendres 24 d&#8217;abril de 2026&lt;br \/&gt; \u23f0 A les 19.30 h.&lt;br \/&gt; \ud83d\udccd Gran Teatre d&#8217;Alzira&lt;\/p&gt; &lt;div class=&quot;figure&quot;&gt;&lt;a href=&quot;https:\/\/alzira.es\/wp-content\/uploads\/2026\/04\/festa-de-les-lletres-falleres.jpeg&quot; target=&quot;_blank&quot; rel=&quot;noopener&quot;&gt;&lt;img loading=&quot;lazy&quot; decoding=&quot;async&quot; class=&quot;aligncenter wp-image-171398 size-full&quot; src=&quot;https:\/\/alzira.es\/wp-content\/uploads\/2026\/04\/festa-de-les-lletres-falleres.jpeg&quot; alt=&quot;Festa de les Lletres Falleres&quot; width=&quot;1280&quot; height=&quot;1600&quot; srcset=&quot;https:\/\/alzira.es\/wp-content\/uploads\/2026\/04\/festa-de-les-lletres-falleres.jpeg 1280w, https:\/\/alzira.es\/wp-content\/uploads\/2026\/04\/festa-de-les-lletres-falleres-408x510.jpeg 408w, https:\/\/alzira.es\/wp-content\/uploads\/2026\/04\/festa-de-les-lletres-falleres-858x1072.jpeg 858w, https:\/\/alzira.es\/wp-content\/uploads\/2026\/04\/festa-de-les-lletres-falleres-768x960.jpeg 768w, https:\/\/alzira.es\/wp-content\/uploads\/2026\/04\/festa-de-les-lletres-falleres-1229x1536.jpeg 1229w&quot; sizes=&quot;(max-width: 706px) 89vw, (max-width: 767px) 82vw, 740px&quot; \/&gt;&lt;\/a&gt;&lt;\/div&gt; \",\r\n            \"image\": \"https:\/\/alzira.es\/wp-content\/uploads\/2026\/04\/festa-de-les-lletres-falleres.jpeg\",\r\n            \"name\": \"Festa de les Lletres Falleres\",\r\n            \"url\": \"https:\/\/alzira.es\/es\/agenda-alzira\/festa-de-les-lletres-falleres\/\"\r\n        }\r\n        <\/script>\r\n        <article class=\"mec-past-event ended-relative mec-event-article \"><div class=\"mec-event-image\"><img decoding=\"async\" width=\"350\" height=\"350\" data-src=\"https:\/\/alzira.es\/wp-content\/uploads\/2026\/04\/festa-de-les-lletres-falleres-350x350.jpeg\" class=\"attachment-thumbnail size-thumbnail wp-post-image lazyload\" alt=\"Festa de les Lletres Falleres\" data-mec-postid=\"171397\" data-srcset=\"https:\/\/alzira.es\/wp-content\/uploads\/2026\/04\/festa-de-les-lletres-falleres-350x350.jpeg 350w, https:\/\/alzira.es\/wp-content\/uploads\/2026\/04\/festa-de-les-lletres-falleres-300x300.jpeg 300w, https:\/\/alzira.es\/wp-content\/uploads\/2026\/04\/festa-de-les-lletres-falleres-100x100.jpeg 100w\" data-sizes=\"100vw\" src=\"data:image\/svg+xml;base64,PHN2ZyB3aWR0aD0iMSIgaGVpZ2h0PSIxIiB4bWxucz0iaHR0cDovL3d3dy53My5vcmcvMjAwMC9zdmciPjwvc3ZnPg==\" style=\"--smush-placeholder-width: 350px; --smush-placeholder-aspect-ratio: 350\/350;\" \/><\/div><div class=\"mec-event-time mec-color\"><i class=\"mec-sl-clock-o\"><\/i> 19:30<\/div><h4 class=\"mec-event-title\"><a class=\"mec-color-hover\"  data-event-id=\"171397\" href=\"https:\/\/alzira.es\/es\/agenda-alzira\/festa-de-les-lletres-falleres\/\" target=\"_self\" rel=\"noopener\">Festa de les Lletres Falleres<\/a><span class=\"event-color\" style=\"background: #f6a12d\"><\/span><\/h4><div class=\"mec-event-detail\"><div class=\"mec-event-loc-place\"><\/div><\/div><\/article><\/div><div class=\"mec-calendar-events-sec\" data-mec-cell=\"20260425\" ><h6 class=\"mec-table-side-title\">Eventos para <span class=\"mec-color mec-table-side-day\"> 25th<\/span> abril<\/h6>        <script type=\"application\/ld+json\">\r\n        {\r\n            \"@context\": \"http:\/\/schema.org\",\r\n            \"@type\": \"Event\",\r\n            \"eventStatus\": \"https:\/\/schema.org\/EventScheduled\",\r\n            \"startDate\": \"2026-04-25\",\r\n            \"endDate\": \"2026-04-25\",\r\n            \"eventAttendanceMode\": \"https:\/\/schema.org\/OfflineEventAttendanceMode\",\r\n            \"location\":\r\n            {\r\n                \"@type\": \"Place\",\r\n                                \"name\": \"\",\r\n                \"image\": \"\",\r\n                \"address\": \"\"\r\n                            },\r\n            \"organizer\":\r\n            {\r\n                \"@type\": \"Person\",\r\n                \"name\": \"\",\r\n                \"url\": \"\"\r\n            },\r\n            \"offers\":\r\n            {\r\n                \"url\": \"https:\/\/alzira.es\/es\/agenda-alzira\/concurs-de-paelles-dalzira-2026\/\",\r\n                \"price\": \"\",\r\n                \"priceCurrency\": \"EUR\",\r\n                \"availability\": \"https:\/\/schema.org\/InStock\",\r\n                \"validFrom\": \"2026-04-25T00:00\"\r\n            },\r\n            \"performer\": \"\",\r\n            \"description\": \"&lt;p&gt;\ud83d\udd25\ud83e\udd58 CONCURS DE PAELLES D\u2019ALZIRA 2026 \ud83e\udd58\ud83d\udd25&lt;\/p&gt; &lt;p&gt;Este dissabte 25 d\u2019abril tens una cita que no et pots perdre!Vine a gaudir del Memorial Paco Ram\u00edrez Vicent en un ambient \u00fanic \ud83c\udf7b\u2728&lt;\/p&gt; &lt;p&gt;\ud83c\udfb6 Des de les 10:00h comen\u00e7arem el dia amb m\u00fasica i una gran festa de germanor per compartir, riure i fer poble \ud83d\udc9b\ud83d\udc68\u200d\ud83c\udf73\ud83d\udd25 Les millors paelles, el millor ambient i molta festa!&lt;\/p&gt; &lt;p&gt;\ud83d\udca5 I a les 13:30h\u2026 MASCLET\u00c0 a la Pla\u00e7a Generalitat! \ud83d\udca5&lt;\/p&gt; &lt;p&gt;Un dia complet per viure Alzira com toca \ud83d\ude4c\ud83d\udccd T\u2019esperem!&lt;\/p&gt; &lt;div class=&quot;figure&quot;&gt;&lt;a class=&quot;x1i10hfl xjbqb8w x1ejq31n x18oe1m7 x1sy0etr xstzfhl x972fbf x10w94by x1qhh985 x14e42zd x9f619 x1ypdohk xt0psk2 x3ct3a4 xdj266r x14z9mp xat24cr x1lziwak xexx8yu xyri2b x18d9i69 x1c1uobl x16tdsg8 x1hl2dhg xggy1nq x1a2a7pz  _aa9_ _a6hd&quot; tabindex=&quot;0&quot; role=&quot;link&quot; href=&quot;https:\/\/www.instagram.com\/explore\/tags\/alzira\/&quot;&gt;#Alzira&lt;\/a&gt; &lt;a class=&quot;x1i10hfl xjbqb8w x1ejq31n x18oe1m7 x1sy0etr xstzfhl x972fbf x10w94by x1qhh985 x14e42zd x9f619 x1ypdohk xt0psk2 x3ct3a4 xdj266r x14z9mp xat24cr x1lziwak xexx8yu xyri2b x18d9i69 x1c1uobl x16tdsg8 x1hl2dhg xggy1nq x1a2a7pz  _aa9_ _a6hd&quot; tabindex=&quot;0&quot; role=&quot;link&quot; href=&quot;https:\/\/www.instagram.com\/explore\/tags\/concursdepaelles\/&quot;&gt;#ConcursDePaelles&lt;\/a&gt; &lt;a class=&quot;x1i10hfl xjbqb8w x1ejq31n x18oe1m7 x1sy0etr xstzfhl x972fbf x10w94by x1qhh985 x14e42zd x9f619 x1ypdohk xt0psk2 x3ct3a4 xdj266r x14z9mp xat24cr x1lziwak xexx8yu xyri2b x18d9i69 x1c1uobl x16tdsg8 x1hl2dhg xggy1nq x1a2a7pz  _aa9_ _a6hd&quot; tabindex=&quot;0&quot; role=&quot;link&quot; href=&quot;https:\/\/www.instagram.com\/explore\/tags\/germanor\/&quot;&gt;#Germanor&lt;\/a&gt; &lt;a class=&quot;x1i10hfl xjbqb8w x1ejq31n x18oe1m7 x1sy0etr xstzfhl x972fbf x10w94by x1qhh985 x14e42zd x9f619 x1ypdohk xt0psk2 x3ct3a4 xdj266r x14z9mp xat24cr x1lziwak xexx8yu xyri2b x18d9i69 x1c1uobl x16tdsg8 x1hl2dhg xggy1nq x1a2a7pz  _aa9_ _a6hd&quot; tabindex=&quot;0&quot; role=&quot;link&quot; href=&quot;https:\/\/www.instagram.com\/explore\/tags\/festa\/&quot;&gt;#Festa&lt;\/a&gt; &lt;a class=&quot;x1i10hfl xjbqb8w x1ejq31n x18oe1m7 x1sy0etr xstzfhl x972fbf x10w94by x1qhh985 x14e42zd x9f619 x1ypdohk xt0psk2 x3ct3a4 xdj266r x14z9mp xat24cr x1lziwak xexx8yu xyri2b x18d9i69 x1c1uobl x16tdsg8 x1hl2dhg xggy1nq x1a2a7pz  _aa9_ _a6hd&quot; tabindex=&quot;0&quot; role=&quot;link&quot; href=&quot;https:\/\/www.instagram.com\/explore\/tags\/masclet%C3%A0\/&quot;&gt;#Masclet\u00e0&lt;\/a&gt; PaellaTimu&lt;\/p&gt; &lt;p&gt;&lt;a href=&quot;https:\/\/alzira.es\/wp-content\/uploads\/2026\/04\/concurs-paelles.png&quot; target=&quot;_blank&quot; rel=&quot;noopener&quot;&gt;&lt;img loading=&quot;lazy&quot; decoding=&quot;async&quot; class=&quot;aligncenter wp-image-171404 size-full&quot; src=&quot;https:\/\/alzira.es\/wp-content\/uploads\/2026\/04\/concurs-paelles.png&quot; alt=&quot;CONCURS DE PAELLES D\u2019ALZIRA 2026&quot; width=&quot;751&quot; height=&quot;752&quot; srcset=&quot;https:\/\/alzira.es\/wp-content\/uploads\/2026\/04\/concurs-paelles.png 751w, https:\/\/alzira.es\/wp-content\/uploads\/2026\/04\/concurs-paelles-509x510.png 509w, https:\/\/alzira.es\/wp-content\/uploads\/2026\/04\/concurs-paelles-350x350.png 350w, https:\/\/alzira.es\/wp-content\/uploads\/2026\/04\/concurs-paelles-300x300.png 300w, https:\/\/alzira.es\/wp-content\/uploads\/2026\/04\/concurs-paelles-100x100.png 100w&quot; sizes=&quot;(max-width: 706px) 89vw, (max-width: 767px) 82vw, 740px&quot; \/&gt;&lt;\/a&gt;&lt;\/div&gt; \",\r\n            \"image\": \"https:\/\/alzira.es\/wp-content\/uploads\/2026\/04\/concurs-paelles.png\",\r\n            \"name\": \"CONCURS DE PAELLES D\u2019ALZIRA 2026\",\r\n            \"url\": \"https:\/\/alzira.es\/es\/agenda-alzira\/concurs-de-paelles-dalzira-2026\/\"\r\n        }\r\n        <\/script>\r\n        <article class=\"mec-past-event ended-relative mec-event-article \"><div class=\"mec-event-image\"><img decoding=\"async\" width=\"350\" height=\"350\" data-src=\"https:\/\/alzira.es\/wp-content\/uploads\/2026\/04\/concurs-paelles-350x350.png\" class=\"attachment-thumbnail size-thumbnail wp-post-image lazyload\" alt=\"CONCURS DE PAELLES D\u2019ALZIRA 2026\" data-mec-postid=\"171403\" data-srcset=\"https:\/\/alzira.es\/wp-content\/uploads\/2026\/04\/concurs-paelles-350x350.png 350w, https:\/\/alzira.es\/wp-content\/uploads\/2026\/04\/concurs-paelles-509x510.png 509w, https:\/\/alzira.es\/wp-content\/uploads\/2026\/04\/concurs-paelles-300x300.png 300w, https:\/\/alzira.es\/wp-content\/uploads\/2026\/04\/concurs-paelles-100x100.png 100w, https:\/\/alzira.es\/wp-content\/uploads\/2026\/04\/concurs-paelles.png 751w\" data-sizes=\"100vw\" src=\"data:image\/svg+xml;base64,PHN2ZyB3aWR0aD0iMSIgaGVpZ2h0PSIxIiB4bWxucz0iaHR0cDovL3d3dy53My5vcmcvMjAwMC9zdmciPjwvc3ZnPg==\" style=\"--smush-placeholder-width: 350px; --smush-placeholder-aspect-ratio: 350\/350;\" \/><\/div><div class=\"mec-event-time mec-color\"><i class=\"mec-sl-clock-o\"><\/i> Todo el d\u00eda<\/div><h4 class=\"mec-event-title\"><a class=\"mec-color-hover\"  data-event-id=\"171403\" href=\"https:\/\/alzira.es\/es\/agenda-alzira\/concurs-de-paelles-dalzira-2026\/\" target=\"_self\" rel=\"noopener\">CONCURS DE PAELLES D\u2019ALZIRA 2026<\/a><span class=\"event-color\" style=\"background: #fcf4cf\"><\/span><\/h4><div class=\"mec-event-detail\"><div class=\"mec-event-loc-place\"><\/div><\/div><\/article>        <script type=\"application\/ld+json\">\r\n        {\r\n            \"@context\": \"http:\/\/schema.org\",\r\n            \"@type\": \"Event\",\r\n            \"eventStatus\": \"https:\/\/schema.org\/EventScheduled\",\r\n            \"startDate\": \"2026-04-25\",\r\n            \"endDate\": \"2026-04-25\",\r\n            \"eventAttendanceMode\": \"https:\/\/schema.org\/OfflineEventAttendanceMode\",\r\n            \"location\":\r\n            {\r\n                \"@type\": \"Place\",\r\n                                \"name\": \"\",\r\n                \"image\": \"\",\r\n                \"address\": \"\"\r\n                            },\r\n            \"organizer\":\r\n            {\r\n                \"@type\": \"Person\",\r\n                \"name\": \"\",\r\n                \"url\": \"\"\r\n            },\r\n            \"offers\":\r\n            {\r\n                \"url\": \"https:\/\/alzira.es\/es\/agenda-alzira\/reset-alzira-fes-un-reset-i-cuida-la-teua-salut-mental\/\",\r\n                \"price\": \"\",\r\n                \"priceCurrency\": \"EUR\",\r\n                \"availability\": \"https:\/\/schema.org\/InStock\",\r\n                \"validFrom\": \"2026-04-25T00:00\"\r\n            },\r\n            \"performer\": \"\",\r\n            \"description\": \"&lt;p&gt;\ud83e\udde0 Reset Alzira: fes un reset i cuida la teua salut mental&lt;br \/&gt; El pr\u00f2xim 25 d\u2019abril comen\u00e7a el programa gratu\u00eft d\u2019ajuda psicol\u00f2gica, resili\u00e8ncia i suport psicosocial per a la joventut i inf\u00e0ncia d\u2019Alzira.&lt;\/p&gt; &lt;p&gt;\ud83d\udcc5 Dissabte 25 d\u2019abril&lt;br \/&gt; \ud83d\udccd Muntanyeta de Sant Salvador (punt d\u2019encontre: Casa de la cultura)&lt;br \/&gt; \ud83d\udd59 De 10 h a 13 h&lt;\/p&gt; &lt;p&gt;\u2705 Qu\u00e8 has de portar?&lt;\/p&gt; &lt;p&gt;Cal\u00e7at i roba c\u00f2modes&lt;br \/&gt; Esmorzar&lt;br \/&gt; Aigua&lt;br \/&gt; Ganes de fer una cosa diferent&lt;\/p&gt; &lt;p&gt;\ud83d\udc49 Inscripci\u00f3 gratu\u00efta ac\u00ed:&lt;br \/&gt; &lt;em&gt;&lt;strong&gt;&lt;a href=&quot;https:\/\/sembrem.org\/inscripciones&quot; target=&quot;_blank&quot; rel=&quot;noopener&quot;&gt;https:\/\/sembrem.org\/inscripciones&lt;\/a&gt;&lt;\/strong&gt;&lt;\/em&gt;&lt;\/p&gt; &lt;div class=&quot;figure&quot;&gt;&lt;a href=&quot;https:\/\/alzira.es\/wp-content\/uploads\/2026\/04\/reset-alzira.jpeg&quot; target=&quot;_blank&quot; rel=&quot;noopener&quot;&gt;&lt;img loading=&quot;lazy&quot; decoding=&quot;async&quot; class=&quot;aligncenter wp-image-171165 size-full&quot; src=&quot;https:\/\/alzira.es\/wp-content\/uploads\/2026\/04\/reset-alzira.jpeg&quot; alt=&quot;Reset Alzira: fes un reset i cuida la teua salut mental&quot; width=&quot;1131&quot; height=&quot;1600&quot; srcset=&quot;https:\/\/alzira.es\/wp-content\/uploads\/2026\/04\/reset-alzira.jpeg 1131w, https:\/\/alzira.es\/wp-content\/uploads\/2026\/04\/reset-alzira-361x510.jpeg 361w, https:\/\/alzira.es\/wp-content\/uploads\/2026\/04\/reset-alzira-758x1072.jpeg 758w, https:\/\/alzira.es\/wp-content\/uploads\/2026\/04\/reset-alzira-768x1086.jpeg 768w, https:\/\/alzira.es\/wp-content\/uploads\/2026\/04\/reset-alzira-1086x1536.jpeg 1086w&quot; sizes=&quot;(max-width: 706px) 89vw, (max-width: 767px) 82vw, 740px&quot; \/&gt;&lt;\/a&gt;&lt;\/div&gt; \",\r\n            \"image\": \"https:\/\/alzira.es\/wp-content\/uploads\/2026\/04\/reset-alzira.jpeg\",\r\n            \"name\": \"Reset Alzira: fes un reset i cuida la teua salut mental\",\r\n            \"url\": \"https:\/\/alzira.es\/es\/agenda-alzira\/reset-alzira-fes-un-reset-i-cuida-la-teua-salut-mental\/\"\r\n        }\r\n        <\/script>\r\n        <article class=\"mec-past-event ended-relative mec-event-article \"><div class=\"mec-event-image\"><img decoding=\"async\" width=\"350\" height=\"350\" data-src=\"https:\/\/alzira.es\/wp-content\/uploads\/2026\/04\/reset-alzira-350x350.jpeg\" class=\"attachment-thumbnail size-thumbnail wp-post-image lazyload\" alt=\"Reset Alzira: fes un reset i cuida la teua salut mental\" data-mec-postid=\"171164\" data-srcset=\"https:\/\/alzira.es\/wp-content\/uploads\/2026\/04\/reset-alzira-350x350.jpeg 350w, https:\/\/alzira.es\/wp-content\/uploads\/2026\/04\/reset-alzira-300x300.jpeg 300w, https:\/\/alzira.es\/wp-content\/uploads\/2026\/04\/reset-alzira-100x100.jpeg 100w\" data-sizes=\"100vw\" src=\"data:image\/svg+xml;base64,PHN2ZyB3aWR0aD0iMSIgaGVpZ2h0PSIxIiB4bWxucz0iaHR0cDovL3d3dy53My5vcmcvMjAwMC9zdmciPjwvc3ZnPg==\" style=\"--smush-placeholder-width: 350px; --smush-placeholder-aspect-ratio: 350\/350;\" \/><\/div><div class=\"mec-event-time mec-color\"><i class=\"mec-sl-clock-o\"><\/i> 10:00 - 13:00<\/div><h4 class=\"mec-event-title\"><a class=\"mec-color-hover\"  data-event-id=\"171164\" href=\"https:\/\/alzira.es\/es\/agenda-alzira\/reset-alzira-fes-un-reset-i-cuida-la-teua-salut-mental\/\" target=\"_self\" rel=\"noopener\">Reset Alzira: fes un reset i cuida la teua salut mental<\/a><span class=\"event-color\" style=\"background: #d4c6df\"><\/span><\/h4><div class=\"mec-event-detail\"><div class=\"mec-event-loc-place\"><\/div><\/div><\/article>        <script type=\"application\/ld+json\">\r\n        {\r\n            \"@context\": \"http:\/\/schema.org\",\r\n            \"@type\": \"Event\",\r\n            \"eventStatus\": \"https:\/\/schema.org\/EventScheduled\",\r\n            \"startDate\": \"2026-04-25\",\r\n            \"endDate\": \"2026-04-25\",\r\n            \"eventAttendanceMode\": \"https:\/\/schema.org\/OfflineEventAttendanceMode\",\r\n            \"location\":\r\n            {\r\n                \"@type\": \"Place\",\r\n                                \"name\": \"\",\r\n                \"image\": \"\",\r\n                \"address\": \"\"\r\n                            },\r\n            \"organizer\":\r\n            {\r\n                \"@type\": \"Person\",\r\n                \"name\": \"\",\r\n                \"url\": \"\"\r\n            },\r\n            \"offers\":\r\n            {\r\n                \"url\": \"https:\/\/alzira.es\/es\/agenda-alzira\/taller-de-lectura-interactiva-contacontes-per-aprendre-a-gaudir\/\",\r\n                \"price\": \"\",\r\n                \"priceCurrency\": \"EUR\",\r\n                \"availability\": \"https:\/\/schema.org\/InStock\",\r\n                \"validFrom\": \"2026-04-25T00:00\"\r\n            },\r\n            \"performer\": \"\",\r\n            \"description\": \"&lt;div class=&quot;x_x_elementToProof&quot;&gt;&lt;b&gt;&lt;u data-olk-copy-source=&quot;MessageBody&quot;&gt;Dissabte 25 d\u00b4abril de 2026 a les 12:00&lt;\/u&gt;&lt;\/b&gt;&lt;\/div&gt; &lt;div class=&quot;x_x_elementToProof&quot;&gt;&lt;b&gt;&lt;u&gt; &lt;\/u&gt;&lt;\/b&gt;&lt;\/div&gt; &lt;div class=&quot;x_x_elementToProof&quot;&gt;Taller de lectura interactiva. Contacontes per aprendre a gaudir. Presentat per Carmina Gil Sanchis (Centre Kumon Alzira).&lt;\/div&gt; &lt;div class=&quot;x_x_elementToProof&quot; aria-hidden=&quot;true&quot;&gt;&lt;\/div&gt; &lt;div class=&quot;x_x_elementToProof&quot;&gt;&lt;u&gt;Contes utilitzats:&lt;\/u&gt;&lt;\/div&gt; &lt;div class=&quot;x_x_elementToProof&quot;&gt;1. &lt;b&gt;El topo que quer\u00eda saber qui\u00e9n se hab\u00eda hecho eso encima de su cabeza &lt;\/b&gt;(precisi\u00f3, flu\u00efdesa i pauses).&lt;\/div&gt; &lt;div class=&quot;x_x_elementToProof&quot;&gt;2. &lt;b&gt;El pollito pelado &lt;\/b&gt;(estrat\u00e8gies de lectura: rellegir, lectura model i lectura conjunta).&lt;\/div&gt; &lt;div class=&quot;x_x_elementToProof&quot;&gt;3. &lt;b&gt;La princesa de Trujillo &lt;\/b&gt;(conceptes clau per completar l\u2019aprenentatge).&lt;\/div&gt; &lt;div class=&quot;x_x_elementToProof&quot;&gt;&lt;u&gt; &lt;\/u&gt;&lt;\/div&gt; &lt;div class=&quot;x_x_elementToProof&quot;&gt;&lt;u&gt;Destinataris: &lt;\/u&gt;Xiquets i xiquetes de diferents edats, acompanyats de les seues fam\u00edlies, amb l&#8217;objectiu d&#8217;implicar tamb\u00e9 als pares i mares en el proc\u00e9s lector.&lt;\/div&gt; &lt;div class=&quot;x_x_elementToProof&quot; aria-hidden=&quot;true&quot;&gt;&lt;\/div&gt; &lt;div class=&quot;x_x_elementToProof&quot;&gt;&lt;u&gt;Aforament m\u00e0xim&lt;\/u&gt;: 18 xiquets\/es + 1 pare\/mare per xiquet. Les inscripcions seran b\u00e9 telef\u00f2nicament al 962012981 o presencialment al mostrador de la biblioteca fins a completar aforament.&lt;\/div&gt; &lt;div class=&quot;x_x_elementToProof&quot; aria-hidden=&quot;true&quot;&gt;&lt;\/div&gt; &lt;div class=&quot;x_x_elementToProof&quot;&gt;&lt;b&gt;NOTA: LES INCRIPCIONS COMEN\u00c7ARAN EL DILLUNS 20 D\u00b4ABRIL A LES 09:00 HORES&lt;\/b&gt;&lt;\/div&gt; &lt;div class=&quot;x_x_elementToProof&quot; aria-hidden=&quot;true&quot;&gt;&lt;\/div&gt; &lt;div class=&quot;x_x_elementToProof&quot;&gt;&lt;u&gt;Lloc&lt;\/u&gt;: sala II de la Casa de la Cultura&lt;\/div&gt; &lt;div class=&quot;x_x_elementToProof&quot; aria-hidden=&quot;true&quot;&gt;&lt;\/div&gt; &lt;div class=&quot;x_x_elementToProof&quot;&gt;Desenvolupament del taller: El taller es desenvolupa a trav\u00e9s de la narraci\u00f3 de contes, jocs de comprensi\u00f3 i activitats din\u00e0miques que fomenten la participaci\u00f3 activa.&lt;\/div&gt; &lt;div class=&quot;x_x_elementToProof&quot; aria-hidden=&quot;true&quot;&gt;&lt;\/div&gt; &lt;div class=&quot;x_x_elementToProof&quot;&gt;M\u00e9s concretament l\u00b4activitat s\u00b4organitza de la seg\u00fcent manera:&lt;\/div&gt; &lt;div class=&quot;x_x_elementToProof&quot;&gt;1.Presentaci\u00f3 de l\u2019activitat. 2. Narraci\u00f3 dels contes amb suport visual. 3.Participaci\u00f3 dels assistents amb preguntes i reflexions. 4. Exercicis pr\u00e0ctics d&#8217;estrat\u00e8gies lectores per a pares i mares. 5. Tancament amb conclusions i recomanacions.&lt;\/div&gt; &lt;div class=&quot;x_x_elementToProof&quot;&gt;&lt;\/div&gt; &lt;div class=&quot;x_x_elementToProof&quot;&gt;Vos esperem!&lt;\/div&gt; &lt;div&gt;&lt;\/div&gt; &lt;div&gt;&lt;a href=&quot;https:\/\/alzira.es\/wp-content\/uploads\/2026\/04\/25042026_Lectura_interactiva.jpg&quot; target=&quot;_blank&quot; rel=&quot;noopener&quot;&gt;&lt;img loading=&quot;lazy&quot; decoding=&quot;async&quot; class=&quot;aligncenter wp-image-171340 size-full&quot; src=&quot;https:\/\/alzira.es\/wp-content\/uploads\/2026\/04\/25042026_Lectura_interactiva.jpg&quot; alt=&quot;Taller de lectura interactiva. Contacontes per aprendre a gaudir.&quot; width=&quot;2157&quot; height=&quot;2485&quot; srcset=&quot;https:\/\/alzira.es\/wp-content\/uploads\/2026\/04\/25042026_Lectura_interactiva.jpg 2157w, https:\/\/alzira.es\/wp-content\/uploads\/2026\/04\/25042026_Lectura_interactiva-443x510.jpg 443w, https:\/\/alzira.es\/wp-content\/uploads\/2026\/04\/25042026_Lectura_interactiva-931x1072.jpg 931w, https:\/\/alzira.es\/wp-content\/uploads\/2026\/04\/25042026_Lectura_interactiva-768x885.jpg 768w, https:\/\/alzira.es\/wp-content\/uploads\/2026\/04\/25042026_Lectura_interactiva-1333x1536.jpg 1333w, https:\/\/alzira.es\/wp-content\/uploads\/2026\/04\/25042026_Lectura_interactiva-1778x2048.jpg 1778w&quot; sizes=&quot;(max-width: 706px) 89vw, (max-width: 767px) 82vw, 740px&quot; \/&gt;&lt;\/a&gt;&lt;\/div&gt; \",\r\n            \"image\": \"https:\/\/alzira.es\/wp-content\/uploads\/2026\/04\/25042026_Lectura_interactiva.jpg\",\r\n            \"name\": \"Taller de lectura interactiva. Contacontes per aprendre a gaudir.\",\r\n            \"url\": \"https:\/\/alzira.es\/es\/agenda-alzira\/taller-de-lectura-interactiva-contacontes-per-aprendre-a-gaudir\/\"\r\n        }\r\n        <\/script>\r\n        <article class=\"mec-past-event ended-relative mec-event-article \"><div class=\"mec-event-image\"><img decoding=\"async\" width=\"350\" height=\"350\" data-src=\"https:\/\/alzira.es\/wp-content\/uploads\/2026\/04\/25042026_Lectura_interactiva-350x350.jpg\" class=\"attachment-thumbnail size-thumbnail wp-post-image lazyload\" alt=\"Taller de lectura interactiva. Contacontes per aprendre a gaudir.\" data-mec-postid=\"171335\" data-srcset=\"https:\/\/alzira.es\/wp-content\/uploads\/2026\/04\/25042026_Lectura_interactiva-350x350.jpg 350w, https:\/\/alzira.es\/wp-content\/uploads\/2026\/04\/25042026_Lectura_interactiva-300x300.jpg 300w, https:\/\/alzira.es\/wp-content\/uploads\/2026\/04\/25042026_Lectura_interactiva-100x100.jpg 100w\" data-sizes=\"100vw\" src=\"data:image\/svg+xml;base64,PHN2ZyB3aWR0aD0iMSIgaGVpZ2h0PSIxIiB4bWxucz0iaHR0cDovL3d3dy53My5vcmcvMjAwMC9zdmciPjwvc3ZnPg==\" style=\"--smush-placeholder-width: 350px; --smush-placeholder-aspect-ratio: 350\/350;\" \/><\/div><div class=\"mec-event-time mec-color\"><i class=\"mec-sl-clock-o\"><\/i> 12:00<\/div><h4 class=\"mec-event-title\"><a class=\"mec-color-hover\"  data-event-id=\"171335\" href=\"https:\/\/alzira.es\/es\/agenda-alzira\/taller-de-lectura-interactiva-contacontes-per-aprendre-a-gaudir\/\" target=\"_self\" rel=\"noopener\">Taller de lectura interactiva. Contacontes per aprendre a gaudir.<\/a><span class=\"event-color\" style=\"background: #fcf4cf\"><\/span><\/h4><div class=\"mec-event-detail\"><div class=\"mec-event-loc-place\"><\/div><\/div><\/article>        <script type=\"application\/ld+json\">\r\n        {\r\n            \"@context\": \"http:\/\/schema.org\",\r\n            \"@type\": \"Event\",\r\n            \"eventStatus\": \"https:\/\/schema.org\/EventScheduled\",\r\n            \"startDate\": \"2026-04-25\",\r\n            \"endDate\": \"2026-04-25\",\r\n            \"eventAttendanceMode\": \"https:\/\/schema.org\/OfflineEventAttendanceMode\",\r\n            \"location\":\r\n            {\r\n                \"@type\": \"Place\",\r\n                                \"name\": \"\",\r\n                \"image\": \"\",\r\n                \"address\": \"\"\r\n                            },\r\n            \"organizer\":\r\n            {\r\n                \"@type\": \"Person\",\r\n                \"name\": \"\",\r\n                \"url\": \"\"\r\n            },\r\n            \"offers\":\r\n            {\r\n                \"url\": \"https:\/\/alzira.es\/es\/agenda-alzira\/somriu-als-parcs-3\/\",\r\n                \"price\": \"\",\r\n                \"priceCurrency\": \"EUR\",\r\n                \"availability\": \"https:\/\/schema.org\/InStock\",\r\n                \"validFrom\": \"2026-04-25T00:00\"\r\n            },\r\n            \"performer\": \"\",\r\n            \"description\": \"&lt;p&gt;&lt;u&gt;Dissabte 25 d\u2019abril . Parc Pere Crespi,  a les 12 h&lt;\/u&gt;&lt;\/p&gt; &lt;p&gt;Colectivo Danzate presenta Me encanta bailar pero se me da fatal.&lt;\/p&gt; &lt;p&gt;Amb: Marta Sofia Gallego i Andrea Dolz&lt;\/p&gt; &lt;p&gt;Per qu\u00e8 si t\u2019encanta ballar no balles? i Qu\u00e8 \u00e9s ballar b\u00e9 o ballar fatal?&lt;\/p&gt; &lt;p&gt;Acci\u00f3 participativa guiada i   intergeneraciona, l on el focus del taller s\u00f3n les persones participants. L&#8217;\u00fanic requisit per a assistir \u00e9s que t&#8217;encante ballar.&lt;\/p&gt; &lt;p&gt;Espectacle musical en valenci\u00e0.&lt;\/p&gt; &lt;p&gt;Per a persones de 0 a 99 anys.&lt;\/p&gt; &lt;p&gt;Durada: 60 min&lt;\/p&gt; &lt;div class=&quot;figure&quot;&gt;&lt;a href=&quot;https:\/\/alzira.es\/wp-content\/uploads\/2026\/04\/somriu-als-parcs.jpeg&quot; target=&quot;_blank&quot; rel=&quot;noopener&quot;&gt;&lt;img loading=&quot;lazy&quot; decoding=&quot;async&quot; class=&quot;aligncenter wp-image-171410 size-full&quot; src=&quot;https:\/\/alzira.es\/wp-content\/uploads\/2026\/04\/somriu-als-parcs.jpeg&quot; alt=&quot;SOMRIU ALS PARCS&quot; width=&quot;1131&quot; height=&quot;1600&quot; srcset=&quot;https:\/\/alzira.es\/wp-content\/uploads\/2026\/04\/somriu-als-parcs.jpeg 1131w, https:\/\/alzira.es\/wp-content\/uploads\/2026\/04\/somriu-als-parcs-361x510.jpeg 361w, https:\/\/alzira.es\/wp-content\/uploads\/2026\/04\/somriu-als-parcs-758x1072.jpeg 758w, https:\/\/alzira.es\/wp-content\/uploads\/2026\/04\/somriu-als-parcs-768x1086.jpeg 768w, https:\/\/alzira.es\/wp-content\/uploads\/2026\/04\/somriu-als-parcs-1086x1536.jpeg 1086w&quot; sizes=&quot;(max-width: 706px) 89vw, (max-width: 767px) 82vw, 740px&quot; \/&gt;&lt;\/a&gt;&lt;\/div&gt; \",\r\n            \"image\": \"https:\/\/alzira.es\/wp-content\/uploads\/2026\/04\/somriu-als-parcs.jpeg\",\r\n            \"name\": \"SOMRIU ALS PARCS\",\r\n            \"url\": \"https:\/\/alzira.es\/es\/agenda-alzira\/somriu-als-parcs-3\/\"\r\n        }\r\n        <\/script>\r\n        <article class=\"mec-past-event ended-relative mec-event-article \"><div class=\"mec-event-image\"><img decoding=\"async\" width=\"350\" height=\"350\" data-src=\"https:\/\/alzira.es\/wp-content\/uploads\/2026\/04\/somriu-als-parcs-350x350.jpeg\" class=\"attachment-thumbnail size-thumbnail wp-post-image lazyload\" alt=\"SOMRIU ALS PARCS\" data-mec-postid=\"171409\" data-srcset=\"https:\/\/alzira.es\/wp-content\/uploads\/2026\/04\/somriu-als-parcs-350x350.jpeg 350w, https:\/\/alzira.es\/wp-content\/uploads\/2026\/04\/somriu-als-parcs-300x300.jpeg 300w, https:\/\/alzira.es\/wp-content\/uploads\/2026\/04\/somriu-als-parcs-100x100.jpeg 100w\" data-sizes=\"100vw\" src=\"data:image\/svg+xml;base64,PHN2ZyB3aWR0aD0iMSIgaGVpZ2h0PSIxIiB4bWxucz0iaHR0cDovL3d3dy53My5vcmcvMjAwMC9zdmciPjwvc3ZnPg==\" style=\"--smush-placeholder-width: 350px; --smush-placeholder-aspect-ratio: 350\/350;\" \/><\/div><div class=\"mec-event-time mec-color\"><i class=\"mec-sl-clock-o\"><\/i> 12:00<\/div><h4 class=\"mec-event-title\"><a class=\"mec-color-hover\"  data-event-id=\"171409\" href=\"https:\/\/alzira.es\/es\/agenda-alzira\/somriu-als-parcs-3\/\" target=\"_self\" rel=\"noopener\">SOMRIU ALS PARCS<\/a><span class=\"event-color\" style=\"background: #00a0d2\"><\/span><\/h4><div class=\"mec-event-detail\"><div class=\"mec-event-loc-place\"><\/div><\/div><\/article>        <script type=\"application\/ld+json\">\r\n        {\r\n            \"@context\": \"http:\/\/schema.org\",\r\n            \"@type\": \"Event\",\r\n            \"eventStatus\": \"https:\/\/schema.org\/EventScheduled\",\r\n            \"startDate\": \"2026-04-25\",\r\n            \"endDate\": \"2026-04-25\",\r\n            \"eventAttendanceMode\": \"https:\/\/schema.org\/OfflineEventAttendanceMode\",\r\n            \"location\":\r\n            {\r\n                \"@type\": \"Place\",\r\n                                \"name\": \"\",\r\n                \"image\": \"\",\r\n                \"address\": \"\"\r\n                            },\r\n            \"organizer\":\r\n            {\r\n                \"@type\": \"Person\",\r\n                \"name\": \"\",\r\n                \"url\": \"\"\r\n            },\r\n            \"offers\":\r\n            {\r\n                \"url\": \"https:\/\/alzira.es\/es\/agenda-alzira\/concentracio-de-les-imatges-de-les-festes-de-barris-i-partides-i-missa-de-campanya-en-honor-a-tots-els-festers-difunts\/\",\r\n                \"price\": \"\",\r\n                \"priceCurrency\": \"EUR\",\r\n                \"availability\": \"https:\/\/schema.org\/InStock\",\r\n                \"validFrom\": \"2026-04-25T00:00\"\r\n            },\r\n            \"performer\": \"\",\r\n            \"description\": \"&lt;p style=&quot;text-align: center;&quot;&gt;&lt;strong&gt;LA JUNTA COORDINADORA DE FESTES DE BARRIS I PARTIDES&lt;\/strong&gt;&lt;br \/&gt; &lt;strong&gt;SALUDA&lt;\/strong&gt;&lt;br \/&gt; I t\u00e9 el plaer de convidar-los, a la concentraci\u00f3 de les imatges de les festes de barris i partides, i missa de campanya en honor a tots els festers difunts, qu\u00e8 es celebrar\u00e0 el proper dissabte dia 25 d&#8217;abril a la Pla\u00e7a Major de nostra ciutat, a les 19.00 hores i posterior process\u00f3.&lt;br \/&gt; Esperant la seua assist\u00e8ncia, aprofite l\u2019ocasi\u00f3 per saludar-los&lt;br \/&gt; Atentament&lt;br \/&gt; &lt;strong&gt;Isabel Itures Garcia&lt;\/strong&gt;&lt;br \/&gt; &lt;strong&gt;PRESIDENTA JUNTA COORDINADORA FESTES DE BARRIS I PARTIDES D\u00b4ALZIRA&lt;\/strong&gt;&lt;br \/&gt; Li agrair\u00edem que ens confirmara la seua assist\u00e8ncia, abans del dia 14 d\u2019abril al tel\u00e8fon, 676474484 (Loli) .&lt;\/p&gt; &lt;p style=&quot;text-align: center;&quot;&gt;&lt;a href=&quot;https:\/\/alzira.es\/wp-content\/uploads\/2026\/04\/festes-de-barris-i-partides.jpeg&quot; target=&quot;_blank&quot; rel=&quot;noopener&quot;&gt;&lt;img loading=&quot;lazy&quot; decoding=&quot;async&quot; class=&quot;aligncenter wp-image-171255 size-full&quot; src=&quot;https:\/\/alzira.es\/wp-content\/uploads\/2026\/04\/festes-de-barris-i-partides.jpeg&quot; alt=&quot;festes de barris i partides&quot; width=&quot;938&quot; height=&quot;1352&quot; srcset=&quot;https:\/\/alzira.es\/wp-content\/uploads\/2026\/04\/festes-de-barris-i-partides.jpeg 938w, https:\/\/alzira.es\/wp-content\/uploads\/2026\/04\/festes-de-barris-i-partides-354x510.jpeg 354w, https:\/\/alzira.es\/wp-content\/uploads\/2026\/04\/festes-de-barris-i-partides-744x1072.jpeg 744w, https:\/\/alzira.es\/wp-content\/uploads\/2026\/04\/festes-de-barris-i-partides-768x1107.jpeg 768w&quot; sizes=&quot;(max-width: 706px) 89vw, (max-width: 767px) 82vw, 740px&quot; \/&gt;&lt;\/a&gt;&lt;\/p&gt; \",\r\n            \"image\": \"https:\/\/alzira.es\/wp-content\/uploads\/2026\/04\/festes-de-barris-i-partides.jpeg\",\r\n            \"name\": \"Concentraci\u00f3 de les imatges de les festes de barris i partides i missa de campanya en honor a tots els festers difunts\",\r\n            \"url\": \"https:\/\/alzira.es\/es\/agenda-alzira\/concentracio-de-les-imatges-de-les-festes-de-barris-i-partides-i-missa-de-campanya-en-honor-a-tots-els-festers-difunts\/\"\r\n        }\r\n        <\/script>\r\n        <article class=\"mec-past-event ended-relative mec-event-article \"><div class=\"mec-event-image\"><img decoding=\"async\" width=\"350\" height=\"350\" data-src=\"https:\/\/alzira.es\/wp-content\/uploads\/2026\/04\/festes-de-barris-i-partides-350x350.jpeg\" class=\"attachment-thumbnail size-thumbnail wp-post-image lazyload\" alt=\"festes de barris i partides\" data-mec-postid=\"171252\" data-srcset=\"https:\/\/alzira.es\/wp-content\/uploads\/2026\/04\/festes-de-barris-i-partides-350x350.jpeg 350w, https:\/\/alzira.es\/wp-content\/uploads\/2026\/04\/festes-de-barris-i-partides-300x300.jpeg 300w, https:\/\/alzira.es\/wp-content\/uploads\/2026\/04\/festes-de-barris-i-partides-100x100.jpeg 100w\" data-sizes=\"100vw\" src=\"data:image\/svg+xml;base64,PHN2ZyB3aWR0aD0iMSIgaGVpZ2h0PSIxIiB4bWxucz0iaHR0cDovL3d3dy53My5vcmcvMjAwMC9zdmciPjwvc3ZnPg==\" style=\"--smush-placeholder-width: 350px; --smush-placeholder-aspect-ratio: 350\/350;\" \/><\/div><div class=\"mec-event-time mec-color\"><i class=\"mec-sl-clock-o\"><\/i> 19:00<\/div><h4 class=\"mec-event-title\"><a class=\"mec-color-hover\"  data-event-id=\"171252\" href=\"https:\/\/alzira.es\/es\/agenda-alzira\/concentracio-de-les-imatges-de-les-festes-de-barris-i-partides-i-missa-de-campanya-en-honor-a-tots-els-festers-difunts\/\" target=\"_self\" rel=\"noopener\">Concentraci\u00f3 de les imatges de les festes de barris i partides i missa de campanya en honor a tots els festers difunts<\/a><span class=\"event-color\" style=\"background: #f69700\"><\/span><\/h4><div class=\"mec-event-detail\"><div class=\"mec-event-loc-place\"><\/div><\/div><\/article>        <script type=\"application\/ld+json\">\r\n        {\r\n            \"@context\": \"http:\/\/schema.org\",\r\n            \"@type\": \"Event\",\r\n            \"eventStatus\": \"https:\/\/schema.org\/EventScheduled\",\r\n            \"startDate\": \"2026-04-25\",\r\n            \"endDate\": \"2026-04-25\",\r\n            \"eventAttendanceMode\": \"https:\/\/schema.org\/OfflineEventAttendanceMode\",\r\n            \"location\":\r\n            {\r\n                \"@type\": \"Place\",\r\n                                \"name\": \"\",\r\n                \"image\": \"\",\r\n                \"address\": \"\"\r\n                            },\r\n            \"organizer\":\r\n            {\r\n                \"@type\": \"Person\",\r\n                \"name\": \"\",\r\n                \"url\": \"\"\r\n            },\r\n            \"offers\":\r\n            {\r\n                \"url\": \"https:\/\/alzira.es\/es\/agenda-alzira\/concert-de-la-maria-amb-la-participacio-de-feliu-ventura-2\/\",\r\n                \"price\": \"\",\r\n                \"priceCurrency\": \"EUR\",\r\n                \"availability\": \"https:\/\/schema.org\/InStock\",\r\n                \"validFrom\": \"2026-04-25T00:00\"\r\n            },\r\n            \"performer\": \"\",\r\n            \"description\": \"&lt;p&gt;&lt;strong&gt;M\u00daSICA PER A J\u00d3VENS I ADULTS&lt;\/strong&gt;&lt;\/p&gt; &lt;p&gt;&lt;u&gt;Dissabte 25 d\u2019abril. Gran Teatre, a les 20.00 hores&lt;\/u&gt;&lt;\/p&gt; &lt;p&gt;Concert de&lt;strong&gt; LA MARIA, &lt;\/strong&gt;amb la participaci\u00f3 de&lt;strong&gt; Feliu Ventura&lt;\/strong&gt;&lt;\/p&gt; &lt;p&gt;La jove cantant d\u2019Oliva, La Maria, forma part de la nova fornada d\u2019artistes que agafen la tradici\u00f3 per innovar. Presenta el  seu nou treball, &lt;em&gt;Robina,&lt;\/em&gt; que \u00e9s refugi, renaixen\u00e7a i tamb\u00e9 autoretrat. Est\u00e0 dividit en tres parts: la ruptura, el buit i l\u2019enamorament (d\u2019una mateixa). I es pot aplicar a l\u2019amor o a qualsevol proc\u00e9s vital, per\u00f2 sempre amb una banda que fusiona els sons tradicionals i  l\u2019electr\u00f2nica.&lt;\/p&gt; &lt;p&gt;Va acompanyada de Feliu Ventura, que presenta el seu nou disc Tot el que hem guanyat perdent, un treball que repr\u00e8n el seu fil comprom\u00e8s i po\u00e8tic amb una sonoritat renovada i oberta.&lt;\/p&gt; &lt;p&gt;Entrades: 8 \u20ac (redu\u00efda per a carnet jove i jubilats: 6 \u20ac)&lt;\/p&gt; &lt;div class=&quot;figure&quot;&gt;&lt;a href=&quot;https:\/\/alzira.es\/wp-content\/uploads\/2026\/04\/la-maria.jpeg&quot; target=&quot;_blank&quot; rel=&quot;noopener&quot;&gt;&lt;img loading=&quot;lazy&quot; decoding=&quot;async&quot; class=&quot;aligncenter wp-image-171128 size-full&quot; src=&quot;https:\/\/alzira.es\/wp-content\/uploads\/2026\/04\/la-maria.jpeg&quot; alt=&quot;Concert de LA MARIA&quot; width=&quot;1131&quot; height=&quot;1600&quot; srcset=&quot;https:\/\/alzira.es\/wp-content\/uploads\/2026\/04\/la-maria.jpeg 1131w, https:\/\/alzira.es\/wp-content\/uploads\/2026\/04\/la-maria-361x510.jpeg 361w, https:\/\/alzira.es\/wp-content\/uploads\/2026\/04\/la-maria-758x1072.jpeg 758w, https:\/\/alzira.es\/wp-content\/uploads\/2026\/04\/la-maria-768x1086.jpeg 768w, https:\/\/alzira.es\/wp-content\/uploads\/2026\/04\/la-maria-1086x1536.jpeg 1086w&quot; sizes=&quot;(max-width: 706px) 89vw, (max-width: 767px) 82vw, 740px&quot; \/&gt;&lt;\/a&gt;&lt;\/div&gt; \",\r\n            \"image\": \"https:\/\/alzira.es\/wp-content\/uploads\/2026\/04\/la-maria.jpeg\",\r\n            \"name\": \"Concert de LA MARIA, amb la participaci\u00f3 de Feliu Ventura\",\r\n            \"url\": \"https:\/\/alzira.es\/es\/agenda-alzira\/concert-de-la-maria-amb-la-participacio-de-feliu-ventura-2\/\"\r\n        }\r\n        <\/script>\r\n        <article class=\"mec-past-event ended-relative mec-event-article \"><div class=\"mec-event-image\"><img decoding=\"async\" width=\"350\" height=\"350\" data-src=\"https:\/\/alzira.es\/wp-content\/uploads\/2026\/04\/la-maria-350x350.jpeg\" class=\"attachment-thumbnail size-thumbnail wp-post-image lazyload\" alt=\"Concert de LA MARIA\" data-mec-postid=\"171127\" data-srcset=\"https:\/\/alzira.es\/wp-content\/uploads\/2026\/04\/la-maria-350x350.jpeg 350w, https:\/\/alzira.es\/wp-content\/uploads\/2026\/04\/la-maria-300x300.jpeg 300w, https:\/\/alzira.es\/wp-content\/uploads\/2026\/04\/la-maria-100x100.jpeg 100w\" data-sizes=\"100vw\" src=\"data:image\/svg+xml;base64,PHN2ZyB3aWR0aD0iMSIgaGVpZ2h0PSIxIiB4bWxucz0iaHR0cDovL3d3dy53My5vcmcvMjAwMC9zdmciPjwvc3ZnPg==\" style=\"--smush-placeholder-width: 350px; --smush-placeholder-aspect-ratio: 350\/350;\" \/><\/div><div class=\"mec-event-time mec-color\"><i class=\"mec-sl-clock-o\"><\/i> 20:00<\/div><h4 class=\"mec-event-title\"><a class=\"mec-color-hover\"  data-event-id=\"171127\" href=\"https:\/\/alzira.es\/es\/agenda-alzira\/concert-de-la-maria-amb-la-participacio-de-feliu-ventura-2\/\" target=\"_self\" rel=\"noopener\">Concert de LA MARIA, amb la participaci\u00f3 de Feliu Ventura<\/a><span class=\"event-color\" style=\"background: #e14d43\"><\/span><\/h4><div class=\"mec-event-detail\"><div class=\"mec-event-loc-place\"><\/div><\/div><\/article><\/div><div class=\"mec-calendar-events-sec\" data-mec-cell=\"20260426\" ><h6 class=\"mec-table-side-title\">Eventos para <span class=\"mec-color mec-table-side-day\"> 26th<\/span> abril<\/h6>        <script type=\"application\/ld+json\">\r\n        {\r\n            \"@context\": \"http:\/\/schema.org\",\r\n            \"@type\": \"Event\",\r\n            \"eventStatus\": \"https:\/\/schema.org\/EventScheduled\",\r\n            \"startDate\": \"2026-04-26\",\r\n            \"endDate\": \"2026-04-26\",\r\n            \"eventAttendanceMode\": \"https:\/\/schema.org\/OfflineEventAttendanceMode\",\r\n            \"location\":\r\n            {\r\n                \"@type\": \"Place\",\r\n                                \"name\": \"\",\r\n                \"image\": \"\",\r\n                \"address\": \"\"\r\n                            },\r\n            \"organizer\":\r\n            {\r\n                \"@type\": \"Person\",\r\n                \"name\": \"\",\r\n                \"url\": \"\"\r\n            },\r\n            \"offers\":\r\n            {\r\n                \"url\": \"https:\/\/alzira.es\/es\/agenda-alzira\/v-lliga-benjami-i-alevi-de-natacio\/\",\r\n                \"price\": \"\",\r\n                \"priceCurrency\": \"EUR\",\r\n                \"availability\": \"https:\/\/schema.org\/InStock\",\r\n                \"validFrom\": \"2026-04-26T00:00\"\r\n            },\r\n            \"performer\": \"\",\r\n            \"description\": \"&lt;p&gt;\ud83d\udcc5 Diumenge 26 d&#8217;abril de 2026&lt;br \/&gt; \ud83d\udccd Piscines Municipals&lt;br \/&gt; \ud83d\udc49 Informen als usuaries, que amb motiu d&#8217;una competici\u00f3 de nataci\u00f3, les piscines d&#8217;estiu romandran tancades. Disculpen les mol\u00e8sties.&lt;\/p&gt; &lt;div class=&quot;figure&quot;&gt;&lt;a href=&quot;https:\/\/alzira.es\/wp-content\/uploads\/2026\/04\/compteticio-de-natacio.jpeg&quot; target=&quot;_blank&quot; rel=&quot;noopener&quot;&gt;&lt;img loading=&quot;lazy&quot; decoding=&quot;async&quot; class=&quot;aligncenter wp-image-171350 size-full&quot; src=&quot;https:\/\/alzira.es\/wp-content\/uploads\/2026\/04\/compteticio-de-natacio.jpeg&quot; alt=&quot;Competici\u00f3 de nataci\u00f3&quot; width=&quot;592&quot; height=&quot;780&quot; srcset=&quot;https:\/\/alzira.es\/wp-content\/uploads\/2026\/04\/compteticio-de-natacio.jpeg 592w, https:\/\/alzira.es\/wp-content\/uploads\/2026\/04\/compteticio-de-natacio-387x510.jpeg 387w&quot; sizes=&quot;(max-width: 592px) 100vw, 592px&quot; \/&gt;&lt;\/a&gt;&lt;\/div&gt; \",\r\n            \"image\": \"https:\/\/alzira.es\/wp-content\/uploads\/2026\/04\/compteticio-de-natacio.jpeg\",\r\n            \"name\": \"V Lliga Benjam\u00ed i Alev\u00ed de nataci\u00f3\",\r\n            \"url\": \"https:\/\/alzira.es\/es\/agenda-alzira\/v-lliga-benjami-i-alevi-de-natacio\/\"\r\n        }\r\n        <\/script>\r\n        <article class=\"mec-past-event ended-relative mec-event-article \"><div class=\"mec-event-image\"><img decoding=\"async\" width=\"350\" height=\"350\" data-src=\"https:\/\/alzira.es\/wp-content\/uploads\/2026\/04\/compteticio-de-natacio-350x350.jpeg\" class=\"attachment-thumbnail size-thumbnail wp-post-image lazyload\" alt=\"Competici\u00f3 de nataci\u00f3\" data-mec-postid=\"171349\" data-srcset=\"https:\/\/alzira.es\/wp-content\/uploads\/2026\/04\/compteticio-de-natacio-350x350.jpeg 350w, https:\/\/alzira.es\/wp-content\/uploads\/2026\/04\/compteticio-de-natacio-300x300.jpeg 300w, https:\/\/alzira.es\/wp-content\/uploads\/2026\/04\/compteticio-de-natacio-100x100.jpeg 100w\" data-sizes=\"100vw\" src=\"data:image\/svg+xml;base64,PHN2ZyB3aWR0aD0iMSIgaGVpZ2h0PSIxIiB4bWxucz0iaHR0cDovL3d3dy53My5vcmcvMjAwMC9zdmciPjwvc3ZnPg==\" style=\"--smush-placeholder-width: 350px; --smush-placeholder-aspect-ratio: 350\/350;\" \/><\/div><div class=\"mec-event-time mec-color\"><i class=\"mec-sl-clock-o\"><\/i> Todo el d\u00eda<\/div><h4 class=\"mec-event-title\"><a class=\"mec-color-hover\"  data-event-id=\"171349\" href=\"https:\/\/alzira.es\/es\/agenda-alzira\/v-lliga-benjami-i-alevi-de-natacio\/\" target=\"_self\" rel=\"noopener\">V Lliga Benjam\u00ed i Alev\u00ed de nataci\u00f3<\/a><span class=\"event-color\" style=\"background: #00a0d2\"><\/span><\/h4><div class=\"mec-event-detail\"><div class=\"mec-event-loc-place\"><\/div><\/div><\/article><\/div><\/div><dl class=\"mec-calendar-row\"><dt class=\"mec-calendar-day\" data-mec-cell=\"20260427\" data-day=\"27\" data-month=\"202604\">27<\/dt><dt class=\"mec-calendar-day\" data-mec-cell=\"20260428\" data-day=\"28\" data-month=\"202604\">28<\/dt><dt class=\"mec-calendar-day\" data-mec-cell=\"20260429\" data-day=\"29\" data-month=\"202604\">29<\/dt><dt class=\"mec-calendar-day mec-selected-day mec-has-event\" data-mec-cell=\"20260430\" data-day=\"30\" data-month=\"202604\"><a href=\"#\" class=\"mec-has-event-a\">30<\/a><\/dt><dt class=\"mec-table-nullday\">1<\/dt><dt class=\"mec-table-nullday\">2<\/dt><dt class=\"mec-calendar-day mec-has-event\" data-mec-cell=\"20260503\" data-day=\"3\" data-month=\"202604\"><a href=\"#\" class=\"mec-has-event-a\">3<\/a><\/dt><\/dl>\r\n<div class=\"mec-clear\">\r\n    <div  class=\"mec-calendar-events-sec\" data-mec-cell=\"20260427\"><h6 class=\"mec-table-side-title\">Eventos para <span class=\"mec-color mec-table-side-day\"> 27th<\/span> abril<\/h6><article class=\"mec-event-article\"><div class=\"mec-event-detail\">Sin eventos<\/div><\/article><\/div><div  class=\"mec-calendar-events-sec\" data-mec-cell=\"20260428\"><h6 class=\"mec-table-side-title\">Eventos para <span class=\"mec-color mec-table-side-day\"> 28th<\/span> abril<\/h6><article class=\"mec-event-article\"><div class=\"mec-event-detail\">Sin eventos<\/div><\/article><\/div><div  class=\"mec-calendar-events-sec\" data-mec-cell=\"20260429\"><h6 class=\"mec-table-side-title\">Eventos para <span class=\"mec-color mec-table-side-day\"> 29th<\/span> abril<\/h6><article class=\"mec-event-article\"><div class=\"mec-event-detail\">Sin eventos<\/div><\/article><\/div><div class=\"mec-calendar-events-sec\" data-mec-cell=\"20260430\"  style=\"display: block;\"><h6 class=\"mec-table-side-title\">Eventos para <span class=\"mec-color mec-table-side-day\"> 30th<\/span> abril<\/h6>        <script type=\"application\/ld+json\">\r\n        {\r\n            \"@context\": \"http:\/\/schema.org\",\r\n            \"@type\": \"Event\",\r\n            \"eventStatus\": \"https:\/\/schema.org\/EventScheduled\",\r\n            \"startDate\": \"2026-04-30\",\r\n            \"endDate\": \"2026-04-30\",\r\n            \"eventAttendanceMode\": \"https:\/\/schema.org\/OfflineEventAttendanceMode\",\r\n            \"location\":\r\n            {\r\n                \"@type\": \"Place\",\r\n                                \"name\": \"\",\r\n                \"image\": \"\",\r\n                \"address\": \"\"\r\n                            },\r\n            \"organizer\":\r\n            {\r\n                \"@type\": \"Person\",\r\n                \"name\": \"\",\r\n                \"url\": \"\"\r\n            },\r\n            \"offers\":\r\n            {\r\n                \"url\": \"https:\/\/alzira.es\/es\/agenda-alzira\/inscripcions-obertes-per-als-cursos-despa-i-i-ii\/\",\r\n                \"price\": \"\",\r\n                \"priceCurrency\": \"EUR\",\r\n                \"availability\": \"https:\/\/schema.org\/InStock\",\r\n                \"validFrom\": \"2026-04-30T00:00\"\r\n            },\r\n            \"performer\": \"\",\r\n            \"description\": \"&lt;p&gt;\ud83d\udcda\u2728 Inscripcions Obertes per als Cursos d&#8217;ESPA I i II! \u2728\ud83d\udcda&lt;\/p&gt; &lt;p&gt;T\u2019atreveixes a obtenir el Graduat en ESO? Amb el nou decret, els nostres cursos es cursen per m\u00f2duls quadrimestrals!&lt;\/p&gt; &lt;p&gt;\ud83d\uddd3\ufe0f El segon quadrimestre comen\u00e7ar\u00e0 el 26 de gener i acabar\u00e0 el 12 de juny.&lt;\/p&gt; &lt;p&gt;\ud83d\udcc5 Termini de matr\u00edcula: del 7 de gener al 30 d&#8217;abril.&lt;\/p&gt; &lt;p&gt;Documents necessaris per formalitzar la matr\u00edcula:&lt;\/p&gt; &lt;p&gt;Full de matr\u00edcula correctament emplenat&lt;br \/&gt; Fotoc\u00f2pia del DNI, NIE o passaport&lt;br \/&gt; 2 fotos&lt;br \/&gt; Butlletins de qualificacions dels \u00faltims cursos (ESO, EGB, PQPI, FP B\u00e0sica, BUP&#8230;)&lt;br \/&gt; Si no disposes de qualificacions, haur\u00e0s de fer una prova VIA (Valoraci\u00f3 Inicial de l&#8217;Alumnat) per determinar el teu nivell.&lt;\/p&gt; &lt;p&gt;\ud83d\udd17 No perdes l&#8217;oportunitat! Matricula&#8217;t i comen\u00e7a el teu cam\u00ed cap al Graduat en ESO.&lt;\/p&gt; &lt;p&gt;#Educaci\u00f3 #ESPA #GraduatESO #Formaci\u00f3ElsM\u00e9sGrans&lt;\/p&gt; &lt;div class=&quot;figure&quot;&gt;&lt;a href=&quot;https:\/\/alzira.es\/wp-content\/uploads\/2026\/01\/titol-de-graduat-en-eso.jpeg&quot; target=&quot;_blank&quot; rel=&quot;noopener&quot;&gt;&lt;img loading=&quot;lazy&quot; decoding=&quot;async&quot; class=&quot;aligncenter wp-image-166932 size-full&quot; src=&quot;https:\/\/alzira.es\/wp-content\/uploads\/2026\/01\/titol-de-graduat-en-eso.jpeg&quot; alt=&quot; Inscripcions Obertes per als Cursos d&#039;ESPA I i II! &quot; width=&quot;940&quot; height=&quot;788&quot; srcset=&quot;https:\/\/alzira.es\/wp-content\/uploads\/2026\/01\/titol-de-graduat-en-eso.jpeg 940w, https:\/\/alzira.es\/wp-content\/uploads\/2026\/01\/titol-de-graduat-en-eso-608x510.jpeg 608w, https:\/\/alzira.es\/wp-content\/uploads\/2026\/01\/titol-de-graduat-en-eso-768x644.jpeg 768w&quot; sizes=&quot;(max-width: 706px) 89vw, (max-width: 767px) 82vw, 740px&quot; \/&gt;&lt;\/a&gt;&lt;\/div&gt; \",\r\n            \"image\": \"https:\/\/alzira.es\/wp-content\/uploads\/2026\/01\/titol-de-graduat-en-eso.jpeg\",\r\n            \"name\": \"Inscripcions Obertes per als Cursos d&#8217;ESPA I i II!\",\r\n            \"url\": \"https:\/\/alzira.es\/es\/agenda-alzira\/inscripcions-obertes-per-als-cursos-despa-i-i-ii\/\"\r\n        }\r\n        <\/script>\r\n        <article class=\"ended-relative mec-event-article \"><div class=\"mec-event-image\"><img decoding=\"async\" width=\"350\" height=\"350\" data-src=\"https:\/\/alzira.es\/wp-content\/uploads\/2026\/01\/titol-de-graduat-en-eso-350x350.jpeg\" class=\"attachment-thumbnail size-thumbnail wp-post-image lazyload\" alt=\"Inscripcions Obertes per als Cursos d&#039;ESPA I i II!\" data-mec-postid=\"166931\" data-srcset=\"https:\/\/alzira.es\/wp-content\/uploads\/2026\/01\/titol-de-graduat-en-eso-350x350.jpeg 350w, https:\/\/alzira.es\/wp-content\/uploads\/2026\/01\/titol-de-graduat-en-eso-300x300.jpeg 300w, https:\/\/alzira.es\/wp-content\/uploads\/2026\/01\/titol-de-graduat-en-eso-100x100.jpeg 100w\" data-sizes=\"100vw\" src=\"data:image\/svg+xml;base64,PHN2ZyB3aWR0aD0iMSIgaGVpZ2h0PSIxIiB4bWxucz0iaHR0cDovL3d3dy53My5vcmcvMjAwMC9zdmciPjwvc3ZnPg==\" style=\"--smush-placeholder-width: 350px; --smush-placeholder-aspect-ratio: 350\/350;\" \/><\/div><div class=\"mec-event-time mec-color\"><i class=\"mec-sl-clock-o\"><\/i> Todo el d\u00eda<\/div><h4 class=\"mec-event-title\"><a class=\"mec-color-hover\"  data-event-id=\"166931\" href=\"https:\/\/alzira.es\/es\/agenda-alzira\/inscripcions-obertes-per-als-cursos-despa-i-i-ii\/\" target=\"_self\" rel=\"noopener\">Inscripcions Obertes per als Cursos d&#8217;ESPA I i II!<\/a><span class=\"event-color\" style=\"background: #00a0d2\"><\/span><\/h4><div class=\"mec-event-detail\"><div class=\"mec-event-loc-place\"><\/div><\/div><\/article>        <script type=\"application\/ld+json\">\r\n        {\r\n            \"@context\": \"http:\/\/schema.org\",\r\n            \"@type\": \"Event\",\r\n            \"eventStatus\": \"https:\/\/schema.org\/EventScheduled\",\r\n            \"startDate\": \"2026-04-30\",\r\n            \"endDate\": \"2026-04-30\",\r\n            \"eventAttendanceMode\": \"https:\/\/schema.org\/OfflineEventAttendanceMode\",\r\n            \"location\":\r\n            {\r\n                \"@type\": \"Place\",\r\n                                \"name\": \"\",\r\n                \"image\": \"\",\r\n                \"address\": \"\"\r\n                            },\r\n            \"organizer\":\r\n            {\r\n                \"@type\": \"Person\",\r\n                \"name\": \"\",\r\n                \"url\": \"\"\r\n            },\r\n            \"offers\":\r\n            {\r\n                \"url\": \"https:\/\/alzira.es\/es\/agenda-alzira\/club-de-lectura-ulleres-lila-2\/\",\r\n                \"price\": \"\",\r\n                \"priceCurrency\": \"EUR\",\r\n                \"availability\": \"https:\/\/schema.org\/InStock\",\r\n                \"validFrom\": \"2026-04-30T00:00\"\r\n            },\r\n            \"performer\": \"\",\r\n            \"description\": \"&lt;p&gt;\ud83d\udcda Club de Lectura Ulleres Lila \ud83d\udcda&lt;br \/&gt; \ud83d\uddd3 Dijous, 30 d&#8217;abril&lt;br \/&gt; \ud83d\udd55 18:00&lt;br \/&gt; \ud83d\udccd Biblioteca Municipal d&#8217;Alzira&lt;br \/&gt; \ud83d\udcd6 Llibre: \u201cDESPR\u00c9S DEL SALT\u00bb, de Nat\u00e0lia Gibert Abad&lt;\/p&gt; &lt;p&gt;\u2728 Sinopsi: Quan Sofia Pastor, una jove i prometedora psic\u00f2loga, es precipita des de la imponent cascada del Salt d\u2019Alcoi, la vida de la seua fam\u00edlia cau tamb\u00e9 en l\u2019abisme. Tot i que les proves forenses inicials apunten cap a un su\u00efcidi, una fotografia enigm\u00e0tica desvela la possible pres\u00e8ncia d\u2019una altra persona en el lloc dels fets. Negant-se a acceptar la versi\u00f3 oficial, J\u00falia Pastor, la germana de Sofia, s\u2019enfronta a una realitat trencadora. Conven\u00e7uda que la germana no hauria optat mai per acabar amb la seua vida, J\u00falia s\u2019endinsa en una investigaci\u00f3 personal plena de riscos. Amb cada nova pista, s\u2019obrin m\u00e9s interrogants sobre les circumst\u00e0ncies que envolten la mort de Sofia. Qui estava amb ella a la cascada? Quins secrets amagava Sofia?&lt;\/p&gt; &lt;p&gt;\ud83d\udc49 Dinamitza: Nat\u00e0lia Gibert Abad i la Unitat d&#8217;Igualtat de Serveis Socials.&lt;\/p&gt; &lt;div class=&quot;figure&quot;&gt;&lt;a href=&quot;https:\/\/alzira.es\/wp-content\/uploads\/2026\/04\/despres-del-salt.jpg&quot; target=&quot;_blank&quot; rel=&quot;noopener&quot;&gt;&lt;img loading=&quot;lazy&quot; decoding=&quot;async&quot; class=&quot;aligncenter wp-image-171467 size-full&quot; src=&quot;https:\/\/alzira.es\/wp-content\/uploads\/2026\/04\/despres-del-salt.jpg&quot; alt=&quot;Club de Lectura Ulleres Lila&quot; width=&quot;1600&quot; height=&quot;1130&quot; srcset=&quot;https:\/\/alzira.es\/wp-content\/uploads\/2026\/04\/despres-del-salt.jpg 1600w, https:\/\/alzira.es\/wp-content\/uploads\/2026\/04\/despres-del-salt-680x480.jpg 680w, https:\/\/alzira.es\/wp-content\/uploads\/2026\/04\/despres-del-salt-1430x1010.jpg 1430w, https:\/\/alzira.es\/wp-content\/uploads\/2026\/04\/despres-del-salt-768x542.jpg 768w, https:\/\/alzira.es\/wp-content\/uploads\/2026\/04\/despres-del-salt-1536x1085.jpg 1536w&quot; sizes=&quot;(max-width: 706px) 89vw, (max-width: 767px) 82vw, 740px&quot; \/&gt;&lt;\/a&gt;&lt;\/div&gt; \",\r\n            \"image\": \"https:\/\/alzira.es\/wp-content\/uploads\/2026\/04\/despres-del-salt.jpg\",\r\n            \"name\": \"Club de Lectura Ulleres Lila\",\r\n            \"url\": \"https:\/\/alzira.es\/es\/agenda-alzira\/club-de-lectura-ulleres-lila-2\/\"\r\n        }\r\n        <\/script>\r\n        <article class=\"ended-relative mec-event-article \"><div class=\"mec-event-image\"><img decoding=\"async\" width=\"350\" height=\"350\" data-src=\"https:\/\/alzira.es\/wp-content\/uploads\/2026\/04\/despres-del-salt-350x350.jpg\" class=\"attachment-thumbnail size-thumbnail wp-post-image lazyload\" alt=\"Club de Lectura Ulleres Lila\" data-mec-postid=\"171466\" data-srcset=\"https:\/\/alzira.es\/wp-content\/uploads\/2026\/04\/despres-del-salt-350x350.jpg 350w, https:\/\/alzira.es\/wp-content\/uploads\/2026\/04\/despres-del-salt-300x300.jpg 300w, https:\/\/alzira.es\/wp-content\/uploads\/2026\/04\/despres-del-salt-100x100.jpg 100w\" data-sizes=\"100vw\" src=\"data:image\/svg+xml;base64,PHN2ZyB3aWR0aD0iMSIgaGVpZ2h0PSIxIiB4bWxucz0iaHR0cDovL3d3dy53My5vcmcvMjAwMC9zdmciPjwvc3ZnPg==\" style=\"--smush-placeholder-width: 350px; --smush-placeholder-aspect-ratio: 350\/350;\" \/><\/div><div class=\"mec-event-time mec-color\"><i class=\"mec-sl-clock-o\"><\/i> 18:00<\/div><h4 class=\"mec-event-title\"><a class=\"mec-color-hover\"  data-event-id=\"171466\" href=\"https:\/\/alzira.es\/es\/agenda-alzira\/club-de-lectura-ulleres-lila-2\/\" target=\"_self\" rel=\"noopener\">Club de Lectura Ulleres Lila<\/a><span class=\"event-color\" style=\"background: #8224e3\"><\/span><\/h4><div class=\"mec-event-detail\"><div class=\"mec-event-loc-place\"><\/div><\/div><\/article>        <script type=\"application\/ld+json\">\r\n        {\r\n            \"@context\": \"http:\/\/schema.org\",\r\n            \"@type\": \"Event\",\r\n            \"eventStatus\": \"https:\/\/schema.org\/EventScheduled\",\r\n            \"startDate\": \"2026-04-30\",\r\n            \"endDate\": \"2026-04-30\",\r\n            \"eventAttendanceMode\": \"https:\/\/schema.org\/OfflineEventAttendanceMode\",\r\n            \"location\":\r\n            {\r\n                \"@type\": \"Place\",\r\n                                \"name\": \"\",\r\n                \"image\": \"\",\r\n                \"address\": \"\"\r\n                            },\r\n            \"organizer\":\r\n            {\r\n                \"@type\": \"Person\",\r\n                \"name\": \"\",\r\n                \"url\": \"\"\r\n            },\r\n            \"offers\":\r\n            {\r\n                \"url\": \"https:\/\/alzira.es\/es\/agenda-alzira\/did2025-dia-internacional-de-la-dansa\/\",\r\n                \"price\": \"\",\r\n                \"priceCurrency\": \"EUR\",\r\n                \"availability\": \"https:\/\/schema.org\/InStock\",\r\n                \"validFrom\": \"2026-04-30T00:00\"\r\n            },\r\n            \"performer\": \"\",\r\n            \"description\": \"&lt;p&gt;&lt;strong&gt;DANSA PER A JOVES I ADULTS&lt;\/strong&gt;&lt;\/p&gt; &lt;p&gt;&lt;u&gt;Dijous  30 d\u2019abril. Gran Teatre d\u2019Alzira a les 20.30 hores&lt;\/u&gt;&lt;\/p&gt; &lt;p&gt;&lt;strong&gt;&lt;em&gt;DID2025&lt;\/em&gt;&lt;\/strong&gt; &lt;strong&gt;&#8211; Dia Internacional de la Dansa&lt;\/strong&gt;&lt;\/p&gt; &lt;p&gt;Conservatori Professional de Dansa de Val\u00e8ncia&lt;\/p&gt; &lt;div class=&quot;figure&quot;&gt;&lt;a href=&quot;https:\/\/alzira.es\/wp-content\/uploads\/2026\/04\/20260430-did-2026.jpeg&quot; target=&quot;_blank&quot; rel=&quot;noopener&quot;&gt;&lt;img loading=&quot;lazy&quot; decoding=&quot;async&quot; class=&quot;aligncenter wp-image-170811 size-full&quot; src=&quot;https:\/\/alzira.es\/wp-content\/uploads\/2026\/04\/20260430-did-2026.jpeg&quot; alt=&quot;DID2025 - Dia Internacional de la Dansa&quot; width=&quot;1131&quot; height=&quot;1600&quot; srcset=&quot;https:\/\/alzira.es\/wp-content\/uploads\/2026\/04\/20260430-did-2026.jpeg 1131w, https:\/\/alzira.es\/wp-content\/uploads\/2026\/04\/20260430-did-2026-361x510.jpeg 361w, https:\/\/alzira.es\/wp-content\/uploads\/2026\/04\/20260430-did-2026-758x1072.jpeg 758w, https:\/\/alzira.es\/wp-content\/uploads\/2026\/04\/20260430-did-2026-768x1086.jpeg 768w, https:\/\/alzira.es\/wp-content\/uploads\/2026\/04\/20260430-did-2026-1086x1536.jpeg 1086w&quot; sizes=&quot;(max-width: 706px) 89vw, (max-width: 767px) 82vw, 740px&quot; \/&gt;&lt;\/a&gt;&lt;\/div&gt; \",\r\n            \"image\": \"https:\/\/alzira.es\/wp-content\/uploads\/2026\/04\/20260430-did-2026.jpeg\",\r\n            \"name\": \"DID2025 &#8211; Dia Internacional de la Dansa\",\r\n            \"url\": \"https:\/\/alzira.es\/es\/agenda-alzira\/did2025-dia-internacional-de-la-dansa\/\"\r\n        }\r\n        <\/script>\r\n        <article class=\"ended-relative mec-event-article \"><div class=\"mec-event-image\"><img decoding=\"async\" width=\"350\" height=\"350\" data-src=\"https:\/\/alzira.es\/wp-content\/uploads\/2026\/04\/20260430-did-2026-350x350.jpeg\" class=\"attachment-thumbnail size-thumbnail wp-post-image lazyload\" alt=\"DID2025 - Dia Internacional de la Dansa\" data-mec-postid=\"170810\" data-srcset=\"https:\/\/alzira.es\/wp-content\/uploads\/2026\/04\/20260430-did-2026-350x350.jpeg 350w, https:\/\/alzira.es\/wp-content\/uploads\/2026\/04\/20260430-did-2026-300x300.jpeg 300w, https:\/\/alzira.es\/wp-content\/uploads\/2026\/04\/20260430-did-2026-100x100.jpeg 100w\" data-sizes=\"100vw\" src=\"data:image\/svg+xml;base64,PHN2ZyB3aWR0aD0iMSIgaGVpZ2h0PSIxIiB4bWxucz0iaHR0cDovL3d3dy53My5vcmcvMjAwMC9zdmciPjwvc3ZnPg==\" style=\"--smush-placeholder-width: 350px; --smush-placeholder-aspect-ratio: 350\/350;\" \/><\/div><div class=\"mec-event-time mec-color\"><i class=\"mec-sl-clock-o\"><\/i> 20:30<\/div><h4 class=\"mec-event-title\"><a class=\"mec-color-hover\"  data-event-id=\"170810\" href=\"https:\/\/alzira.es\/es\/agenda-alzira\/did2025-dia-internacional-de-la-dansa\/\" target=\"_self\" rel=\"noopener\">DID2025 &#8211; Dia Internacional de la Dansa<\/a><span class=\"event-color\" style=\"background: #8224e3\"><\/span><\/h4><div class=\"mec-event-detail\"><div class=\"mec-event-loc-place\"><\/div><\/div><\/article><\/div><div class=\"mec-calendar-events-sec\" data-mec-cell=\"20260503\" ><h6 class=\"mec-table-side-title\">Eventos para <span class=\"mec-color mec-table-side-day\"> 3rd<\/span> mayo<\/h6>        <script type=\"application\/ld+json\">\r\n        {\r\n            \"@context\": \"http:\/\/schema.org\",\r\n            \"@type\": \"Event\",\r\n            \"eventStatus\": \"https:\/\/schema.org\/EventScheduled\",\r\n            \"startDate\": \"2026-05-03\",\r\n            \"endDate\": \"2026-05-03\",\r\n            \"eventAttendanceMode\": \"https:\/\/schema.org\/OfflineEventAttendanceMode\",\r\n            \"location\":\r\n            {\r\n                \"@type\": \"Place\",\r\n                                \"name\": \"\",\r\n                \"image\": \"\",\r\n                \"address\": \"\"\r\n                            },\r\n            \"organizer\":\r\n            {\r\n                \"@type\": \"Person\",\r\n                \"name\": \"\",\r\n                \"url\": \"\"\r\n            },\r\n            \"offers\":\r\n            {\r\n                \"url\": \"https:\/\/alzira.es\/es\/agenda-alzira\/classificatori-open-almoradi-de-petanca\/\",\r\n                \"price\": \"\",\r\n                \"priceCurrency\": \"EUR\",\r\n                \"availability\": \"https:\/\/schema.org\/InStock\",\r\n                \"validFrom\": \"2026-05-03T00:00\"\r\n            },\r\n            \"performer\": \"\",\r\n            \"description\": \"&lt;p&gt;\ud83d\udcc5 Diumenge 3 de maig de 2026&lt;br \/&gt; \u23f0 A les 9.00 h.&lt;br \/&gt; \ud83d\udccd Instal\u00b7lacions C. P. Alzira&lt;\/p&gt; &lt;div class=&quot;figure&quot;&gt;&lt;a href=&quot;https:\/\/alzira.es\/wp-content\/uploads\/2026\/04\/petanca.jpg&quot; target=&quot;_blank&quot; rel=&quot;noopener&quot;&gt;&lt;img loading=&quot;lazy&quot; decoding=&quot;async&quot; class=&quot;aligncenter wp-image-171506 size-full&quot; src=&quot;https:\/\/alzira.es\/wp-content\/uploads\/2026\/04\/petanca.jpg&quot; alt=&quot;Classificatori Open Almorad\u00ed de Petanca&quot; width=&quot;1080&quot; height=&quot;1529&quot; srcset=&quot;https:\/\/alzira.es\/wp-content\/uploads\/2026\/04\/petanca.jpg 1080w, https:\/\/alzira.es\/wp-content\/uploads\/2026\/04\/petanca-360x510.jpg 360w, https:\/\/alzira.es\/wp-content\/uploads\/2026\/04\/petanca-757x1072.jpg 757w, https:\/\/alzira.es\/wp-content\/uploads\/2026\/04\/petanca-768x1087.jpg 768w&quot; sizes=&quot;(max-width: 706px) 89vw, (max-width: 767px) 82vw, 740px&quot; \/&gt;&lt;\/a&gt;&lt;\/div&gt; \",\r\n            \"image\": \"https:\/\/alzira.es\/wp-content\/uploads\/2026\/04\/petanca.jpg\",\r\n            \"name\": \"Classificatori Open Almorad\u00ed de Petanca\",\r\n            \"url\": \"https:\/\/alzira.es\/es\/agenda-alzira\/classificatori-open-almoradi-de-petanca\/\"\r\n        }\r\n        <\/script>\r\n        <article class=\"ended-relative mec-event-article \"><div class=\"mec-event-image\"><img decoding=\"async\" width=\"350\" height=\"350\" data-src=\"https:\/\/alzira.es\/wp-content\/uploads\/2026\/04\/petanca-350x350.jpg\" class=\"attachment-thumbnail size-thumbnail wp-post-image lazyload\" alt=\"Classificatori Open Almorad\u00ed de Petanca\" data-mec-postid=\"171505\" data-srcset=\"https:\/\/alzira.es\/wp-content\/uploads\/2026\/04\/petanca-350x350.jpg 350w, https:\/\/alzira.es\/wp-content\/uploads\/2026\/04\/petanca-300x300.jpg 300w, https:\/\/alzira.es\/wp-content\/uploads\/2026\/04\/petanca-100x100.jpg 100w\" data-sizes=\"100vw\" src=\"data:image\/svg+xml;base64,PHN2ZyB3aWR0aD0iMSIgaGVpZ2h0PSIxIiB4bWxucz0iaHR0cDovL3d3dy53My5vcmcvMjAwMC9zdmciPjwvc3ZnPg==\" style=\"--smush-placeholder-width: 350px; --smush-placeholder-aspect-ratio: 350\/350;\" \/><\/div><div class=\"mec-event-time mec-color\"><i class=\"mec-sl-clock-o\"><\/i> 09:00<\/div><h4 class=\"mec-event-title\"><a class=\"mec-color-hover\"  data-event-id=\"171505\" href=\"https:\/\/alzira.es\/es\/agenda-alzira\/classificatori-open-almoradi-de-petanca\/\" target=\"_self\" rel=\"noopener\">Classificatori Open Almorad\u00ed de Petanca<\/a><span class=\"event-color\" style=\"background: #aa9266\"><\/span><\/h4><div class=\"mec-event-detail\"><div class=\"mec-event-loc-place\"><\/div><\/div><\/article><\/div><\/div><\/div>\r\n            <\/div>\r\n        <\/div>\r\n            <\/div>\r\n    \r\n<\/div>\t\t\t\t<\/div>\n\t\t\t\t<\/div>\n\t\t\t\t<div class=\"elementor-element elementor-element-9d703e5 elementor-widget elementor-widget-shortcode\" data-id=\"9d703e5\" data-element_type=\"widget\" data-widget_type=\"shortcode.default\">\n\t\t\t\t<div class=\"elementor-widget-container\">\n\t\t\t\t\t\t\t<div class=\"elementor-shortcode\"><div class=\"mec-wrap mec-skin-list-container  \" id=\"mec_skin_107067\">\r\n    \r\n    \r\n        <div class=\"mec-skin-list-events-container\" id=\"mec_skin_events_107067\">\r\n        \u00a1No hay eventos!    <\/div>\r\n        \r\n        \r\n<\/div><\/div>\n\t\t\t\t\t\t<\/div>\n\t\t\t\t<\/div>\n\t\t\t\t\t<\/div>\n\t\t<\/div>\n\t\t\t\t\t<\/div>\n\t\t<\/section>\n\t\t\t\t<\/div>\n\t\t","protected":false},"excerpt":{"rendered":"<p>CategoriaTallers desembre gener 2022 febrer Dl Dm Dc Dj Dv Ds Dg 27 28 29 30 31 1 2 Esdeveniments 27th desembre 09:00 &#8211; 00:00 TALLERS DE NADAL 2021\/22 Esdeveniments 28th desembre Tot el dia TALLERS DE NADAL 2021\/22 Esdeveniments 29th desembre Tot el dia TALLERS DE NADAL 2021\/22 Esdeveniments 30th desembre Tot el dia &hellip; <\/p>\n<p class=\"link-more\"><a href=\"https:\/\/alzira.es\/es\/agenda-alzira\/classificatori-open-almoradi-de-petanca\/\" class=\"more-link\">Continuar leyendo<span class=\"screen-reader-text\"> \u00abClassificatori Open Almorad\u00ed de Petanca\u00bb<\/span><\/a><\/p>\n","protected":false},"author":29,"featured_media":0,"parent":107104,"menu_order":0,"comment_status":"closed","ping_status":"closed","template":"","meta":{"_acf_changed":false,"footnotes":""},"class_list":["post-107102","page","type-page","status-publish","hentry"],"acf":[],"_links":{"self":[{"href":"https:\/\/alzira.es\/es\/wp-json\/wp\/v2\/pages\/107102","targetHints":{"allow":["GET"]}}],"collection":[{"href":"https:\/\/alzira.es\/es\/wp-json\/wp\/v2\/pages"}],"about":[{"href":"https:\/\/alzira.es\/es\/wp-json\/wp\/v2\/types\/page"}],"author":[{"embeddable":true,"href":"https:\/\/alzira.es\/es\/wp-json\/wp\/v2\/users\/29"}],"replies":[{"embeddable":true,"href":"https:\/\/alzira.es\/es\/wp-json\/wp\/v2\/comments?post=107102"}],"version-history":[{"count":2,"href":"https:\/\/alzira.es\/es\/wp-json\/wp\/v2\/pages\/107102\/revisions"}],"predecessor-version":[{"id":110460,"href":"https:\/\/alzira.es\/es\/wp-json\/wp\/v2\/pages\/107102\/revisions\/110460"}],"up":[{"embeddable":true,"href":"https:\/\/alzira.es\/es\/wp-json\/wp\/v2\/pages\/107104"}],"wp:attachment":[{"href":"https:\/\/alzira.es\/es\/wp-json\/wp\/v2\/media?parent=107102"}],"curies":[{"name":"wp","href":"https:\/\/api.w.org\/{rel}","templated":true}]}}