{"id":167298,"date":"2026-01-26T08:47:27","date_gmt":"2026-01-26T07:47:27","guid":{"rendered":"https:\/\/alzira.es\/?post_type=mec-events&#038;p=167298"},"modified":"2026-01-26T08:47:27","modified_gmt":"2026-01-26T07:47:27","slug":"acte-en-memoria-de-les-victimes-alzirenyes-dels-camps-de-concentracio-nazis","status":"publish","type":"mec-events","link":"https:\/\/alzira.es\/es\/agenda-alzira\/acte-en-memoria-de-les-victimes-alzirenyes-dels-camps-de-concentracio-nazis\/","title":{"rendered":"Acte en mem\u00f2ria de les v\u00edctimes alzirenyes dels camps de concentraci\u00f3 nazis"},"content":{"rendered":"<p>Vos informem de l\u2019<b>Acte en mem\u00f2ria de les v\u00edctimes alzirenyes dels camps de concentraci\u00f3 nazis<\/b>\u00a0amb motiu de la commemoraci\u00f3 del Dia Internacional en Mem\u00f2ria de les V\u00edctimes de l\u2019Holocaust, que tindr\u00e0 lloc el\u00a0<b>dimarts, 27 de gener, a les 12 h<\/b>.<\/p>\n<p><a href=\"https:\/\/alzira.es\/wp-content\/uploads\/2026\/01\/victimes-alzirenyes.jpeg\" target=\"_blank\" rel=\"noopener\"><img fetchpriority=\"high\" decoding=\"async\" class=\"aligncenter wp-image-167299 size-full\" src=\"https:\/\/alzira.es\/wp-content\/uploads\/2026\/01\/victimes-alzirenyes.jpeg\" alt=\"Acte en mem\u00f2ria de les v\u00edctimes alzirenyes dels camps de concentraci\u00f3 nazis \" width=\"900\" height=\"1600\" srcset=\"https:\/\/alzira.es\/wp-content\/uploads\/2026\/01\/victimes-alzirenyes.jpeg 900w, https:\/\/alzira.es\/wp-content\/uploads\/2026\/01\/victimes-alzirenyes-287x510.jpeg 287w, https:\/\/alzira.es\/wp-content\/uploads\/2026\/01\/victimes-alzirenyes-603x1072.jpeg 603w, https:\/\/alzira.es\/wp-content\/uploads\/2026\/01\/victimes-alzirenyes-768x1365.jpeg 768w, https:\/\/alzira.es\/wp-content\/uploads\/2026\/01\/victimes-alzirenyes-864x1536.jpeg 864w\" sizes=\"(max-width: 706px) 89vw, (max-width: 767px) 82vw, 740px\" \/><\/a><\/p>\n","protected":false},"excerpt":{"rendered":"<p>Vos informem de l\u2019Acte en mem\u00f2ria de les v\u00edctimes alzirenyes dels camps de concentraci\u00f3 nazis\u00a0amb motiu de la commemoraci\u00f3 del Dia Internacional en Mem\u00f2ria de les V\u00edctimes de l\u2019Holocaust, que tindr\u00e0 lloc el\u00a0dimarts, 27 de gener, a les 12 h.<\/p>\n","protected":false},"author":29,"featured_media":167299,"comment_status":"closed","ping_status":"closed","template":"","tags":[],"mec_category":[5178],"class_list":["post-167298","mec-events","type-mec-events","status-publish","has-post-thumbnail","hentry","mec_category-homenatge"],"acf":[],"_links":{"self":[{"href":"https:\/\/alzira.es\/es\/wp-json\/wp\/v2\/mec-events\/167298","targetHints":{"allow":["GET"]}}],"collection":[{"href":"https:\/\/alzira.es\/es\/wp-json\/wp\/v2\/mec-events"}],"about":[{"href":"https:\/\/alzira.es\/es\/wp-json\/wp\/v2\/types\/mec-events"}],"author":[{"embeddable":true,"href":"https:\/\/alzira.es\/es\/wp-json\/wp\/v2\/users\/29"}],"replies":[{"embeddable":true,"href":"https:\/\/alzira.es\/es\/wp-json\/wp\/v2\/comments?post=167298"}],"wp:featuredmedia":[{"embeddable":true,"href":"https:\/\/alzira.es\/es\/wp-json\/wp\/v2\/media\/167299"}],"wp:attachment":[{"href":"https:\/\/alzira.es\/es\/wp-json\/wp\/v2\/media?parent=167298"}],"wp:term":[{"taxonomy":"post_tag","embeddable":true,"href":"https:\/\/alzira.es\/es\/wp-json\/wp\/v2\/tags?post=167298"},{"taxonomy":"mec_category","embeddable":true,"href":"https:\/\/alzira.es\/es\/wp-json\/wp\/v2\/mec_category?post=167298"}],"curies":[{"name":"wp","href":"https:\/\/api.w.org\/{rel}","templated":true}]}}