{"id":155156,"date":"2024-10-21T12:45:17","date_gmt":"2024-10-21T10:45:17","guid":{"rendered":"https:\/\/alzira.es\/?post_type=mec-events&#038;p=155156"},"modified":"2024-10-21T12:45:17","modified_gmt":"2024-10-21T10:45:17","slug":"eventime-teatro-presenta-la-gata-con-botas","status":"publish","type":"mec-events","link":"https:\/\/alzira.es\/es\/agenda-alzira\/eventime-teatro-presenta-la-gata-con-botas\/","title":{"rendered":"Eventime Teatro presenta LA GATA CON BOTAS"},"content":{"rendered":"<div><b data-olk-copy-source=\"MessageBody\">TEATRE MUSICAL FAMILIAR<\/b><\/div>\n<div><u>Dissabte 26 d\u2019octubre, al Gran Teatre a les 19 hores<\/u><\/div>\n<div><b>Eventime Teatro<\/b>\u00a0presenta<\/div>\n<div><b>LA GATA CON BOTAS<\/b><\/div>\n<div>Direcci\u00f3 d\u2019Ana Dayo i Tom\u00e0s V. M\u00fasica original de V\u00edctor Lucas.<\/div>\n<div>Amb Mar\u00eda Bru\u00f1\u00f3, Xavi Barbi\u00e9, Roser Arroyas, Ana Dayo i Candela Granell.<\/div>\n<div aria-hidden=\"true\"><\/div>\n<div><i>\u00a1La Gata con Botas<\/i>! I qui \u00e9s eixa gata? Vos preguntareu. Ho entenc, \u00e9s la gran oblidada dels contes cl\u00e0ssics. Al llarg de les seues set vides va ser: una llegenda del rock, la Robin Hood felina i una aventurera que sempre queia dreta. Creieu-me, soc Pollastre, el seu millor amic, era incre\u00efble. I de sobte, bum! Alguna cosa va canviar en ella quan es va topar de cara amb la seua \u00faltima vida: va penjar les botes i ara es passa el dia en bat\u00ed i sabatilles d\u2019estar per casa tancada a casa. Per\u00f2 hui ha passat una cosa\u2026 impressionant!<\/div>\n<div><i>La gata con botas<\/i>, un musical ple de com\u00e8dia, aventures, bons amics i, per descomptat, molt de rock.<\/div>\n<div aria-hidden=\"true\"><\/div>\n<div>Durada de 75 min. Espectacle musical familiar en castell\u00e0.<\/div>\n<div>Entrades: 3 \u20ac.<\/div>\n<div aria-hidden=\"true\"><\/div>\n<div>**********************************<\/div>\n<div><b>VENDA D\u2019ENTRADES<\/b><\/div>\n<ul>\n<li>TAQUILLA DEL GRAN TEATRE: dimarts i dijous, de 19.30 a 21 h<\/li>\n<li>INTERNET:\u00a0<a id=\"OWAc05ffa9c-9771-fa41-68d7-240f6aaf5ec2\" class=\"x_OWAAutoLink\" href=\"https:\/\/www.notikumi.com\/place\/Alzira\" target=\"_blank\" rel=\"noopener noreferrer\" data-auth=\"NotApplicable\" data-linkindex=\"6\">https:\/\/www.notikumi.com\/place\/Alzira<\/a><\/li>\n<\/ul>\n<p><a href=\"https:\/\/alzira.es\/wp-content\/uploads\/2024\/10\/La-gata-con-botas.jpg\" target=\"_blank\" rel=\"noopener\"><img fetchpriority=\"high\" decoding=\"async\" class=\"aligncenter wp-image-155157 size-full\" src=\"https:\/\/alzira.es\/wp-content\/uploads\/2024\/10\/La-gata-con-botas.jpg\" alt=\"Eventime Teatro presenta LA GATA CON BOTAS\" width=\"818\" height=\"1202\" srcset=\"https:\/\/alzira.es\/wp-content\/uploads\/2024\/10\/La-gata-con-botas.jpg 818w, https:\/\/alzira.es\/wp-content\/uploads\/2024\/10\/La-gata-con-botas-347x510.jpg 347w, https:\/\/alzira.es\/wp-content\/uploads\/2024\/10\/La-gata-con-botas-730x1072.jpg 730w, https:\/\/alzira.es\/wp-content\/uploads\/2024\/10\/La-gata-con-botas-768x1129.jpg 768w\" sizes=\"(max-width: 706px) 89vw, (max-width: 767px) 82vw, 740px\" \/><\/a><\/p>\n","protected":false},"excerpt":{"rendered":"<p>TEATRE MUSICAL FAMILIAR Dissabte 26 d\u2019octubre, al Gran Teatre a les 19 hores Eventime Teatro\u00a0presenta LA GATA CON BOTAS Direcci\u00f3 d\u2019Ana Dayo i Tom\u00e0s V. M\u00fasica original de V\u00edctor Lucas. Amb Mar\u00eda Bru\u00f1\u00f3, Xavi Barbi\u00e9, Roser Arroyas, Ana Dayo i Candela Granell. \u00a1La Gata con Botas! I qui \u00e9s eixa gata? Vos preguntareu. Ho entenc, &hellip; <\/p>\n<p class=\"link-more\"><a href=\"https:\/\/alzira.es\/es\/agenda-alzira\/eventime-teatro-presenta-la-gata-con-botas\/\" class=\"more-link\">Continuar leyendo<span class=\"screen-reader-text\"> \u00abEventime Teatro presenta LA GATA CON BOTAS\u00bb<\/span><\/a><\/p>\n","protected":false},"author":29,"featured_media":155157,"comment_status":"closed","ping_status":"closed","template":"","tags":[],"mec_category":[5092],"class_list":["post-155156","mec-events","type-mec-events","status-publish","has-post-thumbnail","hentry","mec_category-teatre-musical"],"acf":[],"_links":{"self":[{"href":"https:\/\/alzira.es\/es\/wp-json\/wp\/v2\/mec-events\/155156","targetHints":{"allow":["GET"]}}],"collection":[{"href":"https:\/\/alzira.es\/es\/wp-json\/wp\/v2\/mec-events"}],"about":[{"href":"https:\/\/alzira.es\/es\/wp-json\/wp\/v2\/types\/mec-events"}],"author":[{"embeddable":true,"href":"https:\/\/alzira.es\/es\/wp-json\/wp\/v2\/users\/29"}],"replies":[{"embeddable":true,"href":"https:\/\/alzira.es\/es\/wp-json\/wp\/v2\/comments?post=155156"}],"wp:featuredmedia":[{"embeddable":true,"href":"https:\/\/alzira.es\/es\/wp-json\/wp\/v2\/media\/155157"}],"wp:attachment":[{"href":"https:\/\/alzira.es\/es\/wp-json\/wp\/v2\/media?parent=155156"}],"wp:term":[{"taxonomy":"post_tag","embeddable":true,"href":"https:\/\/alzira.es\/es\/wp-json\/wp\/v2\/tags?post=155156"},{"taxonomy":"mec_category","embeddable":true,"href":"https:\/\/alzira.es\/es\/wp-json\/wp\/v2\/mec_category?post=155156"}],"curies":[{"name":"wp","href":"https:\/\/api.w.org\/{rel}","templated":true}]}}