{"id":139061,"date":"2023-06-23T10:36:33","date_gmt":"2023-06-23T08:36:33","guid":{"rendered":"https:\/\/alzira.es\/?post_type=mec-events&#038;p=139061"},"modified":"2023-06-23T10:36:33","modified_gmt":"2023-06-23T08:36:33","slug":"35a-volta-a-peu-alzira","status":"publish","type":"mec-events","link":"https:\/\/alzira.es\/es\/agenda-alzira\/35a-volta-a-peu-alzira\/","title":{"rendered":"35\u00aa VOLTA A PEU ALZIRA"},"content":{"rendered":"<p>Compartim la informaci\u00f3 de La Rabosa Alzira \ud83e\udd8a\ud83e\udd8a\ud83e\udd8a<\/p>\n<p>Corredors i corredores, arriba la 35a VOLTA A PEU ALZIRA<br \/>\n\ud83d\udcc5divendres 14 de juliol<br \/>\n\ud83d\udccc8k<br \/>\n\ud83c\udfc3\ud83c\udfc3eixida Infantals a les 18.30 h<br \/>\n\ud83c\udfc3\ud83c\udfc3\u200d\u2642eixida adults a les 20 h<\/p>\n<p>Les inscripcions ja estan obertes. Pots realitzar la teua mitjan\u00e7ant l\u2019enlla\u00e7<br \/>\nrunatica.com\/event\/xxxv-volta-a-peu-d-alzira-2023 o en la web de Run\u00e1tica. Tamb\u00e9 es realitzaran inscripcions l\u2019\u00faltima setmana abans de la cursa al Centre Comercial Ribera del X\u00faquer on obtindr\u00e0s un bo de 5\u202f\u20ac en qualsevol establiment de restauraci\u00f3 del centre.\ud83d\udcb6 @ccriberadelxuquer<br \/>\nEls 750 primers inscrits fins al 5 de juliol tindran una samarreta de la Volta<\/p>\n<p><img fetchpriority=\"high\" decoding=\"async\" class=\"aligncenter size-full wp-image-139059\" src=\"https:\/\/alzira.es\/wp-content\/uploads\/2023\/06\/volta-a-peu-alzira.jpeg\" alt=\"volta a peu alzira\" width=\"1278\" height=\"1600\" srcset=\"https:\/\/alzira.es\/wp-content\/uploads\/2023\/06\/volta-a-peu-alzira.jpeg 1278w, https:\/\/alzira.es\/wp-content\/uploads\/2023\/06\/volta-a-peu-alzira-407x510.jpeg 407w, https:\/\/alzira.es\/wp-content\/uploads\/2023\/06\/volta-a-peu-alzira-856x1072.jpeg 856w, https:\/\/alzira.es\/wp-content\/uploads\/2023\/06\/volta-a-peu-alzira-768x962.jpeg 768w, https:\/\/alzira.es\/wp-content\/uploads\/2023\/06\/volta-a-peu-alzira-1227x1536.jpeg 1227w\" sizes=\"(max-width: 706px) 89vw, (max-width: 767px) 82vw, 740px\" \/><\/p>\n","protected":false},"excerpt":{"rendered":"<p>Compartim la informaci\u00f3 de La Rabosa Alzira \ud83e\udd8a\ud83e\udd8a\ud83e\udd8a Corredors i corredores, arriba la 35a VOLTA A PEU ALZIRA \ud83d\udcc5divendres 14 de juliol \ud83d\udccc8k \ud83c\udfc3\ud83c\udfc3eixida Infantals a les 18.30 h \ud83c\udfc3\ud83c\udfc3\u200d\u2642eixida adults a les 20 h Les inscripcions ja estan obertes. Pots realitzar la teua mitjan\u00e7ant l\u2019enlla\u00e7 runatica.com\/event\/xxxv-volta-a-peu-d-alzira-2023 o en la web de Run\u00e1tica. Tamb\u00e9 es &hellip; <\/p>\n<p class=\"link-more\"><a href=\"https:\/\/alzira.es\/es\/agenda-alzira\/35a-volta-a-peu-alzira\/\" class=\"more-link\">Continuar leyendo<span class=\"screen-reader-text\"> \u00ab35\u00aa VOLTA A PEU ALZIRA\u00bb<\/span><\/a><\/p>\n","protected":false},"author":29,"featured_media":139060,"comment_status":"closed","ping_status":"closed","template":"","tags":[],"mec_category":[],"class_list":["post-139061","mec-events","type-mec-events","status-publish","has-post-thumbnail","hentry"],"acf":[],"_links":{"self":[{"href":"https:\/\/alzira.es\/es\/wp-json\/wp\/v2\/mec-events\/139061","targetHints":{"allow":["GET"]}}],"collection":[{"href":"https:\/\/alzira.es\/es\/wp-json\/wp\/v2\/mec-events"}],"about":[{"href":"https:\/\/alzira.es\/es\/wp-json\/wp\/v2\/types\/mec-events"}],"author":[{"embeddable":true,"href":"https:\/\/alzira.es\/es\/wp-json\/wp\/v2\/users\/29"}],"replies":[{"embeddable":true,"href":"https:\/\/alzira.es\/es\/wp-json\/wp\/v2\/comments?post=139061"}],"wp:featuredmedia":[{"embeddable":true,"href":"https:\/\/alzira.es\/es\/wp-json\/wp\/v2\/media\/139060"}],"wp:attachment":[{"href":"https:\/\/alzira.es\/es\/wp-json\/wp\/v2\/media?parent=139061"}],"wp:term":[{"taxonomy":"post_tag","embeddable":true,"href":"https:\/\/alzira.es\/es\/wp-json\/wp\/v2\/tags?post=139061"},{"taxonomy":"mec_category","embeddable":true,"href":"https:\/\/alzira.es\/es\/wp-json\/wp\/v2\/mec_category?post=139061"}],"curies":[{"name":"wp","href":"https:\/\/api.w.org\/{rel}","templated":true}]}}