{"id":134018,"date":"2023-02-21T13:08:33","date_gmt":"2023-02-21T12:08:33","guid":{"rendered":"https:\/\/alzira.es\/?post_type=mec-events&#038;p=134018"},"modified":"2023-02-21T13:08:33","modified_gmt":"2023-02-21T12:08:33","slug":"taller-recursos-per-a-dones","status":"publish","type":"mec-events","link":"https:\/\/alzira.es\/es\/agenda-alzira\/taller-recursos-per-a-dones\/","title":{"rendered":"Taller Recursos per a Dones"},"content":{"rendered":"<p>Dimecres 1 de mar\u00e7 tindr\u00e0 lloc el taller Recursos per a Dones, impartit per M. Jos\u00e9 Clari Gil, agent d&#8217;igualtat, experta en intervenci\u00f3 social i en gesti\u00f3 de serveis per a dones.<\/p>\n<p>Tindra lloc en el Centre Municipal d&#8217;Igualtat, carrer de la Sang, 20. Per motius d&#8217;aforament s&#8217;ha considerat necessari fer inscripci\u00f3 (en el mateix centre). L&#8217;horari del taller ser\u00e0 d&#8217;11 a 12 h.<\/p>\n<p><a href=\"https:\/\/alzira.es\/wp-content\/uploads\/2023\/02\/Taller-Recursos-per-a-dones-scaled.jpg\" target=\"_blank\" rel=\"noopener\"><img fetchpriority=\"high\" decoding=\"async\" class=\"alignnone wp-image-134019 size-full\" src=\"https:\/\/alzira.es\/wp-content\/uploads\/2023\/02\/Taller-Recursos-per-a-dones-scaled.jpg\" alt=\"taller Recursos per a Dones\" width=\"1807\" height=\"2560\" srcset=\"https:\/\/alzira.es\/wp-content\/uploads\/2023\/02\/Taller-Recursos-per-a-dones-scaled.jpg 1807w, https:\/\/alzira.es\/wp-content\/uploads\/2023\/02\/Taller-Recursos-per-a-dones-360x510.jpg 360w, https:\/\/alzira.es\/wp-content\/uploads\/2023\/02\/Taller-Recursos-per-a-dones-757x1072.jpg 757w, https:\/\/alzira.es\/wp-content\/uploads\/2023\/02\/Taller-Recursos-per-a-dones-768x1088.jpg 768w, https:\/\/alzira.es\/wp-content\/uploads\/2023\/02\/Taller-Recursos-per-a-dones-1084x1536.jpg 1084w, https:\/\/alzira.es\/wp-content\/uploads\/2023\/02\/Taller-Recursos-per-a-dones-1446x2048.jpg 1446w\" sizes=\"(max-width: 706px) 89vw, (max-width: 767px) 82vw, 740px\" \/><\/a><a href=\"https:\/\/alzira.es\/wp-content\/uploads\/2023\/02\/Taller-Recursos-para-mujeres-scaled.jpg\" target=\"_blank\" rel=\"noopener\"><img decoding=\"async\" class=\"alignnone wp-image-134021 size-full lazyload\" data-src=\"https:\/\/alzira.es\/wp-content\/uploads\/2023\/02\/Taller-Recursos-para-mujeres-scaled.jpg\" alt=\"taller Recursos per a Dones\" width=\"1807\" height=\"2560\" data-srcset=\"https:\/\/alzira.es\/wp-content\/uploads\/2023\/02\/Taller-Recursos-para-mujeres-scaled.jpg 1807w, https:\/\/alzira.es\/wp-content\/uploads\/2023\/02\/Taller-Recursos-para-mujeres-360x510.jpg 360w, https:\/\/alzira.es\/wp-content\/uploads\/2023\/02\/Taller-Recursos-para-mujeres-757x1072.jpg 757w, https:\/\/alzira.es\/wp-content\/uploads\/2023\/02\/Taller-Recursos-para-mujeres-768x1088.jpg 768w, https:\/\/alzira.es\/wp-content\/uploads\/2023\/02\/Taller-Recursos-para-mujeres-1084x1536.jpg 1084w, https:\/\/alzira.es\/wp-content\/uploads\/2023\/02\/Taller-Recursos-para-mujeres-1446x2048.jpg 1446w\" data-sizes=\"(max-width: 706px) 89vw, (max-width: 767px) 82vw, 740px\" src=\"data:image\/svg+xml;base64,PHN2ZyB3aWR0aD0iMSIgaGVpZ2h0PSIxIiB4bWxucz0iaHR0cDovL3d3dy53My5vcmcvMjAwMC9zdmciPjwvc3ZnPg==\" style=\"--smush-placeholder-width: 1807px; --smush-placeholder-aspect-ratio: 1807\/2560;\" \/><\/a><\/p>\n","protected":false},"excerpt":{"rendered":"<p>Dimecres 1 de mar\u00e7 tindr\u00e0 lloc el taller Recursos per a Dones, impartit per M. Jos\u00e9 Clari Gil, agent d&#8217;igualtat, experta en intervenci\u00f3 social i en gesti\u00f3 de serveis per a dones. Tindra lloc en el Centre Municipal d&#8217;Igualtat, carrer de la Sang, 20. Per motius d&#8217;aforament s&#8217;ha considerat necessari fer inscripci\u00f3 (en el mateix &hellip; <\/p>\n<p class=\"link-more\"><a href=\"https:\/\/alzira.es\/es\/agenda-alzira\/taller-recursos-per-a-dones\/\" class=\"more-link\">Continuar leyendo<span class=\"screen-reader-text\"> \u00abTaller Recursos per a Dones\u00bb<\/span><\/a><\/p>\n","protected":false},"author":29,"featured_media":134019,"comment_status":"closed","ping_status":"closed","template":"","tags":[],"mec_category":[],"class_list":["post-134018","mec-events","type-mec-events","status-publish","has-post-thumbnail","hentry"],"acf":[],"_links":{"self":[{"href":"https:\/\/alzira.es\/es\/wp-json\/wp\/v2\/mec-events\/134018","targetHints":{"allow":["GET"]}}],"collection":[{"href":"https:\/\/alzira.es\/es\/wp-json\/wp\/v2\/mec-events"}],"about":[{"href":"https:\/\/alzira.es\/es\/wp-json\/wp\/v2\/types\/mec-events"}],"author":[{"embeddable":true,"href":"https:\/\/alzira.es\/es\/wp-json\/wp\/v2\/users\/29"}],"replies":[{"embeddable":true,"href":"https:\/\/alzira.es\/es\/wp-json\/wp\/v2\/comments?post=134018"}],"wp:featuredmedia":[{"embeddable":true,"href":"https:\/\/alzira.es\/es\/wp-json\/wp\/v2\/media\/134019"}],"wp:attachment":[{"href":"https:\/\/alzira.es\/es\/wp-json\/wp\/v2\/media?parent=134018"}],"wp:term":[{"taxonomy":"post_tag","embeddable":true,"href":"https:\/\/alzira.es\/es\/wp-json\/wp\/v2\/tags?post=134018"},{"taxonomy":"mec_category","embeddable":true,"href":"https:\/\/alzira.es\/es\/wp-json\/wp\/v2\/mec_category?post=134018"}],"curies":[{"name":"wp","href":"https:\/\/api.w.org\/{rel}","templated":true}]}}