{"id":131404,"date":"2022-12-01T08:57:49","date_gmt":"2022-12-01T07:57:49","guid":{"rendered":"https:\/\/alzira.es\/?post_type=mec-events&#038;p=131404"},"modified":"2022-12-16T15:18:09","modified_gmt":"2022-12-16T14:18:09","slug":"setmana-de-la-solidaritat-i-cooperacio-403-331","status":"publish","type":"mec-events","link":"https:\/\/alzira.es\/es\/agenda-alzira\/setmana-de-la-solidaritat-i-cooperacio-403-331\/","title":{"rendered":"SETMANA DE LA SOLIDARITAT I COOPERACI\u00d3"},"content":{"rendered":"<p class=\"x_MsoNormal\"><b class=\"x_ContentPasted0\">14 desembre\u00a0<\/b><\/p>\n<p class=\"x_MsoNormal x_ContentPasted0\"><span class=\"x_ContentPasted0\">Presentaci\u00f3 II Setmana de la Cooperaci\u00f3 i la Solidaritat<\/span><\/p>\n<p class=\"x_MsoNormal x_ContentPasted0\">Acte institucional de presentaci\u00f3 de la 11 Setmana de la Cooperaci\u00f3 i la Solidaritat.<\/p>\n<p class=\"x_MsoNormal x_ContentPasted0\">Xarrada per part d&#8217;Amnistia Internacional: \u00abEstado de los derechos humanos en el mundo. Informe 2022\u00bb.<\/p>\n<p class=\"x_MsoNormal x_ContentPasted0\">I projecci\u00f3 del trailer de la pel\u00b7l\u00edcula SABIRA, sobre les joves afganeses que han de fugir del seu pa\u00eds. En acabar, debat.<\/p>\n<p class=\"x_MsoNormal x_ContentPasted0\">Escola d&#8217;Adults Enrie Valor<\/p>\n<p class=\"x_MsoNormal x_ContentPasted0\">18 h<\/p>\n<hr \/>\n<p class=\"x_MsoNormal\"><b class=\"x_ContentPasted0\">15 desembre\u00a0<\/b><\/p>\n<p class=\"x_MsoNormal x_ContentPasted0\"><span class=\"x_ContentPasted0\">\u00abEconomia solidaria feta per dones\u00bb<\/span><\/p>\n<p class=\"x_MsoNormal x_ContentPasted0\">Xarrada i debat \u00abEconomia solidaria feta per dones\u00bb a carrec de l&#8217;associaci\u00f3 ACOEC. Presentaci\u00f3 de diversos projectes d&#8217;economia cooperativa creats per dones.<\/p>\n<p class=\"x_MsoNormal x_ContentPasted0\">Casa de la Cultura<\/p>\n<p class=\"x_MsoNormal x_ContentPasted0\">18 h<\/p>\n<hr \/>\n<p class=\"x_MsoNormal x_ContentPasted0\"><span class=\"x_ContentPasted0\">\u00abViatges solidaris a Senegal\u00bb<\/span><\/p>\n<p class=\"x_MsoNormal x_ContentPasted0\">Presentaci\u00f3 \u00abViatges solidaris a Senegal\u00bb, a carrec de Mbaye Thioune, de l&#8217;associaci\u00f3 Yakaar \u00c1frica, i exposici\u00f3 de les seues obres art\u00edstiques.<\/p>\n<p class=\"x_MsoNormal x_ContentPasted0\">Casa de la Cultura<\/p>\n<p class=\"x_MsoNormal x_ContentPasted0\">19.30 h<\/p>\n<hr \/>\n<p class=\"x_MsoNormal\"><b class=\"x_ContentPasted0\">16 desembre\u00a0<\/b><\/p>\n<p class=\"x_MsoNormal x_ContentPasted0\"><span class=\"x_ContentPasted0\">Passeig en bici per la pau, la cooperaci\u00f3 i el clima<\/span><\/p>\n<p class=\"x_MsoNormal x_ContentPasted0\">A carrec de La Ribera en Bici.<\/p>\n<p class=\"x_MsoNormal x_ContentPasted0\">Pla\u00e7a de la Generalitat<\/p>\n<p class=\"x_MsoNormal x_ContentPasted0\">11 h<\/p>\n<hr \/>\n<p class=\"x_MsoNormal\"><span class=\"x_ContentPasted0\">11 Film Festival #YoDesactivo<\/span><\/p>\n<p class=\"x_MsoNormal x_ContentPasted0\">Projecci\u00f3 deis resultats del 11 Film Festival #YoDesactivo al Racismo y la Xenofobia, i tau la redona a carrec de l&#8217;associaci\u00f3 CEPAIM.<\/p>\n<p class=\"x_MsoNormal x_ContentPasted0\">Casa de la Cultura<\/p>\n<p class=\"x_MsoNormal x_ContentPasted0\">19 h<\/p>\n<hr \/>\n<p class=\"x_MsoNormal\"><b class=\"x_ContentPasted0\">17 desembre\u00a0<\/b><\/p>\n<p class=\"x_MsoNormal\"><span class=\"x_ContentPasted0\">Passejada contra les pintades d&#8217;odi<\/span><\/p>\n<p class=\"x_MsoNormal x_ContentPasted0\">Batuda pels carrers del poble per tapar pintades feixistes i sexistes.<\/p>\n<p class=\"x_MsoNormal x_ContentPasted0\">Pla\u00e7a Major<\/p>\n<p class=\"x_MsoNormal x_ContentPasted0\">11 h<\/p>\n<hr \/>\n<p class=\"x_MsoNormal x_ContentPasted0\"><span class=\"x_ContentPasted0\">Cuines del m\u00f3n<\/span><\/p>\n<p class=\"x_MsoNormal x_ContentPasted0\">A carrec de l&#8217;associaci\u00f3 Encu\u00e9ntraTE.<\/p>\n<p class=\"x_MsoNormal x_ContentPasted0\">Pla\u00e7a de les Lletres<\/p>\n<p class=\"x_MsoNormal x_ContentPasted0\">11 h<\/p>\n<hr \/>\n<p class=\"x_MsoNormal\"><span class=\"x_ContentPasted0\">Contacontes<\/span><\/p>\n<p class=\"x_MsoNormal x_ContentPasted0\">Contacontes per la pau i la inclusi\u00f3. \u00abVecinos: las diferencias que nos unen\u00bb.<\/p>\n<p class=\"x_MsoNormal x_ContentPasted0\">Biblioteca municipal<\/p>\n<p class=\"x_MsoNormal x_ContentPasted0\">11.30 h<\/p>\n<hr \/>\n<p class=\"x_MsoNormal\"><b class=\"x_ContentPasted0\">18 desembre\u00a0<\/b><\/p>\n<p class=\"x_MsoNormal\"><span class=\"x_ContentPasted0\">Dia de les Persones Migrants<\/span><\/p>\n<p class=\"x_MsoNormal x_ContentPasted0\">Taula per la Convivencia realitzara un mural tematic sobre la promoci\u00f3 de la interculturalitat i el respecte a la diversitat.<\/p>\n<p class=\"x_MsoNormal\"><span class=\"x_ContentPasted0\" lang=\"EN-US\">Pla\u00e7a Major\u00a0<\/span><\/p>\n<p class=\"x_MsoNormal\"><span class=\"x_ContentPasted0\" lang=\"EN-US\">D\u201911 a 14 h\u00a0<\/span><\/p>\n<hr \/>\n<p class=\"x_MsoNormal\"><b class=\"x_ContentPasted0\">16 i 17 desembre\u00a0<\/b><\/p>\n<p class=\"x_MsoNormal x_ContentPasted0\"><span class=\"x_ContentPasted0\">Escape Box<\/span><\/p>\n<p class=\"x_MsoNormal x_ContentPasted0\">Jocs de foment de la cooperaci\u00f3. Una experiencia innovadora que incorpora l&#8217;essencia del joc de moda escape room dins d&#8217;un box.<\/p>\n<p class=\"x_MsoNormal\"><span class=\"x_ContentPasted0\" lang=\"EN-US\">Escola d&#8217;Adults\u00a0<\/span><\/p>\n<hr \/>\n<p class=\"x_MsoNormal\"><b class=\"x_ContentPasted0\">14, 15 i 16 desembre\u00a0<\/b><\/p>\n<p class=\"x_MsoNormal x_ContentPasted0\"><span class=\"x_ContentPasted0\">Campanya d&#8217;arreplegada<\/span><\/p>\n<p class=\"x_MsoNormal x_ContentPasted0\">Arreplegada de material per a l&#8217;associaci\u00f3 El Norte Perdido a les dependencies de l&#8217;Ajuntament d&#8217;Alzira. S&#8217;arrepleguen mantes, menjar de llauna, productes higienics i joguines per a la campanya de Nadal.<\/p>\n<p class=\"x_MsoNormal\"><span class=\"x_ContentPasted0\" lang=\"EN-US\">C\/ Sant Roc\u00a0<\/span><\/p>\n<p class=\"x_MsoNormal\"><span class=\"x_ContentPasted0\" lang=\"EN-US\">Durant tot el mat\u00ed\u00a0<\/span><\/p>\n<hr \/>\n<p class=\"x_MsoNormal\"><span lang=\"EN-US\">\u00a0<\/span>El dia 10 de desembre la campanya d&#8217;arreplegada sera a la pla\u00e7a Major, durant tot el mat\u00ed.<\/p>\n<p><a href=\"https:\/\/alzira.es\/wp-content\/uploads\/2022\/12\/Setmana_cooperacio_solidaritat_PROGRAMA.jpg\" target=\"_blank\" rel=\"noopener\"><img fetchpriority=\"high\" decoding=\"async\" class=\"aligncenter wp-image-131399 size-full\" src=\"https:\/\/alzira.es\/wp-content\/uploads\/2022\/12\/Setmana_cooperacio_solidaritat_PROGRAMA-scaled.jpg\" alt=\"Setmana de la solidaritat i la cooperaci\u00f3\" width=\"1810\" height=\"2560\" srcset=\"https:\/\/alzira.es\/wp-content\/uploads\/2022\/12\/Setmana_cooperacio_solidaritat_PROGRAMA-scaled.jpg 1810w, https:\/\/alzira.es\/wp-content\/uploads\/2022\/12\/Setmana_cooperacio_solidaritat_PROGRAMA-361x510.jpg 361w, https:\/\/alzira.es\/wp-content\/uploads\/2022\/12\/Setmana_cooperacio_solidaritat_PROGRAMA-758x1072.jpg 758w, https:\/\/alzira.es\/wp-content\/uploads\/2022\/12\/Setmana_cooperacio_solidaritat_PROGRAMA-768x1086.jpg 768w, https:\/\/alzira.es\/wp-content\/uploads\/2022\/12\/Setmana_cooperacio_solidaritat_PROGRAMA-1086x1536.jpg 1086w, https:\/\/alzira.es\/wp-content\/uploads\/2022\/12\/Setmana_cooperacio_solidaritat_PROGRAMA-1448x2048.jpg 1448w\" sizes=\"(max-width: 706px) 89vw, (max-width: 767px) 82vw, 740px\" \/><\/a><\/p>\n","protected":false},"excerpt":{"rendered":"<p>14 desembre\u00a0 Presentaci\u00f3 II Setmana de la Cooperaci\u00f3 i la Solidaritat Acte institucional de presentaci\u00f3 de la 11 Setmana de la Cooperaci\u00f3 i la Solidaritat. Xarrada per part d&#8217;Amnistia Internacional: \u00abEstado de los derechos humanos en el mundo. Informe 2022\u00bb. I projecci\u00f3 del trailer de la pel\u00b7l\u00edcula SABIRA, sobre les joves afganeses que han de &hellip; <\/p>\n<p class=\"link-more\"><a href=\"https:\/\/alzira.es\/es\/agenda-alzira\/setmana-de-la-solidaritat-i-cooperacio-403-331\/\" class=\"more-link\">Continuar leyendo<span class=\"screen-reader-text\"> \u00abSETMANA DE LA SOLIDARITAT I COOPERACI\u00d3\u00bb<\/span><\/a><\/p>\n","protected":false},"author":29,"featured_media":131401,"comment_status":"closed","ping_status":"closed","template":"","tags":[],"mec_category":[5095],"class_list":["post-131404","mec-events","type-mec-events","status-publish","has-post-thumbnail","hentry","mec_category-cooperacio"],"acf":[],"_links":{"self":[{"href":"https:\/\/alzira.es\/es\/wp-json\/wp\/v2\/mec-events\/131404","targetHints":{"allow":["GET"]}}],"collection":[{"href":"https:\/\/alzira.es\/es\/wp-json\/wp\/v2\/mec-events"}],"about":[{"href":"https:\/\/alzira.es\/es\/wp-json\/wp\/v2\/types\/mec-events"}],"author":[{"embeddable":true,"href":"https:\/\/alzira.es\/es\/wp-json\/wp\/v2\/users\/29"}],"replies":[{"embeddable":true,"href":"https:\/\/alzira.es\/es\/wp-json\/wp\/v2\/comments?post=131404"}],"wp:featuredmedia":[{"embeddable":true,"href":"https:\/\/alzira.es\/es\/wp-json\/wp\/v2\/media\/131401"}],"wp:attachment":[{"href":"https:\/\/alzira.es\/es\/wp-json\/wp\/v2\/media?parent=131404"}],"wp:term":[{"taxonomy":"post_tag","embeddable":true,"href":"https:\/\/alzira.es\/es\/wp-json\/wp\/v2\/tags?post=131404"},{"taxonomy":"mec_category","embeddable":true,"href":"https:\/\/alzira.es\/es\/wp-json\/wp\/v2\/mec_category?post=131404"}],"curies":[{"name":"wp","href":"https:\/\/api.w.org\/{rel}","templated":true}]}}